{"type":"FeatureCollection","features":[{"type":"Feature","properties":{"name":"\u201eAkademia NIepodleg\u0142osci\u201d Waldemara Tyszuka o konferencji pokojowej w Pary\u017cu oraz Paw\u0142a Murawskiego o wyprawie wile\u0144skiej \u2013 Grajewo 9 grudnia 2019","description":"","icon":{"link":"\/dokumenty\/mapy\/85.png","x":15,"y":41,"width":31,"height":41},"img":{"width":100,"height":65,"mini":"\/dokumenty\/mapy\/p_12546_m1.jpg","full":"\/dokumenty\/mapy\/p_12546.jpg"},"link":"\/mn\/maps\/100p12546,Akademia-NIepodleglosci-Waldemara-Tyszuka-o-konferencji-pokojowej-w-Paryzu-oraz-.html","url":"https:\/\/bialystok.ipn.gov.pl\/pl1\/aktualnosci\/84324,Spotkanie-z-cyklu-Akademia-Niepodleglosci-Grajewo-9-grudnia-2019.html","address":"E\u0142cka 30, grajewo","zipcode":"","province":"","county":"","community":"","city":"","phone1":"","phone2":"","fax":"","email":""},"geometry":{"type":"Point","coordinates":[22.45476640000004,55.652186699]}},{"type":"Feature","properties":{"name":"\u201eAkademia Niepodleg\u0142o\u015bci \u201d dr hab. Krzysztof Kaczmarski \u201eRoman Dmowski i Komitet Narodowy Polski, a Armia Polska we Francji 1917 -1919\u201d, dr Wojciech Muszy\u0144ski \u2013 \u0141a\u0144cut, 29 listopada 2019","description":"","icon":{"link":"\/dokumenty\/mapy\/85.png","x":15,"y":41,"width":31,"height":41},"img":{"width":100,"height":65,"mini":"\/dokumenty\/mapy\/p_12234_m1.jpg","full":"\/dokumenty\/mapy\/p_12234.jpg"},"link":"\/mn\/maps\/100p12234,Akademia-Niepodleglosci-dr-hab-Krzysztof-Kaczmarski-Roman-Dmowski-i-Komitet-Naro.html","url":"https:\/\/rzeszow.ipn.gov.pl\/pl8\/aktualnosci\/83328,XI-spotkanie-z-cyklu-Akademia-Niepodleglosci-Lancut-29-listopada-2019.html","address":"Kasyno Urz\u0119dnicze w \u0141a\u0144cucie","zipcode":"","province":"","county":"","community":"","city":"","phone1":"","phone2":"","fax":"","email":""},"geometry":{"type":"Point","coordinates":[22.231299000000035,50.0684426]}},{"type":"Feature","properties":{"name":"\u201eAkademia Niepodleg\u0142o\u015bci \u201d dr hab. Tomasz Pud\u0142ocki \u201eWyzwania polskiej polityki zagranicznej w latach 1918-1923\u201d, dr Jerzy Majka:  \u201eWile\u0144ska wyprawa\u201d \u2013 \u0141a\u0144cut, 15 listopada 2019","description":"","icon":{"link":"\/dokumenty\/mapy\/85.png","x":15,"y":41,"width":31,"height":41},"img":{"width":100,"height":65,"mini":"\/dokumenty\/mapy\/p_12258_m1.jpg","full":"\/dokumenty\/mapy\/p_12258.jpg"},"link":"\/mn\/maps\/100p12258,Akademia-Niepodleglosci-dr-hab-Tomasz-Pudlocki-Wyzwania-polskiej-polityki-zagran.html","url":"https:\/\/rzeszow.ipn.gov.pl\/pl8\/aktualnosci\/82161,Kolejne-spotkanie-w-ramach-projektu-Akademia-Niepodleglosci-w-Lancucie-15-listop.html","address":"Kasyno Urz\u0119dnicze w \u0141a\u0144cucie","zipcode":"","province":"","county":"","community":"","city":"","phone1":"","phone2":"","fax":"","email":""},"geometry":{"type":"Point","coordinates":[22.231299000000035,50.0684426]}},{"type":"Feature","properties":{"name":"\u201eAkademia Niepodleg\u0142o\u015bci \u201d prof. dr hab. Grzegorz \u0141ukomsk \u201e Wyprawa wile\u0144ska z perspektywy geopolitycznej J\u00f3zefa Pi\u0142sudskiego\u201d, prof. dr hab. Micha\u0142 Klimecki  \u201eSojusznicy Rzeczypospolitej w wojnie 1919-1920 z bolszewick\u0105 Rosj\u0105\u2013 Cieszyn, 22 listopada 2019","description":"","icon":{"link":"\/dokumenty\/mapy\/85.png","x":15,"y":41,"width":31,"height":41},"img":{"width":100,"height":65,"mini":"\/dokumenty\/mapy\/p_12279_m1.jpg","full":"\/dokumenty\/mapy\/p_12279.jpg"},"link":"\/mn\/maps\/100p12279,Akademia-Niepodleglosci-prof-dr-hab-Grzegorz-Lukomsk-Wyprawa-wilenska-z-perspekt.html","url":"https:\/\/katowice.ipn.gov.pl\/pl3\/aktualnosci\/82788,Akademia-Niepodleglosci-w-Cieszynie-22-listopada-2019.html","address":"ul. Mennicza 46 cieszyn","zipcode":"","province":"","county":"","community":"","city":"","phone1":"","phone2":"","fax":"","email":""},"geometry":{"type":"Point","coordinates":[18.630143610537516,49.75012608]}},{"type":"Feature","properties":{"name":"\u201eAkademia Niepodleg\u0142o\u015bci\u201d  dr hab. Piotr Szlanta  \u201eWyprawa wile\u0144ska 1919 r\u201d. \u2013 Pruszk\u00f3w, 16 listopada 2019","description":"","icon":{"link":"\/dokumenty\/mapy\/85.png","x":15,"y":41,"width":31,"height":41},"img":{"width":100,"height":65,"mini":"\/dokumenty\/mapy\/p_12246_m1.jpg","full":"\/dokumenty\/mapy\/p_12246.jpg"},"link":"\/mn\/maps\/100p12246,Akademia-Niepodleglosci-dr-hab-Piotr-Szlanta-Wyprawa-wilenska-1919-r-Pruszkow-16.html","url":"https:\/\/warszawa.ipn.gov.pl\/waw\/aktualnosci\/82719,Wyprawa-wilenska-1919-r-wyklad-w-ramach-cyklu-Akademia-Niepodleglosci-Pruszkow-M.html","address":"Muzeum Dulag 121 w Pruszkowie","zipcode":"","province":"","county":"","community":"","city":"","phone1":"","phone2":"","fax":"","email":""},"geometry":{"type":"Point","coordinates":[20.807571000000053,52.17302]}},{"type":"Feature","properties":{"name":"\u201eAkademia Niepodleg\u0142o\u015bci\u201d  dr hab. Piotr Szlanta \u201eRoman Dmowski i jego rola na konferencji pokojowej w Pary\u017cu w 1919 r.\u201d \u2013 Pruszk\u00f3w, 12 pa\u017adziernika 2019","description":"","icon":{"link":"\/dokumenty\/mapy\/85.png","x":15,"y":41,"width":31,"height":41},"img":{"width":100,"height":65,"mini":"\/dokumenty\/mapy\/p_12249_m1.jpg","full":"\/dokumenty\/mapy\/p_12249.jpg"},"link":"\/mn\/maps\/100p12249,Akademia-Niepodleglosci-dr-hab-Piotr-Szlanta-Roman-Dmowski-i-jego-rola-na-konfer.html","url":"https:\/\/warszawa.ipn.gov.pl\/waw\/aktualnosci\/79299,Roman-Dmowski-i-jego-rola-na-konferencji-pokojowej-w-Paryzu-w-1919-r-wyklad-w-ra.html","address":"Muzeum Dulag 121 w Pruszkowie","zipcode":"","province":"","county":"","community":"","city":"","phone1":"","phone2":"","fax":"","email":""},"geometry":{"type":"Point","coordinates":[20.807571000000053,52.17302]}},{"type":"Feature","properties":{"name":"\u201eAkademia Niepodleg\u0142o\u015bci\u201d  dr Mariusz Patelski \u201eBudowa zr\u0119b\u00f3w polskiej pa\u0144stwowo\u015bci w Kr\u00f3lestwie Polskim 1914-1918\u201d i \u201eNiekoronowany kr\u00f3l G\u00f3rnego \u015al\u0105ska \u2013 gen. Henry Le Rond i jego wk\u0142ad w odbudow\u0119 niepodleg\u0142ej \u2013 Brzeg, 20 listopada 2018","description":"","icon":{"link":"\/dokumenty\/mapy\/85.png","x":15,"y":41,"width":31,"height":41},"img":{"width":100,"height":65,"mini":"\/dokumenty\/mapy\/p_12255_m1.jpg","full":"\/dokumenty\/mapy\/p_12255.jpg"},"link":"\/mn\/maps\/100p12255,Akademia-Niepodleglosci-dr-Mariusz-Patelski-Budowa-zrebow-polskiej-panstwowosci-.html","url":"","address":"Brzeg","zipcode":"","province":"","county":"","community":"","city":"","phone1":"","phone2":"","fax":"","email":""},"geometry":{"type":"Point","coordinates":[17.466830999999956,50.8608509]}},{"type":"Feature","properties":{"name":"\u201eAkademia Niepodleg\u0142o\u015bci\u201d  Karolina Dobek o Orl\u0119tach Lwowskich i bohaterach Zadw\u00f3rza oraz Rados\u0142awa Wnorowskiego o boju o Lw\u00f3w\u201d \u2013 Grajewo, 16 wrze\u015bnia 2019","description":"","icon":{"link":"\/dokumenty\/mapy\/85.png","x":15,"y":41,"width":31,"height":41},"img":{"width":100,"height":65,"mini":"\/dokumenty\/mapy\/p_12267_m1.jpg","full":"\/dokumenty\/mapy\/p_12267.jpg"},"link":"\/mn\/maps\/100p12267,Akademia-Niepodleglosci-Karolina-Dobek-o-Orletach-Lwowskich-i-bohaterach-Zadworz.html","url":"https:\/\/bialystok.ipn.gov.pl\/pl1\/aktualnosci\/77110,Spotkanie-z-cyklu-Akademia-Niepodleglosci-Grajewo-16-wrzesnia-2019.html","address":"Grajewskiej Izbie Historycznej.","zipcode":"","province":"","county":"","community":"","city":"","phone1":"","phone2":"","fax":"","email":""},"geometry":{"type":"Point","coordinates":[22.456039247888384,53.65215047]}},{"type":"Feature","properties":{"name":"\u201eAkademia Niepodleg\u0142o\u015bci\u201d  prof. Janusz Odziemkowski \u201eJ\u00f3zef Pi\u0142sudski i Legiony 1914\u20131918\u201d. \u2013 W\u0119growo, 24 pa\u017adziernika 2018","description":"","icon":{"link":"\/dokumenty\/mapy\/85.png","x":15,"y":41,"width":31,"height":41},"img":{"width":100,"height":65,"mini":"\/dokumenty\/mapy\/p_6037_m1.jpg","full":"\/dokumenty\/mapy\/p_6037.jpg"},"link":"\/mn\/maps\/100p6037,Akademia-Niepodleglosci-prof-Janusz-Odziemkowski-Jozef-Pilsudski-i-Legiony-19141.html","url":"https:\/\/mojaniepodlegla.pl\/mn\/aktualnosci\/7387,Jozef-Pilsudski-i-Legiony-19141918-wyklad-prof-Janusza-Odziemkowskiego-podczas-i.html","address":"ul. Adama Mickiewicza 41 w W\u0119growie","zipcode":"","province":"","county":"","community":"","city":"","phone1":"","phone2":"","fax":"","email":""},"geometry":{"type":"Point","coordinates":[22.019985200000065,52.3904363]}},{"type":"Feature","properties":{"name":"\u201eAkademia Niepodleg\u0142o\u015bci\u201d \u2013 \u201eB\u0142\u0119kitna Armia&amp;quot; oraz \u201eGen. J\u00f3zef Haller&amp;quot; \u2013 Krasnystaw, 22 stycznia 2019","description":"","icon":{"link":"\/dokumenty\/mapy\/85.png","x":15,"y":41,"width":31,"height":41},"img":{"width":100,"height":65,"mini":"\/dokumenty\/mapy\/p_7213_m1.jpg","full":"\/dokumenty\/mapy\/p_7213.jpg"},"link":"\/mn\/maps\/100p7213,Akademia-Niepodleglosci-Blekitna-Armiaquot-oraz-Gen-Jozef-Hallerquot-Krasnystaw-.html","url":"https:\/\/mojaniepodlegla.pl\/mn\/aktualnosci\/11629,Akademia-Niepodleglosci-Blekitna-Armiaquot-oraz-Gen-Jozef-Hallerquot-Krasnystaw-.html","address":"Miejska Biblioteka Publiczna w Kransymstawie ul. Okrzei 23","zipcode":"","province":"","county":"","community":"","city":"","phone1":"","phone2":"","fax":"","email":""},"geometry":{"type":"Point","coordinates":[23.16248010000004,50.9848838]}},{"type":"Feature","properties":{"name":"\u201eAkademia Niepodleg\u0142o\u015bci\u201d \u2013 \u201ePolski wiek XIX - wiek powsta\u0144\u201d i \u201eJ\u00f3zef Pi\u0142sudski, jako tw\u00f3rca Polski Niepodleg\u0142ej\u201d \u2013 Krasnystaw, 27 lutego 2018","description":" ","icon":{"link":"\/dokumenty\/mapy\/85.png","x":15,"y":41,"width":31,"height":41},"img":{"width":100,"height":65,"mini":"\/dokumenty\/mapy\/p_2011_m1.jpg","full":"\/dokumenty\/mapy\/p_2011.jpg"},"link":"\/mn\/maps\/100p2011,Akademia-Niepodleglosci-Polski-wiek-XIX-wiek-powstan-i-Jozef-Pilsudski-jako-twor.html","url":"https:\/\/mojaniepodlegla.pl\/mn\/aktualnosci\/2887,Akademia-Niepodleglosci-Polski-wiek-XIX-wiek-powstan-i-Jozef-Pilsudski-jako-twor.html","address":"Pi\u0142sudskiego 5A, 22-300 Krasnystaw","zipcode":"","province":"","county":"","community":"","city":"","phone1":"","phone2":"","fax":"","email":""},"geometry":{"type":"Point","coordinates":[23.17034979999994,50.982407599]}},{"type":"Feature","properties":{"name":"\u201eAkademia Niepodleg\u0142o\u015bci\u201d \u2013 \u201eSocjalistyczna irredenta\u201d i \u201eBojownicy\u201d \u2013 W\u0142odawa, 14 marca 2018","description":"","icon":{"link":"\/dokumenty\/mapy\/85.png","x":15,"y":41,"width":31,"height":41},"img":{"width":100,"height":65,"mini":"\/dokumenty\/mapy\/p_1996_m1.jpg","full":"\/dokumenty\/mapy\/p_1996.jpg"},"link":"\/mn\/maps\/100p1996,Akademia-Niepodleglosci-Socjalistyczna-irredenta-i-Bojownicy-Wlodawa-14-marca-20.html","url":"https:\/\/mojaniepodlegla.pl\/mn\/aktualnosci\/2875,Akademia-Niepodleglosci-Socjalistyczna-irredenta-i-Bojownicy-Wlodawa-14-marca-20.html","address":"Aleja J. Pi\u0142sudskiego 10, 22-200 W\u0142odawa","zipcode":"","province":"","county":"","community":"","city":"","phone1":"","phone2":"","fax":"","email":""},"geometry":{"type":"Point","coordinates":[23.5547464,51.56]}},{"type":"Feature","properties":{"name":"\u201eAkademia Niepodleg\u0142o\u015bci\u201d \u2013 dr Krzysztof Kupe\u0107 \u201e Antysemityzm w II RP\u201d \u2013 Zgorzelec 25 lutego 2019","description":"","icon":{"link":"\/dokumenty\/mapy\/85.png","x":15,"y":41,"width":31,"height":41},"img":{"width":100,"height":65,"mini":"\/dokumenty\/mapy\/p_12204_m1.jpg","full":"\/dokumenty\/mapy\/p_12204.jpg"},"link":"\/mn\/maps\/100p12204,Akademia-Niepodleglosci-dr-Krzysztof-Kupec-Antysemityzm-w-II-RP-Zgorzelec-25-lut.html","url":"","address":"Zesp\u00f3\u0142 Szk\u00f3\u0142 Og\u00f3lnokszta\u0142c\u0105cych w Zgorzelcu","zipcode":"","province":"","county":"","community":"","city":"","phone1":"","phone2":"","fax":"","email":""},"geometry":{"type":"Point","coordinates":[15.00222980000001,51.1506616]}},{"type":"Feature","properties":{"name":"\u201eAkademia Niepodleg\u0142o\u015bci\u201d \u2013 dr Lucjan Fac: \u201eB\u00f3j o Lw\u00f3w (walki z Ukrai\u0144cami)\u201d, dr Jacek Magdo\u0144: \u201eDrugie Orl\u0119ta\u201d Zadw\u00f3rze 1920 r.\u201d \u2013 \u0141a\u0144cut, 12 kwietnia 2019","description":"","icon":{"link":"\/dokumenty\/mapy\/85.png","x":15,"y":41,"width":31,"height":41},"img":{"width":100,"height":65,"mini":"\/dokumenty\/mapy\/p_7357_m1.jpg","full":"\/dokumenty\/mapy\/p_7357.jpg"},"link":"\/mn\/maps\/100p7357,Akademia-Niepodleglosci-dr-Lucjan-Fac-Boj-o-Lwow-walki-z-Ukraincami-dr-Jacek-Mag.html","url":"https:\/\/mojaniepodlegla.pl\/mn\/aktualnosci\/12013,Kolejna-odslona-wykladow-realizowanych-w-ramach-ogolnopolskiego-projektu-Akademi.html","address":"ul. Ko\u015bciuszki 2, \u0141a\u0144cut","zipcode":"","province":"","county":"","community":"","city":"","phone1":"","phone2":"","fax":"","email":""},"geometry":{"type":"Point","coordinates":[22.231036000000017,50.068385]}},{"type":"Feature","properties":{"name":"\u201eAkademia Niepodleg\u0142o\u015bci\u201d \u2013 dr Mariusz Kardas \u2013 \u201ePolska Marynarka Wojenna w stulecie odzyskania Niepodleg\u0142o\u015bci\u201d \u2013 Wejherowo, 12 czerwca 2018","description":"","icon":{"link":"\/dokumenty\/mapy\/85.png","x":15,"y":41,"width":31,"height":41},"img":{"width":100,"height":65,"mini":"\/dokumenty\/mapy\/p_2572_m1.jpg","full":"\/dokumenty\/mapy\/p_2572.jpg"},"link":"\/mn\/maps\/100p2572,Akademia-Niepodleglosci-dr-Mariusz-Kardas-Polska-Marynarka-Wojenna-w-stulecie-od.html","url":"https:\/\/gdansk.ipn.gov.pl\/pl2\/aktualnosci\/53215,Juz-po-raz-trzeci-Akademia-Niepodleglosci-Wejherowo-12-czerwca-2018-r.html","address":"ul. Jana III Sobieskiego 300, wejcherowo","zipcode":"","province":"","county":"","community":"","city":"","phone1":"","phone2":"","fax":"","email":""},"geometry":{"type":"Point","coordinates":[18.233432100000073,54.602981]}},{"type":"Feature","properties":{"name":"\u201eAkademia Niepodleg\u0142o\u015bci\u201d \u2013 prof. dr hab. Janusz Odziemkowski:  \u201eSocjalistyczna irredenta\u201d, dr Jacek Magdo\u0144: \u201e\u00bbPromie\u0144\u00ab Niepodleg\u0142o\u015bci \u2013 \u0141a\u0144cut, 23 lutego 2018","description":"","icon":{"link":"\/dokumenty\/mapy\/85.png","x":15,"y":41,"width":31,"height":41},"img":{"width":100,"height":65,"mini":"\/dokumenty\/mapy\/p_2017_m1.jpg","full":"\/dokumenty\/mapy\/p_2017.jpg"},"link":"\/mn\/maps\/100p2017,Akademia-Niepodleglosci-prof-dr-hab-Janusz-Odziemkowski-Socjalistyczna-irredenta.html","url":"https:\/\/mojaniepodlegla.pl\/mn\/aktualnosci\/2755,Drugie-spotkanie-z-cyklu-Akademii-Niepodleglosci-Lancut-23-lutego-2018.html","address":"Ko\u015bciuszki 2 w \u0141a\u0144cucie","zipcode":"","province":"","county":"","community":"","city":"","phone1":"","phone2":"","fax":"","email":""},"geometry":{"type":"Point","coordinates":[22.231036000000017,50.068999]}},{"type":"Feature","properties":{"name":"\u201eAkademia Niepodleg\u0142o\u015bci\u201d \u2013 prof. Grzegorz \u0141ukomski \u201eWyprawa wile\u0144ska\u201c i  prof. Micha\u0142 Klimecki \u201eSojusznicy Rzeczypospolitej w wojnie 1919-1920 z bolszewick\u0105 Rosj\u0105\u201d \u2013 Cieszyn, 11 grudnia 2017","description":"","icon":{"link":"\/dokumenty\/mapy\/85.png","x":15,"y":41,"width":31,"height":41},"img":{"width":100,"height":65,"mini":"\/dokumenty\/mapy\/p_12336_m1.jpg","full":"\/dokumenty\/mapy\/p_12336.jpg"},"link":"\/mn\/maps\/100p12336,Akademia-Niepodleglosci-prof-Grzegorz-Lukomski-Wyprawa-wilenska-i-prof-Michal-Kl.html","url":"https:\/\/katowice.ipn.gov.pl\/pl3\/aktualnosci\/82788,Akademia-Niepodleglosci-w-Cieszynie-22-listopada-2019.html","address":"Mennicza 44 Cieszyn","zipcode":"","province":"","county":"","community":"","city":"","phone1":"","phone2":"","fax":"","email":""},"geometry":{"type":"Point","coordinates":[18.629683999999997,49.7503815]}},{"type":"Feature","properties":{"name":"\u201eAkademia Niepodleg\u0142o\u015bci\u201d dr Aleksy Piasta: \u201eImperatyw Niepodleg\u0142o\u015b\u0107 \u2013 wok\u00f3\u0142 dzia\u0142a\u0144 piotrkowskich ugrupowa\u0144 niepodleg\u0142o\u015bciowych 1914-1918\u201d \u2013 Piotrk\u00f3w Trybunalski, 27 marca 2018","description":"","icon":{"link":"\/dokumenty\/mapy\/85.png","x":15,"y":41,"width":31,"height":41},"img":{"width":100,"height":65,"mini":"\/dokumenty\/mapy\/p_2248_m1.jpg","full":"\/dokumenty\/mapy\/p_2248.jpg"},"link":"\/mn\/maps\/100p2248,Akademia-Niepodleglosci-dr-Aleksy-Piasta-Imperatyw-Niepodleglosc-wokol-dzialan-p.html","url":"https:\/\/mojaniepodlegla.pl\/mn\/aktualnosci\/3790,W-ramach-Akademii-Niepodleglosci-wyklad-nt-dzialan-piotrkowskich-ugrupowan-niepo.html","address":"Piotrk\u00f3w Trybunalski s\u0142owackiego 114\/118","zipcode":"","province":"","county":"","community":"","city":"","phone1":"","phone2":"","fax":"","email":""},"geometry":{"type":"Point","coordinates":[19.669954899999993,51.4086666]}},{"type":"Feature","properties":{"name":"\u201eAkademia Niepodleg\u0142o\u015bci\u201d dr Daniel Czerwi\u0144ski:  \u201eKomuni\u015bci w Dzia\u0142dowie i okolicach w okresie walk o granice II Rzeczypospolitej\u201d \u2013 Dzia\u0142dowo, 20 wrze\u015bnia 2018","description":"","icon":{"link":"\/dokumenty\/mapy\/85.png","x":15,"y":41,"width":31,"height":41},"img":{"width":100,"height":65,"mini":"\/dokumenty\/mapy\/p_5923_m1.jpg","full":"\/dokumenty\/mapy\/p_5923.jpg"},"link":"\/mn\/maps\/100p5923,Akademia-Niepodleglosci-dr-Daniel-Czerwinski-Komunisci-w-Dzialdowie-i-okolicach-.html","url":"https:\/\/mojaniepodlegla.pl\/mn\/aktualnosci\/6565,Prelekcja-dr-Daniela-Czerwinskiego-Komunisci-w-Dzialdowie-i-okolicach-w-okresie-.html","address":"Dzia\u0142dowo ul. Wolno\u015bci 64","zipcode":"","province":"","county":"","community":"","city":"","phone1":"","phone2":"","fax":"","email":""},"geometry":{"type":"Point","coordinates":[20.186400999999933,53.237469]}},{"type":"Feature","properties":{"name":"\u201eAkademia Niepodleg\u0142o\u015bci\u201d dr Dariusz Ga\u0142aszewski: \u201eLegionowy wysi\u0142ek\u201d \u2013 \u017buromin, 16 kwietnia 2018","description":"","icon":{"link":"\/dokumenty\/mapy\/85.png","x":15,"y":41,"width":31,"height":41},"img":{"width":100,"height":65,"mini":"\/dokumenty\/mapy\/p_2173_m1.jpg","full":"\/dokumenty\/mapy\/p_2173.jpg"},"link":"\/mn\/maps\/100p2173,Akademia-Niepodleglosci-dr-Dariusz-Galaszewski-Legionowy-wysilek-Zuromin-16-kwie.html","url":"https:\/\/mojaniepodlegla.pl\/mn\/aktualnosci\/3898,Inauguracja-cyklu-Akademia-Niepodleglosci-w-Zurominie-16-kwietnia-2018.html","address":"\u017curomin Wyzwolenia 61","zipcode":"","province":"","county":"","community":"","city":"","phone1":"","phone2":"","fax":"","email":""},"geometry":{"type":"Point","coordinates":[19.904811999999993,53.064484]}},{"type":"Feature","properties":{"name":"\u201eAkademia Niepodleg\u0142o\u015bci\u201d dr hab. Karol Sacewicz: \u201ePa\u0144stwowotw\u00f3rczy wysi\u0142ek przed listopadem 1918 r.\u201d \u2013 Gietrzwa\u0142d, 25 maja 2018","description":"","icon":{"link":"\/dokumenty\/mapy\/85.png","x":15,"y":41,"width":31,"height":41},"img":[],"link":"\/mn\/maps\/100p2479,Akademia-Niepodleglosci-dr-hab-Karol-Sacewicz-Panstwowotworczy-wysilek-przed-lis.html","url":"https:\/\/bialystok.ipn.gov.pl\/pl1\/aktualnosci\/52528,O-gen-Jozefie-Hallerze-w-Akademii-Niepodleglosci-Gietrzwald-25-maja-2018.html","address":"Gminnym O\u015brodku Kultury w Gietrzwa\u0142dzie","zipcode":"","province":"","county":"","community":"","city":"","phone1":"","phone2":"","fax":"","email":""},"geometry":{"type":"Point","coordinates":[20.235018200000013,53.7474018]}},{"type":"Feature","properties":{"name":"\u201eAkademia Niepodleg\u0142o\u015bci\u201d dr hab. Karol Sacewicz: \u201ePa\u0144stwowotw\u00f3rczy wysi\u0142ek przed listopadem 1918 r.\u201d \u2013 Gietrzwa\u0142d, 5 lutego 2018","description":"","icon":{"link":"\/dokumenty\/mapy\/85.png","x":15,"y":41,"width":31,"height":41},"img":{"width":100,"height":65,"mini":"\/dokumenty\/mapy\/p_2200_m1.jpg","full":"\/dokumenty\/mapy\/p_2200.jpg"},"link":"\/mn\/maps\/100p2200,Akademia-Niepodleglosci-dr-hab-Karol-Sacewicz-Panstwowotworczy-wysilek-przed-lis.html","url":"https:\/\/mojaniepodlegla.pl\/mn\/aktualnosci\/3928,Wyklad-dr-hab-Karola-Sacewicza-pt-Panstwowotworczy-wysilek-przed-listopadem-1918.html","address":"Gietrzwa\u0142d, ko\u015bcielna 1","zipcode":"","province":"","county":"","community":"","city":"","phone1":"","phone2":"","fax":"","email":""},"geometry":{"type":"Point","coordinates":[20.23566900000003,53.747426]}},{"type":"Feature","properties":{"name":"\u201eAkademia Niepodleg\u0142o\u015bci\u201d dr hab. Krzysztof Sychowicz \u201eOjcowie Niepodleg\u0142ej\u201d\u2013 Grajewo, 25 lutego 2019","description":"","icon":{"link":"\/dokumenty\/mapy\/85.png","x":15,"y":41,"width":31,"height":41},"img":{"width":100,"height":65,"mini":"\/dokumenty\/mapy\/p_12273_m1.jpg","full":"\/dokumenty\/mapy\/p_12273.jpg"},"link":"\/mn\/maps\/100p12273,Akademia-Niepodleglosci-dr-hab-Krzysztof-Sychowicz-Ojcowie-Niepodleglej-Grajewo-.html","url":"https:\/\/bialystok.ipn.gov.pl\/pl1\/aktualnosci\/66130,Akademia-Niepodleglosci-Elk-25-lutego-2019.html","address":"Grajewskiej Izbie Historycznej","zipcode":"","province":"","county":"","community":"","city":"","phone1":"","phone2":"","fax":"","email":""},"geometry":{"type":"Point","coordinates":[22.45477036502973,53.651263648]}},{"type":"Feature","properties":{"name":"\u201eAkademia Niepodleg\u0142o\u015bci\u201d dr hab. Marcin Kruszy\u0144ski: \u201ePolski wiek XIX \u2013 wiek powsta\u0144\u201d \u2013 \u015awidnik, 15 lutego 2018","description":"","icon":{"link":"\/dokumenty\/mapy\/85.png","x":15,"y":41,"width":31,"height":41},"img":{"width":100,"height":65,"mini":"\/dokumenty\/mapy\/p_2035_m1.jpg","full":"\/dokumenty\/mapy\/p_2035.jpg"},"link":"\/mn\/maps\/100p2035,Akademia-Niepodleglosci-dr-hab-Marcin-Kruszynski-Polski-wiek-XIX-wiek-powstan-Sw.html","url":"https:\/\/mojaniepodlegla.pl\/mn\/aktualnosci\/2905,Akademia-Niepodleglosci-w-Swidniku-15-lutego-2018.html","address":"\u015bwidnik niepodleg\u0142o\u015bci 13","zipcode":"","province":"","county":"","community":"","city":"","phone1":"","phone2":"","fax":"","email":""},"geometry":{"type":"Point","coordinates":[22.693596999999954,51.2201509]}},{"type":"Feature","properties":{"name":"\u201eAkademia Niepodleg\u0142o\u015bci\u201d dr hab. Piotr Szlanta \u201eJ\u00f3zef Pi\u0142sudski i Legiony 1914\u20131918\u201d \u2013 Ciechan\u00f3w, 14 czerwca 2018","description":"","icon":{"link":"\/dokumenty\/mapy\/85.png","x":15,"y":41,"width":31,"height":41},"img":{"width":100,"height":65,"mini":"\/dokumenty\/mapy\/p_2569_m1.jpg","full":"\/dokumenty\/mapy\/p_2569.jpg"},"link":"\/mn\/maps\/100p2569,Akademia-Niepodleglosci-dr-hab-Piotr-Szlanta-Jozef-Pilsudski-i-Legiony-19141918-.html","url":"https:\/\/warszawa.ipn.gov.pl\/waw\/aktualnosci\/53134,Jozef-Pilsudski-i-Legiony-19141918-wyklad-w-ramach-cyklu-Akademia-Niepodleglosci.html","address":"ul. Warszawskiej 61 w Ciechanowie.","zipcode":"","province":"","county":"","community":"","city":"","phone1":"","phone2":"","fax":"","email":""},"geometry":{"type":"Point","coordinates":[20.61797690000003,52.876506]}},{"type":"Feature","properties":{"name":"\u201eAkademia Niepodleg\u0142o\u015bci\u201d dr hab. Piotr Szlanta \u201eKorpusy Polskie w Rosji i B\u0142\u0119kitna Armia gen. J\u00f3zefa Hallera\u201d \u2013 Ciechan\u00f3w, 11 pa\u017adziernika 2018","description":"","icon":{"link":"\/dokumenty\/mapy\/85.png","x":15,"y":41,"width":31,"height":41},"img":{"width":100,"height":65,"mini":"\/dokumenty\/mapy\/p_6019_m1.jpg","full":"\/dokumenty\/mapy\/p_6019.jpg"},"link":"\/mn\/maps\/100p6019,Akademia-Niepodleglosci-dr-hab-Piotr-Szlanta-Korpusy-Polskie-w-Rosji-i-Blekitna-.html","url":"https:\/\/mojaniepodlegla.pl\/mn\/aktualnosci\/7390,Korpusy-Polskie-w-Rosji-i-Blekitna-Armia-gen-Jozefa-Hallera-wyklad-w-ramach-cykl.html","address":"ciechan\u00f3w warszqawska 61","zipcode":"","province":"","county":"","community":"","city":"","phone1":"","phone2":"","fax":"","email":""},"geometry":{"type":"Point","coordinates":[20.61797690000003,52.876506]}},{"type":"Feature","properties":{"name":"\u201eAkademia Niepodleg\u0142o\u015bci\u201d dr hab. Piotr Szlanta \u201eWyprawa wile\u0144ska 1919 r.\u201d \u2013 \u017buromin, 14 listopada 2019","description":"","icon":{"link":"\/dokumenty\/mapy\/85.png","x":15,"y":41,"width":31,"height":41},"img":{"width":100,"height":65,"mini":"\/dokumenty\/mapy\/p_12252_m1.jpg","full":"\/dokumenty\/mapy\/p_12252.jpg"},"link":"\/mn\/maps\/100p12252,Akademia-Niepodleglosci-dr-hab-Piotr-Szlanta-Wyprawa-wilenska-1919-r-Zuromin-14-.html","url":"https:\/\/warszawa.ipn.gov.pl\/waw\/aktualnosci\/82713,Wyprawa-wilenska-1919-r-wyklad-w-ramach-cyklu-Akademia-Niepodleglosci-Zuromin-14.html","address":"ul. Warszawska 4 w \u017burominie","zipcode":"","province":"","county":"","community":"","city":"","phone1":"","phone2":"","fax":"","email":""},"geometry":{"type":"Point","coordinates":[19.910258999999996,53.065394]}},{"type":"Feature","properties":{"name":"\u201eAkademia Niepodleg\u0142o\u015bci\u201d dr hab. Piotr Szlanta: \u201eJ\u00f3zef Pi\u0142sudski. Przygotowania do I wojny \u015bwiatowej. Dru\u017cyniacy i strzelcy\u201d \u2013 Ciechan\u00f3w, 26 kwietnia 2018","description":"","icon":{"link":"\/dokumenty\/mapy\/85.png","x":15,"y":41,"width":31,"height":41},"img":{"width":100,"height":65,"mini":"\/dokumenty\/mapy\/p_2188_m1.jpg","full":"\/dokumenty\/mapy\/p_2188.jpg"},"link":"\/mn\/maps\/100p2188,Akademia-Niepodleglosci-dr-hab-Piotr-Szlanta-Jozef-Pilsudski-Przygotowania-do-I-.html","url":"https:\/\/mojaniepodlegla.pl\/mn\/aktualnosci\/3877,Jozef-Pilsudski-Przygotowania-do-I-wojny-swiatowej-Druzyniacy-i-strzelcy-wyklad-.html","address":"ciechan\u00f3w Warszawska 61","zipcode":"","province":"","county":"","community":"","city":"","phone1":"","phone2":"","fax":"","email":""},"geometry":{"type":"Point","coordinates":[20.61797690000003,52.876506]}},{"type":"Feature","properties":{"name":"\u201eAkademia Niepodleg\u0142o\u015bci\u201d dr hab. Piotr Szlanta: \u201eJ\u00f3zef Pi\u0142sudski. Przygotowania do I wojny \u015bwiatowej. Dru\u017cyniacy i strzelcy\u201d \u2013 Pruszk\u00f3w, 23 marca 2018","description":"","icon":{"link":"\/dokumenty\/mapy\/85.png","x":15,"y":41,"width":31,"height":41},"img":{"width":100,"height":65,"mini":"\/dokumenty\/mapy\/p_2179_m1.jpg","full":"\/dokumenty\/mapy\/p_2179.jpg"},"link":"\/mn\/maps\/100p2179,Akademia-Niepodleglosci-dr-hab-Piotr-Szlanta-Jozef-Pilsudski-Przygotowania-do-I-.html","url":"https:\/\/mojaniepodlegla.pl\/mn\/aktualnosci\/2734,Jozef-Pilsudski-Przygotowania-do-I-wojny-swiatowej-Druzyniacy-i-strzelcy-wyklad-.html","address":"Pruszk\u00f3w 3 maja 8a","zipcode":"","province":"","county":"","community":"","city":"","phone1":"","phone2":"","fax":"","email":""},"geometry":{"type":"Point","coordinates":[20.80746799999997,52.172998]}},{"type":"Feature","properties":{"name":"\u201eAkademia Niepodleg\u0142o\u015bci\u201d dr hab. Piotr Szlanta: \u201eKorpusy Polskie w Rosji i B\u0142\u0119kitna Armia gen. J\u00f3zefa Hallera\u201d   \u2013 \u017buromin, 1 pa\u017cdziernika 2018","description":"","icon":{"link":"\/dokumenty\/mapy\/85.png","x":15,"y":41,"width":31,"height":41},"img":{"width":100,"height":65,"mini":"\/dokumenty\/mapy\/p_6010_m1.jpg","full":"\/dokumenty\/mapy\/p_6010.jpg"},"link":"\/mn\/maps\/100p6010,Akademia-Niepodleglosci-dr-hab-Piotr-Szlanta-Korpusy-Polskie-w-Rosji-i-Blekitna-.html","url":"https:\/\/mojaniepodlegla.pl\/mn\/aktualnosci\/6850,Korpusy-Polskie-w-Rosji-i-Blekitna-Armia-gen-Jozefa-Hallera-wyklad-w-ramach-cykl.html?sid=97736f3ff99eb5946013efec0ce1c787","address":"\u017curomin warszawska 4","zipcode":"","province":"","county":"","community":"","city":"","phone1":"","phone2":"","fax":"","email":""},"geometry":{"type":"Point","coordinates":[19.910255000000006,53.1653949]}},{"type":"Feature","properties":{"name":"\u201eAkademia Niepodleg\u0142o\u015bci\u201d dr hab. Piotr Szlanta: \u201eSocjalistyczna irredenta \u2013 walka J\u00f3zefa Pi\u0142sudskiego o niepodleg\u0142o\u015b\u0107 w latach 1904\u20131908\u201d \u2013 Ciechan\u00f3w, 22 lutego 2018","description":"","icon":{"link":"\/dokumenty\/mapy\/85.png","x":15,"y":41,"width":31,"height":41},"img":{"width":100,"height":65,"mini":"\/dokumenty\/mapy\/p_2182_m1.jpg","full":"\/dokumenty\/mapy\/p_2182.jpg"},"link":"\/mn\/maps\/100p2182,Akademia-Niepodleglosci-dr-hab-Piotr-Szlanta-Socjalistyczna-irredenta-walka-Joze.html","url":"https:\/\/mojaniepodlegla.pl\/mn\/aktualnosci\/3880,Inauguracja-cyklu-Akademia-Niepodleglosci-Ciechanow-22-lutego-2018.html","address":"ciechan\u00f3w Warszawska 61","zipcode":"","province":"","county":"","community":"","city":"","phone1":"","phone2":"","fax":"","email":""},"geometry":{"type":"Point","coordinates":[20.61797690000003,52.85]}},{"type":"Feature","properties":{"name":"\u201eAkademia Niepodleg\u0142o\u015bci\u201d dr hab. Piotr Szlanta: \u201eSocjalistyczna irredenta \u2013 walka J\u00f3zefa Pi\u0142sudskiego o niepodleg\u0142o\u015b\u0107 w latach 1904\u20131908\u201d \u2013 Pruszk\u00f3w, 26 stycznia 2018","description":"","icon":{"link":"\/dokumenty\/mapy\/85.png","x":15,"y":41,"width":31,"height":41},"img":{"width":100,"height":65,"mini":"\/dokumenty\/mapy\/p_2176_m1.jpg","full":"\/dokumenty\/mapy\/p_2176.jpg"},"link":"\/mn\/maps\/100p2176,Akademia-Niepodleglosci-dr-hab-Piotr-Szlanta-Socjalistyczna-irredenta-walka-Joze.html","url":"https:\/\/mojaniepodlegla.pl\/mn\/aktualnosci\/3886,Socjalistyczna-irredenta-walka-Jozefa-Pilsudskiego-o-niepodleglosc-w-latach-1904.html","address":"Pruszk\u00f3w 3 maja 8a","zipcode":"","province":"","county":"","community":"","city":"","phone1":"","phone2":"","fax":"","email":""},"geometry":{"type":"Point","coordinates":[20.80746799999997,52.176]}},{"type":"Feature","properties":{"name":"\u201eAkademia Niepodleg\u0142o\u015bci\u201d dr hab. Tadeusz Zych:  \u201eDru\u017cyniacy i strzelcy\u201d, Piotr Chmielowiec: \u201eOd Zwi\u0105zku Strzeleckiego do Legion\u00f3w Polskich - wybrane \u017cyciorysy z powiatu \u0142a\u0144cuckiego\u201d \u2013 \u0141a\u0144cut, 23 marca 2018","description":"","icon":{"link":"\/dokumenty\/mapy\/85.png","x":15,"y":41,"width":31,"height":41},"img":{"width":100,"height":65,"mini":"\/dokumenty\/mapy\/p_1999_m1.jpg","full":"\/dokumenty\/mapy\/p_1999.jpg"},"link":"\/mn\/maps\/100p1999,Akademia-Niepodleglosci-dr-hab-Tadeusz-Zych-Druzyniacy-i-strzelcy-Piotr-Chmielow.html","url":"https:\/\/mojaniepodlegla.pl\/mn\/aktualnosci\/2761,Kolejna-odslona-Akademii-Niepodleglosci-Lancut-23-marca-2018-r.html","address":"ul. Ko\u015bciuszki 2,\u0141a\u0144cut","zipcode":"","province":"","county":"","community":"","city":"","phone1":"","phone2":"","fax":"","email":""},"geometry":{"type":"Point","coordinates":[22.231036000000017,50.068385]}},{"type":"Feature","properties":{"name":"\u201eAkademia Niepodleg\u0142o\u015bci\u201d dr hab. Tomasz Panfil:  \u201eKorpusy i B\u0142\u0119kitna Armia. J\u00f3zef Haller\u201d \u2013 \u015awidnik, 13 czerwca 2018","description":"","icon":{"link":"\/dokumenty\/mapy\/85.png","x":15,"y":41,"width":31,"height":41},"img":{"width":100,"height":65,"mini":"\/dokumenty\/mapy\/p_2611_m1.jpg","full":"\/dokumenty\/mapy\/p_2611.jpg"},"link":"\/mn\/maps\/100p2611,Akademia-Niepodleglosci-dr-hab-Tomasz-Panfil-Korpusy-i-Blekitna-Armia-Jozef-Hall.html","url":"https:\/\/lublin.ipn.gov.pl\/pl5\/aktualnosci\/53614,Akademia-Niepodleglosci-Korpusy-i-Blekitna-Armia-Jozef-Haller-Swidnik-13-czerwca.html","address":"Al. Lotnik\u00f3w Polskich 24,\u015awidnik","zipcode":"","province":"","county":"","community":"","city":"","phone1":"","phone2":"","fax":"","email":""},"geometry":{"type":"Point","coordinates":[22.693596999999954,51.2201509]}},{"type":"Feature","properties":{"name":"\u201eAkademia Niepodleg\u0142o\u015bci\u201d dr hab. Tomasz Panfil: \u201eJ\u00f3zef Pi\u0142sudski \u2013 tw\u00f3rca niepodleg\u0142o\u015bci\u201d \u2013 \u015awidnik, 24 stycznia 2018","description":"","icon":{"link":"\/dokumenty\/mapy\/85.png","x":15,"y":41,"width":31,"height":41},"img":{"width":100,"height":65,"mini":"\/dokumenty\/mapy\/p_2239_m1.jpg","full":"\/dokumenty\/mapy\/p_2239.jpg"},"link":"\/mn\/maps\/100p2239,Akademia-Niepodleglosci-dr-hab-Tomasz-Panfil-Jozef-Pilsudski-tworca-niepodleglos.html","url":"https:\/\/mojaniepodlegla.pl\/mn\/aktualnosci\/2905,Akademia-Niepodleglosci-w-Swidniku-15-lutego-2018.html","address":"\u015bwidnik wyszy\u0144skiego 17","zipcode":"","province":"","county":"","community":"","city":"","phone1":"","phone2":"","fax":"","email":""},"geometry":{"type":"Point","coordinates":[22.69810670000004,51.2166952]}},{"type":"Feature","properties":{"name":"\u201eAkademia Niepodleg\u0142o\u015bci\u201d dr Jaros\u0142aw Szarek, prezes IPN \u2013 wyk\u0142ad inauguruj\u0105cy cykl: \u201ePolski wiek XIX \u2013 wiek powsta\u0144\u201d oraz dr hab. Krzysztof Kania, \u201ePolska na nowej mapie Europy. Polityka zagraniczna J\u00f3zefa Pi\u0142sudskiego 191 \u2013 Dzia\u0142dowo, 11 grudnia 2017","description":"","icon":{"link":"\/dokumenty\/mapy\/85.png","x":15,"y":41,"width":31,"height":41},"img":{"width":100,"height":65,"mini":"\/dokumenty\/mapy\/p_2218_m1.jpg","full":"\/dokumenty\/mapy\/p_2218.jpg"},"link":"\/mn\/maps\/100p2218,Akademia-Niepodleglosci-dr-Jaroslaw-Szarek-prezes-IPN-wyklad-inaugurujacy-cykl-P.html","url":"https:\/\/mojaniepodlegla.pl\/mn\/aktualnosci\/3946,Inauguracja-cyklu-Akademia-Niepodleglosci-Dzialdowo-11-grudnia-2017.html","address":"Dzia\u0142dowo polna 11a","zipcode":"","province":"","county":"","community":"","city":"","phone1":"","phone2":"","fax":"","email":""},"geometry":{"type":"Point","coordinates":[20.16790089999995,53.2309442]}},{"type":"Feature","properties":{"name":"\u201eAkademia Niepodleg\u0142o\u015bci\u201d dr Jerzy Kirszak: \u201eLegionowy wysi\u0142ek. Gen. Kazimierz Sosnkowski\u201d \u2013 Jawor, 11 czerwca 2018","description":"","icon":{"link":"\/dokumenty\/mapy\/85.png","x":15,"y":41,"width":31,"height":41},"img":{"width":100,"height":65,"mini":"\/dokumenty\/mapy\/p_2392_m1.jpg","full":"\/dokumenty\/mapy\/p_2392.jpg"},"link":"\/mn\/maps\/100p2392,Akademia-Niepodleglosci-dr-Jerzy-Kirszak-Legionowy-wysilek-Gen-Kazimierz-Sosnkow.html","url":"https:\/\/mojaniepodlegla.pl\/mn\/aktualnosci\/4018,Legionowy-wysilek-Gen-Kazimierz-Sosnkowski-wyklad-w-ramach-cyklu-Akademia-Niepod.html","address":"awor ul. Ko\u015bciuszki 8","zipcode":"","province":"","county":"","community":"","city":"","phone1":"","phone2":"","fax":"","email":""},"geometry":{"type":"Point","coordinates":[16.195430200000033,51.0469058]}},{"type":"Feature","properties":{"name":"\u201eAkademia Niepodleg\u0142o\u015bci\u201d dr Jerzy Kirszak: \u201eLegionowy wysi\u0142ek. Gen. Kazimierz Sosnkowski\u201d \u2013 Zgorzelec, 11 wrze\u015bnia 2018","description":"","icon":{"link":"\/dokumenty\/mapy\/85.png","x":15,"y":41,"width":31,"height":41},"img":{"width":100,"height":65,"mini":"\/dokumenty\/mapy\/p_5947_m1.jpg","full":"\/dokumenty\/mapy\/p_5947.jpg"},"link":"\/mn\/maps\/100p5947,Akademia-Niepodleglosci-dr-Jerzy-Kirszak-Legionowy-wysilek-Gen-Kazimierz-Sosnkow.html","url":"https:\/\/mojaniepodlegla.pl\/mn\/aktualnosci\/6610,Legionowy-wysilek-Gen-Kazimierz-Sosnkowski-wyklad-w-ramach-cyklu-Akademia-Niepod.html","address":"Zgorzelec Francuska 6","zipcode":"","province":"","county":"","community":"","city":"","phone1":"","phone2":"","fax":"","email":""},"geometry":{"type":"Point","coordinates":[15.00624670000002,51.1379299]}},{"type":"Feature","properties":{"name":"\u201eAkademia Niepodleg\u0142o\u015bci\u201d dr Konrad Meus: \u201eSocjalistyczna irredenta\u201d, dr Krzysztof Kloc: \u201eBojowcy\u201d \u2013 Bochnia, 8 stycznia 2018","description":"","icon":{"link":"\/dokumenty\/mapy\/85.png","x":15,"y":41,"width":31,"height":41},"img":{"width":100,"height":65,"mini":"\/dokumenty\/mapy\/p_2230_m1.jpg","full":"\/dokumenty\/mapy\/p_2230.jpg"},"link":"\/mn\/maps\/100p2230,Akademia-Niepodleglosci-dr-Konrad-Meus-Socjalistyczna-irredenta-dr-Krzysztof-Klo.html","url":"https:\/\/mojaniepodlegla.pl\/mn\/aktualnosci\/2590,Akademia-Niepodleglosci-w-Bochni-Odbyly-sie-dwa-kolejne-wyklady.html","address":"BochniaK Wielkiego 81","zipcode":"","province":"","county":"","community":"","city":"","phone1":"","phone2":"","fax":"","email":""},"geometry":{"type":"Point","coordinates":[20.420534900000007,49.96403488]}},{"type":"Feature","properties":{"name":"\u201eAkademia Niepodleg\u0142o\u015bci\u201d dr Krzysztof Korda \u201eDroga do Niepodleg\u0142ej. Spo\u0142ecze\u0144stwo polskie Pomorza, Warmii i Mazur pod zaborem pruskim w latach 1772-1920\u201d \u2013 Dzia\u0142dowo, 29 listopada 2018","description":"","icon":{"link":"\/dokumenty\/mapy\/85.png","x":15,"y":41,"width":31,"height":41},"img":[],"link":"\/mn\/maps\/100p6106,Akademia-Niepodleglosci-dr-Krzysztof-Korda-Droga-do-Niepodleglej-Spoleczenstwo-p.html","url":"https:\/\/mojaniepodlegla.pl\/mn\/aktualnosci\/10435,Prelekcja-dr-Krzysztofa-Kordy-Droga-do-Niepodleglej-Spoleczenstwo-polskie-Pomorz.html","address":"Dzia\u0142dowo polna 11a","zipcode":"","province":"","county":"","community":"","city":"","phone1":"","phone2":"","fax":"","email":""},"geometry":{"type":"Point","coordinates":[20.16790089999995,53.2309442]}},{"type":"Feature","properties":{"name":"\u201eAkademia Niepodleg\u0142o\u015bci\u201d dr \u0141ukasz So\u0142tysik \u201eFenomen NSZZ \u201eSolidarno\u015b\u0107\u201d 1980\u20131989 na przyk\u0142adzie Zgorzelca \u2013 Zgorzelec, 21 pa\u017adziernika 2019","description":"","icon":{"link":"\/dokumenty\/mapy\/85.png","x":15,"y":41,"width":31,"height":41},"img":{"width":100,"height":65,"mini":"\/dokumenty\/mapy\/p_12222_m1.jpg","full":"\/dokumenty\/mapy\/p_12222.jpg"},"link":"\/mn\/maps\/100p12222,Akademia-Niepodleglosci-dr-Lukasz-Soltysik-Fenomen-NSZZ-Solidarnosc-19801989-na-.html","url":"","address":"Zesp\u00f3\u0142 Szk\u00f3\u0142 Og\u00f3lnokszta\u0142c\u0105cych w Zgorzelcu","zipcode":"","province":"","county":"","community":"","city":"","phone1":"","phone2":"","fax":"","email":""},"geometry":{"type":"Point","coordinates":[15.00222980000001,51.1506616]}},{"type":"Feature","properties":{"name":"\u201eAkademia Niepodleg\u0142o\u015bci\u201d dr Maciej Hubka: \u201ePiotrkowscy socjali\u015bci w okresie walk o niepodleg\u0142o\u015b\u0107 i granice\u201d \u2013 Piotrk\u00f3w Trybunalski, 30 stycznia 2018","description":"","icon":{"link":"\/dokumenty\/mapy\/85.png","x":15,"y":41,"width":31,"height":41},"img":{"width":100,"height":65,"mini":"\/dokumenty\/mapy\/p_2023_m1.jpg","full":"\/dokumenty\/mapy\/p_2023.jpg"},"link":"\/mn\/maps\/100p2023,Akademia-Niepodleglosci-dr-Maciej-Hubka-Piotrkowscy-socjalisci-w-okresie-walk-o-.html","url":"https:\/\/mojaniepodlegla.pl\/mn\/aktualnosci\/2845,W-ramach-Akademii-Niepodleglosci-wyklad-nt-piotrkowskich-socjalistow-w-okresie-w.html","address":"S\u0142owackiego 114\/118, 97-300 Piotrk\u00f3w Trybunalski","zipcode":"","province":"","county":"","community":"","city":"","phone1":"","phone2":"","fax":"","email":""},"geometry":{"type":"Point","coordinates":[19.669954899999993,51.40895]}},{"type":"Feature","properties":{"name":"\u201eAkademia Niepodleg\u0142o\u015bci\u201d dr Marta Walak: \u201eLegionowy Piotrk\u00f3w. Rozwa\u017cania na temat III Brygady Legion\u00f3w Polskich oraz Departamentu Wojskowego Naczelnego Komitetu Narodowego\u201d \u2013 Piotrk\u00f3w Trybunalski, 24 maja 2018","description":"","icon":{"link":"\/dokumenty\/mapy\/85.png","x":15,"y":41,"width":31,"height":41},"img":{"width":100,"height":65,"mini":"\/dokumenty\/mapy\/p_2251_m1.jpg","full":"\/dokumenty\/mapy\/p_2251.jpg"},"link":"\/mn\/maps\/100p2251,Akademia-Niepodleglosci-dr-Marta-Walak-Legionowy-Piotrkow-Rozwazania-na-temat-II.html","url":"https:\/\/mojaniepodlegla.pl\/mn\/aktualnosci\/3787,W-ramach-piotrkowskiej-Akademii-Niepodleglosci-wyklad-nt-legionowego-Piotrkowa-2.html","address":"Piotrk\u00f3w Trybunalski s\u0142owackiego 114\/118","zipcode":"","province":"","county":"","community":"","city":"","phone1":"","phone2":"","fax":"","email":""},"geometry":{"type":"Point","coordinates":[19.669954899999993,51.4086666]}},{"type":"Feature","properties":{"name":"\u201eAkademia Niepodleg\u0142o\u015bci\u201d dr Pawe\u0142 Warot: \u201eBojowcy\u201d oraz \u201eDru\u017cyniacy i strzelcy\u201d \u2013 Gietrzwa\u0142d, 23 marca 2018","description":"","icon":{"link":"\/dokumenty\/mapy\/85.png","x":15,"y":41,"width":31,"height":41},"img":{"width":100,"height":65,"mini":"\/dokumenty\/mapy\/p_2203_m1.jpg","full":"\/dokumenty\/mapy\/p_2203.jpg"},"link":"\/mn\/maps\/100p2203,Akademia-Niepodleglosci-dr-Pawel-Warot-Bojowcy-oraz-Druzyniacy-i-strzelcy-Gietrz.html","url":"https:\/\/mojaniepodlegla.pl\/mn\/aktualnosci\/3931,O-bojowcach-druzyniakach-i-strzelcach-kolejna-seria-wykladow-Akademii-Niepodlegl.html","address":"Gietrzwa\u0142d, ko\u015bcielna 1","zipcode":"","province":"","county":"","community":"","city":"","phone1":"","phone2":"","fax":"","email":""},"geometry":{"type":"Point","coordinates":[20.23566900000003,53.747426]}},{"type":"Feature","properties":{"name":"\u201eAkademia Niepodleg\u0142o\u015bci\u201d dr Przemys\u0142aw W\u00f3jtowicz: \u201eDrogi do odzyskania niepodleg\u0142o\u015bci w 1918 roku\u201d \u2013 Dzia\u0142dowo, 19 kwietnia 2018","description":"","icon":{"link":"\/dokumenty\/mapy\/85.png","x":15,"y":41,"width":31,"height":41},"img":{"width":100,"height":65,"mini":"\/dokumenty\/mapy\/p_2212_m1.jpg","full":"\/dokumenty\/mapy\/p_2212.jpg"},"link":"\/mn\/maps\/100p2212,Akademia-Niepodleglosci-dr-Przemyslaw-Wojtowicz-Drogi-do-odzyskania-niepodleglos.html","url":"https:\/\/mojaniepodlegla.pl\/mn\/aktualnosci\/3952,Trzecie-spotkanie-z-cyklu-Akademia-Niepodleglosci-w-Dzialdowie-19-kwietnia-2018.html","address":"Dzia\u0142dowo polna 11a","zipcode":"","province":"","county":"","community":"","city":"","phone1":"","phone2":"","fax":"","email":""},"geometry":{"type":"Point","coordinates":[20.16790089999995,53.2309442]}},{"type":"Feature","properties":{"name":"\u201eAkademia Niepodleg\u0142o\u015bci\u201d dr Rafa\u0142 Sierchu\u0142a: \u201eGenera\u0142 J\u00f3zef Haller. \u017bo\u0142nierz, spo\u0142ecznik, polityk\u201d \u2013 Dzia\u0142dowo, 13 czerwca 2018","description":"","icon":{"link":"\/dokumenty\/mapy\/85.png","x":15,"y":41,"width":31,"height":41},"img":{"width":100,"height":65,"mini":"\/dokumenty\/mapy\/p_2605_m1.jpg","full":"\/dokumenty\/mapy\/p_2605.jpg"},"link":"\/mn\/maps\/100p2605,Akademia-Niepodleglosci-dr-Rafal-Sierchula-General-Jozef-Haller-Zolnierz-spolecz.html","url":"https:\/\/mojaniepodlegla.pl\/mn\/aktualnosci\/5416,Juz-po-raz-czwarty-spotkamy-sie-w-ramach-Akademii-Niepodleglosci-w-Dzialdowie-13.html","address":"Dzia\u0142dowo polna 11a","zipcode":"","province":"","county":"","community":"","city":"","phone1":"","phone2":"","fax":"","email":""},"geometry":{"type":"Point","coordinates":[20.16790089999995,53.2309442]}},{"type":"Feature","properties":{"name":"\u201eAkademia Niepodleg\u0142o\u015bci\u201d dr Rafa\u0142 Sierchu\u0142a: wyk\u0142ady \u201eKorpusy i B\u0142\u0119kitna Armia\u201d oraz \u201eJ\u00f3zef Haller\u201d \u2013 Nowy Tomy\u015bl, 24 wrze\u015bnia 2018","description":"","icon":{"link":"\/dokumenty\/mapy\/85.png","x":15,"y":41,"width":31,"height":41},"img":{"width":100,"height":65,"mini":"\/dokumenty\/mapy\/p_5908_m1.jpg","full":"\/dokumenty\/mapy\/p_5908.jpg"},"link":"\/mn\/maps\/100p5908,Akademia-Niepodleglosci-dr-Rafal-Sierchula-wyklady-Korpusy-i-Blekitna-Armia-oraz.html","url":"https:\/\/mojaniepodlegla.pl\/mn\/aktualnosci\/6541,Wyklady-dr-Rafala-Sierchuly-w-ramach-Akademii-Niepodleglosci-Nowy-Tomysl-24-wrze.html","address":"Nowy Tomy\u015bl Os. P\u00f3\u0142noc 37a","zipcode":"","province":"","county":"","community":"","city":"","phone1":"","phone2":"","fax":"","email":""},"geometry":{"type":"Point","coordinates":[16.118056499999966,52.321656]}},{"type":"Feature","properties":{"name":"\u201eAkademia Niepodleg\u0142o\u015bci\u201d dr Rafa\u0142 Sierchu\u0142a: wyk\u0142ady \u201eKorpusy i B\u0142\u0119kitna Armia\u201d oraz \u201eJ\u00f3zef Haller\u201d \u2013 Zielona G\u00f3ra, 25 wrze\u015bnia 2018","description":"","icon":{"link":"\/dokumenty\/mapy\/85.png","x":15,"y":41,"width":31,"height":41},"img":{"width":100,"height":65,"mini":"\/dokumenty\/mapy\/p_5914_m1.jpg","full":"\/dokumenty\/mapy\/p_5914.jpg"},"link":"\/mn\/maps\/100p5914,Akademia-Niepodleglosci-dr-Rafal-Sierchula-wyklady-Korpusy-i-Blekitna-Armia-oraz.html","url":"https:\/\/mojaniepodlegla.pl\/mn\/aktualnosci\/6544,Wyklady-dr-Rafala-Sierchuly-w-ramach-Akademii-Niepodleglosci-Zielona-Gora-25-wrz.html","address":"zielona g\u00f3ra aleja wolska polskiego","zipcode":"","province":"","county":"","community":"","city":"","phone1":"","phone2":"","fax":"","email":""},"geometry":{"type":"Point","coordinates":[15.470389699999942,51.9394278]}},{"type":"Feature","properties":{"name":"\u201eAkademia Niepodleg\u0142o\u015bci\u201d dr Teodor G\u0105siorowski: \u201eLegionowy wysi\u0142ek\u201d oraz Ryszard Rybka: \u201eKazimierz Sosnkowski wraz z innym legionowym dow\u00f3dc\u0105 \u2013 odniesienia lokalne\u201d \u2013 Bochnia, 7 maja 2018","description":"","icon":{"link":"\/dokumenty\/mapy\/85.png","x":15,"y":41,"width":31,"height":41},"img":{"width":100,"height":65,"mini":"\/dokumenty\/mapy\/p_2233_m1.jpg","full":"\/dokumenty\/mapy\/p_2233.jpg"},"link":"\/mn\/maps\/100p2233,Akademia-Niepodleglosci-dr-Teodor-Gasiorowski-Legionowy-wysilek-oraz-Ryszard-Ryb.html","url":"https:\/\/mojaniepodlegla.pl\/mn\/aktualnosci\/3772,Wyklady-o-Legionach-i-Kazimierzu-Sosnkowskim-Bochnia-7-maja.html","address":"BochniaK Wielkiego 81","zipcode":"","province":"","county":"","community":"","city":"","phone1":"","phone2":"","fax":"","email":""},"geometry":{"type":"Point","coordinates":[20.420534900000007,49.96403486]}},{"type":"Feature","properties":{"name":"\u201eAkademia Niepodleg\u0142o\u015bci\u201d dr Waldemar Brenda, \u201eNarodziny nowoczesnych ruch\u00f3w politycznych na ziemiach polskich na prze\u0142omie XIX i XX wieku\u201d; \u0141ukasz Faszcza, \u201eOrganizacja Bojowa Polskiej Partii Socjalistycznej\u201d \u2013 Grajewo, 19 marca 2018","description":"","icon":{"link":"\/dokumenty\/mapy\/85.png","x":15,"y":41,"width":31,"height":41},"img":{"width":100,"height":65,"mini":"\/dokumenty\/mapy\/p_2338_m1.jpg","full":"\/dokumenty\/mapy\/p_2338.jpg"},"link":"\/mn\/maps\/100p2338,Akademia-Niepodleglosci-dr-Waldemar-Brenda-Narodziny-nowoczesnych-ruchow-polityc.html","url":"https:\/\/mojaniepodlegla.pl\/mn\/aktualnosci\/3934,Druga-seria-wykladow-Akademii-Niepodleglosci-Grajewo-19-marca-2018.html?sid=481ead12b3063c14a1d3eb077d72f04c","address":"Grajewo E\u0142cka 30","zipcode":"","province":"","county":"","community":"","city":"","phone1":"","phone2":"","fax":"","email":""},"geometry":{"type":"Point","coordinates":[22.45476640000004,53.652186699]}},{"type":"Feature","properties":{"name":"\u201eAkademia Niepodleg\u0142o\u015bci\u201d dr Waldemar Brenda: \u201eW imi\u0119 Niepodleg\u0142ej\u201d. Sprawa polska w latach 1914\u20131920\u201d \u2013 Dzia\u0142dowo, 6 listopada 2019","description":"","icon":{"link":"\/dokumenty\/mapy\/85.png","x":15,"y":41,"width":31,"height":41},"img":{"width":100,"height":65,"mini":"\/dokumenty\/mapy\/p_12276_m1.jpg","full":"\/dokumenty\/mapy\/p_12276.jpg"},"link":"\/mn\/maps\/100p12276,Akademia-Niepodleglosci-dr-Waldemar-Brenda-W-imie-Niepodleglej-Sprawa-polska-w-l.html","url":"https:\/\/gdansk.ipn.gov.pl\/pl2\/aktualnosci\/81942,Kolejne-spotkanie-w-ramach-projektu-Akademia-Niepodleglosci-w-Dzialdowie-6-listo.html","address":"ul. Polna 11a, dzia\u0142dowo","zipcode":"","province":"","county":"","community":"","city":"","phone1":"","phone2":"","fax":"","email":""},"geometry":{"type":"Point","coordinates":[20.16920935604537,53.230837755]}},{"type":"Feature","properties":{"name":"\u201eAkademia Niepodleg\u0142o\u015bci\u201d dr Wojciech Muszy\u0144ski (Oddzia\u0142 IPN w Warszawie); dr Rafa\u0142 Sierchu\u0142a (Oddzia\u0142 IPN w Poznaniu): \u201eGenera\u0142 J\u00f3zef Haller (1873 \u2013 1960) i jego \u017co\u0142nierze\u201d \u2013 Cieszyn, 11 wrze\u015bnia 2018","description":"","icon":{"link":"\/dokumenty\/mapy\/85.png","x":15,"y":41,"width":31,"height":41},"img":{"width":100,"height":65,"mini":"\/dokumenty\/mapy\/p_5890_m1.jpg","full":"\/dokumenty\/mapy\/p_5890.jpg"},"link":"\/mn\/maps\/100p5890,Akademia-Niepodleglosci-dr-Wojciech-Muszynski-Oddzial-IPN-w-Warszawie-dr-Rafal-S.html","url":"","address":"Cieszyn Mennicza 46","zipcode":"","province":"","county":"","community":"","city":"","phone1":"","phone2":"","fax":"","email":""},"geometry":{"type":"Point","coordinates":[18.62946199999999,49.7502349]}},{"type":"Feature","properties":{"name":"\u201eAkademia Niepodleg\u0142o\u015bci\u201d dr Zbigniew Girzy\u0144ski:  \u201eJ\u00f3zef Pi\u0142sudski \u2013 Rodzina, Dzieci\u0144stwo i M\u0142odo\u015b\u0107\u201d \u2013 Dzia\u0142dowo, 17 stycznia 2018","description":"","icon":{"link":"\/dokumenty\/mapy\/85.png","x":15,"y":41,"width":31,"height":41},"img":{"width":100,"height":65,"mini":"\/dokumenty\/mapy\/p_2215_m1.jpg","full":"\/dokumenty\/mapy\/p_2215.jpg"},"link":"\/mn\/maps\/100p2215,Akademia-Niepodleglosci-dr-Zbigniew-Girzynski-Jozef-Pilsudski-Rodzina-Dziecinstw.html","url":"https:\/\/mojaniepodlegla.pl\/mn\/aktualnosci\/3949,Drugie-spotkanie-z-cyklu-Akademia-Niepodleglosci-o-Marszalku-Jozefie-Pilsudskim-.html","address":"Dzia\u0142dowo polna 11a","zipcode":"","province":"","county":"","community":"","city":"","phone1":"","phone2":"","fax":"","email":""},"geometry":{"type":"Point","coordinates":[20.16790089999995,53.2309442]}},{"type":"Feature","properties":{"name":"\u201eAkademia Niepodleg\u0142o\u015bci\u201d dr Zbigniew Girzy\u0144ski: \u201eJ\u00f3zef Pi\u0142sudski \u2013 rodzina \u2013 dzieci\u0144stwo \u2013 m\u0142odo\u015b\u0107\u201d \u2013 Che\u0142mno, 20 marca 2018","description":"","icon":{"link":"\/dokumenty\/mapy\/85.png","x":15,"y":41,"width":31,"height":41},"img":{"width":100,"height":65,"mini":"\/dokumenty\/mapy\/p_2221_m1.jpg","full":"\/dokumenty\/mapy\/p_2221.jpg"},"link":"\/mn\/maps\/100p2221,Akademia-Niepodleglosci-dr-Zbigniew-Girzynski-Jozef-Pilsudski-rodzina-dziecinstw.html","url":"https:\/\/mojaniepodlegla.pl\/mn\/aktualnosci\/3760,Wyklad-dr-Zbigniewa-Girzynskiego-Jozef-Pilsudski-rodzina-dziecinstwo-mlodosc-Che.html","address":"Che\u0142mno rynek 28","zipcode":"","province":"","county":"","community":"","city":"","phone1":"","phone2":"","fax":"","email":""},"geometry":{"type":"Point","coordinates":[18.42283999999995,53.349094]}},{"type":"Feature","properties":{"name":"\u201eAkademia Niepodleg\u0142o\u015bci\u201d dr Zbigniew Girzy\u0144ski: \u201eOrl\u0119ta lwowskie\u201d \u2013 Wejherowo, 6 kwietnia 2018","description":"","icon":{"link":"\/dokumenty\/mapy\/85.png","x":15,"y":41,"width":31,"height":41},"img":{"width":100,"height":65,"mini":"\/dokumenty\/mapy\/p_2350_m1.jpg","full":"\/dokumenty\/mapy\/p_2350.jpg"},"link":"\/mn\/maps\/100p2350,Akademia-Niepodleglosci-dr-Zbigniew-Girzynski-Orleta-lwowskie-Wejherowo-6-kwietn.html","url":"https:\/\/mojaniepodlegla.pl\/mn\/aktualnosci\/3637,Wyklad-Orleta-lwowskie-i-otwarcie-wystawy-Ojcowie-Niepodleglosci-Wejherowo-6-kwi.html","address":"wejherowo gda\u0144ska 30","zipcode":"","province":"","county":"","community":"","city":"","phone1":"","phone2":"","fax":"","email":""},"geometry":{"type":"Point","coordinates":[18.27916909999999,54.6036]}},{"type":"Feature","properties":{"name":"\u201eAkademia Niepodleg\u0142o\u015bci\u201d dr Zdzis\u0142aw Ko\u015bcia\u0144ski: \u201eLegionowy wysi\u0142ek\u201d i \u201eKazimierz Sosnkowski \u2013 przyk\u0142ad legionowego dow\u00f3dcy\u201d  \u2013 Nowy Tomy\u015bl, 28 maja 2018","description":"","icon":{"link":"\/dokumenty\/mapy\/85.png","x":15,"y":41,"width":31,"height":41},"img":{"width":100,"height":65,"mini":"\/dokumenty\/mapy\/p_2284_m1.jpg","full":"\/dokumenty\/mapy\/p_2284.jpg"},"link":"\/mn\/maps\/100p2284,Akademia-Niepodleglosci-dr-Zdzislaw-Koscianski-Legionowy-wysilek-i-Kazimierz-Sos.html","url":"https:\/\/mojaniepodlegla.pl\/mn\/aktualnosci\/3829,Wyklady-dr-Zdzislawa-Koscianskiego-w-ramach-Akademii-Niepodleglosci-Nowy-Tomysl-.html","address":"Nowy Tomy\u015bl Os. P\u00f3\u0142noc 37a","zipcode":"","province":"","county":"","community":"","city":"","phone1":"","phone2":"","fax":"","email":""},"geometry":{"type":"Point","coordinates":[16.118484999999964,52.3255555]}},{"type":"Feature","properties":{"name":"\u201eAkademia Niepodleg\u0142o\u015bci\u201d dr Zdzis\u0142aw Ko\u015bcia\u0144ski: \u201eLegionowy wysi\u0142ek\u201d i \u201eKazimierz Sosnkowski \u2013 przyk\u0142ad legionowego dow\u00f3dcy\u201d \u2013 Zielona G\u00f3ra, 29 maja 2018","description":"","icon":{"link":"\/dokumenty\/mapy\/85.png","x":15,"y":41,"width":31,"height":41},"img":{"width":100,"height":65,"mini":"\/dokumenty\/mapy\/p_2290_m1.jpg","full":"\/dokumenty\/mapy\/p_2290.jpg"},"link":"\/mn\/maps\/100p2290,Akademia-Niepodleglosci-dr-Zdzislaw-Koscianski-Legionowy-wysilek-i-Kazimierz-Sos.html","url":"https:\/\/mojaniepodlegla.pl\/mn\/aktualnosci\/3961,Wyklady-dr-Zdzislawa-Koscianskiego-w-ramach-Akademii-Niepodleglosci-Zielona-Gora.html","address":"Zielona G\u00f3ra Osiedle Pomorskie 13","zipcode":"","province":"","county":"","community":"","city":"","phone1":"","phone2":"","fax":"","email":""},"geometry":{"type":"Point","coordinates":[15.554971000000023,51.936287]}},{"type":"Feature","properties":{"name":"\u201eAkademia Niepodleg\u0142o\u015bci\u201d Marek Stefan, \u201eHarcerstwo w s\u0142u\u017cbie II Rzeczypospolitej\u201d \u2013 O\u0142awa, 27 wrze\u015bnia 2019","description":"","icon":{"link":"\/dokumenty\/mapy\/85.png","x":15,"y":41,"width":31,"height":41},"img":{"width":100,"height":65,"mini":"\/dokumenty\/mapy\/p_12219_m1.jpg","full":"\/dokumenty\/mapy\/p_12219.jpg"},"link":"\/mn\/maps\/100p12219,Akademia-Niepodleglosci-Marek-Stefan-Harcerstwo-w-sluzbie-II-Rzeczypospolitej-Ol.html","url":"","address":"ratusz O\u0142awa","zipcode":"","province":"","county":"","community":"","city":"","phone1":"","phone2":"","fax":"","email":""},"geometry":{"type":"Point","coordinates":[17.29532930000005,50.9427755]}},{"type":"Feature","properties":{"name":"\u201eAkademia Niepodleg\u0142o\u015bci\u201d Patrycja Leszczy\u0144ska \u201eWielkopolski zryw\u201d, Rados\u0142aw Wnorowski \u201eJ\u00f3zef Dowb\u00f3r-Mu\u015bnicki, Stanis\u0142aw Taczak, Julian Stachiewicz\u201d \u2013 Grajewo, 18 listopada 2019","description":"","icon":{"link":"\/dokumenty\/mapy\/85.png","x":15,"y":41,"width":31,"height":41},"img":{"width":100,"height":65,"mini":"\/dokumenty\/mapy\/p_12264_m1.jpg","full":"\/dokumenty\/mapy\/p_12264.jpg"},"link":"\/mn\/maps\/100p12264,Akademia-Niepodleglosci-Patrycja-Leszczynska-Wielkopolski-zryw-Radoslaw-Wnorowsk.html","url":"https:\/\/bialystok.ipn.gov.pl\/pl1\/aktualnosci\/83094,Dwa-wyklady-w-Akademii-Niepodleglosci-Grajewo-18-listopada-2019.html","address":"Grajewskiej Izbie Historycznej","zipcode":"","province":"","county":"","community":"","city":"","phone1":"","phone2":"","fax":"","email":""},"geometry":{"type":"Point","coordinates":[22.454776400000014,53.6522302]}},{"type":"Feature","properties":{"name":"\u201eAkademia Niepodleg\u0142o\u015bci\u201d Piotr Klimczak \u201eWolno\u015b\u0107 i zniewolenie polskiego s\u0142owa&amp;quot; \u2013 O\u0142awa, 29 listopada 2019","description":"","icon":{"link":"\/dokumenty\/mapy\/85.png","x":15,"y":41,"width":31,"height":41},"img":{"width":100,"height":65,"mini":"\/dokumenty\/mapy\/p_12237_m1.jpg","full":"\/dokumenty\/mapy\/p_12237.jpg"},"link":"\/mn\/maps\/100p12237,Akademia-Niepodleglosci-Piotr-Klimczak-Wolnosc-i-zniewolenie-polskiego-slowaquot.html","url":"https:\/\/wroclaw.ipn.gov.pl\/wro\/aktualnosci\/83178,Zaproszenie-na-kolejny-wyklad-z-cyklu-Akademii-Niepodleglosci-29-listopada-2019.html","address":"ratusz O\u0142awa","zipcode":"","province":"","county":"","community":"","city":"","phone1":"","phone2":"","fax":"","email":""},"geometry":{"type":"Point","coordinates":[17.29532930000005,50.9427755]}},{"type":"Feature","properties":{"name":"\u201eAkademia Niepodleg\u0142o\u015bci\u201d prof. Andrzej Chwalba \u201eLegionowy wysi\u0142ek\u201d oraz dr Jerzy Kirszak \u201eGenera\u0142 Kazimierz Sosnkowski \u2013 wsp\u00f3\u0142tw\u00f3rca niepodleg\u0142o\u015bci\u201d \u2013 Cieszyn, 22 maja 2018","description":"","icon":{"link":"\/dokumenty\/mapy\/85.png","x":15,"y":41,"width":31,"height":41},"img":{"width":100,"height":65,"mini":"\/dokumenty\/mapy\/p_2242_m1.jpg","full":"\/dokumenty\/mapy\/p_2242.jpg"},"link":"\/mn\/maps\/100p2242,Akademia-Niepodleglosci-prof-Andrzej-Chwalba-Legionowy-wysilek-oraz-dr-Jerzy-Kir.html","url":"https:\/\/mojaniepodlegla.pl\/mn\/aktualnosci\/3784,Akademia-Niepodleglosci-w-Cieszynie-22-maja-2018.html","address":"Cieszyn, Mennicza 46","zipcode":"","province":"","county":"","community":"","city":"","phone1":"","phone2":"","fax":"","email":""},"geometry":{"type":"Point","coordinates":[18.62946199999999,49.7502349]}},{"type":"Feature","properties":{"name":"\u201eAkademia Niepodleg\u0142o\u015bci\u201d prof. dr hab. Mariusz Wo\u0142os: \u201eLegionowy wysi\u0142ek\u201d oraz dr Jerzy Kirszak: \u201eKazimierz Sosnkowski-wsp\u00f3\u0142tw\u00f3rca Niepodleg\u0142o\u015bci\u201d \u2013 \u0141a\u0144cut, 18 maja 2018","description":"","icon":{"link":"\/dokumenty\/mapy\/85.png","x":15,"y":41,"width":31,"height":41},"img":{"width":100,"height":65,"mini":"\/dokumenty\/mapy\/p_2302_m1.jpg","full":"\/dokumenty\/mapy\/p_2302.jpg"},"link":"\/mn\/maps\/100p2302,Akademia-Niepodleglosci-prof-dr-hab-Mariusz-Wolos-Legionowy-wysilek-oraz-dr-Jerz.html","url":"https:\/\/mojaniepodlegla.pl\/mn\/aktualnosci\/3865,Podkarpacka-Akademia-Niepodleglosci-Zapraszamy-na-dwa-kolejne-wyklady-Lancut-18-.html","address":"\u0142a\u0144cut ko\u015bciuszki 2","zipcode":"","province":"","county":"","community":"","city":"","phone1":"","phone2":"","fax":"","email":""},"geometry":{"type":"Point","coordinates":[22.231036000000017,50.068666]}},{"type":"Feature","properties":{"name":"\u201eAkademia Niepodleg\u0142o\u015bci\u201d prof. dr hab. Tomasz Schramm: \u201ePolski wiek XIX \u2013 wiek powsta\u0144\u201d, prof. dr hab. Przemys\u0142aw Hauser: \u201eJ\u00f3zef Pi\u0142sudski \u2013 tw\u00f3rca Niepodleg\u0142ej\u201d \u2013 Nowy Tomy\u015bl, 11 grudnia 2017","description":"","icon":{"link":"\/dokumenty\/mapy\/85.png","x":15,"y":41,"width":31,"height":41},"img":{"width":100,"height":65,"mini":"\/dokumenty\/mapy\/p_2254_m1.jpg","full":"\/dokumenty\/mapy\/p_2254.jpg"},"link":"\/mn\/maps\/100p2254,Akademia-Niepodleglosci-prof-dr-hab-Tomasz-Schramm-Polski-wiek-XIX-wiek-powstan-.html","url":"https:\/\/mojaniepodlegla.pl\/mn\/aktualnosci\/3808,Inauguracja-Akademii-Niepodleglosci-w-Nowym-Tomyslu-11-grudnia-2017.html","address":"Nowy Tomy\u015bl Os. P\u00f3\u0142noc 37a","zipcode":"","province":"","county":"","community":"","city":"","phone1":"","phone2":"","fax":"","email":""},"geometry":{"type":"Point","coordinates":[16.118484999999964,52.322094]}},{"type":"Feature","properties":{"name":"\u201eAkademia Niepodleg\u0142o\u015bci\u201d prof. dr hab. W\u0142odzimierz Suleja, \u201ePolski wiek XIX \u2013 wiek powsta\u0144\u201d oraz \u201eJ\u00f3zef Pi\u0142sudski \u2013 tw\u00f3rca Niepodleg\u0142ej\u201d \u2013 Zielona G\u00f3ra, 14 grudnia 2017","description":"","icon":{"link":"\/dokumenty\/mapy\/85.png","x":15,"y":41,"width":31,"height":41},"img":{"width":100,"height":65,"mini":"\/dokumenty\/mapy\/p_2299_m1.jpg","full":"\/dokumenty\/mapy\/p_2299.jpg"},"link":"\/mn\/maps\/100p2299,Akademia-Niepodleglosci-prof-dr-hab-Wlodzimierz-Suleja-Polski-wiek-XIX-wiek-pows.html","url":"https:\/\/mojaniepodlegla.pl\/mn\/aktualnosci\/3862,Inauguracja-Akademii-Niepodleglosci-w-Zielonej-Gorze-14-grudnia-2017.html","address":"Zielona G\u00f3ra Osiedle Pomorskie 13","zipcode":"","province":"","county":"","community":"","city":"","phone1":"","phone2":"","fax":"","email":""},"geometry":{"type":"Point","coordinates":[15.554971000000023,51.93]}},{"type":"Feature","properties":{"name":"\u201eAkademia Niepodleg\u0142o\u015bci\u201d prof. Jan Ptak: \u201eDru\u017cyniacy i Strzelcy&amp;quot; oraz \u201eZbiorowy portret uczestnik\u00f3w ruchu paramilitarnego\u201d \u2013 \u015awidnik, 25 kwietnia 2018","description":"","icon":{"link":"\/dokumenty\/mapy\/85.png","x":15,"y":41,"width":31,"height":41},"img":{"width":100,"height":65,"mini":"\/dokumenty\/mapy\/p_2236_m1.jpg","full":"\/dokumenty\/mapy\/p_2236.jpg"},"link":"\/mn\/maps\/100p2236,Akademia-Niepodleglosci-prof-Jan-Ptak-Druzyniacy-i-Strzelcyquot-oraz-Zbiorowy-po.html","url":"https:\/\/mojaniepodlegla.pl\/mn\/aktualnosci\/3778,Akademia-Niepodleglosci-Druzyniacy-i-Strzelcyquot-oraz-Zbiorowy-portret-uczestni.html","address":"\u015bwidnik niepodleg\u0142o\u015bci 13","zipcode":"","province":"","county":"","community":"","city":"","phone1":"","phone2":"","fax":"","email":""},"geometry":{"type":"Point","coordinates":[22.699303900000018,51.2196888]}},{"type":"Feature","properties":{"name":"\u201eAkademia Niepodleg\u0142o\u015bci\u201d prof. Janusz Odziemkowski (UKSW) \u201eJ\u00f3zef Pi\u0142sudski i Legiony 1914\u20131918\u201d \u2013 W\u0119gr\u00f3w, 17 pa\u017adziernika 2018","description":"","icon":{"link":"\/dokumenty\/mapy\/85.png","x":15,"y":41,"width":31,"height":41},"img":{"width":100,"height":65,"mini":"\/dokumenty\/mapy\/p_6022_m1.jpg","full":"\/dokumenty\/mapy\/p_6022.jpg"},"link":"\/mn\/maps\/100p6022,Akademia-Niepodleglosci-prof-Janusz-Odziemkowski-UKSW-Jozef-Pilsudski-i-Legiony-.html","url":"https:\/\/mojaniepodlegla.pl\/mn\/aktualnosci\/7387,Jozef-Pilsudski-i-Legiony-19141918-wyklad-prof-Janusza-Odziemkowskiego-podczas-i.html","address":"W\u0119gr\u00f3w mickieiwcza 41","zipcode":"","province":"","county":"","community":"","city":"","phone1":"","phone2":"","fax":"","email":""},"geometry":{"type":"Point","coordinates":[22.019985200000065,52.3904363]}},{"type":"Feature","properties":{"name":"\u201eAkademia Niepodleg\u0142o\u015bci\u201d prof. Krzysztof Kawalec: \u201ePa\u0144stwowotw\u00f3rczy wysi\u0142ek przed listopadem 1918 r.\u201d i  prof. Zdzis\u0142aw Winnicki: \u201eRada Regencyjna Kr\u00f3lestwa Polskiego i jej organy 1917-1918\u201d \u2013 Cieszyn, 5 listopada 2018","description":"","icon":{"link":"\/dokumenty\/mapy\/85.png","x":15,"y":41,"width":31,"height":41},"img":{"width":100,"height":65,"mini":"\/dokumenty\/mapy\/p_6061_m1.jpg","full":"\/dokumenty\/mapy\/p_6061.jpg"},"link":"\/mn\/maps\/100p6061,Akademia-Niepodleglosci-prof-Krzysztof-Kawalec-Panstwowotworczy-wysilek-przed-li.html","url":"https:\/\/mojaniepodlegla.pl\/mn\/aktualnosci\/10009,Akademia-Niepodleglosci-w-Cieszynie-5-listopada-2018.html","address":"Cieszyn Mennicza 46","zipcode":"","province":"","county":"","community":"","city":"","phone1":"","phone2":"","fax":"","email":""},"geometry":{"type":"Point","coordinates":[18.62946199999999,49.7502349]}},{"type":"Feature","properties":{"name":"\u201eAkademia Niepodleg\u0142o\u015bci\u201d prof. Krzysztof Kawalec: \u201ePrzewr\u00f3t majowy 1926 r.\u201d \u2212 Goleni\u00f3w, 5 kwietnia 2018","description":"","icon":{"link":"\/dokumenty\/mapy\/85.png","x":15,"y":41,"width":31,"height":41},"img":{"width":100,"height":65,"mini":"\/dokumenty\/mapy\/p_2191_m1.jpg","full":"\/dokumenty\/mapy\/p_2191.jpg"},"link":"\/mn\/maps\/100p2191,Akademia-Niepodleglosci-prof-Krzysztof-Kawalec-Przewrot-majowy-1926-r-Goleniow-5.html","url":"https:\/\/mojaniepodlegla.pl\/mn\/aktualnosci\/3874,Przewrot-majowy-1926-r-5-kwietnia-2018.html","address":"Goleni\u00f3w Pocztowa 2","zipcode":"","province":"","county":"","community":"","city":"","phone1":"","phone2":"","fax":"","email":""},"geometry":{"type":"Point","coordinates":[14.832322599999998,53.58]}},{"type":"Feature","properties":{"name":"\u201eAkademia Niepodleg\u0142o\u015bci\u201d prof. Piotr Okulewicz  \u201eWile\u0144ska wyprawa\u201d oraz \u201eNietypowi sojusznicy\u201d\u2013 Zielona G\u00f3ra, 3 grudnia 2019","description":"","icon":{"link":"\/dokumenty\/mapy\/85.png","x":15,"y":41,"width":31,"height":41},"img":{"width":100,"height":65,"mini":"\/dokumenty\/mapy\/p_12243_m1.jpg","full":"\/dokumenty\/mapy\/p_12243.jpg"},"link":"\/mn\/maps\/100p12243,Akademia-Niepodleglosci-prof-Piotr-Okulewicz-Wilenska-wyprawa-oraz-Nietypowi-soj.html","url":"https:\/\/poznan.ipn.gov.pl\/pl7\/aktualnosci\/83349,Wyklady-prof-Piotra-Okulewicza-w-ramach-Akademii-Niepodleglosci-Zielona-Gora-3-g.html","address":"Wojew\u00f3dzkiej i Miejskiej Bibliotece Publicznej im. Cypriana Norwida w Zielonej G\u00f3rze","zipcode":"","province":"","county":"","community":"","city":"","phone1":"","phone2":"","fax":"","email":""},"geometry":{"type":"Point","coordinates":[15.500621000000024,51.940121]}},{"type":"Feature","properties":{"name":"\u201eAkademia Niepodleg\u0142o\u015bci\u201d prof. Piotr Okulewicz \u201eWile\u0144ska wyprawa\u201d oraz \u201eNietypowi sojusznicy\u201d \u2013 NOwy Tomy\u015bl, 2 grudnia 2019","description":"","icon":{"link":"\/dokumenty\/mapy\/85.png","x":15,"y":41,"width":31,"height":41},"img":{"width":100,"height":65,"mini":"\/dokumenty\/mapy\/p_12240_m1.jpg","full":"\/dokumenty\/mapy\/p_12240.jpg"},"link":"\/mn\/maps\/100p12240,Akademia-Niepodleglosci-prof-Piotr-Okulewicz-Wilenska-wyprawa-oraz-Nietypowi-soj.html","url":"https:\/\/poznan.ipn.gov.pl\/pl7\/aktualnosci\/83352,Wyklady-prof-Piotra-Okulewicza-w-ramach-Akademii-Niepodleglosci-Nowy-Tomysl-2-gr.html","address":"Wy\u017csza Szko\u0142a Pedagogiki i Administracji im. Mieszka I w Nowym Tomy\u015blu","zipcode":"","province":"","county":"","community":"","city":"","phone1":"","phone2":"","fax":"","email":""},"geometry":{"type":"Point","coordinates":[16.118056499999966,52.321656]}},{"type":"Feature","properties":{"name":"\u201eAkademia Niepodleg\u0142o\u015bci\u201d prof. Piotr Okulewicz: \u201eDru\u017cyniacy i strzelcy\u201d oraz \u201eZbiorowy portret uczestnik\u00f3w ruchu paramilitarnego\u201d \u2013 Nowy Tomy\u015bl, 27 marca 2018","description":"","icon":{"link":"\/dokumenty\/mapy\/85.png","x":15,"y":41,"width":31,"height":41},"img":{"width":100,"height":65,"mini":"\/dokumenty\/mapy\/p_2260_m1.jpg","full":"\/dokumenty\/mapy\/p_2260.jpg"},"link":"\/mn\/maps\/100p2260,Akademia-Niepodleglosci-prof-Piotr-Okulewicz-Druzyniacy-i-strzelcy-oraz-Zbiorowy.html","url":"https:\/\/mojaniepodlegla.pl\/mn\/aktualnosci\/3799,Wyklady-prof-Piotra-Okulewicza-w-ramach-Akademii-Niepodleglosci-Nowy-Tomysl-27-m.html","address":"Nowy Tomy\u015bl Os. P\u00f3\u0142noc 37a","zipcode":"","province":"","county":"","community":"","city":"","phone1":"","phone2":"","fax":"","email":""},"geometry":{"type":"Point","coordinates":[16.118484999999964,52.32555]}},{"type":"Feature","properties":{"name":"\u201eAkademia Niepodleg\u0142o\u015bci\u201d prof. Piotr Okulewicz: \u201eDru\u017cyniacy i strzelcy\u201d oraz \u201eZbiorowy portret uczestnik\u00f3w ruchu paramilitarnego\u201d \u2013 Zielona G\u00f3ra, 28 marca 2018","description":"","icon":{"link":"\/dokumenty\/mapy\/85.png","x":15,"y":41,"width":31,"height":41},"img":{"width":100,"height":65,"mini":"\/dokumenty\/mapy\/p_2293_m1.jpg","full":"\/dokumenty\/mapy\/p_2293.jpg"},"link":"\/mn\/maps\/100p2293,Akademia-Niepodleglosci-prof-Piotr-Okulewicz-Druzyniacy-i-strzelcy-oraz-Zbiorowy.html","url":"https\/\/:mojaniepodlegla.pl\/mn\/aktualnosci\/3835,Wyklady-prof-Piotra-Okulewicza-w-ramach-Akademii-Niepodleglosci-Zielona-Gora-28-.html","address":"Zielona G\u00f3ra Osiedle Pomorskie 13","zipcode":"","province":"","county":"","community":"","city":"","phone1":"","phone2":"","fax":"","email":""},"geometry":{"type":"Point","coordinates":[15.554971000000023,51.933333]}},{"type":"Feature","properties":{"name":"\u201eAkademia Niepodleg\u0142o\u015bci\u201d prof. Piotr Okulewicz: \u201eSocjalistyczna irredenta\u201d i \u201eBojowcy\u201d \u2013 Nowy Tomy\u015bl, 30 stycznia 2018","description":"","icon":{"link":"\/dokumenty\/mapy\/85.png","x":15,"y":41,"width":31,"height":41},"img":{"width":100,"height":65,"mini":"\/dokumenty\/mapy\/p_2257_m1.jpg","full":"\/dokumenty\/mapy\/p_2257.jpg"},"link":"\/mn\/maps\/100p2257,Akademia-Niepodleglosci-prof-Piotr-Okulewicz-Socjalistyczna-irredenta-i-Bojowcy-.html","url":"https:\/\/mojaniepodlegla.pl\/mn\/aktualnosci\/3802,Wyklady-prof-Piotra-Okulewicza-w-ramach-Akademii-Niepodleglosci-Nowy-Tomysl-30-s.html","address":"Nowy Tomy\u015bl Os. P\u00f3\u0142noc 37a","zipcode":"","province":"","county":"","community":"","city":"","phone1":"","phone2":"","fax":"","email":""},"geometry":{"type":"Point","coordinates":[16.118484999999964,52.322094]}},{"type":"Feature","properties":{"name":"\u201eAkademia Niepodleg\u0142o\u015bci\u201d prof. Piotr Okulewicz: \u201eSocjalistyczna irredenta\u201d i \u201eBojowcy\u201d \u2013 Zielona G\u00f3ra, 29 stycznia 2018","description":"","icon":{"link":"\/dokumenty\/mapy\/85.png","x":15,"y":41,"width":31,"height":41},"img":{"width":100,"height":65,"mini":"\/dokumenty\/mapy\/p_2296_m1.jpg","full":"\/dokumenty\/mapy\/p_2296.jpg"},"link":"\/mn\/maps\/100p2296,Akademia-Niepodleglosci-prof-Piotr-Okulewicz-Socjalistyczna-irredenta-i-Bojowcy-.html","url":"https:\/\/mojaniepodlegla.pl\/mn\/aktualnosci\/3838,Wyklady-prof-Piotra-Okulewicza-w-ramach-Akademii-Niepodleglosci-Zielona-Gora-29-.html","address":"Zielona G\u00f3ra Osiedle Pomorskie 13","zipcode":"","province":"","county":"","community":"","city":"","phone1":"","phone2":"","fax":"","email":""},"geometry":{"type":"Point","coordinates":[15.554971000000023,51.9361111]}},{"type":"Feature","properties":{"name":"\u201eAkademia Niepodleg\u0142o\u015bci\u201d prof. Tomasz G\u0142owi\u0144ski: \u201eSocjalistyczna irredenta\u201d\u2013 Zgorzelec, 9 kwietnia 2018","description":"","icon":{"link":"\/dokumenty\/mapy\/85.png","x":15,"y":41,"width":31,"height":41},"img":{"width":100,"height":65,"mini":"\/dokumenty\/mapy\/p_2170_m1.jpg","full":"\/dokumenty\/mapy\/p_2170.jpg"},"link":"\/mn\/maps\/100p2170,Akademia-Niepodleglosci-prof-Tomasz-Glowinski-Socjalistyczna-irredenta-Zgorzelec.html","url":"https:\/\/mojaniepodlegla.pl\/mn\/aktualnosci\/3925,Wyklad-prof-Tomasza-Glowinskiego-w-ramach-Akademii-Niepodleglosci-w-Zgorzelcu-9-.html","address":"Zgorzelec Francuska 6","zipcode":"","province":"","county":"","community":"","city":"","phone1":"","phone2":"","fax":"","email":""},"geometry":{"type":"Point","coordinates":[15.0049669,51.13915369999999]}},{"type":"Feature","properties":{"name":"\u201eAkademia Niepodleg\u0142o\u015bci\u201d prof. Tomasz Sikorski: \u201eRoman Dmowski\u201d \u2013 Goleni\u00f3w, 6 lutego 2018","description":"","icon":{"link":"\/dokumenty\/mapy\/85.png","x":15,"y":41,"width":31,"height":41},"img":{"width":100,"height":65,"mini":"\/dokumenty\/mapy\/p_2194_m1.jpg","full":"\/dokumenty\/mapy\/p_2194.jpg"},"link":"\/mn\/maps\/100p2194,Akademia-Niepodleglosci-prof-Tomasz-Sikorski-Roman-Dmowski-Goleniow-6-lutego-201.html","url":"https:\/\/mojaniepodlegla.pl\/mn\/aktualnosci\/3868,Akademia-Niepodleglosci-Goleniow-6-lutego-2018.html","address":"Goleni\u00f3w pocztowa 2","zipcode":"","province":"","county":"","community":"","city":"","phone1":"","phone2":"","fax":"","email":""},"geometry":{"type":"Point","coordinates":[14.832322599999998,53.5623111]}},{"type":"Feature","properties":{"name":"\u201eAkademia Niepodleg\u0142o\u015bci\u201d prof. Wies\u0142aw Jan Wysocki: \u201eDru\u017cyniacy i strzelcy\u201d, dr hab. Joanna Januszewska-Jurkiewicz: \u201eZbiorowy portret uczestnik\u00f3w ruchu paramilitarnego\u201d \u2013 Cieszyn, 26 marca 2018","description":"","icon":{"link":"\/dokumenty\/mapy\/85.png","x":15,"y":41,"width":31,"height":41},"img":{"width":100,"height":65,"mini":"\/dokumenty\/mapy\/p_2224_m1.jpg","full":"\/dokumenty\/mapy\/p_2224.jpg"},"link":"\/mn\/maps\/100p2224,Akademia-Niepodleglosci-prof-Wieslaw-Jan-Wysocki-Druzyniacy-i-strzelcy-dr-hab-Jo.html","url":"https:\/\/mojaniepodlegla.pl\/mn\/aktualnosci\/2785,Akademia-Niepodleglosci-w-Cieszynie-26-marca-2018.html","address":"Cieszyn Mennicza 46","zipcode":"","province":"","county":"","community":"","city":"","phone1":"","phone2":"","fax":"","email":""},"geometry":{"type":"Point","coordinates":[18.62946199999999,49.7502346]}},{"type":"Feature","properties":{"name":"\u201eAkademia Niepodleg\u0142o\u015bci\u201d prof. W\u0142odzimierz Suleja: \u201eSocjalistyczna irredenta\u201d, dr Mi\u0142osz Skrzypek: \u201eCieszy\u0144skie drogi do Niepodleg\u0142o\u015bci\u201d \u2013 Cieszyn, 22 stycznia 2018","description":"","icon":{"link":"\/dokumenty\/mapy\/85.png","x":15,"y":41,"width":31,"height":41},"img":{"width":100,"height":65,"mini":"\/dokumenty\/mapy\/p_2227_m1.jpg","full":"\/dokumenty\/mapy\/p_2227.jpg"},"link":"\/mn\/maps\/100p2227,Akademia-Niepodleglosci-prof-Wlodzimierz-Suleja-Socjalistyczna-irredenta-dr-Milo.html","url":"https:\/\/mojaniepodlegla.pl\/mn\/aktualnosci\/2821,Wyklady-prof-Wlodzimierza-Sulei-i-dr-Milosza-Skrzypka-w-ramach-Akademii-Niepodle.html","address":"Cieszyn Mennicza 46","zipcode":"","province":"","county":"","community":"","city":"","phone1":"","phone2":"","fax":"","email":""},"geometry":{"type":"Point","coordinates":[18.62946199999999,49.7502347]}},{"type":"Feature","properties":{"name":"\u201eAkademia Niepodleg\u0142o\u015bci\u201d Rados\u0142awa Wnorowskiego \u2013 J\u00f3zef Pi\u0142sudski, Waldemar Tyszuka \u2013 Roman Dmowski oraz Damian Marculewicz \u2013 Wojciech Korfanty \u2013 Grajewo, 27 maja 2019","description":"","icon":{"link":"\/dokumenty\/mapy\/85.png","x":15,"y":41,"width":31,"height":41},"img":{"width":100,"height":65,"mini":"\/dokumenty\/mapy\/p_12270_m1.jpg","full":"\/dokumenty\/mapy\/p_12270.jpg"},"link":"\/mn\/maps\/100p12270,Akademia-Niepodleglosci-Radoslawa-Wnorowskiego-Jozef-Pilsudski-Waldemar-Tyszuka-.html","url":"https:\/\/bialystok.ipn.gov.pl\/pl1\/aktualnosci\/71242,Akademia-Niepodleglosci-Grajewo-27-maja-2019.html","address":"Grajewska Izba Historyczna","zipcode":"","province":"","county":"","community":"","city":"","phone1":"","phone2":"","fax":"","email":""},"geometry":{"type":"Point","coordinates":[22.456486978799262,53.65207758]}},{"type":"Feature","properties":{"name":"\u201eAkademia Niepodleg\u0142o\u015bci\u201d wyk\u0142ad inauguracyjny \u2013 dr hab. Karol Sacewicz, \u201eSocjalistyczna irredenta\u201d i \u201ePa\u0144stwowotw\u00f3rczy wysi\u0142ek przed listopadem 1918 r.\u201d\u2013 Gietrzwa\u0142d, 11 grudnia 2017","description":"","icon":{"link":"\/dokumenty\/mapy\/85.png","x":15,"y":41,"width":31,"height":41},"img":{"width":100,"height":65,"mini":"\/dokumenty\/mapy\/p_1978_m1.jpg","full":"\/dokumenty\/mapy\/p_1978.jpg"},"link":"\/mn\/maps\/100p1978,Akademia-Niepodleglosci-wyklad-inauguracyjny-dr-hab-Karol-Sacewicz-Socjalistyczn.html","url":"https:\/\/mojaniepodlegla.pl\/mn\/aktualnosci\/2950,Inauguracja-Akademii-Niepodleglosci-Gietrzwald-11-grudnia-2017.html","address":"Ko\u015bcielna 1, 11-036 Gietrzwa\u0142d","zipcode":"","province":"","county":"","community":"","city":"","phone1":"","phone2":"","fax":"","email":""},"geometry":{"type":"Point","coordinates":[20.23566900000003,53.747426]}},{"type":"Feature","properties":{"name":"\u201eAkademia Niepodleg\u0142o\u015bci\u201d wyk\u0142ad inauguracyjny \u2013 dr hab. Marcin Kruszy\u0144ski: \u201ePolski wiek XIX \u2013 wiek Powsta\u0144\u201d, dr hab. Tomasz Panfil: \u201eJ\u00f3zef Pi\u0142sudski \u2013 tw\u00f3rca Niepodleg\u0142ej\u201d \u2013 W\u0142odawa, 11 grudnia 2017","description":"","icon":{"link":"\/dokumenty\/mapy\/85.png","x":15,"y":41,"width":31,"height":41},"img":{"width":100,"height":65,"mini":"\/dokumenty\/mapy\/p_1954_m1.jpg","full":"\/dokumenty\/mapy\/p_1954.jpg"},"link":"\/mn\/maps\/100p1954,Akademia-Niepodleglosci-wyklad-inauguracyjny-dr-hab-Marcin-Kruszynski-Polski-wie.html","url":"https:\/\/mojaniepodlegla.pl\/mn\/aktualnosci\/2911,Inauguracja-Akademii-Niepodleglosci-Wlodawa-11-grudnia-2017.html","address":"Aleja J. Pi\u0142sudskiego 10, 22-200 W\u0142odawa","zipcode":"","province":"","county":"","community":"","city":"","phone1":"","phone2":"","fax":"","email":""},"geometry":{"type":"Point","coordinates":[23.5547464,51.545]}},{"type":"Feature","properties":{"name":"\u201eAkademia Niepodleg\u0142o\u015bci\u201d wyk\u0142ad inauguracyjny \u2013 dr hab. Przemys\u0142aw Olstowski \u201ePowr\u00f3t Pomorza do Polski 1918\u20131920\u201d \u2013 Wejherowo, 13 lutego 2018","description":"","icon":{"link":"\/dokumenty\/mapy\/85.png","x":15,"y":41,"width":31,"height":41},"img":{"width":100,"height":65,"mini":"\/dokumenty\/mapy\/p_2347_m1.jpg","full":"\/dokumenty\/mapy\/p_2347.jpg"},"link":"\/mn\/maps\/100p2347,Akademia-Niepodleglosci-wyklad-inauguracyjny-dr-hab-Przemyslaw-Olstowski-Powrot-.html","url":"https:\/\/mojaniepodlegla.pl\/mn\/aktualnosci\/3763,Inauguracja-projektu-Akademia-Niepodleglosci-w-Wejherowie-13-lutego-2018.html","address":"wejherowo gda\u0144ska 30","zipcode":"","province":"","county":"","community":"","city":"","phone1":"","phone2":"","fax":"","email":""},"geometry":{"type":"Point","coordinates":[18.27916909999999,54.6034871]}},{"type":"Feature","properties":{"name":"\u201eAkademia Niepodleg\u0142o\u015bci\u201d wyk\u0142ad inauguracyjny \u2013 dr Piotr Kila\u0144czyk: \u201eJ\u00f3zef Pi\u0142sudski i jego kontynuacje tradycji powsta\u0144czych\u201d \u2013 Piotrk\u00f3w Trybunalski, 11 grudnia 2017","description":"","icon":{"link":"\/dokumenty\/mapy\/85.png","x":15,"y":41,"width":31,"height":41},"img":{"width":100,"height":65,"mini":"\/dokumenty\/mapy\/p_1948_m1.jpg","full":"\/dokumenty\/mapy\/p_1948.jpg"},"link":"\/mn\/maps\/100p1948,Akademia-Niepodleglosci-wyklad-inauguracyjny-dr-Piotr-Kilanczyk-Jozef-Pilsudski-.html","url":"https:\/\/mojaniepodlegla.pl\/mn\/aktualnosci\/2851,Inauguracja-Akademii-Niepodleglosci-w-ramach-obchodow-100-rocznicy-odzyskania-ni.html","address":"S\u0142owackiego 114\/118, 97-300 Piotrk\u00f3w Trybunalski","zipcode":"","province":"","county":"","community":"","city":"","phone1":"","phone2":"","fax":"","email":""},"geometry":{"type":"Point","coordinates":[19.669954899999993,51.4089699]}},{"type":"Feature","properties":{"name":"\u201eAkademia Niepodleg\u0142o\u015bci\u201d wyk\u0142ad inauguracyjny \u2013 prof. dr hab. Janusz Fary\u015b: \u201eJ\u00f3zef Pi\u0142sudski \u2013 tw\u00f3rca Niepodleg\u0142ej\u201d \u2013 Goleni\u00f3w, 11 grudnia 2017","description":"","icon":{"link":"\/dokumenty\/mapy\/85.png","x":15,"y":41,"width":31,"height":41},"img":{"width":100,"height":65,"mini":"\/dokumenty\/mapy\/p_2197_m1.jpg","full":"\/dokumenty\/mapy\/p_2197.jpg"},"link":"\/mn\/maps\/100p2197,Akademia-Niepodleglosci-wyklad-inauguracyjny-prof-dr-hab-Janusz-Farys-Jozef-Pils.html","url":"https:\/\/mojaniepodlegla.pl\/mn\/aktualnosci\/3871,Inauguracja-Akademii-Niepodleglosci-Goleniow-11-grudnia-2017.html","address":"Goleni\u00f3w Pocztowa 2","zipcode":"","province":"","county":"","community":"","city":"","phone1":"","phone2":"","fax":"","email":""},"geometry":{"type":"Point","coordinates":[14.832322599999998,53.5623894]}},{"type":"Feature","properties":{"name":"\u201eAkademia Niepodleg\u0142o\u015bci\u201d wyk\u0142ad inauguracyjny \u2013 prof. Tomasz G\u0105sowski: \u201ePolski wiek XIX \u2013 wiek powsta\u0144\u201d, dr Maciej Zakrzewski \u2013 Bochnia, 11 grudnia 2017","description":"","icon":{"link":"\/dokumenty\/mapy\/85.png","x":15,"y":41,"width":31,"height":41},"img":{"width":100,"height":65,"mini":"\/dokumenty\/mapy\/p_1936_m1.jpg","full":"\/dokumenty\/mapy\/p_1936.jpg"},"link":"\/mn\/maps\/100p1936,Akademia-Niepodleglosci-wyklad-inauguracyjny-prof-Tomasz-Gasowski-Polski-wiek-XI.html","url":"https:\/\/mojaniepodlegla.pl\/mn\/aktualnosci\/2602,Inauguracja-Akademii-Niepodleglosci-Bochnia-11-grudnia-2017-r.html","address":"Bochnia, ul. Kazimierza Wielkiego 31","zipcode":"","province":"","county":"","community":"","city":"","phone1":"","phone2":"","fax":"","email":""},"geometry":{"type":"Point","coordinates":[20.426920300000006,49.9674584]}},{"type":"Feature","properties":{"name":"\u201eAkademia Niepodleg\u0142o\u015bci\u201d wyk\u0142ad inauguracyjny cyklu \u2013 dr hab. Lech Krzy\u017canowski, \u201eJ\u00f3zef Pi\u0142sudski \u2013 tw\u00f3rca Niepodleg\u0142ej\u201d  \u2013 Cieszyn, 11 grudnia 2017","description":"","icon":{"link":"\/dokumenty\/mapy\/85.png","x":15,"y":41,"width":31,"height":41},"img":{"width":100,"height":65,"mini":"\/dokumenty\/mapy\/p_1945_m1.jpg","full":"\/dokumenty\/mapy\/p_1945.jpg"},"link":"\/mn\/maps\/100p1945,Akademia-Niepodleglosci-wyklad-inauguracyjny-cyklu-dr-hab-Lech-Krzyzanowski-Joze.html","url":"https:\/\/mojaniepodlegla.pl\/mn\/aktualnosci\/2827,Inauguracja-Akademii-Niepodleglosci-w-Cieszynie-11-grudnia-2017.html","address":"Rynek 1, Cieszyn","zipcode":"","province":"","county":"","community":"","city":"","phone1":"","phone2":"","fax":"","email":""},"geometry":{"type":"Point","coordinates":[18.633190000000013,49.7482179]}},{"type":"Feature","properties":{"name":"\u201eAkademia Niepodleg\u0142o\u015bci\u201d wyk\u0142ad inauguracyjny prof. dr hab. Przemys\u0142aw Olstowski: \u201ePowr\u00f3t Pomorza do Polski 1918\u20131920\u201d \u2013 Che\u0142mno, 23 stycznia 2018","description":"","icon":{"link":"\/dokumenty\/mapy\/85.png","x":15,"y":41,"width":31,"height":41},"img":{"width":100,"height":65,"mini":"\/dokumenty\/mapy\/p_1957_m1.jpg","full":"\/dokumenty\/mapy\/p_1957.jpg"},"link":"\/mn\/maps\/100p1957,Akademia-Niepodleglosci-wyklad-inauguracyjny-prof-dr-hab-Przemyslaw-Olstowski-Po.html","url":"https:\/\/mojaniepodlegla.pl\/mn\/aktualnosci\/2935,Uroczysta-inauguracja-Akademii-Niepodleglosci-w-Chelmnie-23-stycznia-2018.html","address":"rynek 28 Che\u0142mno","zipcode":"","province":"","county":"","community":"","city":"","phone1":"","phone2":"","fax":"","email":""},"geometry":{"type":"Point","coordinates":[18.42283999999995,53.349094]}},{"type":"Feature","properties":{"name":"\u201eAkademia Niepodleg\u0142o\u015bci\u201d wyk\u0142ad nauguracyjny \u2013 prof. dr hab. Janusz Cisek, \u201eNiepodleg\u0142o\u015b\u0107 1918 i 1989 \u2013 podobie\u0144stwa i r\u00f3\u017cnice\u201d \u2013 \u0141a\u0144cut, 11 grudnia 2017","description":"","icon":{"link":"\/dokumenty\/mapy\/85.png","x":15,"y":41,"width":31,"height":41},"img":{"width":100,"height":65,"mini":"\/dokumenty\/mapy\/p_1942_m1.jpg","full":"\/dokumenty\/mapy\/p_1942.jpg"},"link":"\/mn\/maps\/100p1942,Akademia-Niepodleglosci-wyklad-nauguracyjny-prof-dr-hab-Janusz-Cisek-Niepodleglo.html","url":"https:\/\/mojaniepodlegla.pl\/mn\/aktualnosci\/2770,Inauguracja-Akademii-Niepodleglosci-Lancut-11-grudnia-2017.html","address":"ul. Ko\u015bciuszki 2, \u0141a\u0144cut","zipcode":"","province":"","county":"","community":"","city":"","phone1":"","phone2":"","fax":"","email":""},"geometry":{"type":"Point","coordinates":[22.231036000000017,50.068111]}},{"type":"Feature","properties":{"name":"\u201eAkademia Niepodleg\u0142o\u015bci\u201d wyk\u0142ad: prof. Tomasz G\u0142owi\u0144ski: \u201eSocjalistyczna irredenta\u201d i \u201eSylwetki bojowc\u00f3w\u201d  \u2013 Jawor, 12 lutego 2018","description":"","icon":{"link":"\/dokumenty\/mapy\/85.png","x":15,"y":41,"width":31,"height":41},"img":{"width":100,"height":65,"mini":"\/dokumenty\/mapy\/p_2167_m1.jpg","full":"\/dokumenty\/mapy\/p_2167.jpg"},"link":"\/mn\/maps\/100p2167,Akademia-Niepodleglosci-wyklad-prof-Tomasz-Glowinski-Socjalistyczna-irredenta-i-.html","url":"https:\/\/mojaniepodlegla.pl\/mn\/aktualnosci\/2725,Akademia-Niepodleglosci-Jawor-12-lutego-2018.html","address":"Jawor ko\u015bciuszki 8","zipcode":"","province":"","county":"","community":"","city":"","phone1":"","phone2":"","fax":"","email":""},"geometry":{"type":"Point","coordinates":[16.195430200000033,51.0465]}},{"type":"Feature","properties":{"name":"\u201eAkademia Niepodleg\u0142o\u015bci\u201d wyk\u0142ady inauguracyjne \u2013 dr Dariusz Ga\u0142aszewski, \u201ePolski wiek XIX \u2013 wiek powsta\u0144\u201d, dr Anna Maria Adamus, \u201eJ\u00f3zef Pi\u0142sudski \u2013 tw\u00f3rca niepodleg\u0142ej\u201d \u2013 Pruszk\u00f3w, 11 grudnia 2017","description":"","icon":{"link":"\/dokumenty\/mapy\/85.png","x":15,"y":41,"width":31,"height":41},"img":{"width":100,"height":65,"mini":"\/dokumenty\/mapy\/p_1951_m1.jpg","full":"\/dokumenty\/mapy\/p_1951.jpg"},"link":"\/mn\/maps\/100p1951,Akademia-Niepodleglosci-wyklady-inauguracyjne-dr-Dariusz-Galaszewski-Polski-wiek.html","url":"https:\/\/mojaniepodlegla.pl\/mn\/aktualnosci\/2728,Inauguracja-cyklu-Akademia-Niepodleglosci-Pruszkow-Muzeum-Dulag-121-11-grudnia-2.html","address":"ul. 3 Maja 8A, Pruszk\u00f3w","zipcode":"","province":"","county":"","community":"","city":"","phone1":"","phone2":"","fax":"","email":""},"geometry":{"type":"Point","coordinates":[20.80746799999997,52.179]}},{"type":"Feature","properties":{"name":"\u201eAkademia Niepodleg\u0142o\u015bci\u201d wyk\u0142ady inauguracyjne \u2013 dr Tomasz Ga\u0142wiaczek: \u201eWiek XIX\u201d, dr Daniel Kore\u015b: \u201eJ\u00f3zef Pi\u0142sudski\u201d   \u2013 Zgorzelec, 9 lutego 2018","description":"","icon":{"link":"\/dokumenty\/mapy\/85.png","x":15,"y":41,"width":31,"height":41},"img":{"width":100,"height":65,"mini":"\/dokumenty\/mapy\/p_1981_m1.jpg","full":"\/dokumenty\/mapy\/p_1981.jpg"},"link":"\/mn\/maps\/100p1981,Akademia-Niepodleglosci-wyklady-inauguracyjne-dr-Tomasz-Galwiaczek-Wiek-XIX-dr-D.html","url":"https:\/\/mojaniepodlegla.pl\/mn\/aktualnosci\/2704,Inauguracja-cyklu-Akademia-Niepodleglosci-Zgorzelec-9-lutego-2018.html","address":"ul. Francuska 6, Zgorzelec","zipcode":"","province":"","county":"","community":"","city":"","phone1":"","phone2":"","fax":"","email":""},"geometry":{"type":"Point","coordinates":[15.0049669,51.13915369999999]}},{"type":"Feature","properties":{"name":"\u201eAkademia Niepodleg\u0142o\u015bci\u201d wyk\u0142ady inauguracyjne \u2013 dr Waldemar Brenda, \u201ePolski wiek XIX \u2013 wiek powsta\u0144\u201d, dr hab. Krzysztof Sychowicz, \u201eJ\u00f3zef Pi\u0142sudski \u2013 tw\u00f3rca Niepodleg\u0142ej\u201d \u2013 Grajewo, 11 grudnia 2017","description":"","icon":{"link":"\/dokumenty\/mapy\/85.png","x":15,"y":41,"width":31,"height":41},"img":{"width":100,"height":65,"mini":"\/dokumenty\/mapy\/p_2206_m1.jpg","full":"\/dokumenty\/mapy\/p_2206.jpg"},"link":"\/mn\/maps\/100p2206,Akademia-Niepodleglosci-wyklady-inauguracyjne-dr-Waldemar-Brenda-Polski-wiek-XIX.html","url":"https:\/\/mojaniepodlegla.pl\/mn\/aktualnosci\/2962,Inauguracja-Akademii-Niepodleglosci-Grajewo-11-grudnia-2017.html","address":"Grajewo E\u0142cka 30","zipcode":"","province":"","county":"","community":"","city":"","phone1":"","phone2":"","fax":"","email":""},"geometry":{"type":"Point","coordinates":[22.45476640000004,53.652186699]}},{"type":"Feature","properties":{"name":"\u201eAkademia Niepodleg\u0142o\u015bci\u201d wyk\u0142ady inauguracyjne: prof. Krzysztof Kawalec, \u201ePolski wiek XIX \u2013 wiek powsta\u0144\u201d, prof. W\u0142odzimierz Suleja, \u201eJ\u00f3zef Pi\u0142sudski \u2013 tw\u00f3rca Niepodleg\u0142ej\u201d \u2013 Jawor, 16 grudnia 2017","description":"","icon":{"link":"\/dokumenty\/mapy\/85.png","x":15,"y":41,"width":31,"height":41},"img":{"width":100,"height":65,"mini":"\/dokumenty\/mapy\/p_1939_m1.jpg","full":"\/dokumenty\/mapy\/p_1939.jpg"},"link":"\/mn\/maps\/100p1939,Akademia-Niepodleglosci-wyklady-inauguracyjne-prof-Krzysztof-Kawalec-Polski-wiek.html","url":"https:\/\/mojaniepodlegla.pl\/mn\/aktualnosci\/2686,Inauguracja-cyklu-Akademia-Niepodleglosci-Jawor-16-grudnia-2017.html","address":"Ko\u015bciuszki 8, 58-100 Jawor","zipcode":"","province":"","county":"","community":"","city":"","phone1":"","phone2":"","fax":"","email":""},"geometry":{"type":"Point","coordinates":[16.195281199999954,51.0469967]}},{"type":"Feature","properties":{"name":"\u201eAkademia Niepodleg\u0142o\u015bci\u201d, Sebastian Nowakowski:  \u201eMarsza\u0142ek J\u00f3zef Pi\u0142sudski, jeden z tw\u00f3rc\u00f3w Niepodleg\u0142ej\u201d, dr Marek Pacholec \u2013 wyk\u0142ad o polskich dzia\u0142aczach niepodleg\u0142o\u015bciowych podczas akcji plebiscytowej na Warmii i Mazurach \u2013 Nidzica, 21 maja 2018","description":"","icon":{"link":"\/dokumenty\/mapy\/109.png","x":14,"y":14,"width":24,"height":24},"img":{"width":100,"height":65,"mini":"\/dokumenty\/mapy\/p_2344_m1.jpg","full":"\/dokumenty\/mapy\/p_2344.jpg"},"link":"\/mn\/maps\/100p2344,Akademia-Niepodleglosci-Sebastian-Nowakowski-Marszalek-Jozef-Pilsudski-jeden-z-t.html","url":"https:\/\/mojaniepodlegla.pl\/mn\/aktualnosci\/3937,Wernisaz-wystawy-Ojcowie-Niepodleglosci-i-prelekcje-na-otwarcie-Akademii-Niepodl.html","address":"Nidzica zamkowa 2","zipcode":"","province":"","county":"","community":"","city":"","phone1":"","phone2":"","fax":"","email":""},"geometry":{"type":"Point","coordinates":[20.430016900000055,53.354]}},{"type":"Feature","properties":{"name":"\u201eAkademia Niepodleg\u0142o\u015bci\u201d. Kamil Fr\u0105czkiewicz \u201eStosunki polsko-niemieckie w latach 1918\u20131939\u201d \u2013 Zgorzelec, 30 maja 2019","description":"","icon":{"link":"\/dokumenty\/mapy\/85.png","x":15,"y":41,"width":31,"height":41},"img":{"width":100,"height":65,"mini":"\/dokumenty\/mapy\/p_12216_m1.jpg","full":"\/dokumenty\/mapy\/p_12216.jpg"},"link":"\/mn\/maps\/100p12216,Akademia-Niepodleglosci-Kamil-Fraczkiewicz-Stosunki-polsko-niemieckie-w-latach-1.html","url":"","address":"Zesp\u00f3\u0142 Szk\u00f3\u0142 Og\u00f3lnokszta\u0142c\u0105cych w Zgorzelcu","zipcode":"","province":"","county":"","community":"","city":"","phone1":"","phone2":"","fax":"","email":""},"geometry":{"type":"Point","coordinates":[15.00222980000001,51.1506616]}},{"type":"Feature","properties":{"name":"\u201eAkademia Niepodleg\u0142o\u015bci\u201d. Kamil Fr\u0105czkiewicz, \u201ePolacy w czasie I wojny \u015bwiatowej\u201d \u2013 Jawor, 28 maja 2019","description":"","icon":{"link":"\/dokumenty\/mapy\/85.png","x":15,"y":41,"width":31,"height":41},"img":{"width":100,"height":65,"mini":"\/dokumenty\/mapy\/p_12213_m1.jpg","full":"\/dokumenty\/mapy\/p_12213.jpg"},"link":"\/mn\/maps\/100p12213,Akademia-Niepodleglosci-Kamil-Fraczkiewicz-Polacy-w-czasie-I-wojny-swiatowej-Jaw.html","url":"","address":"I Zesp\u00f3\u0142 Szk\u00f3\u0142 Og\u00f3lnokszta\u0142c\u0105cych w Jaworze","zipcode":"","province":"","county":"","community":"","city":"","phone1":"","phone2":"","fax":"","email":""},"geometry":{"type":"Point","coordinates":[16.195430200000033,51.0469058]}},{"type":"Feature","properties":{"name":"\u201eAkademia Niepodleg\u0142o\u015bci\u201d. Kamil Fr\u0105czkiewicz, \u201eStosunki polsko-niemieckie w latach 1918\u20131939\u201d\u2013 Jawor, 30 kwietnia 2019","description":"","icon":{"link":"\/dokumenty\/mapy\/85.png","x":15,"y":41,"width":31,"height":41},"img":{"width":100,"height":65,"mini":"\/dokumenty\/mapy\/p_12210_m1.jpg","full":"\/dokumenty\/mapy\/p_12210.jpg"},"link":"\/mn\/maps\/100p12210,Akademia-Niepodleglosci-Kamil-Fraczkiewicz-Stosunki-polsko-niemieckie-w-latach-1.html","url":"","address":"I Zesp\u00f3\u0142 Szk\u00f3\u0142 Og\u00f3lnokszta\u0142c\u0105cych w Jaworze","zipcode":"","province":"","county":"","community":"","city":"","phone1":"","phone2":"","fax":"","email":""},"geometry":{"type":"Point","coordinates":[16.195430200000033,51.0469058]}},{"type":"Feature","properties":{"name":"\u201eAkademia Niepodleg\u0142o\u015bci\u201ddr hab. Olaf Bergmann: \u201eNa paryskim bruku (konferencja pokojowa)\u201d oraz \u201eRoman Dmowski\u201d \u2013 Nowy Tomy\u015bl, 7 pa\u017adziernika 2019","description":"","icon":{"link":"\/dokumenty\/mapy\/85.png","x":15,"y":41,"width":31,"height":41},"img":{"width":100,"height":65,"mini":"\/dokumenty\/mapy\/p_12261_m1.jpg","full":"\/dokumenty\/mapy\/p_12261.jpg"},"link":"\/mn\/maps\/100p12261,Akademia-Niepodlegloscidr-hab-Olaf-Bergmann-Na-paryskim-bruku-konferencja-pokojo.html","url":"https:\/\/poznan.ipn.gov.pl\/pl7\/aktualnosci\/77611,Wyklady-dr-hab-Olafa-Bergmanna-w-ramach-Akademii-Niepodleglosci-Nowy-Tomysl-7-pa.html","address":"Wy\u017cszej Szko\u0142y Pedagogiki i Administracji im. Mieszka I w Nowym Tomy\u015blu","zipcode":"","province":"","county":"","community":"","city":"","phone1":"","phone2":"","fax":"","email":""},"geometry":{"type":"Point","coordinates":[16.118056499999966,52.321656]}},{"type":"Feature","properties":{"name":"\u201eAkademia Niepodleg\u0142o\u015bci\u201ddr hab. Tomasz Pud\u0142ocki: \u201eWyzwania polskiej polityki zagranicznej w latach 1918-1923\u201d oraz dr Jerzy Majka: \u201eWile\u0144ska wyprawa\u201d\u0141a\u0144cut \u2013 15 listopada 2019","description":"","icon":{"link":"\/dokumenty\/mapy\/85.png","x":15,"y":41,"width":31,"height":41},"img":{"width":100,"height":65,"mini":"\/dokumenty\/mapy\/p_12189_m1.jpg","full":"\/dokumenty\/mapy\/p_12189.jpg"},"link":"\/mn\/maps\/100p12189,Akademia-Niepodlegloscidr-hab-Tomasz-Pudlocki-Wyzwania-polskiej-polityki-zagrani.html","url":"https:\/\/mojaniepodlegla.pl\/mn\/aktualnosci\/13350,Kolejne-spotkanie-w-ramach-projektu-Akademia-Niepodleglosci-w-Lancucie-15-listop.html","address":"ul. Ko\u015bciuszki 2 w \u0141a\u0144cucie","zipcode":"","province":"","county":"","community":"","city":"","phone1":"","phone2":"","fax":"","email":""},"geometry":{"type":"Point","coordinates":[22.231036000000017,50.068385]}},{"type":"Feature","properties":{"name":"\u201eAkademia Niepodleg\u0142o\u015bci\u201ddr Krzysztof Kupe\u0107, Antysemityzm w II RP \u2013 Jawor, 21 marca 2019","description":"","icon":{"link":"\/dokumenty\/mapy\/85.png","x":15,"y":41,"width":31,"height":41},"img":{"width":100,"height":65,"mini":"\/dokumenty\/mapy\/p_12207_m1.jpg","full":"\/dokumenty\/mapy\/p_12207.jpg"},"link":"\/mn\/maps\/100p12207,Akademia-Niepodlegloscidr-Krzysztof-Kupec-Antysemityzm-w-II-RP-Jawor-21-marca-20.html","url":"","address":"I Zesp\u00f3\u0142 Szk\u00f3\u0142 Og\u00f3lnokszta\u0142c\u0105cych w Jaworze","zipcode":"","province":"","county":"","community":"","city":"","phone1":"","phone2":"","fax":"","email":""},"geometry":{"type":"Point","coordinates":[16.195430200000033,51.0469058]}},{"type":"Feature","properties":{"name":"\u201eAkademina NIepodleg\u0142o\u015bci\u201d dr Maciej Hubka \u201eOd wile\u0144skiej wyprawy po ukrai\u0144skie stepy \u2013 nietypowi sojusznicy w wojnie polsko-bolszewickiej\u201d \u2013 Piotrk\u00f3w Trybunalski 28 listopada 2019","description":"","icon":{"link":"\/dokumenty\/mapy\/85.png","x":15,"y":41,"width":31,"height":41},"img":{"width":100,"height":65,"mini":"\/dokumenty\/mapy\/p_12231_m1.jpg","full":"\/dokumenty\/mapy\/p_12231.jpg"},"link":"\/mn\/maps\/100p12231,Akademina-NIepodleglosci-dr-Maciej-Hubka-Od-wilenskiej-wyprawy-po-ukrainskie-ste.html","url":"https:\/\/lodz.ipn.gov.pl\/pl6\/aktualnosci\/83301,Wyklad-w-ramach-piotrkowskiej-Akademii-Niepodleglosci-28-listopada-2019.html","address":"ul. J. S\u0142owackiego 114\/118, budynek \u201eB\u201d Piotrk\u00f3w Trybunalski","zipcode":"","province":"","county":"","community":"","city":"","phone1":"","phone2":"","fax":"","email":""},"geometry":{"type":"Point","coordinates":[19.67066669999997,51.4082054]}},{"type":"Feature","properties":{"name":"\u201eAkademina NIepodleg\u0142o\u015bci\u201d prof. Janusz Fary\u015b \u201eMi\u0119dzy Moskw\u0105 a Berlinem. Wizje polskiej polityki zagranicznej 1918-1939\u201d \u2013 Goleni\u00f3w 25 listopada 2019","description":"","icon":{"link":"\/dokumenty\/mapy\/85.png","x":15,"y":41,"width":31,"height":41},"img":{"width":100,"height":65,"mini":"\/dokumenty\/mapy\/p_12228_m1.jpg","full":"\/dokumenty\/mapy\/p_12228.jpg"},"link":"\/mn\/maps\/100p12228,Akademina-NIepodleglosci-prof-Janusz-Farys-Miedzy-Moskwa-a-Berlinem-Wizje-polski.html","url":"https:\/\/szczecin.ipn.gov.pl\/pl9\/aktualnosci\/82959,Spotkanie-w-ramach-Akademii-Niepodleglosci-Goleniow-25-listopada-2019.html","address":"Pocztowa 2 w Goleniowie","zipcode":"","province":"","county":"","community":"","city":"","phone1":"","phone2":"","fax":"","email":""},"geometry":{"type":"Point","coordinates":[14.832352000000014,53.562375]}},{"type":"Feature","properties":{"name":"\u201eBia\u0142o-czerwony szlak \u201eMoja Niepodleg\u0142a\u201d \u2013 Gietrzwa\u0142d, 7 wrze\u015bnia 2018","description":"","icon":{"link":"\/dokumenty\/mapy\/109.png","x":14,"y":14,"width":24,"height":24},"img":{"width":100,"height":57,"mini":"\/dokumenty\/mapy\/p_5941_m1.jpg","full":"\/dokumenty\/mapy\/p_5941.jpg"},"link":"\/mn\/maps\/100p5941,Bialo-czerwony-szlak-Moja-Niepodlegla-Gietrzwald-7-wrzesnia-2018.html","url":"https:\/\/mojaniepodlegla.pl\/mn\/aktualnosci\/6595,Otwarcie-wystawy-Ojcowie-Niepodleglosci-Gietrzwald-7-wrzesnia-2018.html","address":"Gietrzwa\u0142d ko\u015bcielna 1","zipcode":"","province":"","county":"","community":"","city":"","phone1":"","phone2":"","fax":"","email":""},"geometry":{"type":"Point","coordinates":[20.23566900000003,53.747426]}},{"type":"Feature","properties":{"name":"\u201eBia\u0142o-czerwony szlak \u201eMoja Niepodleg\u0142a\u201d \u2013 Jastrz\u0119bie-Zdr\u00f3j, 28 sierpnia 2018","description":"","icon":{"link":"\/dokumenty\/mapy\/109.png","x":14,"y":14,"width":24,"height":24},"img":[],"link":"\/mn\/maps\/100p5887,Bialo-czerwony-szlak-Moja-Niepodlegla-Jastrzebie-Zdroj-28-sierpnia-2018.html","url":"","address":"jastzr\u0119bie zdr\u00f3j","zipcode":"","province":"","county":"","community":"","city":"","phone1":"","phone2":"","fax":"","email":""},"geometry":{"type":"Point","coordinates":[18.610110299999974,49.9254207]}},{"type":"Feature","properties":{"name":"\u201eBia\u0142o-czerwony szlak \u201eMoja Niepodleg\u0142a\u201d \u2013 Olkusz, 15 wrze\u015bnia 2018","description":"","icon":{"link":"\/dokumenty\/mapy\/109.png","x":14,"y":14,"width":24,"height":24},"img":{"width":100,"height":57,"mini":"\/dokumenty\/mapy\/p_5989_m1.jpg","full":"\/dokumenty\/mapy\/p_5989.jpg"},"link":"\/mn\/maps\/100p5989,Bialo-czerwony-szlak-Moja-Niepodlegla-Olkusz-15-wrzesnia-2018.html","url":"https:\/\/mojaniepodlegla.pl\/mn\/aktualnosci\/6742,Otwarcie-wystawy-Ojcowie-Niepodleglosci-w-Olkuszu.html","address":"olkusz","zipcode":"","province":"","county":"","community":"","city":"","phone1":"","phone2":"","fax":"","email":""},"geometry":{"type":"Point","coordinates":[19.565686899999946,50.3813157]}},{"type":"Feature","properties":{"name":"\u201eBia\u0142o-czerwony szlak \u201eMoja Niepodleg\u0142a\u201d \u2013 Siedlce, 3\u201317 wrze\u015bnia 2018","description":"","icon":{"link":"\/dokumenty\/mapy\/109.png","x":14,"y":14,"width":24,"height":24},"img":{"width":100,"height":57,"mini":"\/dokumenty\/mapy\/p_5935_m1.jpg","full":"\/dokumenty\/mapy\/p_5935.jpg"},"link":"\/mn\/maps\/100p5935,Bialo-czerwony-szlak-Moja-Niepodlegla-Siedlce-317-wrzesnia-2018.html","url":"https:\/\/mojaniepodlegla.pl\/mn\/aktualnosci\/6583,Bialo-czerwony-szlak-Moja-Niepodlegla-wystawa-Ojcowie-Niepodleglosci-w-Siedlcach.html","address":"siedlce skwer niepodleg\u0142o\u015bci","zipcode":"","province":"","county":"","community":"","city":"","phone1":"","phone2":"","fax":"","email":""},"geometry":{"type":"Point","coordinates":[22.27417909999997,52.1680192]}},{"type":"Feature","properties":{"name":"\u201eBia\u0142o-czerwony szlak \u201eMoja Niepodleg\u0142a\u201d \u2013 W\u0119gr\u00f3w, 21 maja 2018","description":"","icon":{"link":"\/dokumenty\/mapy\/109.png","x":14,"y":14,"width":24,"height":24},"img":{"width":100,"height":57,"mini":"\/dokumenty\/mapy\/p_5722_m1.jpg","full":"\/dokumenty\/mapy\/p_5722.jpg"},"link":"\/mn\/maps\/100p5722,Bialo-czerwony-szlak-Moja-Niepodlegla-Wegrow-21-maja-2018.html","url":"https:\/\/mojaniepodlegla.pl\/mn\/aktualnosci\/4063,Otwarcie-wystawy-Ojcowie-Niepodleglosci-w-Wegrowie-21-maja-2018.html","address":"W\u0119gr\u00f3w","zipcode":"","province":"","county":"","community":"","city":"","phone1":"","phone2":"","fax":"","email":""},"geometry":{"type":"Point","coordinates":[22.01642659999993,52.3991566]}},{"type":"Feature","properties":{"name":"\u201eBia\u0142o-czerwony szlak. Moja Niepodleg\u0142a\u201d \u2013  na Zaporze w Solinie","description":"","icon":{"link":"\/dokumenty\/mapy\/109.png","x":14,"y":14,"width":24,"height":24},"img":{"width":100,"height":57,"mini":"\/dokumenty\/mapy\/p_5818_m1.jpg","full":"\/dokumenty\/mapy\/p_5818.jpg"},"link":"\/mn\/maps\/100p5818,Bialo-czerwony-szlak-Moja-Niepodlegla-na-Zaporze-w-Solinie.html","url":"https:\/\/mojaniepodlegla.pl\/mn\/aktualnosci\/6292,Wystawa-Ojcowie-Niepodleglosciquot-prezentowana-na-Zaporze-w-Solinie.html","address":"zapora na solinie","zipcode":"","province":"","county":"","community":"","city":"","phone1":"","phone2":"","fax":"","email":""},"geometry":{"type":"Point","coordinates":[22.453785400000015,49.3957139]}},{"type":"Feature","properties":{"name":"\u201eBia\u0142o-czerwony szlak. Moja Niepodleg\u0142a\u201d \u2013 August\u00f3w, 14 czerwca 2018","description":"","icon":{"link":"\/dokumenty\/mapy\/109.png","x":14,"y":14,"width":24,"height":24},"img":{"width":100,"height":57,"mini":"\/dokumenty\/mapy\/p_2536_m1.jpg","full":"\/dokumenty\/mapy\/p_2536.jpg"},"link":"\/mn\/maps\/100p2536,Bialo-czerwony-szlak-Moja-Niepodlegla-Augustow-14-czerwca-2018.html","url":"https:\/\/mojaniepodlegla.pl\/mn\/aktualnosci\/4213,Otwarcie-wystawy-Ojcowie-Niepodleglosci-i-konferencja-edukacyjna-Augustow-14-cze.html","address":"August\u00f3w rynek","zipcode":"","province":"","county":"","community":"","city":"","phone1":"","phone2":"","fax":"","email":""},"geometry":{"type":"Point","coordinates":[22.977927200000067,53.8442926]}},{"type":"Feature","properties":{"name":"\u201eBia\u0142o-czerwony szlak. Moja Niepodleg\u0142a\u201d \u2013 Barlinek, 8 lipca 2018","description":"","icon":{"link":"\/dokumenty\/mapy\/109.png","x":14,"y":14,"width":24,"height":24},"img":{"width":100,"height":57,"mini":"\/dokumenty\/mapy\/p_2335_m1.jpg","full":"\/dokumenty\/mapy\/p_2335.jpg"},"link":"\/mn\/maps\/100p2335,Bialo-czerwony-szlak-Moja-Niepodlegla-Barlinek-8-lipca-2018.html","url":"","address":"Barlinek","zipcode":"","province":"","county":"","community":"","city":"","phone1":"","phone2":"","fax":"","email":""},"geometry":{"type":"Point","coordinates":[15.219180000000051,52.99444]}},{"type":"Feature","properties":{"name":"\u201eBia\u0142o-czerwony szlak. Moja Niepodleg\u0142a\u201d \u2013 Bieru\u0144, 3 czerwca 2018 r.","description":"","icon":{"link":"\/dokumenty\/mapy\/109.png","x":14,"y":14,"width":24,"height":24},"img":{"width":100,"height":57,"mini":"\/dokumenty\/mapy\/p_2551_m1.jpg","full":"\/dokumenty\/mapy\/p_2551.jpg"},"link":"\/mn\/maps\/100p2551,Bialo-czerwony-szlak-Moja-Niepodlegla-Bierun-3-czerwca-2018-r.html","url":"https:\/\/mojaniepodlegla.pl\/mn\/aktualnosci\/4684,Otwarcie-wystawy-Ojcowie-Niepodleglosci-Bierun-3-czerwca-2018.html","address":"bieru\u0144 \u015bw. Kingi 1","zipcode":"","province":"","county":"","community":"","city":"","phone1":"","phone2":"","fax":"","email":""},"geometry":{"type":"Point","coordinates":[19.135437000000024,50.0822327]}},{"type":"Feature","properties":{"name":"\u201eBia\u0142o-czerwony szlak. Moja Niepodleg\u0142a\u201d \u2013 Che\u0142mek, 3 lipiec 2018","description":"","icon":{"link":"\/dokumenty\/mapy\/109.png","x":14,"y":14,"width":24,"height":24},"img":{"width":100,"height":57,"mini":"\/dokumenty\/mapy\/p_5719_m1.jpg","full":"\/dokumenty\/mapy\/p_5719.jpg"},"link":"\/mn\/maps\/100p5719,Bialo-czerwony-szlak-Moja-Niepodlegla-Chelmek-3-lipiec-2018.html","url":"https:\/\/krakow.ipn.gov.pl\/pl4\/aktualnosci\/55021,Bialo-czerwony-szlak-Moja-Niepodlegla-w-Chelmku.html","address":"Miejskim O\u015brodkiem Kultury, Sportu i Rekreacji w Che\u0142mku","zipcode":"","province":"","county":"","community":"","city":"","phone1":"","phone2":"","fax":"","email":""},"geometry":{"type":"Point","coordinates":[19.254547900000034,50.100733]}},{"type":"Feature","properties":{"name":"\u201eBia\u0142o-czerwony szlak. Moja Niepodleg\u0142a\u201d \u2013 Chrzan\u00f3w, 21 sierpnia","description":"","icon":{"link":"\/dokumenty\/mapy\/109.png","x":14,"y":14,"width":24,"height":24},"img":[],"link":"\/mn\/maps\/100p5827,Bialo-czerwony-szlak-Moja-Niepodlegla-Chrzanow-21-sierpnia.html","url":"https:\/\/mojaniepodlegla.pl\/mn\/aktualnosci\/6316,Akcja-IPN-Bialo-czerwony-szlak-Moja-Niepodlegla-Chrzanow-21-sierpnia.html","address":"Chrzan\u00f3w","zipcode":"","province":"","county":"","community":"","city":"","phone1":"","phone2":"","fax":"","email":""},"geometry":{"type":"Point","coordinates":[19.400176500000043,50.1345643]}},{"type":"Feature","properties":{"name":"\u201eBia\u0142o-czerwony szlak. Moja Niepodleg\u0142a\u201d \u2013 D\u0119bno, 23 czerwca 2018","description":"","icon":{"link":"\/dokumenty\/mapy\/109.png","x":14,"y":14,"width":24,"height":24},"img":{"width":100,"height":57,"mini":"\/dokumenty\/mapy\/p_2332_m1.jpg","full":"\/dokumenty\/mapy\/p_2332.jpg"},"link":"\/mn\/maps\/100p2332,Bialo-czerwony-szlak-Moja-Niepodlegla-Debno-23-czerwca-2018.html","url":"https:\/\/mojaniepodlegla.pl\/mn\/aktualnosci\/5920,Bialo-czerwony-szlak-mojaniepodlegla-Debno-23-czerwca-2018.html","address":"D\u0119bno. konstytucji","zipcode":"","province":"","county":"","community":"","city":"","phone1":"","phone2":"","fax":"","email":""},"geometry":{"type":"Point","coordinates":[14.696988799999986,52.7386294]}},{"type":"Feature","properties":{"name":"\u201eBia\u0142o-czerwony szlak. Moja Niepodleg\u0142a\u201d \u2013 Dzia\u0142dowo, 13 czerwca 2018 r.","description":"","icon":{"link":"\/dokumenty\/mapy\/109.png","x":14,"y":14,"width":24,"height":24},"img":{"width":100,"height":57,"mini":"\/dokumenty\/mapy\/p_5713_m1.jpg","full":"\/dokumenty\/mapy\/p_5713.jpg"},"link":"\/mn\/maps\/100p5713,Bialo-czerwony-szlak-Moja-Niepodlegla-Dzialdowo-13-czerwca-2018-r.html","url":"https:\/\/mojaniepodlegla.pl\/mn\/aktualnosci\/5416,Po-raz-czwarty-spotkalismy-sie-w-ramach-Akademii-Niepodleglosci-w-Dzialdowie-13-.html","address":"Dzia\u0142dowo polna 11a","zipcode":"","province":"","county":"","community":"","city":"","phone1":"","phone2":"","fax":"","email":""},"geometry":{"type":"Point","coordinates":[20.16790089999995,51.2309442]}},{"type":"Feature","properties":{"name":"\u201eBia\u0142o-czerwony szlak. Moja Niepodleg\u0142a\u201d \u2013 Grodzisk Wielkopolski, 3\u201315 lipca 2018","description":"","icon":{"link":"\/dokumenty\/mapy\/109.png","x":14,"y":14,"width":24,"height":24},"img":{"width":100,"height":57,"mini":"\/dokumenty\/mapy\/p_5746_m1.jpg","full":"\/dokumenty\/mapy\/p_5746.jpg"},"link":"\/mn\/maps\/100p5746,Bialo-czerwony-szlak-Moja-Niepodlegla-Grodzisk-Wielkopolski-315-lipca-2018.html","url":"https:\/\/mojaniepodlegla.pl\/mn\/aktualnosci\/5989,Bialo-czerwony-szlak-Moja-Niepodlegla-prezentacja-wystawy-Ojcowie-Niepodleglosci.html","address":"grodzisk wlkp stary rynek","zipcode":"","province":"","county":"","community":"","city":"","phone1":"","phone2":"","fax":"","email":""},"geometry":{"type":"Point","coordinates":[16.36613460000001,52.223599099]}},{"type":"Feature","properties":{"name":"\u201eBia\u0142o-czerwony szlak. Moja Niepodleg\u0142a\u201d \u2013 Grodzisk Wlkp., 3\u201315 lipca 2018","description":"","icon":{"link":"\/dokumenty\/mapy\/109.png","x":14,"y":14,"width":24,"height":24},"img":{"width":100,"height":57,"mini":"\/dokumenty\/mapy\/p_5764_m1.jpg","full":"\/dokumenty\/mapy\/p_5764.jpg"},"link":"\/mn\/maps\/100p5764,Bialo-czerwony-szlak-Moja-Niepodlegla-Grodzisk-Wlkp-315-lipca-2018.html","url":"https:\/\/mojaniepodlegla.pl\/mn\/aktualnosci\/5989,Bialo-czerwony-szlak-Moja-Niepodlegla-prezentacja-wystawy-Ojcowie-Niepodleglosci.html","address":"Grodzisk Wielkopolski, stary rynek","zipcode":"","province":"","county":"","community":"","city":"","phone1":"","phone2":"","fax":"","email":""},"geometry":{"type":"Point","coordinates":[16.36613460000001,52.223599099]}},{"type":"Feature","properties":{"name":"\u201eBia\u0142o-czerwony szlak. Moja Niepodleg\u0142a\u201d \u2013 Grodzisk Wlkp., 3\u201315 lipca 2018","description":"","icon":{"link":"\/dokumenty\/mapy\/109.png","x":14,"y":14,"width":24,"height":24},"img":{"width":100,"height":57,"mini":"\/dokumenty\/mapy\/p_5770_m1.jpg","full":"\/dokumenty\/mapy\/p_5770.jpg"},"link":"\/mn\/maps\/100p5770,Bialo-czerwony-szlak-Moja-Niepodlegla-Grodzisk-Wlkp-315-lipca-2018.html","url":"https:\/\/mojaniepodlegla.pl\/mn\/aktualnosci\/5989,Bialo-czerwony-szlak-Moja-Niepodlegla-prezentacja-wystawy-Ojcowie-Niepodleglosci.html","address":"Grodzisk Wielkopolski, stary rynek","zipcode":"","province":"","county":"","community":"","city":"","phone1":"","phone2":"","fax":"","email":""},"geometry":{"type":"Point","coordinates":[16.36613460000001,52.223599099]}},{"type":"Feature","properties":{"name":"\u201eBia\u0142o-czerwony szlak. Moja Niepodleg\u0142a\u201d \u2013 Grodzisk, 3\u201315 lipca 2018","description":"","icon":{"link":"\/dokumenty\/mapy\/109.png","x":14,"y":14,"width":24,"height":24},"img":[],"link":"\/mn\/maps\/100p5749,Bialo-czerwony-szlak-Moja-Niepodlegla-Grodzisk-315-lipca-2018.html","url":"https:\/\/mojaniepodlegla.pl\/mn\/aktualnosci\/5989,Bialo-czerwony-szlak-Moja-Niepodlegla-prezentacja-wystawy-Ojcowie-Niepodleglosci.html","address":"grodzisk wlkp stary rynek","zipcode":"","province":"","county":"","community":"","city":"","phone1":"","phone2":"","fax":"","email":""},"geometry":{"type":"Point","coordinates":[16.36613460000001,52.223599099]}},{"type":"Feature","properties":{"name":"\u201eBia\u0142o-czerwony szlak. Moja Niepodleg\u0142a\u201d \u2013 Hrubiesz\u00f3w \u2013 18-27 lipca 2018","description":"","icon":{"link":"\/dokumenty\/mapy\/109.png","x":14,"y":14,"width":24,"height":24},"img":{"width":100,"height":57,"mini":"\/dokumenty\/mapy\/p_5788_m1.jpg","full":"\/dokumenty\/mapy\/p_5788.jpg"},"link":"\/mn\/maps\/100p5788,Bialo-czerwony-szlak-Moja-Niepodlegla-Hrubieszow-18-27-lipca-2018.html","url":"https:\/\/mojaniepodlegla.pl\/mn\/aktualnosci\/6157,Bialo-czerwony-szlak-Moja-Niepodlegla-wystawa-Ojcowie-Niepodleglosci-w-Hrubieszo.html","address":"Hrubiesz\u00f3w","zipcode":"","province":"","county":"","community":"","city":"","phone1":"","phone2":"","fax":"","email":""},"geometry":{"type":"Point","coordinates":[23.890909899999997,50.80518]}},{"type":"Feature","properties":{"name":"\u201eBia\u0142o-czerwony szlak. Moja Niepodleg\u0142a\u201d \u2013 inauguracja \u2013 Bochnia, 21 maja 2018","description":"","icon":{"link":"\/dokumenty\/mapy\/109.png","x":14,"y":14,"width":24,"height":24},"img":{"width":100,"height":57,"mini":"\/dokumenty\/mapy\/p_2377_m1.jpg","full":"\/dokumenty\/mapy\/p_2377.jpg"},"link":"\/mn\/maps\/100p2377,Bialo-czerwony-szlak-Moja-Niepodlegla-inauguracja-Bochnia-21-maja-2018.html","url":"https:\/\/mojaniepodlegla.pl\/mn\/aktualnosci\/3817,Bochnia-jako-pierwsza-w-Malopolsce-na-bialo-czerwonym-szlaku-21-maja.html","address":"Bochnia rynek","zipcode":"","province":"","county":"","community":"","city":"","phone1":"","phone2":"","fax":"","email":""},"geometry":{"type":"Point","coordinates":[20.429968299999928,49.969022]}},{"type":"Feature","properties":{"name":"\u201eBia\u0142o-czerwony szlak. Moja Niepodleg\u0142a\u201d \u2013 inauguracja \u2013 Katowice, 21 maja 2018 r.","description":"","icon":{"link":"\/dokumenty\/mapy\/109.png","x":14,"y":14,"width":24,"height":24},"img":{"width":100,"height":57,"mini":"\/dokumenty\/mapy\/p_2458_m1.jpg","full":"\/dokumenty\/mapy\/p_2458.jpg"},"link":"\/mn\/maps\/100p2458,Bialo-czerwony-szlak-Moja-Niepodlegla-inauguracja-Katowice-21-maja-2018-r.html","url":"https:\/\/mojaniepodlegla.pl\/mn\/aktualnosci\/4075,Inauguracja-akcji-edukacyjnej-IPN-Bialo-czerwony-szlak-Moja-Niepodlegla-na-katow.html","address":"Katowice rynek","zipcode":"","province":"","county":"","community":"","city":"","phone1":"","phone2":"","fax":"","email":""},"geometry":{"type":"Point","coordinates":[19.02222370000004,50.2594139]}},{"type":"Feature","properties":{"name":"\u201eBia\u0142o-czerwony szlak. Moja Niepodleg\u0142a\u201d \u2013 inauguracja \u2013 Miech\u00f3w, 14 wrze\u015bnia 2018","description":"","icon":{"link":"\/dokumenty\/mapy\/109.png","x":14,"y":14,"width":24,"height":24},"img":{"width":100,"height":57,"mini":"\/dokumenty\/mapy\/p_5995_m1.jpg","full":"\/dokumenty\/mapy\/p_5995.jpg"},"link":"\/mn\/maps\/100p5995,Bialo-czerwony-szlak-Moja-Niepodlegla-inauguracja-Miechow-14-wrzesnia-2018.html","url":"https:\/\/mojaniepodlegla.pl\/mn\/aktualnosci\/6739,Ojcowie-Niepodleglosci-juz-sa-w-Miechowie.html","address":"Miech\u00f3w","zipcode":"","province":"","county":"","community":"","city":"","phone1":"","phone2":"","fax":"","email":""},"geometry":{"type":"Point","coordinates":[20.027412700000014,50.3768703]}},{"type":"Feature","properties":{"name":"\u201eBia\u0142o-czerwony szlak. Moja Niepodleg\u0142a\u201d \u2013 inauguracja \u2013 Nowy Tomy\u015bl, 21 maja 2018","description":"","icon":{"link":"\/dokumenty\/mapy\/109.png","x":14,"y":14,"width":24,"height":24},"img":{"width":100,"height":57,"mini":"\/dokumenty\/mapy\/p_2386_m1.jpg","full":"\/dokumenty\/mapy\/p_2386.jpg"},"link":"\/mn\/maps\/100p2386,Bialo-czerwony-szlak-Moja-Niepodlegla-inauguracja-Nowy-Tomysl-21-maja-2018.html","url":"https:\/\/mojaniepodlegla.pl\/mn\/aktualnosci\/3976,Inauguracja-bialo-czerwonego-szlaku-w-Wielkopolsce-i-otwarcie-wystawy-Ojcowie-Ni.html","address":"Nowy Tomy\u015bl Plac NIepodleg\u0142o\u015bci","zipcode":"","province":"","county":"","community":"","city":"","phone1":"","phone2":"","fax":"","email":""},"geometry":{"type":"Point","coordinates":[16.12927620000005,52.3184245]}},{"type":"Feature","properties":{"name":"\u201eBia\u0142o-czerwony szlak. Moja Niepodleg\u0142a\u201d \u2013 inauguracja \u2013 O\u0142awa, 21 maja 2018 r.","description":"","icon":{"link":"\/dokumenty\/mapy\/109.png","x":14,"y":14,"width":24,"height":24},"img":{"width":100,"height":57,"mini":"\/dokumenty\/mapy\/p_2437_m1.jpg","full":"\/dokumenty\/mapy\/p_2437.jpg"},"link":"\/mn\/maps\/100p2437,Bialo-czerwony-szlak-Moja-Niepodlegla-inauguracja-Olawa-21-maja-2018-r.html","url":"https:\/\/mojaniepodlegla.pl\/mn\/aktualnosci\/3985,Otwarcie-wystawy-Ojcowie-Niepodleglosci-Olawa-21-maja-2018.html","address":"O\u0142awa rynek","zipcode":"","province":"","county":"","community":"","city":"","phone1":"","phone2":"","fax":"","email":""},"geometry":{"type":"Point","coordinates":[17.295500800000013,50.9425406]}},{"type":"Feature","properties":{"name":"\u201eBia\u0142o-czerwony szlak. Moja Niepodleg\u0142a\u201d \u2013 inauguracja \u2013 Ostro\u0142\u0119ka, 21 maja 2018 r.","description":"","icon":{"link":"\/dokumenty\/mapy\/109.png","x":14,"y":14,"width":24,"height":24},"img":{"width":100,"height":57,"mini":"\/dokumenty\/mapy\/p_2365_m1.jpg","full":"\/dokumenty\/mapy\/p_2365.jpg"},"link":"\/mn\/maps\/100p2365,Bialo-czerwony-szlak-Moja-Niepodlegla-inauguracja-Ostroleka-21-maja-2018-r.html","url":"https:\/\/mojaniepodlegla.pl\/mn\/aktualnosci\/3982,Bialo-czerwony-szlak-Moja-Niepodlegla-nowy-projekt-Instytutu-Pamieci-Narodowej-2.html","address":"Ostro\u0142\u0119ka ul. Inwalid\u00f3w Wojennych 23","zipcode":"","province":"","county":"","community":"","city":"","phone1":"","phone2":"","fax":"","email":""},"geometry":{"type":"Point","coordinates":[21.57608099999993,53.079702]}},{"type":"Feature","properties":{"name":"\u201eBia\u0142o-czerwony szlak. Moja Niepodleg\u0142a\u201d \u2013 inauguracja \u2013 Ostrowiec \u015awi\u0119tokrzyski, 21 maja 2018","description":"","icon":{"link":"\/dokumenty\/mapy\/109.png","x":14,"y":14,"width":24,"height":24},"img":{"width":100,"height":57,"mini":"\/dokumenty\/mapy\/p_2440_m1.jpg","full":"\/dokumenty\/mapy\/p_2440.jpg"},"link":"\/mn\/maps\/100p2440,Bialo-czerwony-szlak-Moja-Niepodlegla-inauguracja-Ostrowiec-Swietokrzyski-21-maj.html","url":"https:\/\/mojaniepodlegla.pl\/mn\/aktualnosci\/3820,Ojcowie-Niepodleglosci-ruszaja-w-podroz-przez-wojewodztwo-swietokrzyskie-21-maja.html","address":"Ostrowiec \u015bwi\u0119tokrzyski Aleja 3 Maja 6","zipcode":"","province":"","county":"","community":"","city":"","phone1":"","phone2":"","fax":"","email":""},"geometry":{"type":"Point","coordinates":[21.386801500000047,50.9365425]}},{"type":"Feature","properties":{"name":"\u201eBia\u0142o-czerwony szlak. Moja Niepodleg\u0142a\u201d \u2013 inauguracja \u2013 Piotrk\u00f3w Trybunalski, 21 maja 2018","description":"","icon":{"link":"\/dokumenty\/mapy\/109.png","x":14,"y":14,"width":24,"height":24},"img":{"width":100,"height":57,"mini":"\/dokumenty\/mapy\/p_2356_m1.jpg","full":"\/dokumenty\/mapy\/p_2356.jpg"},"link":"\/mn\/maps\/100p2356,Bialo-czerwony-szlak-Moja-Niepodlegla-inauguracja-Piotrkow-Trybunalski-21-maja-2.html","url":"https:\/\/mojaniepodlegla.pl\/mn\/aktualnosci\/3973,Inauguracja-akcji-edukacyjnej-IPN-Bialo-czerwony-szlak-Moja-Niepodlegla-Piotrkow.html","address":"piotrk\u00f3w trybunalski ul. Krakowskie Przedmie\u015bcie 2.","zipcode":"","province":"","county":"","community":"","city":"","phone1":"","phone2":"","fax":"","email":""},"geometry":{"type":"Point","coordinates":[19.697480400000018,51.4076084]}},{"type":"Feature","properties":{"name":"\u201eBia\u0142o-czerwony szlak. Moja Niepodleg\u0142a\u201d \u2013 inauguracja \u2013 Sanok, 21 maja 2018","description":"","icon":{"link":"\/dokumenty\/mapy\/109.png","x":14,"y":14,"width":24,"height":24},"img":{"width":100,"height":57,"mini":"\/dokumenty\/mapy\/p_2362_m1.jpg","full":"\/dokumenty\/mapy\/p_2362.jpg"},"link":"\/mn\/maps\/100p2362,Bialo-czerwony-szlak-Moja-Niepodlegla-inauguracja-Sanok-21-maja-2018.html","url":"https:\/\/mojaniepodlegla.pl\/mn\/aktualnosci\/3979,Bialo-czerwony-szlak-Moja-Niepodlegla-nowy-projekt-Instytutu-Pamieci-Narodowej-2.html","address":"sanik rynek","zipcode":"","province":"","county":"","community":"","city":"","phone1":"","phone2":"","fax":"","email":""},"geometry":{"type":"Point","coordinates":[22.2073537,49.5609559]}},{"type":"Feature","properties":{"name":"\u201eBia\u0142o-czerwony szlak. Moja Niepodleg\u0142a\u201d \u2013 inauguracja \u2013 Skar\u017cysko-Kamienna, 21 maja 2018","description":"","icon":{"link":"\/dokumenty\/mapy\/109.png","x":14,"y":14,"width":24,"height":24},"img":{"width":100,"height":57,"mini":"\/dokumenty\/mapy\/p_2443_m1.jpg","full":"\/dokumenty\/mapy\/p_2443.jpg"},"link":"\/mn\/maps\/100p2443,Bialo-czerwony-szlak-Moja-Niepodlegla-inauguracja-Skarzysko-Kamienna-21-maja-201.html","url":"https:\/\/mojaniepodlegla.pl\/mn\/aktualnosci\/3820,Ojcowie-Niepodleglosci-ruszaja-w-podroz-przez-wojewodztwo-swietokrzyskie-21-maja.html","address":"skarzysko kamienna ul. S\u0142owackiego 25","zipcode":"","province":"","county":"","community":"","city":"","phone1":"","phone2":"","fax":"","email":""},"geometry":{"type":"Point","coordinates":[20.865722900000037,51.114439]}},{"type":"Feature","properties":{"name":"\u201eBia\u0142o-czerwony szlak. Moja Niepodleg\u0142a\u201d \u2013 inauguracja \u2013 Starachowice, 21 maja 2018","description":"","icon":{"link":"\/dokumenty\/mapy\/109.png","x":14,"y":14,"width":24,"height":24},"img":{"width":100,"height":57,"mini":"\/dokumenty\/mapy\/p_2446_m1.jpg","full":"\/dokumenty\/mapy\/p_2446.jpg"},"link":"\/mn\/maps\/100p2446,Bialo-czerwony-szlak-Moja-Niepodlegla-inauguracja-Starachowice-21-maja-2018.html","url":"https:\/\/mojaniepodlegla.pl\/mn\/aktualnosci\/3820,Ojcowie-Niepodleglosci-ruszaja-w-podroz-przez-wojewodztwo-swietokrzyskie-21-maja.html","address":"starachowice ul. S\u0142oneczna 1A","zipcode":"","province":"","county":"","community":"","city":"","phone1":"","phone2":"","fax":"","email":""},"geometry":{"type":"Point","coordinates":[21.086512500000026,51.0460139]}},{"type":"Feature","properties":{"name":"\u201eBia\u0142o-czerwony szlak. Moja Niepodleg\u0142a\u201d \u2013 inauguracja \u2013 Warszawa, 21 maja 2018","description":"","icon":{"link":"\/dokumenty\/mapy\/109.png","x":14,"y":14,"width":24,"height":24},"img":{"width":100,"height":57,"mini":"\/dokumenty\/mapy\/p_2407_m1.jpg","full":"\/dokumenty\/mapy\/p_2407.jpg"},"link":"\/mn\/maps\/100p2407,Bialo-czerwony-szlak-Moja-Niepodlegla-inauguracja-Warszawa-21-maja-2018.html","url":"http:\/\/mojaniepodlegla.pl\/mn\/aktualnosci\/4063,Konferencja-IPN-Bialo-czerwony-szlak-Moja-Niepodlegla-w-Warszawie-i-otwarcie-wys.html","address":"warszawa marszalkowska 21\/25","zipcode":"","province":"","county":"","community":"","city":"","phone1":"","phone2":"","fax":"","email":""},"geometry":{"type":"Point","coordinates":[21.01905839999995,52.2173701]}},{"type":"Feature","properties":{"name":"\u201eBia\u0142o-czerwony szlak. Moja Niepodleg\u0142a\u201d \u2013 inauguracja \u2013 Wasilk\u00f3w, 21 maja 2018","description":"","icon":{"link":"\/dokumenty\/mapy\/109.png","x":14,"y":14,"width":24,"height":24},"img":{"width":100,"height":57,"mini":"\/dokumenty\/mapy\/p_2449_m1.jpg","full":"\/dokumenty\/mapy\/p_2449.jpg"},"link":"\/mn\/maps\/100p2449,Bialo-czerwony-szlak-Moja-Niepodlegla-inauguracja-Wasilkow-21-maja-2018.html","url":"https:\/\/mojaniepodlegla.pl\/mn\/aktualnosci\/3691,Otwarcie-wystawy-i-konferencja-edukacyjna-Ojcowie-Niepodleglosci-Wasilkow-21-maj.html","address":"Wasilk\u00f3w ko\u015bciuszki 2","zipcode":"","province":"","county":"","community":"","city":"","phone1":"","phone2":"","fax":"","email":""},"geometry":{"type":"Point","coordinates":[23.2052099,53.1777819]}},{"type":"Feature","properties":{"name":"\u201eBia\u0142o-czerwony szlak. Moja Niepodleg\u0142a\u201d \u2013 Jastarnia, 19 czerwca 2018","description":"","icon":{"link":"\/dokumenty\/mapy\/109.png","x":14,"y":14,"width":24,"height":24},"img":{"width":100,"height":57,"mini":"\/dokumenty\/mapy\/p_5704_m1.jpg","full":"\/dokumenty\/mapy\/p_5704.jpg"},"link":"\/mn\/maps\/100p5704,Bialo-czerwony-szlak-Moja-Niepodlegla-Jastarnia-19-czerwca-2018.html","url":"https:\/\/mojaniepodlegla.pl\/mn\/aktualnosci\/5776,W-jednosci-sila-Otwarcie-wystawy-Ojcowie-Niepodleglosci-Jastarnia-19-czerwca-201.html","address":"Jastarnia","zipcode":"","province":"","county":"","community":"","city":"","phone1":"","phone2":"","fax":"","email":""},"geometry":{"type":"Point","coordinates":[18.678839599999947,54.6957333]}},{"type":"Feature","properties":{"name":"\u201eBia\u0142o-czerwony szlak. Moja Niepodleg\u0142a\u201d \u2013 Konin, 3\u201316 wrze\u015bnia 2018","description":"","icon":{"link":"\/dokumenty\/mapy\/109.png","x":14,"y":14,"width":24,"height":24},"img":{"width":100,"height":57,"mini":"\/dokumenty\/mapy\/p_5920_m1.jpg","full":"\/dokumenty\/mapy\/p_5920.jpg"},"link":"\/mn\/maps\/100p5920,Bialo-czerwony-szlak-Moja-Niepodlegla-Konin-316-wrzesnia-2018.html","url":"https:\/\/mojaniepodlegla.pl\/mn\/aktualnosci\/6556,Bialo-czerwony-szlak-Moja-Niepodlegla-prezentacja-wystawy-Ojcowie-Niepodleglosci.html","address":"konin plac niepodleg\u0142o\u015bci","zipcode":"","province":"","county":"","community":"","city":"","phone1":"","phone2":"","fax":"","email":""},"geometry":{"type":"Point","coordinates":[18.250951699999973,52.2366978]}},{"type":"Feature","properties":{"name":"\u201eBia\u0142o-czerwony szlak. Moja Niepodleg\u0142a\u201d \u2013 Krzeszowice, 17 lipca","description":"","icon":{"link":"\/dokumenty\/mapy\/109.png","x":14,"y":14,"width":24,"height":24},"img":{"width":100,"height":57,"mini":"\/dokumenty\/mapy\/p_5761_m1.jpg","full":"\/dokumenty\/mapy\/p_5761.jpg"},"link":"\/mn\/maps\/100p5761,Bialo-czerwony-szlak-Moja-Niepodlegla-Krzeszowice-17-lipca.html","url":"https:\/\/mojaniepodlegla.pl\/mn\/aktualnosci\/6001,Otwarcie-wystawy-Ojcowie-Niepodleglosci-Krzeszowice-17-lipca.html","address":"Krzeszowice, rynek","zipcode":"","province":"","county":"","community":"","city":"","phone1":"","phone2":"","fax":"","email":""},"geometry":{"type":"Point","coordinates":[19.63290989999996,50.1357936]}},{"type":"Feature","properties":{"name":"\u201eBia\u0142o-czerwony szlak. Moja Niepodleg\u0142a\u201d \u2013 Mi\u0119dzyzdroje, 11 lipca 2018","description":"","icon":{"link":"\/dokumenty\/mapy\/109.png","x":14,"y":14,"width":24,"height":24},"img":{"width":100,"height":57,"mini":"\/dokumenty\/mapy\/p_2341_m1.jpg","full":"\/dokumenty\/mapy\/p_2341.jpg"},"link":"\/mn\/maps\/100p2341,Bialo-czerwony-szlak-Moja-Niepodlegla-Miedzyzdroje-11-lipca-2018.html","url":"https:\/\/mojaniepodlegla.pl\/mn\/aktualnosci\/6046,Bialo-czerwony-szlak-mojaniepodlegla-Miedzyzdroje-11-lipca-2018.html","address":"Mi\u0119dzyzdroje","zipcode":"","province":"","county":"","community":"","city":"","phone1":"","phone2":"","fax":"","email":""},"geometry":{"type":"Point","coordinates":[14.450484500000016,53.9283144]}},{"type":"Feature","properties":{"name":"\u201eBia\u0142o-czerwony szlak. Moja Niepodleg\u0142a\u201d \u2013 O\u015bwi\u0119cim, 27 czerwca 2018","description":"","icon":{"link":"\/dokumenty\/mapy\/109.png","x":14,"y":14,"width":24,"height":24},"img":{"width":100,"height":57,"mini":"\/dokumenty\/mapy\/p_5689_m1.jpg","full":"\/dokumenty\/mapy\/p_5689.jpg"},"link":"\/mn\/maps\/100p5689,Bialo-czerwony-szlak-Moja-Niepodlegla-Oswiecim-27-czerwca-2018.html","url":"https:\/\/mojaniepodlegla.pl\/mn\/aktualnosci\/5860,Bialo-czerwony-szlak-Moja-Niepodlegla-wystawa-quotOjcowie-Niepodleglosciquot-w-O.html","address":"Zespo\u0142u Szk\u00f3\u0142 Zawodowych Towarzystwa Salezja\u0144skiego","zipcode":"","province":"","county":"","community":"","city":"","phone1":"","phone2":"","fax":"","email":""},"geometry":{"type":"Point","coordinates":[19.219978200000014,50.0368796]}},{"type":"Feature","properties":{"name":"\u201eBia\u0142o-czerwony szlak. Moja Niepodleg\u0142a\u201d \u2013 P\u0142ock,25 lipca 2018","description":"","icon":{"link":"\/dokumenty\/mapy\/109.png","x":14,"y":14,"width":24,"height":24},"img":{"width":100,"height":57,"mini":"\/dokumenty\/mapy\/p_5815_m1.jpg","full":"\/dokumenty\/mapy\/p_5815.jpg"},"link":"\/mn\/maps\/100p5815,Bialo-czerwony-szlak-Moja-Niepodlegla-Plock25-lipca-2018.html","url":"https:\/\/mojaniepodlegla.pl\/mn\/aktualnosci\/6295,Otwarcie-wystawy-Ojcowie-Niepodleglosci-w-ramach-Bialo-czerwonego-szlaku-Moja-Ni.html","address":"Mazowieckiego Urz\u0119du Wojew\u00f3dzkiego w P\u0142ocku","zipcode":"","province":"","county":"","community":"","city":"","phone1":"","phone2":"","fax":"","email":""},"geometry":{"type":"Point","coordinates":[19.695865499999968,52.5425507]}},{"type":"Feature","properties":{"name":"\u201eBia\u0142o-czerwony szlak. Moja Niepodleg\u0142a\u201d \u2013 Po\u0142czyn Zdr\u00f3j, 7 lipca 2018","description":"","icon":{"link":"\/dokumenty\/mapy\/109.png","x":14,"y":14,"width":24,"height":24},"img":{"width":100,"height":57,"mini":"\/dokumenty\/mapy\/p_2329_m1.jpg","full":"\/dokumenty\/mapy\/p_2329.jpg"},"link":"\/mn\/maps\/100p2329,Bialo-czerwony-szlak-Moja-Niepodlegla-Polczyn-Zdroj-7-lipca-2018.html","url":"","address":"Po\u0142czyn Zdr\u00f3j","zipcode":"","province":"","county":"","community":"","city":"","phone1":"","phone2":"","fax":"","email":""},"geometry":{"type":"Point","coordinates":[16.100158999999962,53.763105]}},{"type":"Feature","properties":{"name":"\u201eBia\u0142o-czerwony szlak. Moja Niepodleg\u0142a\u201d \u2013 Skawina, 9 lipca","description":"","icon":{"link":"\/dokumenty\/mapy\/109.png","x":14,"y":14,"width":24,"height":24},"img":{"width":100,"height":57,"mini":"\/dokumenty\/mapy\/p_5758_m1.jpg","full":"\/dokumenty\/mapy\/p_5758.jpg"},"link":"\/mn\/maps\/100p5758,Bialo-czerwony-szlak-Moja-Niepodlegla-Skawina-9-lipca.html","url":"https:\/\/mojaniepodlegla.pl\/mn\/aktualnosci\/5995,Otwarcie-wystawy-Ojcowie-Niepodleglosci-Skawina-9-lipca.html","address":"Skawina, rynek","zipcode":"","province":"","county":"","community":"","city":"","phone1":"","phone2":"","fax":"","email":""},"geometry":{"type":"Point","coordinates":[19.825911099999985,49.9752538]}},{"type":"Feature","properties":{"name":"\u201eBia\u0142o-czerwony szlak. Moja Niepodleg\u0142a\u201d \u2013 Stargard,1 lipca 2018","description":"","icon":{"link":"\/dokumenty\/mapy\/109.png","x":14,"y":14,"width":24,"height":24},"img":{"width":100,"height":57,"mini":"\/dokumenty\/mapy\/p_2326_m1.jpg","full":"\/dokumenty\/mapy\/p_2326.jpg"},"link":"\/mn\/maps\/100p2326,Bialo-czerwony-szlak-Moja-Niepodlegla-Stargard1-lipca-2018.html","url":"","address":"Stargard","zipcode":"","province":"","county":"","community":"","city":"","phone1":"","phone2":"","fax":"","email":""},"geometry":{"type":"Point","coordinates":[15.050377099999992,53.3364746]}},{"type":"Feature","properties":{"name":"\u201eBia\u0142o-czerwony szlak. Moja Niepodleg\u0142a\u201d \u2013 \u015awidwin, 30 czerwca 2018","description":"","icon":{"link":"\/dokumenty\/mapy\/109.png","x":14,"y":14,"width":24,"height":24},"img":{"width":100,"height":57,"mini":"\/dokumenty\/mapy\/p_2323_m1.jpg","full":"\/dokumenty\/mapy\/p_2323.jpg"},"link":"\/mn\/maps\/100p2323,Bialo-czerwony-szlak-Moja-Niepodlegla-Swidwin-30-czerwca-2018.html","url":"","address":"\u015awidwin","zipcode":"","province":"","county":"","community":"","city":"","phone1":"","phone2":"","fax":"","email":""},"geometry":{"type":"Point","coordinates":[15.774200000000064,53.77564]}},{"type":"Feature","properties":{"name":"\u201eBia\u0142o-czerwony szlak. Moja Niepodleg\u0142a\u201d \u2013 W\u0142odawa, 10\u201320 sierpnia 2018","description":"","icon":{"link":"","x":0,"y":0,"width":0,"height":0},"img":[],"link":"\/mn\/maps\/100p5833,Bialo-czerwony-szlak-Moja-Niepodlegla-Wlodawa-1020-sierpnia-2018.html","url":"https:\/\/mojaniepodlegla.pl\/mn\/aktualnosci\/6331,Bialo-czerwony-szlak-Moja-Niepodlegla-wystawa-Ojcowie-Niepodleglosci-we-Wlodawie.html","address":"W\u0142odawa","zipcode":"","province":"","county":"","community":"","city":"","phone1":"","phone2":"","fax":"","email":""},"geometry":{"type":"Point","coordinates":[23.55899999999997,51.549]}},{"type":"Feature","properties":{"name":"\u201eBia\u0142o-czerwony szlak. Moja Niepodleg\u0142a\u201d \u2013 \u017bary, 21 sierpnia 2018","description":"","icon":{"link":"\/dokumenty\/mapy\/109.png","x":14,"y":14,"width":24,"height":24},"img":{"width":100,"height":57,"mini":"\/dokumenty\/mapy\/p_5845_m1.jpg","full":"\/dokumenty\/mapy\/p_5845.jpg"},"link":"\/mn\/maps\/100p5845,Bialo-czerwony-szlak-Moja-Niepodlegla-Zary-21-sierpnia-2018.html","url":"https:\/\/mojaniepodlegla.pl\/mn\/aktualnosci\/6301,Bialo-czerwony-szlak-Moja-Niepodlegla-prezentacja-wystawy-Ojcowie-Niepodleglosci.html","address":"\u017cary","zipcode":"","province":"","county":"","community":"","city":"","phone1":"","phone2":"","fax":"","email":""},"geometry":{"type":"Point","coordinates":[15.136999199999991,50.6420121]}},{"type":"Feature","properties":{"name":"\u201eBia\u0142o-czerwony szlak. Moja Niepodleg\u0142a\u201d inauguracja \u2013 Che\u0142mno, 21 maja 2018","description":"","icon":{"link":"\/dokumenty\/mapy\/109.png","x":14,"y":14,"width":24,"height":24},"img":{"width":100,"height":57,"mini":"\/dokumenty\/mapy\/p_2434_m1.jpg","full":"\/dokumenty\/mapy\/p_2434.jpg"},"link":"\/mn\/maps\/100p2434,Bialo-czerwony-szlak-Moja-Niepodlegla-inauguracja-Chelmno-21-maja-2018.html","url":"https:\/\/mojaniepodlegla.pl\/mn\/aktualnosci\/4069,Otwarcie-wystawy-pt-Ojcowie-Niepodleglosci-Chelmno-21-maja-2018.html","address":"Che\u0142mno ratusz staromiejski","zipcode":"","province":"","county":"","community":"","city":"","phone1":"","phone2":"","fax":"","email":""},"geometry":{"type":"Point","coordinates":[18.422863399999983,53.34900469]}},{"type":"Feature","properties":{"name":"\u201eBia\u0142o-czerwony szlak. Moja Niepodleg\u0142a\u201d inauguracja \u2013 Nidzica, 21 maja 2018","description":"","icon":{"link":"\/dokumenty\/mapy\/109.png","x":14,"y":14,"width":24,"height":24},"img":{"width":100,"height":57,"mini":"\/dokumenty\/mapy\/p_2383_m1.jpg","full":"\/dokumenty\/mapy\/p_2383.jpg"},"link":"\/mn\/maps\/100p2383,Bialo-czerwony-szlak-Moja-Niepodlegla-inauguracja-Nidzica-21-maja-2018.html","url":"https:\/\/mojaniepodlegla.pl\/mn\/aktualnosci\/3937,Wernisaz-wystawy-Ojcowie-Niepodleglosci-i-prelekcje-na-otwarcie-Akademii-Niepodl.html","address":"Nidzica zamkowa 2","zipcode":"","province":"","county":"","community":"","city":"","phone1":"","phone2":"","fax":"","email":""},"geometry":{"type":"Point","coordinates":[20.430016900000055,53.352]}},{"type":"Feature","properties":{"name":"\u201eBia\u0142o-czerwony szlak. Moja Niepodleg\u0142a\u201d inauguracja \u2013 \u015awidnik, 21 maja 2018","description":"","icon":{"link":"\/dokumenty\/mapy\/109.png","x":14,"y":14,"width":24,"height":24},"img":{"width":100,"height":57,"mini":"\/dokumenty\/mapy\/p_2452_m1.jpg","full":"\/dokumenty\/mapy\/p_2452.jpg"},"link":"\/mn\/maps\/100p2452,Bialo-czerwony-szlak-Moja-Niepodlegla-inauguracja-Swidnik-21-maja-2018.html","url":"https:\/\/mojaniepodlegla.pl\/mn\/aktualnosci\/4072,Bialo-czerwony-szlak-Moja-Niepodlegla-nowy-projekt-Instytutu-Pamieci-Narodowej-2.html","address":"al. Lotnik\u00f3w Polskich 24, \u015awidnik","zipcode":"","province":"","county":"","community":"","city":"","phone1":"","phone2":"","fax":"","email":""},"geometry":{"type":"Point","coordinates":[22.693596999999954,51.2201509]}},{"type":"Feature","properties":{"name":"\u201eBia\u0142o-czerwony szlak. Moja Niepodleg\u0142a&amp;quot; \u2013 Ko\u015bcian, 19 czerwca\u20131 lipca 2018","description":"","icon":{"link":"\/dokumenty\/mapy\/109.png","x":14,"y":14,"width":24,"height":24},"img":{"width":100,"height":57,"mini":"\/dokumenty\/mapy\/p_4669_m1.jpg","full":"\/dokumenty\/mapy\/p_4669.jpg"},"link":"\/mn\/maps\/100p4669,Bialo-czerwony-szlak-Moja-Niepodleglaquot-Koscian-19-czerwca1-lipca-2018.html","url":"https:\/\/mojaniepodlegla.pl\/mn\/aktualnosci\/5767,Bialo-czerwony-szlak-Moja-Niepodlegla-prezentacja-wystawy-Ojcowie-Niepodleglosci.html","address":"Rynku przed Ratuszem w Ko\u015bcianie","zipcode":"","province":"","county":"","community":"","city":"","phone1":"","phone2":"","fax":"","email":""},"geometry":{"type":"Point","coordinates":[16.64524030000007,52.0862418]}},{"type":"Feature","properties":{"name":"\u201eBia\u0142o-czerwony szlak. Moja Niepodleg\u0142a&amp;quot; \u2013 \u0141om\u017ca, 30 pa\u017adziernika 2018","description":"","icon":{"link":"\/dokumenty\/mapy\/109.png","x":14,"y":14,"width":24,"height":24},"img":{"width":100,"height":57,"mini":"\/dokumenty\/mapy\/p_6058_m1.jpg","full":"\/dokumenty\/mapy\/p_6058.jpg"},"link":"\/mn\/maps\/100p6058,Bialo-czerwony-szlak-Moja-Niepodleglaquot-Lomza-30-pazdziernika-2018.html","url":"https:\/\/mojaniepodlegla.pl\/mn\/aktualnosci\/9958,Otwarcie-wystawy-Ojcowie-Niepodleglosci-w-ramach-Bialo-czerwonego-szlaku-Moja-Ni.html","address":"\u0142om\u017ca senatorska 13","zipcode":"","province":"","county":"","community":"","city":"","phone1":"","phone2":"","fax":"","email":""},"geometry":{"type":"Point","coordinates":[22.08459879999998,53.1776389]}},{"type":"Feature","properties":{"name":"\u201eBia\u0142o-czerwony szlak.Moja Niepodleg\u0142a\u201d \u2013 Mys\u0142owice \u2013 Weso\u0142a, 28 czerwca \u2013 19 lipca 2018","description":"","icon":{"link":"\/dokumenty\/mapy\/109.png","x":14,"y":14,"width":24,"height":24},"img":{"width":100,"height":57,"mini":"\/dokumenty\/mapy\/p_5776_m1.jpg","full":"\/dokumenty\/mapy\/p_5776.jpg"},"link":"\/mn\/maps\/100p5776,Bialo-czerwony-szlakMoja-Niepodlegla-Myslowice-Wesola-28-czerwca-19-lipca-2018.html","url":"https:\/\/mojaniepodlegla.pl\/mn\/aktualnosci\/6073,Trwa-akcja-Bialo-czerwony-szlak-Moja-Niepodlegla-Myslowice-Wesola-28-czerwca-19-.html","address":"Mys\u0142owice \u2013 Weso\u0142a","zipcode":"","province":"","county":"","community":"","city":"","phone1":"","phone2":"","fax":"","email":""},"geometry":{"type":"Point","coordinates":[19.10607540000001,50.1889662]}},{"type":"Feature","properties":{"name":"\u201eDroga do Niepodleg\u0142ej\u201d lekcja podczas \u201eKorowodu Niepodleg\u0142o\u015bci\u201d \u2013 Busko-Zdr\u00f3j, 22 stycznia 2018","description":"","icon":{"link":"\/dokumenty\/mapy\/94.png","x":18,"y":43,"width":36,"height":43},"img":{"width":100,"height":36,"mini":"\/dokumenty\/mapy\/p_1963_m1.jpg","full":"\/dokumenty\/mapy\/p_1963.jpg"},"link":"\/mn\/maps\/100p1963,Droga-do-Niepodleglej-lekcja-podczas-Korowodu-Niepodleglosci-Busko-Zdroj-22-styc.html","url":"https:\/\/mojaniepodlegla.pl\/mn\/wydarzenia-plenerowe\/2542,Lekcja-Droga-do-Niepodleglej-podczas-Korowodu-Niepodleglosci-Busko-Zdroj-22-styc.html","address":"al. Mickiewicza 22, Buzko Zdr\u00f3j","zipcode":"","province":"","county":"","community":"","city":"","phone1":"","phone2":"","fax":"","email":""},"geometry":{"type":"Point","coordinates":[20.71921980000002,50.4617788]}},{"type":"Feature","properties":{"name":"\u201eDroga do Niepodleg\u0142ej\u201d, lekcja Edyty Kr\u0119\u017co\u0142ek podczas spotkania patriotycznego dla uczni\u00f3w \u201eKorow\u00f3d Niepodleg\u0142o\u015bci\u201d \u2013 W\u0142oszczowa, 20 listopada 2017","description":"","icon":{"link":"\/dokumenty\/mapy\/94.png","x":18,"y":43,"width":36,"height":43},"img":{"width":100,"height":36,"mini":"\/dokumenty\/mapy\/p_1969_m1.jpg","full":"\/dokumenty\/mapy\/p_1969.jpg"},"link":"\/mn\/maps\/100p1969,Droga-do-Niepodleglej-lekcja-Edyty-Krezolek-podczas-spotkania-patriotycznego-dla.html","url":"https:\/\/mojaniepodlegla.pl\/mn\/wydarzenia-plenerowe\/2674,Droga-do-Niepodleglej-lekcja-Edyty-Krezolek-podczas-spotkania-patriotycznego-dla.html","address":"ul. Wi\u015bniowa 9, W\u0142oszczowa","zipcode":"","province":"","county":"","community":"","city":"","phone1":"","phone2":"","fax":"","email":""},"geometry":{"type":"Point","coordinates":[19.973258999999985,50.850896]}},{"type":"Feature","properties":{"name":"\u201eDroga do Niepodleg\u0142ej\u201d, lekcja Marka Jo\u0144czyka podczas spotkania patriotycznego dla uczni\u00f3w \u201eKorow\u00f3d Niepodleg\u0142o\u015bci\u201d \u2013 Starachowice, 27 listopada 2017","description":"","icon":{"link":"\/dokumenty\/mapy\/94.png","x":18,"y":43,"width":36,"height":43},"img":{"width":100,"height":36,"mini":"\/dokumenty\/mapy\/p_1972_m1.jpg","full":"\/dokumenty\/mapy\/p_1972.jpg"},"link":"\/mn\/maps\/100p1972,Droga-do-Niepodleglej-lekcja-Marka-Jonczyka-podczas-spotkania-patriotycznego-dla.html","url":"https:\/\/mojaniepodlegla.pl\/mn\/wydarzenia-plenerowe\/2680,Droga-do-Niepodleglej-lekcja-Marka-Jonczyka-podczas-spotkania-patriotycznego-dla.html","address":"ul. Radomska 21,starachowice","zipcode":"","province":"","county":"","community":"","city":"","phone1":"","phone2":"","fax":"","email":""},"geometry":{"type":"Point","coordinates":[21.06442100000004,51.0532141]}},{"type":"Feature","properties":{"name":"\u201eJ\u00f3zef Pi\u0142sudski. Przygotowania do I wojny \u015bwiatowej. Dru\u017cyniacy i strzelcy\u201d","description":"","icon":{"link":"\/dokumenty\/mapy\/88.png","x":14,"y":42,"width":39,"height":42},"img":[],"link":"\/mn\/maps\/100p1984,Jozef-Pilsudski-Przygotowania-do-I-wojny-swiatowej-Druzyniacy-i-strzelcy.html","url":"https:\/\/mojaniepodlegla.pl\/mn\/aktualnosci\/2734,Jozef-Pilsudski-Przygotowania-do-I-wojny-swiatowej-Druzyniacy-i-strzelcy-wyklad-.html","address":"ul. 3 Maja 8A, Pruszk\u00f3w","zipcode":"","province":"","county":"","community":"","city":"","phone1":"","phone2":"","fax":"","email":""},"geometry":{"type":"Point","coordinates":[20.80746799999997,52.172998]}},{"type":"Feature","properties":{"name":"\u201eKamienie Pami\u0119ci. Nieznany bohater niepodleg\u0142o\u015bci\u201d \u2013 fina\u0142 IX edycji \u2013 Krak\u00f3w, 23\u201324 maja 2018","description":"","icon":{"link":"\/dokumenty\/mapy\/97.png","x":15,"y":39,"width":31,"height":39},"img":{"width":100,"height":51,"mini":"\/dokumenty\/mapy\/p_2410_m1.jpg","full":"\/dokumenty\/mapy\/p_2410.jpg"},"link":"\/mn\/maps\/100p2410,Kamienie-Pamieci-Nieznany-bohater-niepodleglosci-final-IX-edycji-Krakow-2324-maj.html","url":"http:\/\/mojaniepodlegla.pl\/mn\/aktualnosci\/4048,Gala-projektu-edukacyjnego-Kamienie-Pamieci-Nieznany-bohater-niepodleglosci-Krak.html","address":"Krak\u00f3w Hotel Best Western Premier  ul. Opolska 14a","zipcode":"","province":"","county":"","community":"","city":"","phone1":"","phone2":"","fax":"","email":""},"geometry":{"type":"Point","coordinates":[19.914616000000024,50.091]}},{"type":"Feature","properties":{"name":"\u201eKarolina Lanckoro\u0144ska \u2013 portret damy\u201d \u2013 wyk\u0142ad w ramach cyklu Akademia Niepodleg\u0142o\u015bci \u2013 O\u0142awa, 22 marca 2019","description":"","icon":{"link":"\/dokumenty\/mapy\/85.png","x":15,"y":41,"width":31,"height":41},"img":{"width":100,"height":65,"mini":"\/dokumenty\/mapy\/p_7288_m1.jpg","full":"\/dokumenty\/mapy\/p_7288.jpg"},"link":"\/mn\/maps\/100p7288,Karolina-Lanckoronska-portret-damy-wyklad-w-ramach-cyklu-Akademia-Niepodleglosci.html","url":"https:\/\/mojaniepodlegla.pl\/mn\/aktualnosci\/11998,Karolina-Lanckoronska-portret-damy-wyklad-w-ramach-cyklu-Akademia-Niepodleglosci.html?sid=dfe2269f11e6b229bdefd99e6136e403","address":"Sali Rajc\u00f3w o\u0142awskiego Ratusza","zipcode":"","province":"","county":"","community":"","city":"","phone1":"","phone2":"","fax":"","email":""},"geometry":{"type":"Point","coordinates":[17.292401700000028,50.9459276]}},{"type":"Feature","properties":{"name":"\u201eMarsz nad Odr\u0119\u201d. Rajd rowerowo-kajakowy im. kpt. Roberta Oszka \u2013 Rybnik \u2013 Stodo\u0142y \u2013 23-24 czerwca 2018","description":"","icon":{"link":"\/dokumenty\/mapy\/94.png","x":18,"y":43,"width":36,"height":43},"img":{"width":100,"height":134,"mini":"\/dokumenty\/mapy\/p_2518_m1.jpg","full":"\/dokumenty\/mapy\/p_2518.jpg"},"link":"\/mn\/maps\/100p2518,Marsz-nad-Odre-Rajd-rowerowo-kajakowy-im-kpt-Roberta-Oszka-Rybnik-Stodoly-23-24-.html","url":"https:\/\/mojaniepodlegla.pl\/mn\/aktualnosci\/4222,Marsz-nad-Odre-Rajd-rowerowo-kajakowy-im-kpt-Roberta-Oszka-Rybnik-Stodoly-zglosz.html","address":"Rybnik \u2013 Stodo\u0142y","zipcode":"","province":"","county":"","community":"","city":"","phone1":"","phone2":"","fax":"","email":""},"geometry":{"type":"Point","coordinates":[18.484415600000034,50.161406]}},{"type":"Feature","properties":{"name":"\u201eMoja Niepodleg\u0142a\u201d koncert \u2013 Kieleckie Centrum Kultury, 1 marca","description":"","icon":{"link":"\/dokumenty\/mapy\/94.png","x":18,"y":43,"width":36,"height":43},"img":[],"link":"\/mn\/maps\/100p1960,Moja-Niepodlegla-koncert-Kieleckie-Centrum-Kultury-1-marca.html","url":"https:\/\/mojaniepodlegla.pl\/mn\/wydarzenia-plenerowe\/2500,Koncert-Moja-Niepodlegla-Kieleckie-Centrum-Kultury-1-marca.html","address":"plac Moniuszki 2B, 25-334 Kielce","zipcode":"","province":"","county":"","community":"","city":"","phone1":"","phone2":"","fax":"","email":""},"geometry":{"type":"Point","coordinates":[20.637163999999984,50.868618]}},{"type":"Feature","properties":{"name":"\u201eOd niepodleg\u0142o\u015bci do niepodleg\u0142o\u015bci\u201d \u2013 profesor Jan \u017baryn zaprasza","description":"Przystanek Historia - Centrum Edukacyjne IPN im. Janusza Kurtyki organizuje pocz\u0105wszy od wrze\u015bnia 2017 roku comiesi\u0119czne spotkania dla wszystkich zainteresowanych histori\u0105 najnowsz\u0105. ","icon":{"link":"\/dokumenty\/mapy\/91.png","x":17,"y":33,"width":33,"height":33},"img":{"width":100,"height":143,"mini":"\/dokumenty\/mapy\/p_2533_m1.jpg","full":"\/dokumenty\/mapy\/p_2533.jpg"},"link":"\/mn\/maps\/100p2533,Od-niepodleglosci-do-niepodleglosci-profesor-Jan-Zaryn-zaprasza.html","url":"https:\/\/mojaniepodlegla.pl\/mn\/edukacja\/4384,Od-niepodleglosci-do-niepodleglosci-profesor-Jan-Zaryn-zaprasza.html","address":"przystanek historia warszawa","zipcode":"","province":"","county":"","community":"","city":"","phone1":"","phone2":"","fax":"","email":""},"geometry":{"type":"Point","coordinates":[21.019015699999954,52.2173641]}},{"type":"Feature","properties":{"name":"\u201eOdrodzenie i odbudowa niepodleg\u0142ej Rzeczypospolitej\u201d - Lublin, 29 listopada 2017","description":"","icon":{"link":"\/dokumenty\/mapy\/88.png","x":14,"y":42,"width":39,"height":42},"img":[],"link":"\/mn\/maps\/100p2044,Odrodzenie-i-odbudowa-niepodleglej-Rzeczypospolitej-Lublin-29-listopada-2017.html","url":"https:\/\/mojaniepodlegla.pl\/mn\/aktualnosci\/2917,Konferencja-Odrodzenie-i-odbudowa-niepodleglej-Rzeczypospolitej-Lublin-29-listop.html","address":"ul. Spokojna 4, lublin","zipcode":"","province":"","county":"","community":"","city":"","phone1":"","phone2":"","fax":"","email":""},"geometry":{"type":"Point","coordinates":[22.55342889999997,51.2503029]}},{"type":"Feature","properties":{"name":"\u201eOjcowie Niepodleg\u0142o\u015bci\u201d na Parowozjadzie 2018 \u2013 Chab\u00f3wka, 18-19 sierpnia","description":"","icon":{"link":"\/dokumenty\/mapy\/79.png","x":15,"y":35,"width":31,"height":35},"img":{"width":100,"height":133,"mini":"\/dokumenty\/mapy\/p_5821_m1.jpg","full":"\/dokumenty\/mapy\/p_5821.jpg"},"link":"\/mn\/maps\/100p5821,Ojcowie-Niepodleglosci-na-Parowozjadzie-2018-Chabowka-18-19-sierpnia.html","url":"https:\/\/mojaniepodlegla.pl\/mn\/aktualnosci\/6313,Wystawa-Ojcowie-Niepodleglosci-na-Parowozjadzie-2018-Chabowka-18-19-sierpnia.html?sid=cef0650642f6c75c8c6882aa43614d76","address":"Chab\u00f3wka","zipcode":"","province":"","county":"","community":"","city":"","phone1":"","phone2":"","fax":"","email":""},"geometry":{"type":"Point","coordinates":[19.936460099999977,49.5852789]}},{"type":"Feature","properties":{"name":"\u201ePokolenie niepokornych i polski czyn niepodleg\u0142o\u015bciowy 1908-1918\u201c","description":"","icon":{"link":"\/dokumenty\/mapy\/91.png","x":17,"y":33,"width":33,"height":33},"img":[],"link":"\/mn\/maps\/100p1990,Pokolenie-niepokornych-i-polski-czyn-niepodleglosciowy-1908-1918.html","url":"https:\/\/mojaniepodlegla.pl\/mn\/aktualnosci\/2797,Szkolenie-dla-nauczycieli-Pokolenie-niepokornych-i-polski-czyn-niepodleglosciowy.html","address":"Katowice, \u015bw. Jana 10","zipcode":"","province":"","county":"","community":"","city":"","phone1":"","phone2":"","fax":"","email":""},"geometry":{"type":"Point","coordinates":[19.021996100000024,50.2583679]}},{"type":"Feature","properties":{"name":"\u201ePolak\u00f3w drogi do niepodleg\u0142o\u015bci\u201d  i \u201eZapomniany Genera\u0142 - Kazimierz Raszewski (1864-1941)\u201d wyk\u0142ady \u2013 O\u0142awa, 30 stycznia 2018","description":"","icon":{"link":"\/dokumenty\/mapy\/88.png","x":14,"y":42,"width":39,"height":42},"img":[],"link":"\/mn\/maps\/100p2026,Polakow-drogi-do-niepodleglosci-i-Zapomniany-General-Kazimierz-Raszewski-1864-19.html","url":"https:\/\/mojaniepodlegla.pl\/mn\/aktualnosci\/2713,Wyklady-w-ramach-Olawskich-obchodow-100-rocznicy-Odzyskania-Niepodleglosci-Olawa.html","address":"O\u0142awa, 55-200. Rynek 1","zipcode":"","province":"","county":"","community":"","city":"","phone1":"","phone2":"","fax":"","email":""},"geometry":{"type":"Point","coordinates":[17.29534000000001,50.942833]}},{"type":"Feature","properties":{"name":"\u201ePolskie drogi do niepodleg\u0142o\u015bci 1914-1918\u201c \u2013 Katowice, 27 lutego 2018","description":"Wyk\u0142ad Ryszarda Mozgola","icon":{"link":"\/dokumenty\/mapy\/88.png","x":14,"y":42,"width":39,"height":42},"img":[],"link":"\/mn\/maps\/100p2008,Polskie-drogi-do-niepodleglosci-1914-1918-Katowice-27-lutego-2018.html","url":"https:\/\/mojaniepodlegla.pl\/mn\/aktualnosci\/2809,Wyklad-Ryszarda-Mozgola-Polskie-drogi-do-niepodleglosci-1914-1918-Katowice-27-lu.html","address":"Katowice, ul. U\u0142a\u0144ska 7b","zipcode":"","province":"","county":"","community":"","city":"","phone1":"","phone2":"","fax":"","email":""},"geometry":{"type":"Point","coordinates":[18.96901349999996,50.2833774]}},{"type":"Feature","properties":{"name":"\u201ePolskie drogi do Niepodleg\u0142o\u015bci 1914-1918\u201d \u2013 Bielsko-Bia\u0142a, 25 stycznia 2018","description":"Wyk\u0142ad Ryszard Mozgola z Oddzia\u0142owego Biura Edukacji Narodowej IPN w Katowicach","icon":{"link":"\/dokumenty\/mapy\/88.png","x":14,"y":42,"width":39,"height":42},"img":[],"link":"\/mn\/maps\/100p2032,Polskie-drogi-do-Niepodleglosci-1914-1918-Bielsko-Biala-25-stycznia-2018.html","url":"https:\/\/mojaniepodlegla.pl\/mn\/aktualnosci\/2815,Prelekcja-Ryszarda-Mozgola-Polskie-drogi-do-Niepodleglosci-1914-1918-Bielsko-Bia.html","address":"Komorowicka 48, 43-300 Bielsko-Bia\u0142a","zipcode":"","province":"","county":"","community":"","city":"","phone1":"","phone2":"","fax":"","email":""},"geometry":{"type":"Point","coordinates":[19.05324710000002,49.827327]}},{"type":"Feature","properties":{"name":"\u201eRuch ludowy w dziele odzyskania niepodleg\u0142o\u015bci na Lubelszczy\u017anie\u201d \u2013 Lublin, 22 marca 2018","description":"","icon":{"link":"\/dokumenty\/mapy\/88.png","x":14,"y":42,"width":39,"height":42},"img":[],"link":"\/mn\/maps\/100p2014,Ruch-ludowy-w-dziele-odzyskania-niepodleglosci-na-Lubelszczyznie-Lublin-22-marca.html","url":"https:\/\/mojaniepodlegla.pl\/mn\/aktualnosci\/2893,Ruch-ludowy-w-dziele-odzyskania-niepodleglosci-na-Lubelszczyznie-Lublin-22-marca.html","address":"Prezydenta Gabriela Narutowicza 4, 20-400 Lublin","zipcode":"","province":"","county":"","community":"","city":"","phone1":"","phone2":"","fax":"","email":""},"geometry":{"type":"Point","coordinates":[22.563230699999963,51.2465524]}},{"type":"Feature","properties":{"name":"\u201eU progu Odrodzonej Polski. Ruch niepodleg\u0142o\u015bciowy w Bielsku i Bia\u0142ej przed 1918\u201c","description":"","icon":{"link":"\/dokumenty\/mapy\/88.png","x":14,"y":42,"width":39,"height":42},"img":[],"link":"\/mn\/maps\/100p1987,U-progu-Odrodzonej-Polski-Ruch-niepodleglosciowy-w-Bielsku-i-Bialej-przed-1918.html","url":"https:\/\/mojaniepodlegla.pl\/mn\/aktualnosci\/2791,Wyklad-dr-Jerzego-Polaka-U-progu-Odrodzonej-Polski-Ruch-niepodleglosciowy-w-Biel.html","address":"Bielsko-Bia\u0142a, S\u0142owackiego 17a","zipcode":"","province":"","county":"","community":"","city":"","phone1":"","phone2":"","fax":"","email":""},"geometry":{"type":"Point","coordinates":[19.040965899999946,49.8248898]}},{"type":"Feature","properties":{"name":"\u201eWalk\u0105, prac\u0105 i nauk\u0105 - Polak\u00f3w drogi do niepodleg\u0142o\u015bci\u201d","description":"","icon":{"link":"\/dokumenty\/mapy\/91.png","x":17,"y":33,"width":33,"height":33},"img":[],"link":"\/mn\/maps\/100p2005,Walka-praca-i-nauka-Polakow-drogi-do-niepodleglosci.html","url":"https:\/\/mojaniepodlegla.pl\/mn\/aktualnosci\/2881,Walka-praca-i-nauka-Polakow-drogi-do-niepodleglosci-warsztaty-dla-szkol-podstawo.html","address":"ul. Judyma 2a, lublin","zipcode":"","province":"","county":"","community":"","city":"","phone1":"","phone2":"","fax":"","email":""},"geometry":{"type":"Point","coordinates":[22.488281899999947,51.2358319]}},{"type":"Feature","properties":{"name":"\u201eZmagania o niepodleg\u0142o\u015b\u0107 Polski do listopada 1918 r. oraz budowa struktur pa\u0144stwa i wojny o granice Rzeczypospolitej\u201d","description":"","icon":{"link":"\/dokumenty\/mapy\/91.png","x":17,"y":33,"width":33,"height":33},"img":[],"link":"\/mn\/maps\/100p1993,Zmagania-o-niepodleglosc-Polski-do-listopada-1918-r-oraz-budowa-struktur-panstwa.html","url":"https:\/\/mojaniepodlegla.pl\/mn\/aktualnosci\/2929,Spotkanie-dla-nauczycieli-w-ramach-szkolen-Zmagania-o-niepodleglosc-Polski-do-li.html","address":"Rzesz\u00f3w ul. Szopena 23","zipcode":"","province":"","county":"","community":"","city":"","phone1":"","phone2":"","fax":"","email":""},"geometry":{"type":"Point","coordinates":[22.00777579999999,50.0340347]}},{"type":"Feature","properties":{"name":"\u201eZnaczenie J\u00f3zefa Pi\u0142sudskiego dla kolejnych pokole\u0144\u201d \u2013 Warszawa, 19 grudnia 2017","description":"","icon":{"link":"\/dokumenty\/mapy\/88.png","x":14,"y":42,"width":39,"height":42},"img":[],"link":"\/mn\/maps\/100p1975,Znaczenie-Jozefa-Pilsudskiego-dla-kolejnych-pokolen-Warszawa-19-grudnia-2017.html","url":"https:\/\/mojaniepodlegla.pl\/mn\/konferencje-i-wyklady\/2476,Debata-Znaczenie-Jozefa-Pilsudskiego-dla-kolejnych-pokolen-Warszawa-19-grudnia-2.html","address":"ul. Marsza\u0142kowskiej 21\/25, warszawa","zipcode":"","province":"","county":"","community":"","city":"","phone1":"","phone2":"","fax":"","email":""},"geometry":{"type":"Point","coordinates":[21.01905839999995,52.2173701]}},{"type":"Feature","properties":{"name":"100-lecie odbudowy Pa\u0144stwa Polskiego - konferencja popularnonaukowa i uroczysto\u015bci - Lublin, 8 stycznia 2018","description":"","icon":{"link":"\/dokumenty\/mapy\/88.png","x":14,"y":42,"width":39,"height":42},"img":{"width":100,"height":67,"mini":"\/dokumenty\/mapy\/p_2161_m1.jpg","full":"\/dokumenty\/mapy\/p_2161.jpg"},"link":"\/mn\/maps\/100p2161,100-lecie-odbudowy-Panstwa-Polskiego-konferencja-popularnonaukowa-i-uroczystosci.html","url":"https:\/\/lublin.ipn.gov.pl\/pl5\/aktualnosci\/45060,100-lecie-odbudowy-Panstwa-Polskiego-konferencja-popularnonaukowa-i-uroczystosci.html","address":"Lublin","zipcode":"","province":"","county":"","community":"","city":"","phone1":"","phone2":"","fax":"","email":""},"geometry":{"type":"Point","coordinates":[22.568446300000005,51.2464536]}},{"type":"Feature","properties":{"name":"98. rocznica bitwy pod Zadw\u00f3rzem \u2013 uroczysto\u015bci ku czci bohater\u00f3w \u2013 18 sierpnia 2018","description":"","icon":{"link":"\/dokumenty\/mapy\/106.png","x":15,"y":37,"width":31,"height":37},"img":[],"link":"\/mn\/maps\/100p5863,98-rocznica-bitwy-pod-Zadworzem-uroczystosci-ku-czci-bohaterow-18-sierpnia-2018.html","url":"https:\/\/mojaniepodlegla.pl\/mn\/upamietnianie\/6373,98-rocznica-bitwy-pod-Zadworzem-uroczystosci-ku-czci-bohaterow-18-sierpnia-2018.html","address":"zadw\u00f3rze","zipcode":"","province":"","county":"","community":"","city":"","phone1":"","phone2":"","fax":"","email":""},"geometry":{"type":"Point","coordinates":[24.433275500000036,49.8849978]}},{"type":"Feature","properties":{"name":"98. rocznica Bitwy Warszawskiej \u2013 W\u00f3lka Radzymi\u0144ska 2018","description":"","icon":{"link":"\/dokumenty\/mapy\/106.png","x":15,"y":37,"width":31,"height":37},"img":[],"link":"\/mn\/maps\/100p5857,98-rocznica-Bitwy-Warszawskiej-Wolka-Radzyminska-2018.html","url":"https:\/\/mojaniepodlegla.pl\/mn\/upamietnianie\/6325,Bitwa-ktora-uratowala-niepodleglosc-98-rocznica-Bitwy-Warszawskiej.html","address":"W\u00f3lka Radzymi\u0144ska","zipcode":"","province":"","county":"","community":"","city":"","phone1":"","phone2":"","fax":"","email":""},"geometry":{"type":"Point","coordinates":[21.090386399999943,52.4149261]}},{"type":"Feature","properties":{"name":"Akademia Niepodleg\u0142o\u015bci \u2013 Cieszyn, 14 stycznia 2019","description":"","icon":{"link":"\/dokumenty\/mapy\/85.png","x":15,"y":41,"width":31,"height":41},"img":{"width":100,"height":141,"mini":"\/dokumenty\/mapy\/p_7237_m1.jpg","full":"\/dokumenty\/mapy\/p_7237.jpg"},"link":"\/mn\/maps\/100p7237,Akademia-Niepodleglosci-Cieszyn-14-stycznia-2019.html","url":"https:\/\/mojaniepodlegla.pl\/mn\/aktualnosci\/11779,Akademia-Niepodleglosci-w-Cieszynie-14-stycznia-2019.html?sid=316bb4b3d7b1c638656cc255595597e9","address":"Mennicza 46 Cieszyn","zipcode":"","province":"","county":"","community":"","city":"","phone1":"","phone2":"","fax":"","email":""},"geometry":{"type":"Point","coordinates":[18.62946199999999,49.7502349]}},{"type":"Feature","properties":{"name":"Akademia Niepodleg\u0142o\u015bci wyk\u0142ad dr. Zdzis\u0142awa Ko\u015bcia\u0144skiego \u2013 Zielona G\u00f3ra, 25 marca 2018","description":"","icon":{"link":"\/dokumenty\/mapy\/85.png","x":15,"y":41,"width":31,"height":41},"img":{"width":100,"height":65,"mini":"\/dokumenty\/mapy\/p_7285_m1.jpg","full":"\/dokumenty\/mapy\/p_7285.jpg"},"link":"\/mn\/maps\/100p7285,Akademia-Niepodleglosci-wyklad-dr-Zdzislawa-Koscianskiego-Zielona-Gora-25-marca-.html","url":"https:\/\/mojaniepodlegla.pl\/mn\/aktualnosci\/11995,Wyklady-dr-Zdzislawa-Koscianskiego-w-ramach-Akademii-Niepodleglosci-Zielona-Gora.html","address":"Wojew\u00f3dzkiej i Miejskiej Bibliotece Publicznej im. Cypriana Norwida w Zielonej G\u00f3rze","zipcode":"","province":"","county":"","community":"","city":"","phone1":"","phone2":"","fax":"","email":""},"geometry":{"type":"Point","coordinates":[15.554474700000014,51.9361908]}},{"type":"Feature","properties":{"name":"Akademia Niepodleg\u0142o\u015bci. \u201eBudowanie Niepodleg\u0142ej \u2013 zaborowe dziedzictwo, wyzwania, ludzie&amp;quot; \u2013 \u015awidnik, 27 marca 2019","description":"","icon":{"link":"\/dokumenty\/mapy\/85.png","x":15,"y":41,"width":31,"height":41},"img":{"width":100,"height":65,"mini":"\/dokumenty\/mapy\/p_7309_m1.jpg","full":"\/dokumenty\/mapy\/p_7309.jpg"},"link":"\/mn\/maps\/100p7309,Akademia-Niepodleglosci-Budowanie-Niepodleglej-zaborowe-dziedzictwo-wyzwania-lud.html","url":"Akademia Niepodleg\u0142o\u015bci. \u201eBudowanie Niepodleg\u0142ej \u2013 zaborowe dziedzictwo, wyzwania, ludzie&quot; \u2013 \u015awidnik, 27 marca 2019","address":"Centrum Kultury w \u015awidniku, al. Lotnik\u00f3w Polskich 24","zipcode":"","province":"","county":"","community":"","city":"","phone1":"","phone2":"","fax":"","email":""},"geometry":{"type":"Point","coordinates":[22.69332589999999,51.220204]}},{"type":"Feature","properties":{"name":"Akademia Niepodleg\u0142o\u015bci. \u201eBudowanie Niepodleg\u0142ej \u2013 zaborowe dziedzictwo, wyzwania, ludzie&amp;quot; \u2013 \u015awidnik, 27 marca 2019","description":"","icon":{"link":"\/dokumenty\/mapy\/85.png","x":15,"y":41,"width":31,"height":41},"img":[],"link":"\/mn\/maps\/100p7441,Akademia-Niepodleglosci-Budowanie-Niepodleglej-zaborowe-dziedzictwo-wyzwania-lud.html","url":"https:\/\/mojaniepodlegla.pl\/mn\/aktualnosci\/12010,Akademia-Niepodleglosci-Budowanie-Niepodleglej-zaborowe-dziedzictwo-wyzwania-lud.html","address":"Miejsko-Powiatow\u0105 Bibliotek\u0119 Publiczn\u0105 w \u015awidniku","zipcode":"","province":"","county":"","community":"","city":"","phone1":"","phone2":"","fax":"","email":""},"geometry":{"type":"Point","coordinates":[22.69921039999997,51.2197226]}},{"type":"Feature","properties":{"name":"Akademia Niepodleg\u0142o\u015bci. prof. Przemys\u0142awa Waingertnera \u201ePolscy bohaterowie Konferencji Paryskiej \u2013 Ignacy Jan Paderewski i Roman Dmowski\u201d.\u2013 Piotrk\u00f3w Trybunalski, 12 grudnia 2019","description":"","icon":{"link":"\/dokumenty\/mapy\/85.png","x":15,"y":41,"width":31,"height":41},"img":{"width":100,"height":65,"mini":"\/dokumenty\/mapy\/p_12468_m1.jpg","full":"\/dokumenty\/mapy\/p_12468.jpg"},"link":"\/mn\/maps\/100p12468,Akademia-Niepodleglosci-prof-Przemyslawa-Waingertnera-Polscy-bohaterowie-Konfere.html","url":"https:\/\/lodz.ipn.gov.pl\/pl6\/aktualnosci\/84027,Wyklad-w-ramach-piotrkowskiej-Akademii-Niepodleglosci-12-grudnia-2019.html","address":"J. S\u0142owackiego 114\/118 piotrk\u00f3w trybunalski","zipcode":"","province":"","county":"","community":"","city":"","phone1":"","phone2":"","fax":"","email":""},"geometry":{"type":"Point","coordinates":[19.669954899999993,51.4089699]}},{"type":"Feature","properties":{"name":"Akademii Niepodleg\u0142o\u015bci \u2013 Od okupacji do Niepodleg\u0142o\u015bci \u2013 kszta\u0142towanie si\u0119 administracji polskiej w Piotrkowie w latach 1914-1919.","description":"","icon":{"link":"\/dokumenty\/mapy\/85.png","x":15,"y":41,"width":31,"height":41},"img":[],"link":"\/mn\/maps\/100p7516,Akademii-Niepodleglosci-Od-okupacji-do-Niepodleglosci-ksztaltowanie-sie-administ.html","url":"https:\/\/mojaniepodlegla.pl\/mn\/aktualnosci\/12121,Wyklad-w-ramach-piotrkowskiej-Akademii-Niepodleglosci-25-kwietnia-2019.html","address":"J. S\u0142owackiego 114\/118, piotrk\u00f3w trybunalski","zipcode":"","province":"","county":"","community":"","city":"","phone1":"","phone2":"","fax":"","email":""},"geometry":{"type":"Point","coordinates":[19.669954899999993,51.4089699]}},{"type":"Feature","properties":{"name":"Akademii Niepodleg\u0142o\u015bci w Cieszynie, 13 maja 2019 W programie wyk\u0142ady Piotra Orzechowskiego i dr. hab. Lecha Krzy\u017canowskiego","description":"","icon":{"link":"\/dokumenty\/mapy\/85.png","x":15,"y":41,"width":31,"height":41},"img":[],"link":"\/mn\/maps\/100p7582,Akademii-Niepodleglosci-w-Cieszynie-13-maja-2019-W-programie-wyklady-Piotra-Orze.html","url":"https:\/\/mojaniepodlegla.pl\/mn\/aktualnosci\/12148,Akademii-Niepodleglosci-w-Cieszynie-13-maja-2019.html","address":"Ksi\u0105\u017cnicy Cieszy\u0144skiej w Cieszynie","zipcode":"","province":"","county":"","community":"","city":"","phone1":"","phone2":"","fax":"","email":""},"geometry":{"type":"Point","coordinates":[18.62950520000004,49.7502827]}},{"type":"Feature","properties":{"name":"Akcja \u201e\u0141odzianie \u017bo\u0142nierzom Niepodleg\u0142o\u015bci\u201d \u2013 \u0141\u00f3d\u017a, 19 kwietnia 2018","description":"","icon":{"link":"\/dokumenty\/mapy\/106.png","x":15,"y":37,"width":31,"height":37},"img":[],"link":"\/mn\/maps\/100p2422,Akcja-Lodzianie-Zolnierzom-Niepodleglosci-Lodz-19-kwietnia-2018.html","url":"https:\/\/mojaniepodlegla.pl\/mn\/aktualnosci\/3853,Akcja-Lodzianie-Zolnierzom-Niepodleglosci-Lodz-19-kwietnia-2018.html","address":"\u0141\u00f3d\u017a stary cmentarz","zipcode":"","province":"","county":"","community":"","city":"","phone1":"","phone2":"","fax":"","email":""},"geometry":{"type":"Point","coordinates":[19.43376490000003,51.7786096]}},{"type":"Feature","properties":{"name":"Bia\u0142o-czerwony szlak \u201eMoja Niepodleg\u0142a\u201d \u2013 Grodzisk Wlkp., 3\u201315 lipca 2018","description":"","icon":{"link":"\/dokumenty\/mapy\/109.png","x":14,"y":14,"width":24,"height":24},"img":{"width":100,"height":57,"mini":"\/dokumenty\/mapy\/p_5767_m1.jpg","full":"\/dokumenty\/mapy\/p_5767.jpg"},"link":"\/mn\/maps\/100p5767,Bialo-czerwony-szlak-Moja-Niepodlegla-Grodzisk-Wlkp-315-lipca-2018.html","url":"https:\/\/mojaniepodlegla.pl\/mn\/aktualnosci\/5989,Bialo-czerwony-szlak-Moja-Niepodlegla-prezentacja-wystawy-Ojcowie-Niepodleglosci.html","address":"Grodzisk Wielkopolski, stary rynek","zipcode":"","province":"","county":"","community":"","city":"","phone1":"","phone2":"","fax":"","email":""},"geometry":{"type":"Point","coordinates":[16.36613460000001,52.223599099]}},{"type":"Feature","properties":{"name":"Bia\u0142o-czerwony szlak \u201eMoja Niepodleg\u0142a\u201d \u2013 Wolsztyn, 17\u201329 lipca 2018","description":"","icon":{"link":"\/dokumenty\/mapy\/109.png","x":14,"y":14,"width":24,"height":24},"img":{"width":100,"height":57,"mini":"\/dokumenty\/mapy\/p_5800_m1.jpg","full":"\/dokumenty\/mapy\/p_5800.jpg"},"link":"\/mn\/maps\/100p5800,Bialo-czerwony-szlak-Moja-Niepodlegla-Wolsztyn-1729-lipca-2018.html","url":"https:\/\/mojaniepodlegla.pl\/mn\/aktualnosci\/6067,Bialo-czerwony-szlak-Moja-Niepodlegla-prezentacja-wystawy-Ojcowie-Niepodleglosci.html?sid=dde2fe9be72b5e3b4cb2ae4b0f0238da","address":"Rynek Wolsztyn","zipcode":"","province":"","county":"","community":"","city":"","phone1":"","phone2":"","fax":"","email":""},"geometry":{"type":"Point","coordinates":[16.11252939999997,52.1170706]}},{"type":"Feature","properties":{"name":"Bia\u0142o-czerwony szlak \u201eMoja Niepodleg\u0142a\u201d\u2013 Leszno, 31 lipca \u2013 20 sierpnia","description":"","icon":{"link":"\/dokumenty\/mapy\/109.png","x":14,"y":14,"width":24,"height":24},"img":{"width":100,"height":57,"mini":"\/dokumenty\/mapy\/p_5797_m1.jpg","full":"\/dokumenty\/mapy\/p_5797.jpg"},"link":"\/mn\/maps\/100p5797,Bialo-czerwony-szlak-Moja-Niepodlegla-Leszno-31-lipca-20-sierpnia.html","url":"https:\/\/mojaniepodlegla.pl\/mn\/aktualnosci\/6274,Bialo-czerwony-szlak-Moja-Niepodlegla-prezentacja-wystawy-Ojcowie-Niepodleglosci.html?sid=2a9dd5c5cb82168db5869d7395b49387","address":"Leszno \u2013 Rynek","zipcode":"","province":"","county":"","community":"","city":"","phone1":"","phone2":"","fax":"","email":""},"geometry":{"type":"Point","coordinates":[16.57496409999999,51.8433909]}},{"type":"Feature","properties":{"name":"Bieg Niepodleg\u0142o\u015bci \u2013 Chorz\u00f3w, 9 listopada 2018","description":"","icon":{"link":"\/dokumenty\/mapy\/94.png","x":18,"y":43,"width":36,"height":43},"img":[],"link":"\/mn\/maps\/100p6082,Bieg-Niepodleglosci-Chorzow-9-listopada-2018.html","url":"https:\/\/mojaniepodlegla.pl\/mn\/wydarzenia-plenerowe\/10300,Bieg-Niepodleglosci-w-Chorzowie-9-listopada-2018.html","address":"Chorz\u00f3w","zipcode":"","province":"","county":"","community":"","city":"","phone1":"","phone2":"","fax":"","email":""},"geometry":{"type":"Point","coordinates":[18.95457280000005,50.2974884]}},{"type":"Feature","properties":{"name":"D\u0105b Niepodleg\u0142o\u015bci \u2013 Gietrzwa\u0142d, 9 wrze\u015bnia 2018","description":"","icon":{"link":"\/dokumenty\/mapy\/94.png","x":18,"y":43,"width":36,"height":43},"img":[],"link":"\/mn\/maps\/100p5950,Dab-Niepodleglosci-Gietrzwald-9-wrzesnia-2018.html","url":"https:\/\/mojaniepodlegla.pl\/mn\/aktualnosci\/6616,Dab-Niepodleglosci-Gietrzwald-9-wrzesnia-2018.html","address":"Gietrzwa\u0142d,","zipcode":"","province":"","county":"","community":"","city":"","phone1":"","phone2":"","fax":"","email":""},"geometry":{"type":"Point","coordinates":[20.23865969999997,53.7453358]}},{"type":"Feature","properties":{"name":"D\u0105b Niepodleg\u0142o\u015bci \u2013 Lipsk, 8 listopada 2018","description":"","icon":{"link":"\/dokumenty\/mapy\/94.png","x":18,"y":43,"width":36,"height":43},"img":{"width":100,"height":134,"mini":"\/dokumenty\/mapy\/p_6091_m1.jpg","full":"\/dokumenty\/mapy\/p_6091.jpg"},"link":"\/mn\/maps\/100p6091,Dab-Niepodleglosci-Lipsk-8-listopada-2018.html","url":"https:\/\/mojaniepodlegla.pl\/mn\/wydarzenia-plenerowe\/10063,Dab-Niepodleglosci-Lipsk-8-listopada-2018.html","address":"Lipsk,polska","zipcode":"","province":"","county":"","community":"","city":"","phone1":"","phone2":"","fax":"","email":""},"geometry":{"type":"Point","coordinates":[23.39216280000005,53.7370364]}},{"type":"Feature","properties":{"name":"Debata \u201ePi\u0142sudski i Dmowski \u2013 dwie wizje niepodleg\u0142ej Polski\u201d \u2013 Lublin, 6 wrze\u015bnia 2018","description":"","icon":{"link":"\/dokumenty\/mapy\/88.png","x":14,"y":42,"width":39,"height":42},"img":[],"link":"\/mn\/maps\/100p5905,Debata-Pilsudski-i-Dmowski-dwie-wizje-niepodleglej-Polski-Lublin-6-wrzesnia-2018.html","url":"https:\/\/mojaniepodlegla.pl\/mn\/aktualnosci\/6526,Pilsudski-i-Dmowski-dwie-wizje-niepodleglej-Polski-Debata-Lublin-6-wrzesnia-2018.html","address":"Lublin wodopojna","zipcode":"","province":"","county":"","community":"","city":"","phone1":"","phone2":"","fax":"","email":""},"geometry":{"type":"Point","coordinates":[22.56660499999998,51.2510979]}},{"type":"Feature","properties":{"name":"Debata \u201eZnaczenie J\u00f3zefa Pi\u0142sudskiego dla kolejnych pokole\u0144\u201d \u2013 Warszawa, 19 grudnia 2017","description":"","icon":{"link":"\/dokumenty\/mapy\/88.png","x":14,"y":42,"width":39,"height":42},"img":{"width":100,"height":142,"mini":"\/dokumenty\/mapy\/p_2311_m1.jpg","full":"\/dokumenty\/mapy\/p_2311.jpg"},"link":"\/mn\/maps\/100p2311,Debata-Znaczenie-Jozefa-Pilsudskiego-dla-kolejnych-pokolen-Warszawa-19-grudnia-2.html","url":"https:\/\/mojaniepodlegla.pl\/mn\/konferencje-i-wyklady\/2476,Debata-Znaczenie-Jozefa-Pilsudskiego-dla-kolejnych-pokolen-Warszawa-19-grudnia-2.html","address":"Marsza\u0142kowskiej 21\/25, Warszawa","zipcode":"","province":"","county":"","community":"","city":"","phone1":"","phone2":"","fax":"","email":""},"geometry":{"type":"Point","coordinates":[21.01905839999995,52.2173701]}},{"type":"Feature","properties":{"name":"Debata oksfordzka \u201eKszta\u0142t granic II Rzeczypospolitej by\u0142 przede wszystkim sukcesem polskiej dyplomacji\u201d \u2013 Krosno, 11 czerwca 2018","description":"","icon":{"link":"\/dokumenty\/mapy\/91.png","x":17,"y":33,"width":33,"height":33},"img":{"width":100,"height":70,"mini":"\/dokumenty\/mapy\/p_2563_m1.jpg","full":"\/dokumenty\/mapy\/p_2563.jpg"},"link":"\/mn\/maps\/100p2563,Debata-oksfordzka-Ksztalt-granic-II-Rzeczypospolitej-byl-przede-wszystkim-sukces.html","url":"https:\/\/mojaniepodlegla.pl\/mn\/aktualnosci\/4834,Debata-oksfordzka-Ksztalt-granic-II-Rzeczypospolitej-byl-przede-wszystkim-sukces.html?sid=053c8ec54374a36d796821c3ee269521","address":"I Liceum Og\u00f3lnokszta\u0142c\u0105cego w Kro\u015bnie i Technikum nr 6 w Kro\u015bnie","zipcode":"","province":"","county":"","community":"","city":"","phone1":"","phone2":"","fax":"","email":""},"geometry":{"type":"Point","coordinates":[21.779342000000042,49.6840659]}},{"type":"Feature","properties":{"name":"Drogi do Niepodleg\u0142ej. Lekcja dla uczni\u00f3w w ramach projektu \u201eKorow\u00f3d Niepodleg\u0142o\u015bci\u201d \u2013 Suchedni\u00f3w, 14 maja 2018","description":"","icon":{"link":"\/dokumenty\/mapy\/94.png","x":18,"y":43,"width":36,"height":43},"img":[],"link":"\/mn\/maps\/100p2425,Drogi-do-Niepodleglej-Lekcja-dla-uczniow-w-ramach-projektu-Korowod-Niepodleglosc.html","url":"https:\/\/mojaniepodlegla.pl\/mn\/wydarzenia-plenerowe\/3844,Drogi-do-Niepodleglej-Lekcja-dla-uczniow-w-ramach-projektu-Korowod-Niepodleglosc.html","address":"Suchedni\u00f3w ul. Bodzenty\u0144ska 18)","zipcode":"","province":"","county":"","community":"","city":"","phone1":"","phone2":"","fax":"","email":""},"geometry":{"type":"Point","coordinates":[20.837387700000022,51.0442237]}},{"type":"Feature","properties":{"name":"Gala projektu edukacyjnego \u201eKamienie Pami\u0119ci. Nieznany bohater niepodleg\u0142o\u015bci\u201d \u2013 Krak\u00f3w, 23\u201324 maja 2018","description":"","icon":{"link":"\/dokumenty\/mapy\/91.png","x":17,"y":33,"width":33,"height":33},"img":{"width":100,"height":71,"mini":"\/dokumenty\/mapy\/p_2485_m1.jpg","full":"\/dokumenty\/mapy\/p_2485.jpg"},"link":"\/mn\/maps\/100p2485,Gala-projektu-edukacyjnego-Kamienie-Pamieci-Nieznany-bohater-niepodleglosci-Krak.html","url":"https:\/\/mojaniepodlegla.pl\/mn\/edukacja\/4054,Gala-projektu-edukacyjnego-Kamienie-Pamieci-Nieznany-bohater-niepodleglosci-Krak.html","address":"Hotel Best Western Premier Krakow, ul. Opolska 14a","zipcode":"","province":"","county":"","community":"","city":"","phone1":"","phone2":"","fax":"","email":""},"geometry":{"type":"Point","coordinates":[19.914616000000027,50.091]}},{"type":"Feature","properties":{"name":"Gra miejska \u2013 \u201e\u015aladami Niepodleg\u0142ej w Bia\u0142ymstoku\u201d \u2013 Bia\u0142ystok, 7 listopada 2018","description":"","icon":{"link":"\/dokumenty\/mapy\/94.png","x":18,"y":43,"width":36,"height":43},"img":[],"link":"\/mn\/maps\/100p6049,Gra-miejska-Sladami-Niepodleglej-w-Bialymstoku-Bialystok-7-listopada-2018.html","url":"https:\/\/mojaniepodlegla.pl\/mn\/aktualnosci\/9952,Gra-miejska-Sladami-Niepodleglej-w-Bialymstoku-Bialystok-7-listopada-2018.html","address":"Bia\u0142ystok Zwierzyniecka 1","zipcode":"","province":"","county":"","community":"","city":"","phone1":"","phone2":"","fax":"","email":""},"geometry":{"type":"Point","coordinates":[23.14770999999996,53.121094]}},{"type":"Feature","properties":{"name":"Gra terenowa \u201eDrogi do niepodleg\u0142o\u015bci\u201d - Ha\u0144sk, 3 czerwca 2018","description":"","icon":{"link":"\/dokumenty\/mapy\/94.png","x":18,"y":43,"width":36,"height":43},"img":[],"link":"\/mn\/maps\/100p2527,Gra-terenowa-Drogi-do-niepodleglosci-Hansk-3-czerwca-2018.html","url":"https:\/\/mojaniepodlegla.pl\/mn\/aktualnosci\/4309,Gra-terenowa-Drogi-do-niepodleglosci-Hansk-3-czerwca-2018.html","address":"Hansk","zipcode":"","province":"","county":"","community":"","city":"","phone1":"","phone2":"","fax":"","email":""},"geometry":{"type":"Point","coordinates":[23.404187999999976,51.3999922]}},{"type":"Feature","properties":{"name":"Gra terenowa \u201eTropem Niepodleg\u0142ej\u201d podczas pikniku parafialnego \u2013 Rzesz\u00f3w, 2 wrze\u015bnia 2018","description":"","icon":{"link":"\/dokumenty\/mapy\/94.png","x":18,"y":43,"width":36,"height":43},"img":[],"link":"\/mn\/maps\/100p5911,Gra-terenowa-Tropem-Niepodleglej-podczas-pikniku-parafialnego-Rzeszow-2-wrzesnia.html","url":"https:\/\/mojaniepodlegla.pl\/mn\/wydarzenia-plenerowe\/6550,Gra-terenowa-Tropem-Niepodleglej-podczas-pikniku-parafialnego-Rzeszow-2-wrzesnia.html","address":"rzesz\u00f3w","zipcode":"","province":"","county":"","community":"","city":"","phone1":"","phone2":"","fax":"","email":""},"geometry":{"type":"Point","coordinates":[21.999119599999972,50.0411867]}},{"type":"Feature","properties":{"name":"Historycy i dziennikarze na szlaku II Brygady Legion\u00f3w Polskich \u2013 Ukraina, Rumunia, 6-10 czerwca 2018","description":"","icon":{"link":"\/dokumenty\/mapy\/94.png","x":18,"y":43,"width":36,"height":43},"img":{"width":100,"height":126,"mini":"\/dokumenty\/mapy\/p_2596_m1.jpg","full":"\/dokumenty\/mapy\/p_2596.jpg"},"link":"\/mn\/maps\/100p2596,Historycy-i-dziennikarze-na-szlaku-II-Brygady-Legionow-Polskich-Ukraina-Rumunia-.html","url":"https:\/\/rzeszow.ipn.gov.pl\/pl8\/aktualnosci\/53164,Historycy-i-dziennikarze-na-szlaku-II-Brygady-Legionow-Polskich-Ukraina-Rumunia-.html","address":"Syget Marmaroski","zipcode":"","province":"","county":"","community":"","city":"","phone1":"","phone2":"","fax":"","email":""},"geometry":{"type":"Point","coordinates":[23.89765060000002,47.927707]}},{"type":"Feature","properties":{"name":"Historycy i dziennikarze na szlaku II Brygady Legion\u00f3w Polskich \u2013 Ukraina, Rumunia, 6-10 czerwca 2018","description":"","icon":{"link":"\/dokumenty\/mapy\/94.png","x":18,"y":43,"width":36,"height":43},"img":{"width":100,"height":126,"mini":"\/dokumenty\/mapy\/p_2593_m1.jpg","full":"\/dokumenty\/mapy\/p_2593.jpg"},"link":"\/mn\/maps\/100p2593,Historycy-i-dziennikarze-na-szlaku-II-Brygady-Legionow-Polskich-Ukraina-Rumunia-.html","url":"https:\/\/rzeszow.ipn.gov.pl\/pl8\/aktualnosci\/53164,Historycy-i-dziennikarze-na-szlaku-II-Brygady-Legionow-Polskich-Ukraina-Rumunia-.html","address":"Delatyna k\/Nadw\u00f3rnej","zipcode":"","province":"","county":"","community":"","city":"","phone1":"","phone2":"","fax":"","email":""},"geometry":{"type":"Point","coordinates":[24.575967900000023,48.6211999]}},{"type":"Feature","properties":{"name":"Historycy i dziennikarze na szlaku II Brygady Legion\u00f3w Polskich \u2013 Ukraina, Rumunia, 6-10 czerwca 2018","description":"","icon":{"link":"\/dokumenty\/mapy\/94.png","x":18,"y":43,"width":36,"height":43},"img":{"width":100,"height":126,"mini":"\/dokumenty\/mapy\/p_2590_m1.jpg","full":"\/dokumenty\/mapy\/p_2590.jpg"},"link":"\/mn\/maps\/100p2590,Historycy-i-dziennikarze-na-szlaku-II-Brygady-Legionow-Polskich-Ukraina-Rumunia-.html","url":"https:\/\/rzeszow.ipn.gov.pl\/pl8\/aktualnosci\/53164,Historycy-i-dziennikarze-na-szlaku-II-Brygady-Legionow-Polskich-Ukraina-Rumunia-.html","address":"Lw\u00f3w","zipcode":"","province":"","county":"","community":"","city":"","phone1":"","phone2":"","fax":"","email":""},"geometry":{"type":"Point","coordinates":[24.029717000000005,49.839683]}},{"type":"Feature","properties":{"name":"Historycy i dziennikarze na szlaku II Brygady Legion\u00f3w Polskich \u2013 Ukraina, Rumunia, 6-10 czerwca 2018","description":"","icon":{"link":"\/dokumenty\/mapy\/94.png","x":18,"y":43,"width":36,"height":43},"img":{"width":100,"height":126,"mini":"\/dokumenty\/mapy\/p_2581_m1.jpg","full":"\/dokumenty\/mapy\/p_2581.jpg"},"link":"\/mn\/maps\/100p2581,Historycy-i-dziennikarze-na-szlaku-II-Brygady-Legionow-Polskich-Ukraina-Rumunia-.html","url":"https:\/\/rzeszow.ipn.gov.pl\/pl8\/aktualnosci\/53164,Historycy-i-dziennikarze-na-szlaku-II-Brygady-Legionow-Polskich-Ukraina-Rumunia-.html","address":"Carlibaba,","zipcode":"","province":"","county":"","community":"","city":"","phone1":"","phone2":"","fax":"","email":""},"geometry":{"type":"Point","coordinates":[25.133332999999993,47.583333]}},{"type":"Feature","properties":{"name":"Historycy i dziennikarze na szlaku II Brygady Legion\u00f3w Polskich \u2013 Ukraina, Rumunia, 6-10 czerwca 2018","description":"","icon":{"link":"\/dokumenty\/mapy\/94.png","x":18,"y":43,"width":36,"height":43},"img":{"width":100,"height":126,"mini":"\/dokumenty\/mapy\/p_2587_m1.jpg","full":"\/dokumenty\/mapy\/p_2587.jpg"},"link":"\/mn\/maps\/100p2587,Historycy-i-dziennikarze-na-szlaku-II-Brygady-Legionow-Polskich-Ukraina-Rumunia-.html","url":"https:\/\/rzeszow.ipn.gov.pl\/pl8\/aktualnosci\/53164,Historycy-i-dziennikarze-na-szlaku-II-Brygady-Legionow-Polskich-Ukraina-Rumunia-.html","address":"Syget Marmaroski","zipcode":"","province":"","county":"","community":"","city":"","phone1":"","phone2":"","fax":"","email":""},"geometry":{"type":"Point","coordinates":[23.89765060000002,47.927707]}},{"type":"Feature","properties":{"name":"Historycy i dziennikarze na szlaku II Brygady Legion\u00f3w Polskich \u2013 Ukraina, Rumunia, 6-10 czerwca 2018","description":"","icon":{"link":"\/dokumenty\/mapy\/94.png","x":18,"y":43,"width":36,"height":43},"img":{"width":100,"height":126,"mini":"\/dokumenty\/mapy\/p_2584_m1.jpg","full":"\/dokumenty\/mapy\/p_2584.jpg"},"link":"\/mn\/maps\/100p2584,Historycy-i-dziennikarze-na-szlaku-II-Brygady-Legionow-Polskich-Ukraina-Rumunia-.html","url":"https:\/\/rzeszow.ipn.gov.pl\/pl8\/aktualnosci\/53164,Historycy-i-dziennikarze-na-szlaku-II-Brygady-Legionow-Polskich-Ukraina-Rumunia-.html","address":"Ko\u0142omyja","zipcode":"","province":"","county":"","community":"","city":"","phone1":"","phone2":"","fax":"","email":""},"geometry":{"type":"Point","coordinates":[25.041205499999933,48.5304917]}},{"type":"Feature","properties":{"name":"Historycy i dziennikarze na szlaku II Brygady Legion\u00f3w Polskich \u2013 Ukraina, Rumunia, 6-10 czerwca 2018","description":"","icon":{"link":"\/dokumenty\/mapy\/94.png","x":18,"y":43,"width":36,"height":43},"img":{"width":100,"height":126,"mini":"\/dokumenty\/mapy\/p_2575_m1.jpg","full":"\/dokumenty\/mapy\/p_2575.jpg"},"link":"\/mn\/maps\/100p2575,Historycy-i-dziennikarze-na-szlaku-II-Brygady-Legionow-Polskich-Ukraina-Rumunia-.html","url":"https:\/\/rzeszow.ipn.gov.pl\/pl8\/aktualnosci\/53164,Historycy-i-dziennikarze-na-szlaku-II-Brygady-Legionow-Polskich-Ukraina-Rumunia-.html","address":"rzesz\u00f3w","zipcode":"","province":"","county":"","community":"","city":"","phone1":"","phone2":"","fax":"","email":""},"geometry":{"type":"Point","coordinates":[21.999119599999972,50.0411867]}},{"type":"Feature","properties":{"name":"Historycy i dziennikarze na szlaku II Brygady Legion\u00f3w Polskich \u2013 Ukraina, Rumunia, 6-10 czerwca 2018","description":"","icon":{"link":"\/dokumenty\/mapy\/94.png","x":18,"y":43,"width":36,"height":43},"img":{"width":100,"height":126,"mini":"\/dokumenty\/mapy\/p_2578_m1.jpg","full":"\/dokumenty\/mapy\/p_2578.jpg"},"link":"\/mn\/maps\/100p2578,Historycy-i-dziennikarze-na-szlaku-II-Brygady-Legionow-Polskich-Ukraina-Rumunia-.html","url":"https:\/\/rzeszow.ipn.gov.pl\/pl8\/aktualnosci\/53164,Historycy-i-dziennikarze-na-szlaku-II-Brygady-Legionow-Polskich-Ukraina-Rumunia-.html","address":"Bystrica","zipcode":"","province":"","county":"","community":"","city":"","phone1":"","phone2":"","fax":"","email":""},"geometry":{"type":"Point","coordinates":[19.14619170000003,48.736277]}},{"type":"Feature","properties":{"name":"I Og\u00f3lnopolski Festiwal Piosenki Harcerskiej i Niepodleg\u0142o\u015bciowej &amp;quot;\u015aladami Niepodleg\u0142o\u015bci&amp;quot; \u2013 Rybnik-Boguszowice Stare, 9 czerwca 2018","description":"","icon":{"link":"\/dokumenty\/mapy\/94.png","x":18,"y":43,"width":36,"height":43},"img":{"width":100,"height":141,"mini":"\/dokumenty\/mapy\/p_2317_m1.jpg","full":"\/dokumenty\/mapy\/p_2317.jpg"},"link":"\/mn\/maps\/100p2317,I-Ogolnopolski-Festiwal-Piosenki-Harcerskiej-i-Niepodleglosciowej-quotSladami-Ni.html","url":"https:\/\/mojaniepodlegla.pl\/mn\/aktualnosci\/3796,I-Ogolnopolski-Festiwal-Piosenki-Harcerskiej-i-Niepodleglosciowej-quotSladami-Ni.html","address":"Rybnik- Boguszowice Stare","zipcode":"","province":"","county":"","community":"","city":"","phone1":"","phone2":"","fax":"","email":""},"geometry":{"type":"Point","coordinates":[18.593434300000013,50.0609422]}},{"type":"Feature","properties":{"name":"II Podlaski Kongres Pami\u0119ci Narodowej \u2013 Bia\u0142ystok, 7 listopada 2018","description":"","icon":{"link":"\/dokumenty\/mapy\/88.png","x":14,"y":42,"width":39,"height":42},"img":[],"link":"\/mn\/maps\/100p6052,II-Podlaski-Kongres-Pamieci-Narodowej-Bialystok-7-listopada-2018.html","url":"https:\/\/mojaniepodlegla.pl\/mn\/aktualnosci\/9955,II-Podlaski-Kongres-Pamieci-Narodowej-Bialystok-7-listopada-2018.html","address":"Bia\u0142ystok Mickiewicza 3","zipcode":"","province":"","county":"","community":"","city":"","phone1":"","phone2":"","fax":"","email":""},"geometry":{"type":"Point","coordinates":[23.170095800000013,53.1279505]}},{"type":"Feature","properties":{"name":"II Pomorski Przegl\u0105d Teatralny \u201eHistorie Bohater\u00f3w Niez\u0142omnych. Bohaterowie walk o Niepodleg\u0142o\u015b\u0107 Polski\u201d","description":"","icon":{"link":"\/dokumenty\/mapy\/97.png","x":15,"y":39,"width":31,"height":39},"img":[],"link":"\/mn\/maps\/100p12288,II-Pomorski-Przeglad-Teatralny-Historie-Bohaterow-Niezlomnych-Bohaterowie-walk-o.html","url":"https:\/\/mojaniepodlegla.pl\/mn\/konkursy\/11503,II-Pomorski-Przeglad-Teatralny-Historie-Bohaterow-Niezlomnych-Bohaterowie-walk-o.html","address":"IPN Gda\u0144sk","zipcode":"","province":"","county":"","community":"","city":"","phone1":"","phone2":"","fax":"","email":""},"geometry":{"type":"Point","coordinates":[18.58859899999993,54.388591299]}},{"type":"Feature","properties":{"name":"II Rajd Rowerowy Szlakiem gen. J\u00f3zefa Hallera i Pomorskiej Dywizji Strzelc\u00f3w \u2013 W\u0142adys\u0142awowo, 9 czerwca 2018","description":"","icon":{"link":"\/dokumenty\/mapy\/94.png","x":18,"y":43,"width":36,"height":43},"img":{"width":100,"height":134,"mini":"\/dokumenty\/mapy\/p_2521_m1.jpg","full":"\/dokumenty\/mapy\/p_2521.jpg"},"link":"\/mn\/maps\/100p2521,II-Rajd-Rowerowy-Szlakiem-gen-Jozefa-Hallera-i-Pomorskiej-Dywizji-Strzelcow-Wlad.html","url":"https:\/\/mojaniepodlegla.pl\/mn\/aktualnosci\/4219,II-Rajd-Rowerowy-Szlakiem-gen-Jozefa-Hallera-i-Pomorskiej-Dywizji-Strzelcow-9-cz.html","address":"W\u0142adys\u0142awowo","zipcode":"","province":"","county":"","community":"","city":"","phone1":"","phone2":"","fax":"","email":""},"geometry":{"type":"Point","coordinates":[18.40300000000002,54.79074]}},{"type":"Feature","properties":{"name":"III Gda\u0144ski Piknik Patriotyczny \u2013 16 wrze\u015bnia 2018","description":"","icon":{"link":"\/dokumenty\/mapy\/94.png","x":18,"y":43,"width":36,"height":43},"img":[],"link":"\/mn\/maps\/100p5983,III-Gdanski-Piknik-Patriotyczny-16-wrzesnia-2018.html","url":"https:\/\/mojaniepodlegla.pl\/mn\/aktualnosci\/6721,III-Gdanski-Piknik-Patriotyczny-16-wrzesnia-2018.html?sid=26d1bbd157eae5b0ae333a1a24ab9464","address":"gda\u0144sk ks. Popie\u0142uszki 6","zipcode":"","province":"","county":"","community":"","city":"","phone1":"","phone2":"","fax":"","email":""},"geometry":{"type":"Point","coordinates":[18.65073050000001,54.3625525]}},{"type":"Feature","properties":{"name":"III Og\u00f3lnopolska Konferencja Archiwist\u00f3w i Historyk\u00f3w \u201eEducare necesse est...\u201d \u2013 Warszawa, 7\u20138 czerwca 2018","description":"","icon":{"link":"\/dokumenty\/mapy\/88.png","x":14,"y":42,"width":39,"height":42},"img":{"width":100,"height":119,"mini":"\/dokumenty\/mapy\/p_2488_m1.jpg","full":"\/dokumenty\/mapy\/p_2488.jpg"},"link":"\/mn\/maps\/100p2488,III-Ogolnopolska-Konferencja-Archiwistow-i-Historykow-Educare-necesse-est-Warsza.html","url":"https:\/\/mojaniepodlegla.pl\/mn\/aktualnosci\/4132,III-Ogolnopolska-Konferencja-Archiwistow-i-Historykow-Educare-necesse-est-Warsza.html","address":"Krakowskie Przedmie\u015bcie 26\/28","zipcode":"","province":"","county":"","community":"","city":"","phone1":"","phone2":"","fax":"","email":""},"geometry":{"type":"Point","coordinates":[21.017273599999953,52.2397167]}},{"type":"Feature","properties":{"name":"Inauguracja regionalnych obchod\u00f3w 100-lecia odzyskania przez Polsk\u0119 niepodleg\u0142o\u015bci \u2013 Toru\u0144, 14 maja 2018","description":"","icon":{"link":"\/dokumenty\/mapy\/94.png","x":18,"y":43,"width":36,"height":43},"img":{"width":100,"height":100,"mini":"\/dokumenty\/mapy\/p_2353_m1.jpg","full":"\/dokumenty\/mapy\/p_2353.jpg"},"link":"\/mn\/maps\/100p2353,Inauguracja-regionalnych-obchodow-100-lecia-odzyskania-przez-Polske-niepodleglos.html","url":"https:\/\/mojaniepodlegla.pl\/mn\/aktualnosci\/3958,Inauguracja-regionalnych-obchodow-100-lecia-odzyskania-przez-Polske-niepodleglos.html","address":"Urz\u0119dem Marsza\u0142kowskim w Toruniu","zipcode":"","province":"","county":"","community":"","city":"","phone1":"","phone2":"","fax":"","email":""},"geometry":{"type":"Point","coordinates":[18.60240950000002,53.0129894]}},{"type":"Feature","properties":{"name":"Koncert \u201e\u015al\u0105sk a Niepodleg\u0142a\u201d \u2013 Czeski Cieszyn, 24 sierpnia 2018","description":"","icon":{"link":"\/dokumenty\/mapy\/94.png","x":18,"y":43,"width":36,"height":43},"img":[],"link":"\/mn\/maps\/100p5851,Koncert-Slask-a-Niepodlegla-Czeski-Cieszyn-24-sierpnia-2018.html","url":"https:\/\/mojaniepodlegla.pl\/mn\/aktualnosci\/6280,Koncert-Slask-a-Niepodlegla-Czeski-Cieszyn-24-sierpnia-2018.html","address":"cieszyn Ostravska 67","zipcode":"","province":"","county":"","community":"","city":"","phone1":"","phone2":"","fax":"","email":""},"geometry":{"type":"Point","coordinates":[18.61301609999998,49.7459259]}},{"type":"Feature","properties":{"name":"Koncert patriotyczny \u201eOjcowie Niepodleg\u0142o\u015bci 1918-2018\u201d\u2013 Gorlice 8 pa\u017adziernika 2018 r.","description":"","icon":{"link":"\/dokumenty\/mapy\/109.png","x":14,"y":14,"width":24,"height":24},"img":{"width":100,"height":57,"mini":"\/dokumenty\/mapy\/p_6031_m1.jpg","full":"\/dokumenty\/mapy\/p_6031.jpg"},"link":"\/mn\/maps\/100p6031,Koncert-patriotyczny-Ojcowie-Niepodleglosci-1918-2018-Gorlice-8-pazdziernika-201.html","url":"https:\/\/mojaniepodlegla.pl\/mn\/aktualnosci\/7486,Gorlicki-koncert-patriotyczny-Ojcowie-Niepodleglosci-1918-2018.html","address":"Gorlice, rynek","zipcode":"","province":"","county":"","community":"","city":"","phone1":"","phone2":"","fax":"","email":""},"geometry":{"type":"Point","coordinates":[21.157158799999934,49.6579045]}},{"type":"Feature","properties":{"name":"Koncert pie\u015bni patriotycznej \u201eWy\u015bpiewa\u0107 Wolno\u015b\u0107\u201d \u2013 Jankowice, 11 listopada 2018","description":"","icon":{"link":"\/dokumenty\/mapy\/94.png","x":18,"y":43,"width":36,"height":43},"img":{"width":100,"height":73,"mini":"\/dokumenty\/mapy\/p_6088_m1.jpg","full":"\/dokumenty\/mapy\/p_6088.jpg"},"link":"\/mn\/maps\/100p6088,Koncert-piesni-patriotycznej-Wyspiewac-Wolnosc-Jankowice-11-listopada-2018.html","url":"https:\/\/mojaniepodlegla.pl\/mn\/wydarzenia-plenerowe\/10183,Koncert-piesni-patriotycznej-Wyspiewac-Wolnosc-Jankowice-11-listopada-2018.html","address":"Jankowice","zipcode":"","province":"","county":"","community":"","city":"","phone1":"","phone2":"","fax":"","email":""},"geometry":{"type":"Point","coordinates":[18.56105560000003,50.0423752]}},{"type":"Feature","properties":{"name":"Konferencja \u201ePomorze Gda\u0144skie w drodze do Niepodleg\u0142ej (1918-1920)\u201d \u2013 Gda\u0144sk-Jelitkowo, 29 czerwca 2018","description":"","icon":{"link":"\/dokumenty\/mapy\/88.png","x":14,"y":42,"width":39,"height":42},"img":[],"link":"\/mn\/maps\/100p4660,Konferencja-Pomorze-Gdanskie-w-drodze-do-Niepodleglej-1918-1920-Gdansk-Jelitkowo.html","url":"https:\/\/mojaniepodlegla.pl\/mn\/konferencje-i-wyklady\/5845,Konferencja-Pomorze-Gdanskie-w-drodze-do-Niepodleglej-1918-1920-Gdansk-Jelitkowo.html?sid=8c6eaca30ca9565f32901aaf8855628c","address":"Hotelu Posejdon Gda\u0144sk","zipcode":"","province":"","county":"","community":"","city":"","phone1":"","phone2":"","fax":"","email":""},"geometry":{"type":"Point","coordinates":[18.59717610000007,54.422735]}},{"type":"Feature","properties":{"name":"Konferencja \u201eSpo\u0142eczno-gospodarczy bilans otwarcia polskiej niepodleg\u0142o\u015bci w 1918 roku\u201d \u2013 Lubin, 18\u201320 maja 2018","description":"","icon":{"link":"\/dokumenty\/mapy\/88.png","x":14,"y":42,"width":39,"height":42},"img":[],"link":"\/mn\/maps\/100p2476,Konferencja-Spoleczno-gospodarczy-bilans-otwarcia-polskiej-niepodleglosci-w-1918.html","url":"https:\/\/mojaniepodlegla.pl\/mn\/aktualnosci\/4093,Konferencja-Spoleczno-gospodarczy-bilans-otwarcia-polskiej-niepodleglosci-w-1918.html","address":"lubin ul. Armii Krajowej 1","zipcode":"","province":"","county":"","community":"","city":"","phone1":"","phone2":"","fax":"","email":""},"geometry":{"type":"Point","coordinates":[16.20448799999997,51.3989675]}},{"type":"Feature","properties":{"name":"Konferencja edukacyjna \u2013 August\u00f3w, 14 czerwca 2018","description":"","icon":{"link":"\/dokumenty\/mapy\/88.png","x":14,"y":42,"width":39,"height":42},"img":[],"link":"\/mn\/maps\/100p2539,Konferencja-edukacyjna-Augustow-14-czerwca-2018.html","url":"https:\/\/mojaniepodlegla.pl\/mn\/aktualnosci\/4213,Otwarcie-wystawy-Ojcowie-Niepodleglosci-i-konferencja-edukacyjna-Augustow-14-cze.html","address":"August\u00f3w rynek","zipcode":"","province":"","county":"","community":"","city":"","phone1":"","phone2":"","fax":"","email":""},"geometry":{"type":"Point","coordinates":[22.977927200000067,53.8442926]}},{"type":"Feature","properties":{"name":"Konferencja edukacyjna \u201eOjcowie Niepodleg\u0142o\u015bci\u201d - Grajewo, 9 lipca 2018","description":"","icon":{"link":"\/dokumenty\/mapy\/88.png","x":14,"y":42,"width":39,"height":42},"img":[],"link":"\/mn\/maps\/100p5728,Konferencja-edukacyjna-Ojcowie-Niepodleglosci-Grajewo-9-lipca-2018.html","url":"https:\/\/mojaniepodlegla.pl\/mn\/konferencje-i-wyklady\/5974,Otwarcie-wystawy-i-konferencja-edukacyjna-Ojcowie-Niepodleglosci-Grajewo-9-lipca.html","address":"Grajewo E\u0142cka 30","zipcode":"","province":"","county":"","community":"","city":"","phone1":"","phone2":"","fax":"","email":""},"geometry":{"type":"Point","coordinates":[22.45476640000004,53.652186699]}},{"type":"Feature","properties":{"name":"Konferencja edukacyjna \u201eOjcowie Niepodleg\u0142o\u015bci\u201d \u2013 Wasilk\u00f3w, 21 maja 2018","description":"","icon":{"link":"\/dokumenty\/mapy\/88.png","x":14,"y":42,"width":39,"height":42},"img":[],"link":"\/mn\/maps\/100p2314,Konferencja-edukacyjna-Ojcowie-Niepodleglosci-Wasilkow-21-maja-2018.html","url":"https:\/\/mojaniepodlegla.pl\/mn\/aktualnosci\/3691,Otwarcie-wystawy-i-konferencja-edukacyjna-Ojcowie-Niepodleglosci-Wasilkow-21-maj.html","address":"Wasilk\u00f3w  ul. Bia\u0142ostocka 7","zipcode":"","province":"","county":"","community":"","city":"","phone1":"","phone2":"","fax":"","email":""},"geometry":{"type":"Point","coordinates":[23.203716900000018,53.1987809]}},{"type":"Feature","properties":{"name":"Konferencja naukowa \u201eBez emocji. Polsko-litewski dialog o J\u00f3zefie Pi\u0142sudskim\u201d i obchody 150. rocznicy urodzin Marsza\u0142ka na Litwie \u2013 Wilno, 5\u20136 grudnia 2017","description":"","icon":{"link":"\/dokumenty\/mapy\/88.png","x":14,"y":42,"width":39,"height":42},"img":[],"link":"\/mn\/maps\/100p2389,Konferencja-naukowa-Bez-emocji-Polsko-litewski-dialog-o-Jozefie-Pilsudskim-i-obc.html","url":"https:\/\/mojaniepodlegla.pl\/mn\/aktualnosci\/4021,Miedzynarodowa-konferencja-naukowa-Bez-emocji-Polsko-litewski-dialog-o-Jozefie-P.html","address":"Did\u017eioji g. 31, Vilnius 01128, Litwa","zipcode":"","province":"","county":"","community":"","city":"","phone1":"","phone2":"","fax":"","email":""},"geometry":{"type":"Point","coordinates":[25.286947800000007,54.6780767]}},{"type":"Feature","properties":{"name":"Konferencja naukowa \u201eJ\u00f3zef Pi\u0142sudski (1867\u20131935) \u2013 idea, tradycja, nawi\u0105zania\u201d \u2013 \u0141\u00f3d\u017a, 6\u20137 grudnia 2017","description":"","icon":{"link":"\/dokumenty\/mapy\/88.png","x":14,"y":42,"width":39,"height":42},"img":{"width":100,"height":67,"mini":"\/dokumenty\/mapy\/p_2308_m1.jpg","full":"\/dokumenty\/mapy\/p_2308.jpg"},"link":"\/mn\/maps\/100p2308,Konferencja-naukowa-Jozef-Pilsudski-18671935-idea-tradycja-nawiazania-Lodz-67-gr.html","url":"https:\/\/mojaniepodlegla.pl\/mn\/konferencje-i-wyklady\/2866,Ogolnopolska-konferencja-naukowa-Jozef-Pilsudski-18671935-idea-tradycja-nawiazan.html","address":"novotel \u0142\u00f3d\u017a","zipcode":"","province":"","county":"","community":"","city":"","phone1":"","phone2":"","fax":"","email":""},"geometry":{"type":"Point","coordinates":[19.462312999999995,51.759341]}},{"type":"Feature","properties":{"name":"Konferencja naukowa \u201eJ\u00f3zef Pi\u0142sudski (1867\u20131935) \u2013 idea, tradycja, nawi\u0105zania\u201d \u2013 \u0141\u00f3d\u017a, 6\u20137 grudnia 2017","description":"","icon":{"link":"\/dokumenty\/mapy\/88.png","x":14,"y":42,"width":39,"height":42},"img":[],"link":"\/mn\/maps\/100p2041,Konferencja-naukowa-Jozef-Pilsudski-18671935-idea-tradycja-nawiazania-Lodz-67-gr.html","url":"https:\/\/mojaniepodlegla.pl\/mn\/aktualnosci\/2863,Ogolnopolska-konferencja-naukowa-Jozef-Pilsudski-18671935-idea-tradycja-nawiazan.html","address":"Pi\u0142sudskiego 11A, 90-368 \u0141\u00f3d\u017a","zipcode":"","province":"","county":"","community":"","city":"","phone1":"","phone2":"","fax":"","email":""},"geometry":{"type":"Point","coordinates":[19.462327800000025,51.759211]}},{"type":"Feature","properties":{"name":"Konferencja naukowa \u201eKo\u015bci\u00f3\u0142 wobec niepodleg\u0142o\u015bci Polski (1918\u20131989)\u201d \u2013 Wigry, 22\u201323 maja 2018","description":"","icon":{"link":"\/dokumenty\/mapy\/88.png","x":14,"y":42,"width":39,"height":42},"img":[],"link":"\/mn\/maps\/100p2428,Konferencja-naukowa-Kosciol-wobec-niepodleglosci-Polski-19181989-Wigry-2223-maja.html","url":"https:\/\/mojaniepodlegla.pl\/mn\/aktualnosci\/4066,Ogolnopolska-konferencja-naukowa-Kosciol-wobec-niepodleglosci-Polski-19181989-Wi.html","address":"Wigry klasztor","zipcode":"","province":"","county":"","community":"","city":"","phone1":"","phone2":"","fax":"","email":""},"geometry":{"type":"Point","coordinates":[23.084686000000033,54.069011]}},{"type":"Feature","properties":{"name":"Konferencja naukowa \u201eLosy powsta\u0144c\u00f3w \u015bl\u0105skich po 1922 roku\u201d \u2013 Katowice, 19 pa\u017adziernika 2018","description":"","icon":{"link":"\/dokumenty\/mapy\/88.png","x":14,"y":42,"width":39,"height":42},"img":[],"link":"\/mn\/maps\/100p5878,Konferencja-naukowa-Losy-powstancow-slaskich-po-1922-roku-Katowice-19-pazdzierni.html","url":"https:\/\/mojaniepodlegla.pl\/mn\/konferencje-i-wyklady\/6394,CALL-FOR-PAPERS-Konferencja-naukowa-Losy-powstancow-slaskich-po-1922-roku-Katowi.html","address":"Katowice Jana 10","zipcode":"","province":"","county":"","community":"","city":"","phone1":"","phone2":"","fax":"","email":""},"geometry":{"type":"Point","coordinates":[19.021996100000024,50.2583679]}},{"type":"Feature","properties":{"name":"Konferencja naukowa \u201eLotnictwo Polskie w walce o granice niepodleg\u0142ej 1918\u20131921\u201d \u2013 Wroc\u0142aw, 6\u20137 listopada 2018","description":"","icon":{"link":"\/dokumenty\/mapy\/88.png","x":14,"y":42,"width":39,"height":42},"img":[],"link":"\/mn\/maps\/100p6067,Konferencja-naukowa-Lotnictwo-Polskie-w-walce-o-granice-niepodleglej-19181921-Wr.html","url":"https:\/\/mojaniepodlegla.pl\/mn\/aktualnosci\/10027,Konferencja-naukowa-Lotnictwo-Polskie-w-walce-o-granice-niepodleglej-19181921-Wr.html","address":"Wroc\u0142aw Czajkowskiego 109","zipcode":"","province":"","county":"","community":"","city":"","phone1":"","phone2":"","fax":"","email":""},"geometry":{"type":"Point","coordinates":[17.05598599999996,51.142711]}},{"type":"Feature","properties":{"name":"Konferencja naukowa \u201e\u0141\u00f3dzkie drogi do niepodleg\u0142o\u015bci 1905\u20131918\u201d \u2013 \u0141\u00f3d\u017a, 25\u201326 pa\u017adziernika 2018","description":"","icon":{"link":"\/dokumenty\/mapy\/88.png","x":14,"y":42,"width":39,"height":42},"img":[],"link":"\/mn\/maps\/100p2401,Konferencja-naukowa-Lodzkie-drogi-do-niepodleglosci-19051918-Lodz-2526-pazdziern.html","url":"https:\/\/mojaniepodlegla.pl\/mn\/aktualnosci\/4000,Konferencja-naukowa-Lodzkie-drogi-do-niepodleglosci-19051918-Lodz-2526-pazdziern.html","address":"\u0141\u00f3d\u017a","zipcode":"","province":"","county":"","community":"","city":"","phone1":"","phone2":"","fax":"","email":""},"geometry":{"type":"Point","coordinates":[19.45598330000007,51.7592485]}},{"type":"Feature","properties":{"name":"Konferencja naukowa \u201eNa stos rzucili\u015bmy nasz \u017cycia los\u2026 W setn\u0105 rocznic\u0119 Niepodleg\u0142o\u015bci Polski\u201d \u2013 Kielce, 8\u20139 listopada 2018","description":"","icon":{"link":"\/dokumenty\/mapy\/88.png","x":14,"y":42,"width":39,"height":42},"img":[],"link":"\/mn\/maps\/100p2398,Konferencja-naukowa-Na-stos-rzucilismy-nasz-zycia-los-W-setna-rocznice-Niepodleg.html","url":"https:\/\/mojaniepodlegla.pl\/mn\/aktualnosci\/4006,Konferencja-naukowa-Na-stos-rzucilismy-nasz-zycia-los-W-setna-rocznice-Niepodleg.html","address":"kielce rynek 1","zipcode":"","province":"","county":"","community":"","city":"","phone1":"","phone2":"","fax":"","email":""},"geometry":{"type":"Point","coordinates":[20.630717900000036,50.87175389]}},{"type":"Feature","properties":{"name":"Konferencja naukowa \u201ePolskie zmagania o niepodleg\u0142o\u015b\u0107 w XX wieku\u201d \u2013 Toru\u0144, 16 listopada 2018","description":"","icon":{"link":"\/dokumenty\/mapy\/88.png","x":14,"y":42,"width":39,"height":42},"img":[],"link":"\/mn\/maps\/100p6118,Konferencja-naukowa-Polskie-zmagania-o-niepodleglosc-w-XX-wieku-Torun-16-listopa.html","url":"https:\/\/mojaniepodlegla.pl\/mn\/konferencje-i-wyklady\/10486,XXVIII-Konferencja-naukowa-Polskie-zmagania-o-niepodleglosc-w-XX-wieku-Torun-16-.html","address":"Toru\u0144 Bojarskiego 1","zipcode":"","province":"","county":"","community":"","city":"","phone1":"","phone2":"","fax":"","email":""},"geometry":{"type":"Point","coordinates":[18.568531000000007,53.02267089]}},{"type":"Feature","properties":{"name":"Konferencja naukowa \u201ePolsko\u015b\u0107 i Polacy na Warmii i Mazurach w XIX i XX wieku\u201d \u2013 Guzowy Piec, 28\u201329 czerwca 2018","description":"","icon":{"link":"\/dokumenty\/mapy\/88.png","x":14,"y":42,"width":39,"height":42},"img":[],"link":"\/mn\/maps\/100p5866,Konferencja-naukowa-Polskosc-i-Polacy-na-Warmii-i-Mazurach-w-XIX-i-XX-wieku-Guzo.html","url":"https:\/\/mojaniepodlegla.pl\/mn\/konferencje-i-wyklady\/5887,Ogolnopolska-konferencja-naukowa-Polskosc-i-Polacy-na-Warmii-i-Mazurach-w-XIX-i-.html","address":"Guzowy Piec","zipcode":"","province":"","county":"","community":"","city":"","phone1":"","phone2":"","fax":"","email":""},"geometry":{"type":"Point","coordinates":[20.216318399999977,53.6889253]}},{"type":"Feature","properties":{"name":"Konferencja naukowa \u201ePrymas Wyszy\u0144ski a Niepodleg\u0142a\u201d \u2013 Warszawa, 25 maja 2018","description":"","icon":{"link":"\/dokumenty\/mapy\/88.png","x":14,"y":42,"width":39,"height":42},"img":{"width":100,"height":78,"mini":"\/dokumenty\/mapy\/p_2500_m1.jpg","full":"\/dokumenty\/mapy\/p_2500.jpg"},"link":"\/mn\/maps\/100p2500,Konferencja-naukowa-Prymas-Wyszynski-a-Niepodlegla-Warszawa-25-maja-2018.html","url":"http:\/\/mojaniepodlegla.pl\/mn\/aktualnosci\/4201,Prezes-IPN-w-nauczaniu-Prymasa-Wyszynskiego-najwazniejszy-jest-czlowiek.html","address":"Warszawa Dewajtis 5","zipcode":"","province":"","county":"","community":"","city":"","phone1":"","phone2":"","fax":"","email":""},"geometry":{"type":"Point","coordinates":[20.959949999999935,52.2952609]}},{"type":"Feature","properties":{"name":"Konferencja naukowa \u201eRozpad imperi\u00f3w. Kszta\u0142towanie powojennego \u0142adu w Europie \u015arodkowo-Wschodniej w latach 1918\u20131923\u201d \u2013 Wroc\u0142aw, 22\u201323 listopada 2018","description":"","icon":{"link":"\/dokumenty\/mapy\/88.png","x":14,"y":42,"width":39,"height":42},"img":[],"link":"\/mn\/maps\/100p2395,Konferencja-naukowa-Rozpad-imperiow-Ksztaltowanie-powojennego-ladu-w-Europie-Sro.html","url":"https:\/\/mojaniepodlegla.pl\/mn\/aktualnosci\/4012,Miedzynarodowa-konferencja-naukowa-Rozpad-imperiow-Ksztaltowanie-powojennego-lad.html","address":"wroc\u0142aw","zipcode":"","province":"","county":"","community":"","city":"","phone1":"","phone2":"","fax":"","email":""},"geometry":{"type":"Point","coordinates":[17.03853760000004,51.1078852]}},{"type":"Feature","properties":{"name":"Konferencja naukowa \u201eRuch ludowy i polska wie\u015b wobec Niepodleg\u0142o\u015bci\u201d - Supra\u015bl-Nidzica, 19\u201321 wrze\u015bnia 2018","description":"","icon":{"link":"\/dokumenty\/mapy\/88.png","x":14,"y":42,"width":39,"height":42},"img":[],"link":"\/mn\/maps\/100p5872,Konferencja-naukowa-Ruch-ludowy-i-polska-wies-wobec-Niepodleglosci-Suprasl-Nidzi.html","url":"https:\/\/mojaniepodlegla.pl\/mn\/konferencje-i-wyklady\/6379,Ogolnopolska-konferencja-naukowa-Ruch-ludowy-i-polska-wies-wobec-Niepodleglosci-.html","address":"Supra\u015b\u0142 Bia\u0142ostocka 19","zipcode":"","province":"","county":"","community":"","city":"","phone1":"","phone2":"","fax":"","email":""},"geometry":{"type":"Point","coordinates":[23.325243399999977,53.2081121]}},{"type":"Feature","properties":{"name":"Konferencja naukowa \u201eRuch ludowy i polska wie\u015b wobec Niepodleg\u0142o\u015bci\u201d \u2013 Supra\u015bl-Nidzica, 19\u201321 wrze\u015bnia 2018","description":"","icon":{"link":"\/dokumenty\/mapy\/88.png","x":14,"y":42,"width":39,"height":42},"img":[],"link":"\/mn\/maps\/100p5875,Konferencja-naukowa-Ruch-ludowy-i-polska-wies-wobec-Niepodleglosci-Suprasl-Nidzi.html","url":"https:\/\/mojaniepodlegla.pl\/mn\/konferencje-i-wyklady\/6379,Ogolnopolska-konferencja-naukowa-Ruch-ludowy-i-polska-wies-wobec-Niepodleglosci-.html","address":"Nidzica zamkowa 2","zipcode":"","province":"","county":"","community":"","city":"","phone1":"","phone2":"","fax":"","email":""},"geometry":{"type":"Point","coordinates":[20.430016900000055,53.3596379]}},{"type":"Feature","properties":{"name":"Konferencja naukowa \u201eStulecie odrodzonego Pa\u0144stwa Polskiego na mapie Europy i \u015awiata. Polska my\u015bl geopolityczna w XX wieku\u201d \u2013 Rzesz\u00f3w, 17\u201319 pa\u017adziernika 2018","description":"","icon":{"link":"\/dokumenty\/mapy\/88.png","x":14,"y":42,"width":39,"height":42},"img":[],"link":"\/mn\/maps\/100p2413,Konferencja-naukowa-Stulecie-odrodzonego-Panstwa-Polskiego-na-mapie-Europy-i-Swi.html","url":"https:\/\/mojaniepodlegla.pl\/mn\/konferencje-i-wyklady\/7249,Ogolnopolska-konferencja-naukowa-Stulecie-odrodzonego-Panstwa-Polskiego-na-mapie.html","address":"Rzesz\u00f3w S\u0142owackiego 18","zipcode":"","province":"","county":"","community":"","city":"","phone1":"","phone2":"","fax":"","email":""},"geometry":{"type":"Point","coordinates":[22.00280220000002,50.0358775]}},{"type":"Feature","properties":{"name":"Konferencja naukowa \u201eU progu niepodleg\u0142o\u015bci \u2013 Lublin i Lubelszczyzna od ko\u0144ca XIX w. do 1921 r.\u201d \u2013 Lublin, 26-27 czerwca 2018","description":"","icon":{"link":"\/dokumenty\/mapy\/88.png","x":14,"y":42,"width":39,"height":42},"img":[],"link":"\/mn\/maps\/100p2554,Konferencja-naukowa-U-progu-niepodleglosci-Lublin-i-Lubelszczyzna-od-konca-XIX-w.html","url":"https:\/\/mojaniepodlegla.pl\/mn\/aktualnosci\/4687,U-progu-niepodleglosci-Lublin-i-Lubelszczyzna-od-konca-XIX-w-do-1921-r-Lublin-26.html","address":"Lublin wodopojna 2","zipcode":"","province":"","county":"","community":"","city":"","phone1":"","phone2":"","fax":"","email":""},"geometry":{"type":"Point","coordinates":[22.566225799999984,51.2502633]}},{"type":"Feature","properties":{"name":"Konferencja naukowa \u201eWarszawiacy wobec niepodleg\u0142o\u015bci. Dzia\u0142ania mieszka\u0144c\u00f3w Warszawy na rzecz odradzania si\u0119 Rzeczypospolitej Polskiej w latach 1914-1921\u201d \u2013 Warszawa, 18 pa\u017adziernika 2018","description":"","icon":{"link":"","x":0,"y":0,"width":0,"height":0},"img":[],"link":"\/mn\/maps\/100p6013,Konferencja-naukowa-Warszawiacy-wobec-niepodleglosci-Dzialania-mieszkancow-Warsz.html","url":"https:\/\/mojaniepodlegla.pl\/mn\/konferencje-i-wyklady\/7216,Warszawiacy-wobec-niepodleglosci-Dzialania-mieszkancow-Warszawy-na-rzecz-odradza.html","address":"Warszawa marsza\u0142kowska 21\/25","zipcode":"","province":"","county":"","community":"","city":"","phone1":"","phone2":"","fax":"","email":""},"geometry":{"type":"Point","coordinates":[21.01905839999995,52.2173701]}},{"type":"Feature","properties":{"name":"Konferencja naukowa \u201eWk\u0142ad le\u015bnik\u00f3w w czyn niepodleg\u0142o\u015bciowy\u201d \u2013 Spa\u0142a, 19-20 czerwca 2018","description":"","icon":{"link":"\/dokumenty\/mapy\/88.png","x":14,"y":42,"width":39,"height":42},"img":[],"link":"\/mn\/maps\/100p5695,Konferencja-naukowa-Wklad-lesnikow-w-czyn-niepodleglosciowy-Spala-19-20-czerwca-.html","url":"https:\/\/mojaniepodlegla.pl\/mn\/konferencje-i-wyklady\/5851,Konferencja-naukowa-Wklad-lesnikow-w-czyn-niepodleglosciowy-Spala-19-20-czerwca-.html","address":"Centralnym O\u015brodku Sportu,Spa\u0142a","zipcode":"","province":"","county":"","community":"","city":"","phone1":"","phone2":"","fax":"","email":""},"geometry":{"type":"Point","coordinates":[20.147604099999967,51.540199]}},{"type":"Feature","properties":{"name":"Konferencja naukowa UKSW i IPN \u201eWiara i patriotyzm. Msze za Ojczyzn\u0119 b\u0142. ks. Jerzego Popie\u0142uszki. W 100-lecie odzyskania niepodleg\u0142o\u015bci\u201d \u2013 Warszawa 18 pa\u017adziernika 2018","description":"","icon":{"link":"\/dokumenty\/mapy\/88.png","x":14,"y":42,"width":39,"height":42},"img":{"width":100,"height":141,"mini":"\/dokumenty\/mapy\/p_2473_m1.jpg","full":"\/dokumenty\/mapy\/p_2473.jpg"},"link":"\/mn\/maps\/100p2473,Konferencja-naukowa-UKSW-i-IPN-Wiara-i-patriotyzm-Msze-za-Ojczyzne-bl-ks-Jerzego.html","url":"https:\/\/mojaniepodlegla.pl\/mn\/aktualnosci\/4084,Ogolnopolska-konferencja-naukowa-UKSW-i-IPN-Wiara-i-patriotyzm-Msze-za-Ojczyzne-.html","address":"Warszawa Dewajtis 5","zipcode":"","province":"","county":"","community":"","city":"","phone1":"","phone2":"","fax":"","email":""},"geometry":{"type":"Point","coordinates":[20.959949999999935,52.2952609]}},{"type":"Feature","properties":{"name":"Konkurs na spot filmowy o Powstaniach \u015al\u0105skich","description":"","icon":{"link":"\/dokumenty\/mapy\/97.png","x":15,"y":39,"width":31,"height":39},"img":[],"link":"\/mn\/maps\/100p12282,Konkurs-na-spot-filmowy-o-Powstaniach-Slaskich.html","url":"https:\/\/mojaniepodlegla.pl\/mn\/konkursy\/12850,Konkurs-na-spot-filmowy-o-Powstaniach-Slaskich.html","address":"Kinoteatrze Rialto w Katowicach","zipcode":"","province":"","county":"","community":"","city":"","phone1":"","phone2":"","fax":"","email":""},"geometry":{"type":"Point","coordinates":[19.021204799999964,50.2566148]}},{"type":"Feature","properties":{"name":"Lekcje terenowe \u201eTramwajem przez histori\u0119 najnowsz\u0105. Powstanie Wielkopolskie 1918-1919\u201d \u2013 Pozna\u0144, 7-8 marca 2018","description":"","icon":{"link":"\/dokumenty\/mapy\/91.png","x":17,"y":33,"width":33,"height":33},"img":[],"link":"\/mn\/maps\/100p2419,Lekcje-terenowe-Tramwajem-przez-historie-najnowsza-Powstanie-Wielkopolskie-1918-.html","url":"https:\/\/mojaniepodlegla.pl\/mn\/edukacja\/3856,Lekcje-terenowe-Tramwajem-przez-historie-najnowsza-Powstanie-Wielkopolskie-1918-.html","address":"Pozna\u0144","zipcode":"","province":"","county":"","community":"","city":"","phone1":"","phone2":"","fax":"","email":""},"geometry":{"type":"Point","coordinates":[16.925168100000064,52.406374]}},{"type":"Feature","properties":{"name":"Marsz \u017bywej Pami\u0119ci Polskiego Sybiru pod has\u0142em \u201ePrzez Sybir do niepodleg\u0142ej\u201d\u2013 Bia\u0142ystok, 6\u20137 wrze\u015bnia 2018","description":"","icon":{"link":"\/dokumenty\/mapy\/94.png","x":18,"y":43,"width":36,"height":43},"img":[],"link":"\/mn\/maps\/100p5926,Marsz-Zywej-Pamieci-Polskiego-Sybiru-pod-haslem-Przez-Sybir-do-niepodleglej-Bial.html","url":"https:\/\/mojaniepodlegla.pl\/mn\/aktualnosci\/6559,Przglad-filmow-i-wystawa-IPN-podczas-XVIII-Miedzynarodowego-Marszu-Zywej-Pamieci.html","address":"bia\u0142ystok","zipcode":"","province":"","county":"","community":"","city":"","phone1":"","phone2":"","fax":"","email":""},"geometry":{"type":"Point","coordinates":[23.168840300000056,53.13248859]}},{"type":"Feature","properties":{"name":"Mi\u0119dzynarodowa konferencja naukowa \u201eMagna Res Libertas. Ku Niepodleg\u0142ej. W 100-lecie odzyskania przez Polsk\u0119 niepodleg\u0142o\u015bci\u201d \u2013 Rapperswil, 21\u201322 czerwca 2018","description":"","icon":{"link":"\/dokumenty\/mapy\/88.png","x":14,"y":42,"width":39,"height":42},"img":{"width":100,"height":66,"mini":"\/dokumenty\/mapy\/p_2602_m1.jpg","full":"\/dokumenty\/mapy\/p_2602.jpg"},"link":"\/mn\/maps\/100p2602,Miedzynarodowa-konferencja-naukowa-Magna-Res-Libertas-Ku-Niepodleglej-W-100-leci.html","url":"https:\/\/mojaniepodlegla.pl\/mn\/aktualnosci\/5353,Miedzynarodowa-konferencja-naukowa-Magna-Res-Libertas-Ku-Niepodleglej-W-100-leci.html","address":"zamech schloss raperswil","zipcode":"","province":"","county":"","community":"","city":"","phone1":"","phone2":"","fax":"","email":""},"geometry":{"type":"Point","coordinates":[8.815628199999992,47.2273569]}},{"type":"Feature","properties":{"name":"Mural #PokoleniaNiepodleg\u0142ej na budynku Archiwum IPN we Wroc\u0142awiu","description":"","icon":{"link":"\/dokumenty\/mapy\/106.png","x":15,"y":37,"width":31,"height":37},"img":[],"link":"\/mn\/maps\/100p2467,Mural-PokoleniaNiepodleglej-na-budynku-Archiwum-IPN-we-Wroclawiu.html","url":"https:\/\/mojaniepodlegla.pl\/mn\/upamietnianie\/4081,Mural-PokoleniaNiepodleglej-na-budynku-Archiwum-IPN-we-Wroclawiu.html","address":"Wroc\u0142aw IPN Sotysowicka 21","zipcode":"","province":"","county":"","community":"","city":"","phone1":"","phone2":"","fax":"","email":""},"geometry":{"type":"Point","coordinates":[17.07163109999999,51.1421073]}},{"type":"Feature","properties":{"name":"Mural przedstawiaj\u0105cy Ignacego Jana Paderewskiego \u2013 Ci\u0119\u017ckowice, 30 maja 2018","description":"","icon":{"link":"\/dokumenty\/mapy\/106.png","x":15,"y":37,"width":31,"height":37},"img":{"width":100,"height":67,"mini":"\/dokumenty\/mapy\/p_2545_m1.jpg","full":"\/dokumenty\/mapy\/p_2545.jpg"},"link":"\/mn\/maps\/100p2545,Mural-przedstawiajacy-Ignacego-Jana-Paderewskiego-Ciezkowice-30-maja-2018.html","url":"https:\/\/mojaniepodlegla.pl\/mn\/aktualnosci\/4609,Paderewski-3D-w-Ciezkowicach.html","address":"ci\u0119\u017ckowice \u0142uczkiewicz\u00f3w 12","zipcode":"","province":"","county":"","community":"","city":"","phone1":"","phone2":"","fax":"","email":""},"geometry":{"type":"Point","coordinates":[20.971143799999936,49.783392]}},{"type":"Feature","properties":{"name":"Mural w 100. rocznic\u0119 odzyskania przez Polsk\u0119 niepodleg\u0142o\u015bci \u2013 Bia\u0142ystok, 5 wrze\u015bnia 2018","description":"","icon":{"link":"\/dokumenty\/mapy\/106.png","x":15,"y":37,"width":31,"height":37},"img":[],"link":"\/mn\/maps\/100p5929,Mural-w-100-rocznice-odzyskania-przez-Polske-niepodleglosci-Bialystok-5-wrzesnia.html","url":"https:\/\/mojaniepodlegla.pl\/mn\/aktualnosci\/6547,Mural-w-100-rocznica-odzyskania-przez-Polske-niepodleglosci-Bialystok-5-wrzesnia.html","address":"bia\u0142ystok zwierzyniecka","zipcode":"","province":"","county":"","community":"","city":"","phone1":"","phone2":"","fax":"","email":""},"geometry":{"type":"Point","coordinates":[23.151685372408565,53.11958186]}},{"type":"Feature","properties":{"name":"Noc Niepodleg\u0142o\u015bci - Noc Kultury - Lublin, 2 czerwca 2018","description":"","icon":{"link":"\/dokumenty\/mapy\/94.png","x":18,"y":43,"width":36,"height":43},"img":[],"link":"\/mn\/maps\/100p2530,Noc-Niepodleglosci-Noc-Kultury-Lublin-2-czerwca-2018.html","url":"https:\/\/mojaniepodlegla.pl\/mn\/aktualnosci\/4312,Noc-Niepodleglosci-Noc-Kultury-Lublin-2-czerwca-2018.html","address":"Lublin wodopojna 2","zipcode":"","province":"","county":"","community":"","city":"","phone1":"","phone2":"","fax":"","email":""},"geometry":{"type":"Point","coordinates":[22.566225799999984,51.2502633]}},{"type":"Feature","properties":{"name":"Nowodworek triumfowa\u0142 w grze miejskiej \u201eKrakowskie drogi do wolno\u015bci\u201d","description":"","icon":{"link":"\/dokumenty\/mapy\/94.png","x":18,"y":43,"width":36,"height":43},"img":[],"link":"\/mn\/maps\/100p12195,Nowodworek-triumfowal-w-grze-miejskiej-Krakowskie-drogi-do-wolnosci.html","url":"https:\/\/mojaniepodlegla.pl\/mn\/aktualnosci\/13185,Nowodworek-triumfowal-w-grze-miejskiej-Krakowskie-drogi-do-wolnosci.html","address":"rynek krak\u00f3w","zipcode":"","province":"","county":"","community":"","city":"","phone1":"","phone2":"","fax":"","email":""},"geometry":{"type":"Point","coordinates":[19.93675589999998,50.0618969]}},{"type":"Feature","properties":{"name":"Obchody stulecia odzyskania niepodleg\u0142o\u015bci \u2013 Limanowa, 28 pa\u017adziernika 2018","description":"","icon":{"link":"\/dokumenty\/mapy\/94.png","x":18,"y":43,"width":36,"height":43},"img":[],"link":"\/mn\/maps\/100p6040,Obchody-stulecia-odzyskania-niepodleglosci-Limanowa-28-pazdziernika-2018.html","url":"https:\/\/mojaniepodlegla.pl\/mn\/aktualnosci\/9760,Obchody-stulecia-odzyskania-niepodleglosci-w-Limanowej.html","address":"Rynk Ma\u0142y w Limanowej","zipcode":"","province":"","county":"","community":"","city":"","phone1":"","phone2":"","fax":"","email":""},"geometry":{"type":"Point","coordinates":[20.423553399999946,49.70655]}},{"type":"Feature","properties":{"name":"Ods\u0142oni\u0119cie muralu niepodleg\u0142o\u015bciowego - Tarn\u00f3w, 22 czerwca","description":"","icon":{"link":"\/dokumenty\/mapy\/106.png","x":15,"y":37,"width":31,"height":37},"img":[],"link":"\/mn\/maps\/100p5692,Odsloniecie-muralu-niepodleglosciowego-Tarnow-22-czerwca.html","url":"https:\/\/mojaniepodlegla.pl\/mn\/aktualnosci\/5890,Odsloniecie-muralu-niepodleglosciowego-Tarnow-22-czerwca.html?sid=960b8b0d4b24f2015da59d26863e39e2","address":"Centrum Kszta\u0142cenia i Wychowania Ochotniczych Hufc\u00f3w Pracy w Tarnowie","zipcode":"","province":"","county":"","community":"","city":"","phone1":"","phone2":"","fax":"","email":""},"geometry":{"type":"Point","coordinates":[20.974998099999993,50.0121281]}},{"type":"Feature","properties":{"name":"Ods\u0142oni\u0119cie odnowionego pomnika Nieznanego \u017bo\u0142nierza \u2013 Lublin, 11 stycznia 2018","description":"","icon":{"link":"\/dokumenty\/mapy\/106.png","x":15,"y":37,"width":31,"height":37},"img":{"width":100,"height":67,"mini":"\/dokumenty\/mapy\/p_2158_m1.jpg","full":"\/dokumenty\/mapy\/p_2158.jpg"},"link":"\/mn\/maps\/100p2158,Odsloniecie-odnowionego-pomnika-Nieznanego-Zolnierza-Lublin-11-stycznia-2018.html","url":"https:\/\/mojaniepodlegla.pl\/mn\/upamietnianie\/3733,Odsloniecie-odnowionego-pomnika-Nieznanego-Zolnierza-w-Lublinie-11-stycznia-2018.html","address":"Lublin, Plac Litewski","zipcode":"","province":"","county":"","community":"","city":"","phone1":"","phone2":"","fax":"","email":""},"geometry":{"type":"Point","coordinates":[22.559979999999996,51.2490128]}},{"type":"Feature","properties":{"name":"Ods\u0142oni\u0119cie pomnika Marsza\u0142ka J\u00f3zefa Pi\u0142sudskiego \u2013 Brzoz\u00f3w, 3 wrze\u015bnia 2018","description":"","icon":{"link":"\/dokumenty\/mapy\/106.png","x":15,"y":37,"width":31,"height":37},"img":[],"link":"\/mn\/maps\/100p5902,Odsloniecie-pomnika-Marszalka-Jozefa-Pilsudskiego-Brzozow-3-wrzesnia-2018.html","url":"https:\/\/mojaniepodlegla.pl\/mn\/aktualnosci\/6514,Uroczystosc-odsloniecia-pomnika-Marszalka-Jozefa-Pilsudskiego-Brzozow-3-wrzesnia.html","address":"brzoz\u00f3w","zipcode":"","province":"","county":"","community":"","city":"","phone1":"","phone2":"","fax":"","email":""},"geometry":{"type":"Point","coordinates":[22.01936009999997,49.69427]}},{"type":"Feature","properties":{"name":"Ods\u0142oni\u0119cie pomnika po\u015bwi\u0119conego walcz\u0105cym o wolno\u015b\u0107 i niepodleg\u0142o\u015b\u0107 \u2013 \u0141apan\u00f3w, 18 marca 2018","description":"","icon":{"link":"\/dokumenty\/mapy\/106.png","x":15,"y":37,"width":31,"height":37},"img":{"width":100,"height":67,"mini":"\/dokumenty\/mapy\/p_2155_m1.jpg","full":"\/dokumenty\/mapy\/p_2155.jpg"},"link":"\/mn\/maps\/100p2155,Odsloniecie-pomnika-poswieconego-walczacym-o-wolnosc-i-niepodleglosc-Lapanow-18-.html","url":"https:\/\/mojaniepodlegla.pl\/mn\/upamietnianie\/3730,W-Lapanowie-odslonieto-pomnik-poswiecony-walczacym-o-wolnosc-i-niepodleglosc.html","address":"\u0142apan\u00f3w","zipcode":"","province":"","county":"","community":"","city":"","phone1":"","phone2":"","fax":"","email":""},"geometry":{"type":"Point","coordinates":[20.313225200000034,49.8709627]}},{"type":"Feature","properties":{"name":"Ods\u0142oni\u0119cie pomnika st. strzelca Juliana Kupcewicza poleg\u0142ego w wojnie polsko-bolszewickiej - Narew, 15 sierpnia 2018","description":"","icon":{"link":"\/dokumenty\/mapy\/106.png","x":15,"y":37,"width":31,"height":37},"img":[],"link":"\/mn\/maps\/100p5869,Odsloniecie-pomnika-st-strzelca-Juliana-Kupcewicza-poleglego-w-wojnie-polsko-bol.html","url":"https:\/\/mojaniepodlegla.pl\/mn\/upamietnianie\/6385,Uroczystosc-odsloniecia-pomnika-st-strzelca-Juliana-Kupcewicza-poleglego-w-wojni.html","address":"Narew","zipcode":"","province":"","county":"","community":"","city":"","phone1":"","phone2":"","fax":"","email":""},"geometry":{"type":"Point","coordinates":[22.294146700000056,52.8451928]}},{"type":"Feature","properties":{"name":"Ods\u0142oni\u0119cie tablicy pami\u0119ci J\u00f3zefa Pi\u0142sudskiego i promocja albumu \u201eGenera\u0142 Gustaw Orlicz-Dreszer\u201d \u2013 Che\u0142m, 6 pa\u017adziernika 2018","description":"","icon":{"link":"\/dokumenty\/mapy\/106.png","x":15,"y":37,"width":31,"height":37},"img":[],"link":"\/mn\/maps\/100p7576,Odsloniecie-tablicy-pamieci-Jozefa-Pilsudskiego-i-promocja-albumu-General-Gustaw.html","url":"https:\/\/mojaniepodlegla.pl\/mn\/upamietnianie\/8521,Odsloniecie-tablicy-pamieci-Jozefa-Pilsudskiego-i-promocja-albumu-General-Gustaw.html","address":"Niepodleg\u0142o\u015bci 1, che\u0142m","zipcode":"","province":"","county":"","community":"","city":"","phone1":"","phone2":"","fax":"","email":""},"geometry":{"type":"Point","coordinates":[23.494311899999957,51.1332809]}},{"type":"Feature","properties":{"name":"Ods\u0142oni\u0119cie Tablicy Wdzi\u0119czno\u015bci \u2013 Pozna\u0144, 27 grudnia 2018","description":"","icon":{"link":"\/dokumenty\/mapy\/106.png","x":15,"y":37,"width":31,"height":37},"img":[],"link":"\/mn\/maps\/100p7567,Odsloniecie-Tablicy-Wdziecznosci-Poznan-27-grudnia-2018.html","url":"https:\/\/mojaniepodlegla.pl\/mn\/upamietnianie\/11473,Odsloniecie-Tablicy-Wdziecznosci-Poznan-27-grudnia-2018.html","address":"Urz\u0119dzie Wojew\u00f3dzkim w Poznaniu","zipcode":"","province":"","county":"","community":"","city":"","phone1":"","phone2":"","fax":"","email":""},"geometry":{"type":"Point","coordinates":[16.919175999999993,52.4104846]}},{"type":"Feature","properties":{"name":"Ods\u0142oni\u0119cie tabliczek z imionami D\u0119b\u00f3w Niepodleg\u0142o\u015bci przy siedzibie Wsp\u00f3lnoty Polskiej \u2013 Warszawa, 2 kwietnia 2019","description":"","icon":{"link":"\/dokumenty\/mapy\/106.png","x":15,"y":37,"width":31,"height":37},"img":[],"link":"\/mn\/maps\/100p7564,Odsloniecie-tabliczek-z-imionami-Debow-Niepodleglosci-przy-siedzibie-Wspolnoty-P.html","url":"https:\/\/mojaniepodlegla.pl\/mn\/wydarzenia-plenerowe\/12031,Odsloniecie-tabliczek-z-imionami-Debow-Niepodleglosci-przy-siedzibie-Wspolnoty-P.html","address":"Krakowskim Przedmie\u015bciu 64 w Warszawie","zipcode":"","province":"","county":"","community":"","city":"","phone1":"","phone2":"","fax":"","email":""},"geometry":{"type":"Point","coordinates":[21.014429999999948,52.245307]}},{"type":"Feature","properties":{"name":"Ods\u0142oni\u0119to Pomnik Niepodleg\u0142o\u015bci \u2013 Gr\u0119bosz\u00f3w, 14 pa\u017adziernika 2018 r.","description":"","icon":{"link":"\/dokumenty\/mapy\/106.png","x":15,"y":37,"width":31,"height":37},"img":{"width":100,"height":67,"mini":"\/dokumenty\/mapy\/p_6097_m1.jpg","full":"\/dokumenty\/mapy\/p_6097.jpg"},"link":"\/mn\/maps\/100p6097,Odslonieto-Pomnik-Niepodleglosci-Greboszow-14-pazdziernika-2018-r.html","url":"https:\/\/mojaniepodlegla.pl\/mn\/wydarzenia-plenerowe\/7561,W-Greboszowie-odslonieto-Pomnik-Niepodleglosci.html","address":"Gr\u0119bosz\u00f3w","zipcode":"","province":"","county":"","community":"","city":"","phone1":"","phone2":"","fax":"","email":""},"geometry":{"type":"Point","coordinates":[20.799945200000025,50.2527847]}},{"type":"Feature","properties":{"name":"Ods\u0142oni\u0119to pomnik poleg\u0142ych i pomordowanych za Ojczyzn\u0119 \u2013 K\u0142aj, 30 pa\u017adziernika 2018","description":"","icon":{"link":"\/dokumenty\/mapy\/106.png","x":15,"y":37,"width":31,"height":37},"img":[],"link":"\/mn\/maps\/100p7573,Odslonieto-pomnik-poleglych-i-pomordowanych-za-Ojczyzne-Klaj-30-pazdziernika-201.html","url":"https:\/\/mojaniepodlegla.pl\/mn\/upamietnianie\/9916,W-Klaju-odslonieto-pomnik-poleglych-i-pomordowanych-za-Ojczyzne.html","address":"","zipcode":"","province":"","county":"","community":"","city":"","phone1":"","phone2":"","fax":"","email":""},"geometry":{"type":"Point","coordinates":[20.283984199999963,50.0045178]}},{"type":"Feature","properties":{"name":"Og\u00f3lnopolska konferencja naukowa \u201eW 100-lecie odzyskania przez Polsk\u0119 niepodleg\u0142o\u015bci\u201d \u2013 Tomasz\u00f3w Mazowiecki, 18 czerwca 2018","description":"","icon":{"link":"\/dokumenty\/mapy\/88.png","x":14,"y":42,"width":39,"height":42},"img":{"width":100,"height":140,"mini":"\/dokumenty\/mapy\/p_2542_m1.jpg","full":"\/dokumenty\/mapy\/p_2542.jpg"},"link":"\/mn\/maps\/100p2542,Ogolnopolska-konferencja-naukowa-W-100-lecie-odzyskania-przez-Polske-niepodleglo.html","url":"https:\/\/mojaniepodlegla.pl\/mn\/aktualnosci\/4549,Ogolnopolska-konferencja-naukowa-W-100-lecie-odzyskania-przez-Polske-niepodleglo.html?sid=414de27c0421ef3d13a3b737cb21cc5b","address":"ul. Ignacego Mo\u015bcickiego 22\/24 tomasz\u00f3w mazowiecki","zipcode":"","province":"","county":"","community":"","city":"","phone1":"","phone2":"","fax":"","email":""},"geometry":{"type":"Point","coordinates":[20.0147465,51.529778]}},{"type":"Feature","properties":{"name":"Og\u00f3lnopolska konferencja naukowa \u201eW 150-lecie urodzin J\u00f3zefa Pi\u0142sudskiego. Marsza\u0142ek J\u00f3zef Pi\u0142sudski \u2013 Droga do Niepodleg\u0142ej\u201d \u2013 Be\u0142chat\u00f3w, 7\u20138 grudnia 2017","description":"","icon":{"link":"\/dokumenty\/mapy\/88.png","x":14,"y":42,"width":39,"height":42},"img":{"width":100,"height":75,"mini":"\/dokumenty\/mapy\/p_2305_m1.jpg","full":"\/dokumenty\/mapy\/p_2305.jpg"},"link":"\/mn\/maps\/100p2305,Ogolnopolska-konferencja-naukowa-W-150-lecie-urodzin-Jozefa-Pilsudskiego-Marszal.html","url":"https:\/\/mojaniepodlegla.pl\/mn\/konferencje-i-wyklady\/2860,Ogolnopolska-konferencja-naukowa-W-150-lecie-urodzin-Jozefa-Pilsudskiego-Marszal.html","address":"Rezydencji Dw\u00f3r Polski w Be\u0142chatowie","zipcode":"","province":"","county":"","community":"","city":"","phone1":"","phone2":"","fax":"","email":""},"geometry":{"type":"Point","coordinates":[19.340981100000022,51.3813833]}},{"type":"Feature","properties":{"name":"Panel dyskusyjny \u201eO Nasz\u0105 Niepodleg\u0142\u0105\u201d \u2013 udzia\u0142 ziemian w walkach o odzyskanie niepodleg\u0142o\u015bci \u2013 Kielce, 9 marca","description":"","icon":{"link":"\/dokumenty\/mapy\/88.png","x":14,"y":42,"width":39,"height":42},"img":[],"link":"\/mn\/maps\/100p2002,Panel-dyskusyjny-O-Nasza-Niepodlegla-udzial-ziemian-w-walkach-o-odzyskanie-niepo.html","url":"https:\/\/mojaniepodlegla.pl\/mn\/aktualnosci\/2494,Panel-dyskusyjny-O-Nasza-Niepodlegla-udzial-ziemian-w-walkach-o-odzyskanie-niepo.html","address":"Kielce ul. Warszawskiej 5","zipcode":"","province":"","county":"","community":"","city":"","phone1":"","phone2":"","fax":"","email":""},"geometry":{"type":"Point","coordinates":[20.63225399999999,50.8729065]}},{"type":"Feature","properties":{"name":"Panel dyskusyjny \u201eZamach majowy 1926 r.\u201d \u2013 Szczecin, 15 maja 2018","description":"","icon":{"link":"\/dokumenty\/mapy\/88.png","x":14,"y":42,"width":39,"height":42},"img":{"width":100,"height":40,"mini":"\/dokumenty\/mapy\/p_2164_m1.jpg","full":"\/dokumenty\/mapy\/p_2164.jpg"},"link":"\/mn\/maps\/100p2164,Panel-dyskusyjny-Zamach-majowy-1926-r-Szczecin-15-maja-2018.html","url":"https:\/\/mojaniepodlegla.pl\/mn\/aktualnosci\/3748,Panel-dyskusyjny-Zamach-majowy-1926-r-Szczecin-15-maja-2018.html","address":"szczecin, ksi\u0105\u017cnica pomorska","zipcode":"","province":"","county":"","community":"","city":"","phone1":"","phone2":"","fax":"","email":""},"geometry":{"type":"Point","coordinates":[14.553854000000001,53.4234131]}},{"type":"Feature","properties":{"name":"Piknik wojskowo-patriotyczny z okazji \u015awi\u0119ta Wojska Polskiego \u201eStulecie Niepodleg\u0142o\u015bci \u2013 historia or\u0119\u017ca polskiego\u201d \u2013 Zel\u00f3w, 19 sierpnia 2018","description":"","icon":{"link":"\/dokumenty\/mapy\/94.png","x":18,"y":43,"width":36,"height":43},"img":{"width":100,"height":56,"mini":"\/dokumenty\/mapy\/p_5824_m1.jpg","full":"\/dokumenty\/mapy\/p_5824.jpg"},"link":"\/mn\/maps\/100p5824,Piknik-wojskowo-patriotyczny-z-okazji-Swieta-Wojska-Polskiego-Stulecie-Niepodleg.html","url":"https:\/\/mojaniepodlegla.pl\/mn\/aktualnosci\/6127,Piknik-wojskowo-patriotyczny-z-okazji-Swieta-Wojska-Polskiego-Stulecie-Niepodleg.html","address":"Zel\u00f3w","zipcode":"","province":"","county":"","community":"","city":"","phone1":"","phone2":"","fax":"","email":""},"geometry":{"type":"Point","coordinates":[19.18835660000002,51.4390218]}},{"type":"Feature","properties":{"name":"Plenerowa wystawa IPN \u201ePowsta\u0142a, by \u017cy\u0107\u201d \u2013 Kielce, 1\u201324 maja 2019","description":"","icon":{"link":"\/dokumenty\/mapy\/79.png","x":15,"y":35,"width":31,"height":35},"img":[],"link":"\/mn\/maps\/100p7540,Plenerowa-wystawa-IPN-Powstala-by-zyc-Kielce-124-maja-2019.html","url":"https:\/\/mojaniepodlegla.pl\/mn\/wystawy\/12157,Plenerowa-wystawa-IPN-Powstala-by-zyc-Kielce-124-maja-2019.html","address":"pl. Wolno\u015bci w Kielcach","zipcode":"","province":"","county":"","community":"","city":"","phone1":"","phone2":"","fax":"","email":""},"geometry":{"type":"Point","coordinates":[20.634723500000064,50.8673125]}},{"type":"Feature","properties":{"name":"Podkarpacka Akademia Niepodleg\u0142o\u015bci \u2013 \u0141a\u0144cut, 15 lutego 2019","description":"","icon":{"link":"\/dokumenty\/mapy\/85.png","x":15,"y":41,"width":31,"height":41},"img":{"width":100,"height":65,"mini":"\/dokumenty\/mapy\/p_7243_m1.jpg","full":"\/dokumenty\/mapy\/p_7243.jpg"},"link":"\/mn\/maps\/100p7243,Podkarpacka-Akademia-Niepodleglosci-Lancut-15-lutego-2019.html","url":"https:\/\/rzeszow.ipn.gov.pl\/pl8\/aktualnosci\/65374,Podkarpacka-Akademia-Niepodleglosci-Lancut-15-lutego-2019.html","address":"Ko\u015bciuszki 2, \u0142a\u0144cut","zipcode":"","province":"","county":"","community":"","city":"","phone1":"","phone2":"","fax":"","email":""},"geometry":{"type":"Point","coordinates":[22.231036000000017,50.068385]}},{"type":"Feature","properties":{"name":"Pokaz filmu \u201eNiepodleg\u0142o\u015b\u0107\u201d i wyk\u0142ad dr. DarPruszk\u00f3w iusza Ga\u0142aszewskiego pt. \u201eBudowanie niepodleg\u0142ej\u201d w ramach cyklu Akademia Niepodleg\u0142o\u015bci \u2013Pruszk\u00f3w, 9 lutego 2019","description":"","icon":{"link":"\/dokumenty\/mapy\/94.png","x":18,"y":43,"width":36,"height":43},"img":{"width":100,"height":141,"mini":"\/dokumenty\/mapy\/p_7219_m1.jpg","full":"\/dokumenty\/mapy\/p_7219.jpg"},"link":"\/mn\/maps\/100p7219,Pokaz-filmu-Niepodleglosc-i-wyklad-dr-DarPruszkow-iusza-Galaszewskiego-pt-Budowa.html","url":"https:\/\/mojaniepodlegla.pl\/mn\/aktualnosci\/11731,Prelekcja-Adama-Chmieleckiego-Od-Niepodleglosci-do-Solidarnosci-Inspiracje-trady.html?sid=021f33edf69a0d5c38f86a52aef78d84","address":"Pruszk\u00f3w (Muzeum Dulag 121","zipcode":"","province":"","county":"","community":"","city":"","phone1":"","phone2":"","fax":"","email":""},"geometry":{"type":"Point","coordinates":[20.807571000000053,52.17302]}},{"type":"Feature","properties":{"name":"Prelekcja Adama Chmieleckiego \u201eOd Niepodleg\u0142o\u015bci do Solidarno\u015bci. Inspiracje tradycji niepodleg\u0142o\u015bciowej\u201d \u2013 Dzia\u0142dowo, 7 lutego 2019","description":"","icon":{"link":"\/dokumenty\/mapy\/85.png","x":15,"y":41,"width":31,"height":41},"img":{"width":100,"height":141,"mini":"\/dokumenty\/mapy\/p_7225_m1.jpg","full":"\/dokumenty\/mapy\/p_7225.jpg"},"link":"\/mn\/maps\/100p7225,Prelekcja-Adama-Chmieleckiego-Od-Niepodleglosci-do-Solidarnosci-Inspiracje-trady.html","url":"https:\/\/mojaniepodlegla.pl\/mn\/aktualnosci\/11731,Prelekcja-Adama-Chmieleckiego-Od-Niepodleglosci-do-Solidarnosci-Inspiracje-trady.html","address":"Dzia\u0142dowo, Polna 11a","zipcode":"","province":"","county":"","community":"","city":"","phone1":"","phone2":"","fax":"","email":""},"geometry":{"type":"Point","coordinates":[20.16790089999995,53.2309442]}},{"type":"Feature","properties":{"name":"Prelekcja dr. Krzysztofa Kordy \u201eLokalni Ojcowie Niepodleg\u0142o\u015bci \u2013 ks. J\u00f3zef Wrycza\u201d \u2013 Wejherowo, 8 lutego 2018","description":"","icon":{"link":"\/dokumenty\/mapy\/85.png","x":15,"y":41,"width":31,"height":41},"img":{"width":100,"height":141,"mini":"\/dokumenty\/mapy\/p_7222_m1.jpg","full":"\/dokumenty\/mapy\/p_7222.jpg"},"link":"\/mn\/maps\/100p7222,Prelekcja-dr-Krzysztofa-Kordy-Lokalni-Ojcowie-Niepodleglosci-ks-Jozef-Wrycza-Wej.html","url":"https:\/\/mojaniepodlegla.pl\/mn\/aktualnosci\/11743,Prelekcja-dr-Krzysztofa-Kordy-Lokalni-Ojcowie-Niepodleglosci-ks-Jozef-Wrycza-Wej.html","address":"Szkole Muzycznej I stopnia im. Fryderyka Chopina w Wejherowie","zipcode":"","province":"","county":"","community":"","city":"","phone1":"","phone2":"","fax":"","email":""},"geometry":{"type":"Point","coordinates":[18.27916909999999,54.6034871]}},{"type":"Feature","properties":{"name":"Prelekcja dr. Krzysztofa Kordy \u201eLokalni Ojcowie Niepodleg\u0142o\u015bci \u2013 ks. J\u00f3zef Wrycza\u201d \u2013 Wejherowo, 8 lutego 2019","description":"","icon":{"link":"\/dokumenty\/mapy\/85.png","x":15,"y":41,"width":31,"height":41},"img":{"width":100,"height":141,"mini":"\/dokumenty\/mapy\/p_7231_m1.jpg","full":"\/dokumenty\/mapy\/p_7231.jpg"},"link":"\/mn\/maps\/100p7231,Prelekcja-dr-Krzysztofa-Kordy-Lokalni-Ojcowie-Niepodleglosci-ks-Jozef-Wrycza-Wej.html","url":"https:\/\/mojaniepodlegla.pl\/mn\/aktualnosci\/11731,Prelekcja-Adama-Chmieleckiego-Od-Niepodleglosci-do-Solidarnosci-Inspiracje-trady.html","address":"szko\u0142a muzyczna w wejcherowie","zipcode":"","province":"","county":"","community":"","city":"","phone1":"","phone2":"","fax":"","email":""},"geometry":{"type":"Point","coordinates":[18.22875620000002,54.6039304]}},{"type":"Feature","properties":{"name":"Premiera animowanego filmu edukacyjnego \u201eCo by by\u0142o, gdyby zwierz\u0119ta m\u00f3wi\u0142y? Ba\u015bka Murma\u0144ska\u201d \u2013 Warszawa, 25 maja 2018","description":"","icon":{"link":"\/dokumenty\/mapy\/94.png","x":18,"y":43,"width":36,"height":43},"img":{"width":100,"height":143,"mini":"\/dokumenty\/mapy\/p_2494_m1.jpg","full":"\/dokumenty\/mapy\/p_2494.jpg"},"link":"\/mn\/maps\/100p2494,Premiera-animowanego-filmu-edukacyjnego-Co-by-bylo-gdyby-zwierzeta-mowily-Baska-.html","url":"https:\/\/mojaniepodlegla.pl\/mn\/aktualnosci\/4327,Niedzwiedzica-Baska-Murmanska-opowiedziala-o-niepodleglosci-Warszawa-25-maja-201.html","address":"Marsza\u0142kowskiej 21\/25 w Warszawie","zipcode":"","province":"","county":"","community":"","city":"","phone1":"","phone2":"","fax":"","email":""},"geometry":{"type":"Point","coordinates":[21.01905839999995,52.2173701]}},{"type":"Feature","properties":{"name":"Prezentacja wystawy \u201eOjcowie Niepodleg\u0142o\u015bci\u201d \u2013 Bolewice, 2\u201321 pa\u017adziernika 2018","description":"","icon":{"link":"\/dokumenty\/mapy\/109.png","x":14,"y":14,"width":24,"height":24},"img":{"width":100,"height":133,"mini":"\/dokumenty\/mapy\/p_6025_m1.jpg","full":"\/dokumenty\/mapy\/p_6025.jpg"},"link":"\/mn\/maps\/100p6025,Prezentacja-wystawy-Ojcowie-Niepodleglosci-Bolewice-221-pazdziernika-2018.html","url":"https:\/\/mojaniepodlegla.pl\/mn\/aktualnosci\/7459,Bialo-czerwony-szlak-Moja-Niepodlegla-prezentacja-wystawy-Ojcowie-Niepodleglosci.html?sid=41f51b45b5b489d76a6f33b613b46f30","address":"Bolewice, ul. \u015awiebodzi\u0144ska 35","zipcode":"","province":"","county":"","community":"","city":"","phone1":"","phone2":"","fax":"","email":""},"geometry":{"type":"Point","coordinates":[16.120669099999986,52.400352]}},{"type":"Feature","properties":{"name":"Prezentacja wystawy \u201ePolski gen wolno\u015bci. 150 lat walk o niepodleg\u0142o\u015b\u0107\u201d \u2013 Pozna\u0144, 1\u201316 maja 2019","description":"","icon":{"link":"\/dokumenty\/mapy\/79.png","x":15,"y":35,"width":31,"height":35},"img":[],"link":"\/mn\/maps\/100p7537,Prezentacja-wystawy-Polski-gen-wolnosci-150-lat-walk-o-niepodleglosc-Poznan-116-.html","url":"https:\/\/mojaniepodlegla.pl\/mn\/wystawy\/12184,Prezentacja-wystawy-Polski-gen-wolnosci-150-lat-walk-o-niepodleglosc-Poznan-116-.html","address":"al. Niepodleg\u0142o\u015bci 16\/18, pozna\u0144","zipcode":"","province":"","county":"","community":"","city":"","phone1":"","phone2":"","fax":"","email":""},"geometry":{"type":"Point","coordinates":[16.919105700000046,52.4104428]}},{"type":"Feature","properties":{"name":"Prezentacja wystawy \u201eRobert Oszek (1896\u20131938) \u2013 \u017co\u0142nierz Niepodleg\u0142ej\u201d \u2013 Zabrze, 1 \u2013 22 kwietnia 2019","description":"","icon":{"link":"\/dokumenty\/mapy\/79.png","x":15,"y":35,"width":31,"height":35},"img":[],"link":"\/mn\/maps\/100p7552,Prezentacja-wystawy-Robert-Oszek-18961938-zolnierz-Niepodleglej-Zabrze-1-22-kwie.html","url":"https:\/\/mojaniepodlegla.pl\/mn\/wystawy\/12136,Prezentacja-wystawy-Robert-Oszek-18961938-zolnierz-Niepodleglej-Zabrze-1-22-kwie.html","address":"ul. 3 Maja 91, zabrze","zipcode":"","province":"","county":"","community":"","city":"","phone1":"","phone2":"","fax":"","email":""},"geometry":{"type":"Point","coordinates":[18.79195900000002,50.289238999]}},{"type":"Feature","properties":{"name":"Prezentacja wystawy \u201eU progu niepodleg\u0142o\u015bci II Rzeczypospolitej\u201d \u2013 Bia\u0142ystok, 19 lutego 2019","description":"","icon":{"link":"\/dokumenty\/mapy\/79.png","x":15,"y":35,"width":31,"height":35},"img":[],"link":"\/mn\/maps\/100p7555,Prezentacja-wystawy-U-progu-niepodleglosci-II-Rzeczypospolitej-Bialystok-19-lute.html","url":"https:\/\/mojaniepodlegla.pl\/mn\/wystawy\/11911,Prezentacja-wystawy-U-progu-niepodleglosci-II-Rzeczypospolitej-Bialystok-19-lute.html","address":"M. Sk\u0142odowskiej-Curie 14 A, bia\u0142ystok","zipcode":"","province":"","county":"","community":"","city":"","phone1":"","phone2":"","fax":"","email":""},"geometry":{"type":"Point","coordinates":[23.15885419999995,53.127917399]}},{"type":"Feature","properties":{"name":"Prezentacja wystawy \u201eWielkopolanie ku Niepodleg\u0142ej \u2013 w stulecie zwyci\u0119skiego powstania 1918-1919 roku\u201d \u2013 Gda\u0144sk, 9\u201320 kwietnia 2019","description":"","icon":{"link":"\/dokumenty\/mapy\/79.png","x":15,"y":35,"width":31,"height":35},"img":[],"link":"\/mn\/maps\/100p7549,Prezentacja-wystawy-Wielkopolanie-ku-Niepodleglej-w-stulecie-zwycieskiego-powsta.html","url":"https:\/\/mojaniepodlegla.pl\/mn\/wystawy\/12073,Prezentacja-wystawy-Wielkopolanie-ku-Niepodleglej-w-stulecie-zwycieskiego-powsta.html","address":"Muzeum Poczty Polskiej w Gda\u0144sku","zipcode":"","province":"","county":"","community":"","city":"","phone1":"","phone2":"","fax":"","email":""},"geometry":{"type":"Point","coordinates":[18.656674100000032,54.3550186]}},{"type":"Feature","properties":{"name":"Prezentacja wystawy \u201eWielkopolanie ku Niepodleg\u0142ej \u2013 w stulecie zwyci\u0119skiego powstania 1918-1919 roku\u201d \u2013 Inowroc\u0142aw, 27 kwietnia\u201312 maja 2019","description":"","icon":{"link":"\/dokumenty\/mapy\/79.png","x":15,"y":35,"width":31,"height":35},"img":[],"link":"\/mn\/maps\/100p7543,Prezentacja-wystawy-Wielkopolanie-ku-Niepodleglej-w-stulecie-zwycieskiego-powsta.html","url":"https:\/\/mojaniepodlegla.pl\/mn\/wystawy\/12142,Prezentacja-wystawy-Wielkopolanie-ku-Niepodleglej-w-stulecie-zwycieskiego-powsta.html","address":"inowroc\u0142aw rynek","zipcode":"","province":"","county":"","community":"","city":"","phone1":"","phone2":"","fax":"","email":""},"geometry":{"type":"Point","coordinates":[18.259918599999992,52.79527849]}},{"type":"Feature","properties":{"name":"Prezentacja wystawy \u201eWielkopolanie ku Niepodleg\u0142ej\u201d na \u015al\u0105sku \u2013 \u015awi\u0119toch\u0142owice, 7 \u2013 17 lutego 2019","description":"","icon":{"link":"\/dokumenty\/mapy\/79.png","x":15,"y":35,"width":31,"height":35},"img":[],"link":"\/mn\/maps\/100p7561,Prezentacja-wystawy-Wielkopolanie-ku-Niepodleglej-na-Slasku-Swietochlowice-7-17-.html","url":"https:\/\/mojaniepodlegla.pl\/mn\/wystawy\/11668,Prezentacja-wystawy-Wielkopolanie-ku-Niepodleglej-na-Slasku-Swietochlowice-7-17-.html","address":"Wiktora Polaka 1, \u015bwi\u0119toch\u0142owice","zipcode":"","province":"","county":"","community":"","city":"","phone1":"","phone2":"","fax":"","email":""},"geometry":{"type":"Point","coordinates":[18.92538460000003,50.2883246]}},{"type":"Feature","properties":{"name":"Prezentacja wystawy plenerowej \u201eRobert Oszek (1896-1938) \u2013 \u017co\u0142nierz Niepodleg\u0142ej\u201d \u2013 Katowice, 25 kwietnia \u2013 20 maja 2019","description":"","icon":{"link":"\/dokumenty\/mapy\/79.png","x":15,"y":35,"width":31,"height":35},"img":[],"link":"\/mn\/maps\/100p7546,Prezentacja-wystawy-plenerowej-Robert-Oszek-1896-1938-zolnierz-Niepodleglej-Kato.html","url":"https:\/\/mojaniepodlegla.pl\/mn\/wystawy\/12166,Prezentacja-wystawy-plenerowej-Robert-Oszek-1896-1938-zolnierz-Niepodleglej-Kato.html","address":"ul. Wincentego Pola 38, katowice","zipcode":"","province":"","county":"","community":"","city":"","phone1":"","phone2":"","fax":"","email":""},"geometry":{"type":"Point","coordinates":[18.990067100000033,50.2441824]}},{"type":"Feature","properties":{"name":"Rajd \u201eO Niepodleg\u0142\u0105 \u2013 szlakami Langiewicza, Hubala i Ponurego\u201d \u2013 G\u00f3ry \u015awi\u0119tokrzyskie, 15-17 czerwca","description":"","icon":{"link":"\/dokumenty\/mapy\/94.png","x":18,"y":43,"width":36,"height":43},"img":{"width":100,"height":142,"mini":"\/dokumenty\/mapy\/p_2512_m1.jpg","full":"\/dokumenty\/mapy\/p_2512.jpg"},"link":"\/mn\/maps\/100p2512,Rajd-O-Niepodlegla-szlakami-Langiewicza-Hubala-i-Ponurego-Gory-Swietokrzyskie-15.html","url":"https:\/\/mojaniepodlegla.pl\/mn\/aktualnosci\/4228,Rajd-O-Niepodlegla-szlakami-Langiewicza-Hubala-i-Ponurego-Gory-Swietokrzyskie-15.html","address":"W\u0105chocko","zipcode":"","province":"","county":"","community":"","city":"","phone1":"","phone2":"","fax":"","email":""},"geometry":{"type":"Point","coordinates":[21.01244010000005,51.07359]}},{"type":"Feature","properties":{"name":"Rajd konny szlakiem bojowym 3.\/17. Pu\u0142ku U\u0142an\u00f3w Wielkopolskich \u2013 Gniezno\u2013Szubin, 4\u20136 czerwca 2018","description":"","icon":{"link":"\/dokumenty\/mapy\/94.png","x":18,"y":43,"width":36,"height":43},"img":{"width":100,"height":142,"mini":"\/dokumenty\/mapy\/p_2506_m1.jpg","full":"\/dokumenty\/mapy\/p_2506.jpg"},"link":"\/mn\/maps\/100p2506,Rajd-konny-szlakiem-bojowym-317-Pulku-Ulanow-Wielkopolskich-GnieznoSzubin-46-cze.html","url":"https:\/\/mojaniepodlegla.pl\/mn\/aktualnosci\/4231,Rajd-konny-szlakiem-bojowym-317-Pulku-Ulanow-Wielkopolskich-GnieznoSzubin-46-cze.html?sid=c9dc470b645d86b11d7e71892abead71","address":"Szubin","zipcode":"","province":"","county":"","community":"","city":"","phone1":"","phone2":"","fax":"","email":""},"geometry":{"type":"Point","coordinates":[17.73989000000006,53.00942]}},{"type":"Feature","properties":{"name":"Rajd konny szlakiem bojowym 3.\/17. Pu\u0142ku U\u0142an\u00f3w Wielkopolskich \u2013 Gniezno\u2013Szubin, 4\u20136 czerwca 2018","description":"","icon":{"link":"\/dokumenty\/mapy\/94.png","x":18,"y":43,"width":36,"height":43},"img":{"width":100,"height":142,"mini":"\/dokumenty\/mapy\/p_2503_m1.jpg","full":"\/dokumenty\/mapy\/p_2503.jpg"},"link":"\/mn\/maps\/100p2503,Rajd-konny-szlakiem-bojowym-317-Pulku-Ulanow-Wielkopolskich-GnieznoSzubin-46-cze.html","url":"https:\/\/mojaniepodlegla.pl\/mn\/aktualnosci\/4231,Rajd-konny-szlakiem-bojowym-317-Pulku-Ulanow-Wielkopolskich-GnieznoSzubin-46-cze.html","address":"Gniezno\u2013Szubin","zipcode":"","province":"","county":"","community":"","city":"","phone1":"","phone2":"","fax":"","email":""},"geometry":{"type":"Point","coordinates":[17.582657499999982,52.5349253]}},{"type":"Feature","properties":{"name":"Sadzenie D\u0119bu Niepodleg\u0142o\u015bci oraz otwarcie wystawy pt.: \u201ePlebiscyt 1920 roku. Walka o polsko\u015b\u0107 Warmii i Mazur\u201d \u2013 Rumian, 18 pa\u017adziernika","description":"","icon":{"link":"\/dokumenty\/mapy\/79.png","x":15,"y":35,"width":31,"height":35},"img":{"width":100,"height":74,"mini":"\/dokumenty\/mapy\/p_6094_m1.jpg","full":"\/dokumenty\/mapy\/p_6094.jpg"},"link":"\/mn\/maps\/100p6094,Sadzenie-Debu-Niepodleglosci-oraz-otwarcie-wystawy-pt-Plebiscyt-1920-roku-Walka-.html","url":"https:\/\/mojaniepodlegla.pl\/mn\/wydarzenia-plenerowe\/8713,Sadzenie-Debu-Niepodleglosci-oraz-otwarcie-wystawy-pt-Plebiscyt-1920-roku-Walka-.html","address":"Rumian","zipcode":"","province":"","county":"","community":"","city":"","phone1":"","phone2":"","fax":"","email":""},"geometry":{"type":"Point","coordinates":[19.93204700000001,53.4173511]}},{"type":"Feature","properties":{"name":"SBB na stulecie niepodleg\u0142o\u015bci \u2013 Katowice, 24 sierpnia 2018","description":"","icon":{"link":"\/dokumenty\/mapy\/94.png","x":18,"y":43,"width":36,"height":43},"img":[],"link":"\/mn\/maps\/100p5854,SBB-na-stulecie-niepodleglosci-Katowice-24-sierpnia-2018.html","url":"https:\/\/mojaniepodlegla.pl\/mn\/aktualnosci\/6286,SBB-na-stulecie-niepodleglosci-Katowice-24-sierpnia-2018.html","address":"Katowice pl. Sejmu \u015alaskiego 2.","zipcode":"","province":"","county":"","community":"","city":"","phone1":"","phone2":"","fax":"","email":""},"geometry":{"type":"Point","coordinates":[19.023435699999936,50.2529531]}},{"type":"Feature","properties":{"name":"Semper fidelis. Walki o Lw\u00f3w 1918-1919 \u2013 VII sesja wyk\u0142adowa Akademii Niepodleg\u0142o\u015bci w Cieszynie, 11 marca 2019","description":"","icon":{"link":"\/dokumenty\/mapy\/85.png","x":15,"y":41,"width":31,"height":41},"img":{"width":100,"height":65,"mini":"\/dokumenty\/mapy\/p_7276_m1.jpg","full":"\/dokumenty\/mapy\/p_7276.jpg"},"link":"\/mn\/maps\/100p7276,Semper-fidelis-Walki-o-Lwow-1918-1919-VII-sesja-wykladowa-Akademii-Niepodleglosc.html","url":"https:\/\/mojaniepodlegla.pl\/mn\/aktualnosci\/11971,Semper-fidelis-Walki-o-Lwow-1918-1919-VII-sesja-wykladowa-Akademii-Niepodleglosc.html","address":"Cieszyn, Mennicza 46","zipcode":"","province":"","county":"","community":"","city":"","phone1":"","phone2":"","fax":"","email":""},"geometry":{"type":"Point","coordinates":[18.62946199999999,49.7502349]}},{"type":"Feature","properties":{"name":"Spektakl s\u0142owno-muzyczny pt. \u201eW\u00f3dz\u201d wed\u0142ug scenariusza i w re\u017cyserii Leszka Kuma\u0144skiego \u2013 Kielce, 5 grudnia 2017","description":"","icon":{"link":"\/dokumenty\/mapy\/94.png","x":18,"y":43,"width":36,"height":43},"img":{"width":100,"height":36,"mini":"\/dokumenty\/mapy\/p_1966_m1.jpg","full":"\/dokumenty\/mapy\/p_1966.jpg"},"link":"\/mn\/maps\/100p1966,Spektakl-slowno-muzyczny-pt-Wodz-wedlug-scenariusza-i-w-rezyserii-Leszka-Kumansk.html","url":"https:\/\/mojaniepodlegla.pl\/mn\/wydarzenia-plenerowe\/2614,Spektakl-slowno-muzyczny-pt-Wodz-wedlug-scenariusza-i-w-rezyserii-Leszka-Kumansk.html","address":"pl. Moniuszki 2B, Kielce","zipcode":"","province":"","county":"","community":"","city":"","phone1":"","phone2":"","fax":"","email":""},"geometry":{"type":"Point","coordinates":[20.637163999999984,50.868618]}},{"type":"Feature","properties":{"name":"Spotkanie w Instytucie Polskim w Berlinie \u201eOd niepodleg\u0142o\u015bci do upadku muru berli\u0144skiego. Polska i Niemcy w XX wieku\u201d \u2013 Berlin, 12 listopada 2019","description":"","icon":{"link":"\/dokumenty\/mapy\/91.png","x":17,"y":33,"width":33,"height":33},"img":[],"link":"\/mn\/maps\/100p12192,Spotkanie-w-Instytucie-Polskim-w-Berlinie-Od-niepodleglosci-do-upadku-muru-berli.html","url":"https:\/\/mojaniepodlegla.pl\/mn\/aktualnosci\/13194,Spotkanie-w-Instytucie-Polskim-w-Berlinie-Od-niepodleglosci-do-upadku-muru-berli.html","address":"Burgstra\u00dfe 27,  Berlin","zipcode":"","province":"","county":"","community":"","city":"","phone1":"","phone2":"","fax":"","email":""},"geometry":{"type":"Point","coordinates":[13.400801600000023,52.52143179]}},{"type":"Feature","properties":{"name":"Szkolenie dla nauczycieli \u201eZmagania o niepodleg\u0142o\u015b\u0107 Polski do listopada 1918 r. oraz budowa struktur pa\u0144stwa i wojny o granice Rzeczypospolitej\u201d","description":"","icon":{"link":"\/dokumenty\/mapy\/91.png","x":17,"y":33,"width":33,"height":33},"img":[],"link":"\/mn\/maps\/100p2029,Szkolenie-dla-nauczycieli-Zmagania-o-niepodleglosc-Polski-do-listopada-1918-r-or.html","url":"https:\/\/mojaniepodlegla.pl\/mn\/aktualnosci\/2899,Szkolenie-dla-nauczycieli-Zmagania-o-niepodleglosc-Polski-do-listopada-1918-r-or.html","address":"ul. Wodopojna 2, lublin","zipcode":"","province":"","county":"","community":"","city":"","phone1":"","phone2":"","fax":"","email":""},"geometry":{"type":"Point","coordinates":[22.566225799999984,51.2502633]}},{"type":"Feature","properties":{"name":"Szkolenie dla nauczycieli po\u015bwi\u0119cone zmaganiom o niepodleg\u0142o\u015b\u0107 Polski \u2013 Katowice, 22 stycznia 2018","description":"","icon":{"link":"\/dokumenty\/mapy\/91.png","x":17,"y":33,"width":33,"height":33},"img":[],"link":"\/mn\/maps\/100p2416,Szkolenie-dla-nauczycieli-poswiecone-zmaganiom-o-niepodleglosc-Polski-Katowice-2.html","url":"https:\/\/mojaniepodlegla.pl\/mn\/aktualnosci\/3913,Szkolenie-dla-nauczycieli-poswiecone-zmaganiom-o-niepodleglosc-Polski-Katowice-2.html","address":"Katowice, ul. \u015bw. Jana 10","zipcode":"","province":"","county":"","community":"","city":"","phone1":"","phone2":"","fax":"","email":""},"geometry":{"type":"Point","coordinates":[19.021996100000024,50.2583679]}},{"type":"Feature","properties":{"name":"Turniej Niepodleg\u0142o\u015bci o puchar PGE \u2013 Warszawa, 9 listopada 2019","description":"","icon":{"link":"\/dokumenty\/mapy\/94.png","x":18,"y":43,"width":36,"height":43},"img":[],"link":"\/mn\/maps\/100p12543,Turniej-Niepodleglosci-o-puchar-PGE-Warszawa-9-listopada-2019.html","url":"https:\/\/mojaniepodlegla.pl\/mn\/wydarzenia-plenerowe\/13689,Turniej-Niepodleglosci-o-puchar-PGE-Warszawa-9-listopada-2019.html","address":"stadion poloniii warszawa","zipcode":"","province":"","county":"","community":"","city":"","phone1":"","phone2":"","fax":"","email":""},"geometry":{"type":"Point","coordinates":[21.000900099999967,52.255133]}},{"type":"Feature","properties":{"name":"Uroczysto\u015bci ods\u0142oni\u0119cia pierwszego pomnika \u201eSzlaku Orl\u0105t Lwowskich\u201d, upami\u0119tniaj\u0105cego ppor. Jana Feliksa Charlewskiego \u2013 Ustrobna, 18 sierpnia 2018","description":"","icon":{"link":"\/dokumenty\/mapy\/106.png","x":15,"y":37,"width":31,"height":37},"img":[],"link":"\/mn\/maps\/100p7579,Uroczystosci-odsloniecia-pierwszego-pomnika-Szlaku-Orlat-Lwowskich-upamietniajac.html","url":"https:\/\/mojaniepodlegla.pl\/mn\/upamietnianie\/6403,Uroczystosci-odsloniecia-pierwszego-pomnika-Szlaku-Orlat-Lwowskich-upamietniajac.html","address":"ustrobna","zipcode":"","province":"","county":"","community":"","city":"","phone1":"","phone2":"","fax":"","email":""},"geometry":{"type":"Point","coordinates":[21.701970800000026,49.7469546]}},{"type":"Feature","properties":{"name":"Uroczysto\u015bci po\u015bwi\u0119cone pami\u0119ci 1. Pu\u0142ku Piechoty Legion\u00f3w Polskich \u2013 Kielce, 9 wrze\u015bnia","description":"","icon":{"link":"\/dokumenty\/mapy\/106.png","x":15,"y":37,"width":31,"height":37},"img":[],"link":"\/mn\/maps\/100p5899,Uroczystosci-poswiecone-pamieci-1-Pulku-Piechoty-Legionow-Polskich-Kielce-9-wrze.html","url":"https:\/\/mojaniepodlegla.pl\/mn\/aktualnosci\/6511,Uroczystosci-poswiecone-pamieci-1-Pulku-Piechoty-Legionow-Polskich-Kielce-9-wrze.html","address":"Kielce warszawska 33","zipcode":"","province":"","county":"","community":"","city":"","phone1":"","phone2":"","fax":"","email":""},"geometry":{"type":"Point","coordinates":[20.634956500000044,50.878404]}},{"type":"Feature","properties":{"name":"Uroczysto\u015bci w 98. rocznic\u0119 Bitwy Warszawskiej \u2013 Oss\u00f3w, 15 sierpnia 2018","description":"","icon":{"link":"\/dokumenty\/mapy\/106.png","x":15,"y":37,"width":31,"height":37},"img":[],"link":"\/mn\/maps\/100p5860,Uroczystosci-w-98-rocznice-Bitwy-Warszawskiej-Ossow-15-sierpnia-2018.html","url":"https:\/\/mojaniepodlegla.pl\/mn\/upamietnianie\/6325,Bitwa-ktora-uratowala-niepodleglosc-98-rocznica-Bitwy-Warszawskiej.html","address":"oss\u00f3w","zipcode":"","province":"","county":"","community":"","city":"","phone1":"","phone2":"","fax":"","email":""},"geometry":{"type":"Point","coordinates":[21.22023009999998,52.3087737]}},{"type":"Feature","properties":{"name":"Uroczysto\u015b\u0107 ods\u0142oni\u0119cia popiersia Marsza\u0142ka Pi\u0142sudskiego \u2013 Bruksela, 6 listopada 2018","description":"","icon":{"link":"\/dokumenty\/mapy\/94.png","x":18,"y":43,"width":36,"height":43},"img":{"width":100,"height":67,"mini":"\/dokumenty\/mapy\/p_6085_m1.jpg","full":"\/dokumenty\/mapy\/p_6085.jpg"},"link":"\/mn\/maps\/100p6085,Uroczystosc-odsloniecia-popiersia-Marszalka-Pilsudskiego-Bruksela-6-listopada-20.html","url":"https:\/\/mojaniepodlegla.pl\/mn\/wydarzenia-plenerowe\/10288,Uroczystosc-odsloniecia-popiersia-Marszalka-Pilsudskiego-w-Brukseli-6-listopada-.html","address":"Bruksela","zipcode":"","province":"","county":"","community":"","city":"","phone1":"","phone2":"","fax":"","email":""},"geometry":{"type":"Point","coordinates":[4.351710300000036,50.8503396]}},{"type":"Feature","properties":{"name":"Uroczysto\u015b\u0107 zasadzenia D\u0119bu Niepodleg\u0142o\u015bci \u2013 Kielce, 16 listopada","description":"","icon":{"link":"\/dokumenty\/mapy\/94.png","x":18,"y":43,"width":36,"height":43},"img":[],"link":"\/mn\/maps\/100p6109,Uroczystosc-zasadzenia-Debu-Niepodleglosci-Kielce-16-listopada.html","url":"https:\/\/mojaniepodlegla.pl\/mn\/aktualnosci\/10438,Uroczystosc-zasadzenia-Debu-Niepodleglosci-Kielce-16-listopada.html","address":"Kielce al legion\u00f3w 4","zipcode":"","province":"","county":"","community":"","city":"","phone1":"","phone2":"","fax":"","email":""},"geometry":{"type":"Point","coordinates":[20.625107200000002,50.8632731]}},{"type":"Feature","properties":{"name":"W Krakowie ods\u0142oni\u0119to popiersia sze\u015bciu Ojc\u00f3w Niepodleg\u0142o\u015bci","description":"","icon":{"link":"\/dokumenty\/mapy\/106.png","x":15,"y":37,"width":31,"height":37},"img":[],"link":"\/mn\/maps\/100p7570,W-Krakowie-odslonieto-popiersia-szesciu-Ojcow-Niepodleglosci.html","url":"https:\/\/mojaniepodlegla.pl\/mn\/upamietnianie\/10198,W-Krakowie-odslonieto-popiersia-szesciu-Ojcow-Niepodleglosci.html","address":"Parku im. H. Jordana w Krakowie","zipcode":"","province":"","county":"","community":"","city":"","phone1":"","phone2":"","fax":"","email":""},"geometry":{"type":"Point","coordinates":[19.916258900000003,50.0634144]}},{"type":"Feature","properties":{"name":"Warsztaty do konkursu \u201eO Nasz\u0105 Niepodleg\u0142\u0105\u2026\u201d w krakowskim Pa\u0142acu Sztuki","description":"","icon":{"link":"\/dokumenty\/mapy\/97.png","x":15,"y":39,"width":31,"height":39},"img":[],"link":"\/mn\/maps\/100p2020,Warsztaty-do-konkursu-O-Nasza-Niepodlegla-w-krakowskim-Palacu-Sztuki.html","url":"","address":"pl. Szczepa\u0144ski 4, krak\u00f3w","zipcode":"","province":"","county":"","community":"","city":"","phone1":"","phone2":"","fax":"","email":""},"geometry":{"type":"Point","coordinates":[19.93489820000002,50.0639879]}},{"type":"Feature","properties":{"name":"Widowisko \u201eBitwa o Krak\u00f3w 1914\u201d \u2013 Goszyce, 6 pa\u017adziernika 2018 r.","description":"","icon":{"link":"\/dokumenty\/mapy\/94.png","x":18,"y":43,"width":36,"height":43},"img":{"width":100,"height":67,"mini":"\/dokumenty\/mapy\/p_6100_m1.jpg","full":"\/dokumenty\/mapy\/p_6100.jpg"},"link":"\/mn\/maps\/100p6100,Widowisko-Bitwa-o-Krakow-1914-Goszyce-6-pazdziernika-2018-r.html","url":"https:\/\/mojaniepodlegla.pl\/mn\/wydarzenia-plenerowe\/7537,Widowisko-Bitwa-o-Krakow-1914-w-Goszycach.html","address":"Goszyce","zipcode":"","province":"","county":"","community":"","city":"","phone1":"","phone2":"","fax":"","email":""},"geometry":{"type":"Point","coordinates":[20.130854399999976,50.1741479]}},{"type":"Feature","properties":{"name":"Wr\u0119czenie nagr\u00f3d w konkursie \u201eEpizody z Powstania Wielkopolskiego w komiksie i plakacie\u201d \u2013 Pozna\u0144, 10 stycznia 2018","description":"","icon":{"link":"\/dokumenty\/mapy\/97.png","x":15,"y":39,"width":31,"height":39},"img":[],"link":"\/mn\/maps\/100p12285,Wreczenie-nagrod-w-konkursie-Epizody-z-Powstania-Wielkopolskiego-w-komiksie-i-pl.html","url":"https:\/\/mojaniepodlegla.pl\/mn\/konkursy\/11692,Wreczenie-nagrod-w-konkursie-Epizody-z-Powstania-Wielkopolskiego-w-komiksie-i-pl.html","address":"M\u0142odzie\u017cowym Domu Kultury nr 3 w Poznaniu","zipcode":"","province":"","county":"","community":"","city":"","phone1":"","phone2":"","fax":"","email":""},"geometry":{"type":"Point","coordinates":[16.895413299999973,52.3985796]}},{"type":"Feature","properties":{"name":"Wyk\u0142ad dr. Tomasza Krzemi\u0144skiego \u201e\u017bycie spo\u0142eczno-gospodarcze w II RP\u201d \u2013 Che\u0142mno, 22 maja 2018","description":"","icon":{"link":"\/dokumenty\/mapy\/85.png","x":15,"y":41,"width":31,"height":41},"img":{"width":100,"height":65,"mini":"\/dokumenty\/mapy\/p_2491_m1.jpg","full":"\/dokumenty\/mapy\/p_2491.jpg"},"link":"\/mn\/maps\/100p2491,Wyklad-dr-Tomasza-Krzeminskiego-Zycie-spoleczno-gospodarcze-w-II-RP-Chelmno-22-m.html","url":"https:\/\/gdansk.ipn.gov.pl\/pl2\/aktualnosci\/52633,Wyklad-dr-Tomasza-Krzeminskiego-Zycie-spoleczno-gospodarcze-w-II-RP-Chelmno-22-m.html","address":"muzeum ziemi che\u0142mi\u0144skiej","zipcode":"","province":"","county":"","community":"","city":"","phone1":"","phone2":"","fax":"","email":""},"geometry":{"type":"Point","coordinates":[18.42283999999995,53.349094]}},{"type":"Feature","properties":{"name":"Wyk\u0142ad o J\u00f3zefie Pi\u0142sudskim i otwarcie wystawy \u201eOjcowie Niepodleg\u0142o\u015bci\u201d \u2013 Zgorzelec, 7 czerwca 2018","description":"","icon":{"link":"\/dokumenty\/mapy\/79.png","x":15,"y":35,"width":31,"height":35},"img":{"width":100,"height":71,"mini":"\/dokumenty\/mapy\/p_2557_m1.jpg","full":"\/dokumenty\/mapy\/p_2557.jpg"},"link":"\/mn\/maps\/100p2557,Wyklad-o-Jozefie-Pilsudskim-i-otwarcie-wystawy-Ojcowie-Niepodleglosci-Zgorzelec-.html","url":"https:\/\/mojaniepodlegla.pl\/mn\/aktualnosci\/4837,Wyklad-o-Jozefie-Pilsudskim-i-otwarcie-wystawy-Ojcowie-Niepodleglosci-Zgorzelec-.html?sid=9d45bf3e44b8af8acda49a2acf7e51b3","address":"Zespole Szk\u00f3\u0142 Ponadgimnazjalnych im. Emilii Plater w Zgorzelcu","zipcode":"","province":"","county":"","community":"","city":"","phone1":"","phone2":"","fax":"","email":""},"geometry":{"type":"Point","coordinates":[15.0049669,51.13915369999999]}},{"type":"Feature","properties":{"name":"Wyk\u0142ad o J\u00f3zefie Pi\u0142sudskim i otwarcie wystawy \u201eOjcowie Niepodleg\u0142o\u015bci\u201d \u2013 Zgorzelec, 7 czerwca 2018","description":"","icon":{"link":"\/dokumenty\/mapy\/88.png","x":14,"y":42,"width":39,"height":42},"img":{"width":100,"height":71,"mini":"\/dokumenty\/mapy\/p_2560_m1.jpg","full":"\/dokumenty\/mapy\/p_2560.jpg"},"link":"\/mn\/maps\/100p2560,Wyklad-o-Jozefie-Pilsudskim-i-otwarcie-wystawy-Ojcowie-Niepodleglosci-Zgorzelec-.html","url":"https:\/\/mojaniepodlegla.pl\/mn\/aktualnosci\/4837,Wyklad-o-Jozefie-Pilsudskim-i-otwarcie-wystawy-Ojcowie-Niepodleglosci-Zgorzelec-.html?sid=9d45bf3e44b8af8acda49a2acf7e51b3","address":"Zespole Szk\u00f3\u0142 Ponadgimnazjalnych im. Emilii Plater w Zgorzelcu","zipcode":"","province":"","county":"","community":"","city":"","phone1":"","phone2":"","fax":"","email":""},"geometry":{"type":"Point","coordinates":[15.0049669,51.13915369999999]}},{"type":"Feature","properties":{"name":"Wyk\u0142ady dr. Zdzis\u0142awa Ko\u015bcia\u0144skiego w ramach Akademii Niepodleg\u0142o\u015bci \u2013 Nowy Tomy\u015bl, 26 marca 2019","description":"","icon":{"link":"\/dokumenty\/mapy\/85.png","x":15,"y":41,"width":31,"height":41},"img":{"width":100,"height":65,"mini":"\/dokumenty\/mapy\/p_7306_m1.jpg","full":"\/dokumenty\/mapy\/p_7306.jpg"},"link":"\/mn\/maps\/100p7306,Wyklady-dr-Zdzislawa-Koscianskiego-w-ramach-Akademii-Niepodleglosci-Nowy-Tomysl-.html","url":"https:\/\/mojaniepodlegla.pl\/mn\/aktualnosci\/12007,Wyklady-dr-Zdzislawa-Koscianskiego-w-ramach-Akademii-Niepodleglosci-Nowy-Tomysl-.html","address":"Auli Wy\u017cszej Szko\u0142y Pedagogiki i Administracji im. Mieszka I w Nowym Tomy\u015blu","zipcode":"","province":"","county":"","community":"","city":"","phone1":"","phone2":"","fax":"","email":""},"geometry":{"type":"Point","coordinates":[16.121837440151012,52.31603742]}},{"type":"Feature","properties":{"name":"Wyk\u0142ady prof. Piotra Okulewicza w ramach Akademii Niepodleg\u0142o\u015bci \u2013 Nowy Tomy\u015bl, 26 lutego 2019","description":"","icon":{"link":"\/dokumenty\/mapy\/85.png","x":15,"y":41,"width":31,"height":41},"img":{"width":100,"height":65,"mini":"\/dokumenty\/mapy\/p_7246_m1.jpg","full":"\/dokumenty\/mapy\/p_7246.jpg"},"link":"\/mn\/maps\/100p7246,Wyklady-prof-Piotra-Okulewicza-w-ramach-Akademii-Niepodleglosci-Nowy-Tomysl-26-l.html","url":"https:\/\/poznan.ipn.gov.pl\/pl7\/aktualnosci\/65755,Wyklady-prof-Piotra-Okulewicza-w-ramach-Akademii-Niepodleglosci-Nowy-Tomysl-26-l.html","address":"Wy\u017cszej Szko\u0142y Pedagogiki i Administracji im. Mieszka I w Nowym Tomy\u015blu","zipcode":"","province":"","county":"","community":"","city":"","phone1":"","phone2":"","fax":"","email":""},"geometry":{"type":"Point","coordinates":[16.118056499999966,52.321656]}},{"type":"Feature","properties":{"name":"Wyk\u0142ady prof. Piotra Okulewicza w ramach Akademii Niepodleg\u0142o\u015bci \u2013 Zielona G\u00f3ra, 25 lutego 2019","description":"","icon":{"link":"\/dokumenty\/mapy\/85.png","x":15,"y":41,"width":31,"height":41},"img":{"width":100,"height":65,"mini":"\/dokumenty\/mapy\/p_7249_m1.jpg","full":"\/dokumenty\/mapy\/p_7249.jpg"},"link":"\/mn\/maps\/100p7249,Wyklady-prof-Piotra-Okulewicza-w-ramach-Akademii-Niepodleglosci-Zielona-Gora-25-.html","url":"https:\/\/poznan.ipn.gov.pl\/pl7\/aktualnosci\/65749,Wyklady-prof-Piotra-Okulewicza-w-ramach-Akademii-Niepodleglosci-Zielona-Gora-25-.html","address":"Wojew\u00f3dzkiej i Miejskiej Bibliotece Publicznej im. Cypriana Norwida w Zielonej G\u00f3rze","zipcode":"","province":"","county":"","community":"","city":"","phone1":"","phone2":"","fax":"","email":""},"geometry":{"type":"Point","coordinates":[15.500711200000069,51.9400585]}},{"type":"Feature","properties":{"name":"Wystawa \u201e...B\u0119dzie wielka albo nie b\u0119dzie jej wcale. Walka o granice Polski w latach 1918-1921\u201d \u2013 \u0141\u00f3d\u017a, 5-24 listopada 2019","description":"","icon":{"link":"\/dokumenty\/mapy\/79.png","x":15,"y":35,"width":31,"height":35},"img":{"width":100,"height":11,"mini":"\/dokumenty\/mapy\/p_12186_m1.jpg","full":"\/dokumenty\/mapy\/p_12186.jpg"},"link":"\/mn\/maps\/100p12186,Wystawa-Bedzie-wielka-albo-nie-bedzie-jej-wcale-Walka-o-granice-Polski-w-latach-.html","url":"https:\/\/mojaniepodlegla.pl\/mn\/aktualnosci\/13188,Prezentacja-wystawy-Bedzie-wielka-albo-nie-bedzie-jej-wcale-Walka-o-granice-Pols.html","address":"Plac Katedralny im. Jana Paw\u0142a II w \u0141odzi","zipcode":"","province":"","county":"","community":"","city":"","phone1":"","phone2":"","fax":"","email":""},"geometry":{"type":"Point","coordinates":[19.369880500000022,51.7974867]}},{"type":"Feature","properties":{"name":"Wystawa \u201eDla Ciebie Polsko. W stulecie czynu legionowego\u201d \u2013 Warszawa, 8 listopada 2017","description":"","icon":{"link":"\/dokumenty\/mapy\/79.png","x":15,"y":35,"width":31,"height":35},"img":{"width":100,"height":116,"mini":"\/dokumenty\/mapy\/p_2128_m1.jpg","full":"\/dokumenty\/mapy\/p_2128.jpg"},"link":"\/mn\/maps\/100p2128,Wystawa-Dla-Ciebie-Polsko-W-stulecie-czynu-legionowego-Warszawa-8-listopada-2017.html","url":"https:\/\/mojaniepodlegla.pl\/mn\/aktualnosci\/3085,Wystawa-Dla-Ciebie-Polsko-W-stulecie-czynu-legionowego-w-Sejmie-8-listopada-2017.html","address":"Warszawa Wiejska 4\/6\/8,","zipcode":"","province":"","county":"","community":"","city":"","phone1":"","phone2":"","fax":"","email":""},"geometry":{"type":"Point","coordinates":[21.028055999999992,52.2252387]}},{"type":"Feature","properties":{"name":"Wystawa \u201eOjcowie Niepodleg\u0142o\u015bci\u201d - Go\u0142dap, 21 czerwca 2018","description":"","icon":{"link":"\/dokumenty\/mapy\/79.png","x":15,"y":35,"width":31,"height":35},"img":{"width":100,"height":133,"mini":"\/dokumenty\/mapy\/p_4651_m1.jpg","full":"\/dokumenty\/mapy\/p_4651.jpg"},"link":"\/mn\/maps\/100p4651,Wystawa-Ojcowie-Niepodleglosci-Goldap-21-czerwca-2018.html","url":"https:\/\/mojaniepodlegla.pl\/mn\/aktualnosci\/5833,Otwarcie-wystawy-Ojcowie-Niepodleglosci-Goldap-21-czerwca-2018.html","address":"Bibliotece Publicznej w Go\u0142dapi","zipcode":"","province":"","county":"","community":"","city":"","phone1":"","phone2":"","fax":"","email":""},"geometry":{"type":"Point","coordinates":[22.297033599999963,54.30572739]}},{"type":"Feature","properties":{"name":"Wystawa \u201eOjcowie Niepodleg\u0142o\u015bci\u201d \u2013 August\u00f3w, 14 czerwca 2018","description":"","icon":{"link":"\/dokumenty\/mapy\/79.png","x":15,"y":35,"width":31,"height":35},"img":{"width":100,"height":133,"mini":"\/dokumenty\/mapy\/p_2524_m1.jpg","full":"\/dokumenty\/mapy\/p_2524.jpg"},"link":"\/mn\/maps\/100p2524,Wystawa-Ojcowie-Niepodleglosci-Augustow-14-czerwca-2018.html","url":"https:\/\/mojaniepodlegla.pl\/mn\/aktualnosci\/4213,Otwarcie-wystawy-Ojcowie-Niepodleglosci-i-konferencja-edukacyjna-Augustow-14-cze.html","address":"august\u00f3w, rynek","zipcode":"","province":"","county":"","community":"","city":"","phone1":"","phone2":"","fax":"","email":""},"geometry":{"type":"Point","coordinates":[22.977927200000067,53.8442926]}},{"type":"Feature","properties":{"name":"Wystawa \u201eOjcowie Niepodleg\u0142o\u015bci\u201d \u2013 Bieru\u0144, 3 czerwca 2018","description":"","icon":{"link":"\/dokumenty\/mapy\/79.png","x":15,"y":35,"width":31,"height":35},"img":{"width":100,"height":133,"mini":"\/dokumenty\/mapy\/p_2548_m1.jpg","full":"\/dokumenty\/mapy\/p_2548.jpg"},"link":"\/mn\/maps\/100p2548,Wystawa-Ojcowie-Niepodleglosci-Bierun-3-czerwca-2018.html","url":"https:\/\/mojaniepodlegla.pl\/mn\/aktualnosci\/4684,Otwarcie-wystawy-Ojcowie-Niepodleglosci-Bierun-3-czerwca-2018.html","address":"bieru\u0144 \u015bw. Kingi 1","zipcode":"","province":"","county":"","community":"","city":"","phone1":"","phone2":"","fax":"","email":""},"geometry":{"type":"Point","coordinates":[19.135437000000024,50.0822327]}},{"type":"Feature","properties":{"name":"Wystawa \u201eOjcowie Niepodleg\u0142o\u015bci\u201d \u2013 Bochnia, 21 maja 2018","description":"","icon":{"link":"\/dokumenty\/mapy\/79.png","x":15,"y":35,"width":31,"height":35},"img":{"width":100,"height":133,"mini":"\/dokumenty\/mapy\/p_2374_m1.jpg","full":"\/dokumenty\/mapy\/p_2374.jpg"},"link":"\/mn\/maps\/100p2374,Wystawa-Ojcowie-Niepodleglosci-Bochnia-21-maja-2018.html","url":"https:\/\/mojaniepodlegla.pl\/mn\/aktualnosci\/3817,Bochnia-jako-pierwsza-w-Malopolsce-na-bialo-czerwonym-szlaku-21-maja.html","address":"Bochnia rynek","zipcode":"","province":"","county":"","community":"","city":"","phone1":"","phone2":"","fax":"","email":""},"geometry":{"type":"Point","coordinates":[20.429968299999928,49.9690762]}},{"type":"Feature","properties":{"name":"Wystawa \u201eOjcowie Niepodleg\u0142o\u015bci\u201d \u2013 Che\u0142mno, 21 maja 2018","description":"","icon":{"link":"\/dokumenty\/mapy\/79.png","x":15,"y":35,"width":31,"height":35},"img":{"width":100,"height":133,"mini":"\/dokumenty\/mapy\/p_2431_m1.jpg","full":"\/dokumenty\/mapy\/p_2431.jpg"},"link":"\/mn\/maps\/100p2431,Wystawa-Ojcowie-Niepodleglosci-Chelmno-21-maja-2018.html","url":"https:\/\/mojaniepodlegla.pl\/mn\/aktualnosci\/4069,Otwarcie-wystawy-pt-Ojcowie-Niepodleglosci-Chelmno-21-maja-2018.html","address":"Che\u0142mno ratusz staromiejski","zipcode":"","province":"","county":"","community":"","city":"","phone1":"","phone2":"","fax":"","email":""},"geometry":{"type":"Point","coordinates":[18.422863399999983,53.34900469]}},{"type":"Feature","properties":{"name":"Wystawa \u201eOjcowie Niepodleg\u0142o\u015bci\u201d \u2013 Chrzan\u00f3w, 21 sierpnia 2018","description":"","icon":{"link":"\/dokumenty\/mapy\/79.png","x":15,"y":35,"width":31,"height":35},"img":{"width":100,"height":133,"mini":"\/dokumenty\/mapy\/p_5839_m1.jpg","full":"\/dokumenty\/mapy\/p_5839.jpg"},"link":"\/mn\/maps\/100p5839,Wystawa-Ojcowie-Niepodleglosci-Chrzanow-21-sierpnia-2018.html","url":"https:\/\/mojaniepodlegla.pl\/mn\/aktualnosci\/6316,W-Chrzanowie-mozna-ogladac-plenerowa-wystawe-Ojcowie-Niepodleglosci.html","address":"Chrzan\u00f3w  Broniewskiego 4","zipcode":"","province":"","county":"","community":"","city":"","phone1":"","phone2":"","fax":"","email":""},"geometry":{"type":"Point","coordinates":[19.407951000000025,50.142987]}},{"type":"Feature","properties":{"name":"Wystawa \u201eOjcowie Niepodleg\u0142o\u015bci\u201d \u2013 Czeski Cieszyn, 24 sierpnia 2018","description":"","icon":{"link":"\/dokumenty\/mapy\/79.png","x":15,"y":35,"width":31,"height":35},"img":{"width":100,"height":133,"mini":"\/dokumenty\/mapy\/p_5848_m1.jpg","full":"\/dokumenty\/mapy\/p_5848.jpg"},"link":"\/mn\/maps\/100p5848,Wystawa-Ojcowie-Niepodleglosci-Czeski-Cieszyn-24-sierpnia-2018.html","url":"https:\/\/mojaniepodlegla.pl\/mn\/aktualnosci\/6280,Koncert-Slask-a-Niepodlegla-Czeski-Cieszyn-24-sierpnia-2018.html","address":"cieszyn Ostravska 67","zipcode":"","province":"","county":"","community":"","city":"","phone1":"","phone2":"","fax":"","email":""},"geometry":{"type":"Point","coordinates":[18.61301609999998,49.7459259]}},{"type":"Feature","properties":{"name":"Wystawa \u201eOjcowie Niepodleg\u0142o\u015bci\u201d \u2013 Cz\u0119stochowa, 4 listopada 2018","description":"","icon":{"link":"\/dokumenty\/mapy\/79.png","x":15,"y":35,"width":31,"height":35},"img":[],"link":"\/mn\/maps\/100p6064,Wystawa-Ojcowie-Niepodleglosci-Czestochowa-4-listopada-2018.html","url":"https:\/\/mojaniepodlegla.pl\/mn\/aktualnosci\/10015,Katowicki-oddzial-IPN-na-jasnogorskich-obchodach-100-lecia-niepodleglosci-Czesto.html","address":"Cz\u0119stochowa Jasna G\u00f3ra","zipcode":"","province":"","county":"","community":"","city":"","phone1":"","phone2":"","fax":"","email":""},"geometry":{"type":"Point","coordinates":[19.097005800000034,50.8125957]}},{"type":"Feature","properties":{"name":"Wystawa \u201eOjcowie Niepodleg\u0142o\u015bci\u201d \u2013 D\u0119bno, 23 czerwca 2018 r.","description":"","icon":{"link":"\/dokumenty\/mapy\/79.png","x":15,"y":35,"width":31,"height":35},"img":{"width":100,"height":133,"mini":"\/dokumenty\/mapy\/p_2320_m1.jpg","full":"\/dokumenty\/mapy\/p_2320.jpg"},"link":"\/mn\/maps\/100p2320,Wystawa-Ojcowie-Niepodleglosci-Debno-23-czerwca-2018-r.html","url":"https:\/\/mojaniepodlegla.pl\/mn\/aktualnosci\/5920,Bialo-czerwony-szlak-mojaniepodlegla-Debno-23-czerwca-2018.html","address":"D\u0119bno konstytucji","zipcode":"","province":"","county":"","community":"","city":"","phone1":"","phone2":"","fax":"","email":""},"geometry":{"type":"Point","coordinates":[14.696988799999986,52.4386294]}},{"type":"Feature","properties":{"name":"Wystawa \u201eOjcowie Niepodleg\u0142o\u015bci\u201d \u2013 Dzia\u0142dowo, 13 czerwca 2018","description":"","icon":{"link":"\/dokumenty\/mapy\/79.png","x":15,"y":35,"width":31,"height":35},"img":{"width":100,"height":133,"mini":"\/dokumenty\/mapy\/p_5710_m1.jpg","full":"\/dokumenty\/mapy\/p_5710.jpg"},"link":"\/mn\/maps\/100p5710,Wystawa-Ojcowie-Niepodleglosci-Dzialdowo-13-czerwca-2018.html","url":"https:\/\/mojaniepodlegla.pl\/mn\/aktualnosci\/5416,Po-raz-czwarty-spotkalismy-sie-w-ramach-Akademii-Niepodleglosci-w-Dzialdowie-13-.html","address":"Dzia\u0142dowo Polna 11","zipcode":"","province":"","county":"","community":"","city":"","phone1":"","phone2":"","fax":"","email":""},"geometry":{"type":"Point","coordinates":[20.167479800000024,53.230415]}},{"type":"Feature","properties":{"name":"Wystawa \u201eOjcowie Niepodleg\u0142o\u015bci\u201d \u2013 Frankfurt, 14-15 kwietnia 2018","description":"","icon":{"link":"\/dokumenty\/mapy\/79.png","x":15,"y":35,"width":31,"height":35},"img":{"width":100,"height":133,"mini":"\/dokumenty\/mapy\/p_2125_m1.jpg","full":"\/dokumenty\/mapy\/p_2125.jpg"},"link":"\/mn\/maps\/100p2125,Wystawa-Ojcowie-Niepodleglosci-Frankfurt-14-15-kwietnia-2018.html","url":"https:\/\/mojaniepodlegla.pl\/mn\/aktualnosci\/3412,Wystawa-i-zajecia-edukacyjne-Ojcowie-Niepodleglosci-Frankfurt-14-15-kwietnia-201.html","address":"Heinrich-von-Kleist-Schule D\u00f6rnweg 53","zipcode":"","province":"","county":"","community":"","city":"","phone1":"","phone2":"","fax":"","email":""},"geometry":{"type":"Point","coordinates":[8.564679999999953,50.14812]}},{"type":"Feature","properties":{"name":"Wystawa \u201eOjcowie Niepodleg\u0142o\u015bci\u201d \u2013 Gda\u0144sk, 27 kwietnia \u2013 14 maja 2018","description":"","icon":{"link":"\/dokumenty\/mapy\/79.png","x":15,"y":35,"width":31,"height":35},"img":{"width":100,"height":133,"mini":"\/dokumenty\/mapy\/p_2116_m1.jpg","full":"\/dokumenty\/mapy\/p_2116.jpg"},"link":"\/mn\/maps\/100p2116,Wystawa-Ojcowie-Niepodleglosci-Gdansk-27-kwietnia-14-maja-2018.html","url":"https:\/\/mojaniepodlegla.pl\/mn\/aktualnosci\/3625,Prezentacja-wystawy-Ojcowie-Niepodleglosci-Gdansk-27-kwietnia-14-maja-2018.html","address":"Gda\u0144sk Al Grunwaldzka 216","zipcode":"","province":"","county":"","community":"","city":"","phone1":"","phone2":"","fax":"","email":""},"geometry":{"type":"Point","coordinates":[18.58858299999997,54.388597]}},{"type":"Feature","properties":{"name":"Wystawa \u201eOjcowie Niepodleg\u0142o\u015bci\u201d \u2013 Gietrzwa\u0142d, 7 wrze\u015bnia 2018","description":"","icon":{"link":"\/dokumenty\/mapy\/79.png","x":15,"y":35,"width":31,"height":35},"img":{"width":100,"height":133,"mini":"\/dokumenty\/mapy\/p_5938_m1.jpg","full":"\/dokumenty\/mapy\/p_5938.jpg"},"link":"\/mn\/maps\/100p5938,Wystawa-Ojcowie-Niepodleglosci-Gietrzwald-7-wrzesnia-2018.html","url":"https:\/\/mojaniepodlegla.pl\/mn\/aktualnosci\/6595,Otwarcie-wystawy-Ojcowie-Niepodleglosci-Gietrzwald-7-wrzesnia-2018.html","address":"Gietrzwa\u0142d ko\u015bcielna 1","zipcode":"","province":"","county":"","community":"","city":"","phone1":"","phone2":"","fax":"","email":""},"geometry":{"type":"Point","coordinates":[20.23566900000003,53.737426]}},{"type":"Feature","properties":{"name":"Wystawa \u201eOjcowie Niepodleg\u0142o\u015bci\u201d \u2013 Grajewo, 9 ipca 2018","description":"","icon":{"link":"\/dokumenty\/mapy\/79.png","x":15,"y":35,"width":31,"height":35},"img":{"width":100,"height":133,"mini":"\/dokumenty\/mapy\/p_5725_m1.jpg","full":"\/dokumenty\/mapy\/p_5725.jpg"},"link":"\/mn\/maps\/100p5725,Wystawa-Ojcowie-Niepodleglosci-Grajewo-9-ipca-2018.html","url":"https:\/\/mojaniepodlegla.pl\/mn\/aktualnosci\/5971,Otwarcie-wystawy-i-konferencja-edukacyjna-Ojcowie-Niepodleglosci-Grajewo-9-lipca.html","address":"grajewo MIckiewicza","zipcode":"","province":"","county":"","community":"","city":"","phone1":"","phone2":"","fax":"","email":""},"geometry":{"type":"Point","coordinates":[22.45249000000001,53.650389999]}},{"type":"Feature","properties":{"name":"Wystawa \u201eOjcowie Niepodleg\u0142o\u015bci\u201d \u2013 Grodzisk Wlkp., 3\u201315 lipca 2018","description":"","icon":{"link":"\/dokumenty\/mapy\/79.png","x":15,"y":35,"width":31,"height":35},"img":{"width":100,"height":133,"mini":"\/dokumenty\/mapy\/p_5743_m1.jpg","full":"\/dokumenty\/mapy\/p_5743.jpg"},"link":"\/mn\/maps\/100p5743,Wystawa-Ojcowie-Niepodleglosci-Grodzisk-Wlkp-315-lipca-2018.html","url":"https:\/\/mojaniepodlegla.pl\/mn\/aktualnosci\/5989,Bialo-czerwony-szlak-Moja-Niepodlegla-prezentacja-wystawy-Ojcowie-Niepodleglosci.html","address":"grodzisk wlkp rynek","zipcode":"","province":"","county":"","community":"","city":"","phone1":"","phone2":"","fax":"","email":""},"geometry":{"type":"Point","coordinates":[16.365413399999966,52.22365509]}},{"type":"Feature","properties":{"name":"Wystawa \u201eOjcowie Niepodleg\u0142o\u015bci\u201d \u2013 inauguracja \u2013 Nidzica, 21 maja 2018","description":"","icon":{"link":"\/dokumenty\/mapy\/79.png","x":15,"y":35,"width":31,"height":35},"img":{"width":100,"height":133,"mini":"\/dokumenty\/mapy\/p_2380_m1.jpg","full":"\/dokumenty\/mapy\/p_2380.jpg"},"link":"\/mn\/maps\/100p2380,Wystawa-Ojcowie-Niepodleglosci-inauguracja-Nidzica-21-maja-2018.html","url":"https:\/\/mojaniepodlegla.pl\/mn\/aktualnosci\/3937,Wernisaz-wystawy-Ojcowie-Niepodleglosci-i-prelekcje-na-otwarcie-Akademii-Niepodl.html","address":"nidzica zamkowa 2","zipcode":"","province":"","county":"","community":"","city":"","phone1":"","phone2":"","fax":"","email":""},"geometry":{"type":"Point","coordinates":[20.430016900000055,53.3596379]}},{"type":"Feature","properties":{"name":"Wystawa \u201eOjcowie Niepodleg\u0142o\u015bci\u201d \u2013 Jastarnia, 19 czerwca 2018","description":"","icon":{"link":"\/dokumenty\/mapy\/79.png","x":15,"y":35,"width":31,"height":35},"img":{"width":100,"height":133,"mini":"\/dokumenty\/mapy\/p_2617_m1.jpg","full":"\/dokumenty\/mapy\/p_2617.jpg"},"link":"\/mn\/maps\/100p2617,Wystawa-Ojcowie-Niepodleglosci-Jastarnia-19-czerwca-2018.html","url":"https:\/\/mojaniepodlegla.pl\/mn\/aktualnosci\/5776,Otwarcie-wystawy-Ojcowie-Niepodleglosci-Jastarnia-19-czerwca-2018.html","address":"Szko\u0142a Podstawowa im. J. Wybickiego, Gda\u0144sk","zipcode":"","province":"","county":"","community":"","city":"","phone1":"","phone2":"","fax":"","email":""},"geometry":{"type":"Point","coordinates":[18.691119699999945,54.3586154]}},{"type":"Feature","properties":{"name":"Wystawa \u201eOjcowie Niepodleg\u0142o\u015bci\u201d \u2013 Jastrz\u0119bie-Zdr\u00f3j, 28 sierpnia 2018","description":"","icon":{"link":"\/dokumenty\/mapy\/79.png","x":15,"y":35,"width":31,"height":35},"img":{"width":100,"height":133,"mini":"\/dokumenty\/mapy\/p_5884_m1.jpg","full":"\/dokumenty\/mapy\/p_5884.jpg"},"link":"\/mn\/maps\/100p5884,Wystawa-Ojcowie-Niepodleglosci-Jastrzebie-Zdroj-28-sierpnia-2018.html","url":"https:\/\/mojaniepodlegla.pl\/mn\/bialo-czerwony-szlak-mo\/6109,Trwa-akcja-Bialo-czerwony-szlak-Moja-Niepodlegla-Slaskie-lipiec-wrzesien-2018.html","address":"jastzr\u0119bie zdr\u00f3j","zipcode":"","province":"","county":"","community":"","city":"","phone1":"","phone2":"","fax":"","email":""},"geometry":{"type":"Point","coordinates":[18.610110299999974,49.9454207]}},{"type":"Feature","properties":{"name":"Wystawa \u201eOjcowie Niepodleg\u0142o\u015bci\u201d \u2013 Katowice,  14 maja 2018","description":"","icon":{"link":"\/dokumenty\/mapy\/79.png","x":15,"y":35,"width":31,"height":35},"img":{"width":100,"height":133,"mini":"\/dokumenty\/mapy\/p_2149_m1.jpg","full":"\/dokumenty\/mapy\/p_2149.jpg"},"link":"\/mn\/maps\/100p2149,Wystawa-Ojcowie-Niepodleglosci-Katowice-14-maja-2018.html","url":"https:\/\/mojaniepodlegla.pl\/mn\/aktualnosci\/3703,Wernisaz-wystawy-Ojcowie-Niepodleglosci-Katowice-14-maja-2018.html","address":"Katowice, plac S\u0142awika i Antalla 1","zipcode":"","province":"","county":"","community":"","city":"","phone1":"","phone2":"","fax":"","email":""},"geometry":{"type":"Point","coordinates":[19.02656300000001,50.265297]}},{"type":"Feature","properties":{"name":"Wystawa \u201eOjcowie Niepodleg\u0142o\u015bci\u201d \u2013 Katowice, 21 maja 2018","description":"","icon":{"link":"\/dokumenty\/mapy\/79.png","x":15,"y":35,"width":31,"height":35},"img":{"width":100,"height":133,"mini":"\/dokumenty\/mapy\/p_2461_m1.jpg","full":"\/dokumenty\/mapy\/p_2461.jpg"},"link":"\/mn\/maps\/100p2461,Wystawa-Ojcowie-Niepodleglosci-Katowice-21-maja-2018.html","url":"https:\/\/mojaniepodlegla.pl\/mn\/aktualnosci\/4075,Inauguracja-akcji-edukacyjnej-IPN-Bialo-czerwony-szlak-Moja-Niepodlegla-na-katow.html","address":"Katowice rynek","zipcode":"","province":"","county":"","community":"","city":"","phone1":"","phone2":"","fax":"","email":""},"geometry":{"type":"Point","coordinates":[19.01222370000004,50.2594139]}},{"type":"Feature","properties":{"name":"Wystawa \u201eOjcowie Niepodleg\u0142o\u015bci\u201d \u2013 Kielce, 22 czerwca 2018","description":"","icon":{"link":"\/dokumenty\/mapy\/79.png","x":15,"y":35,"width":31,"height":35},"img":[],"link":"\/mn\/maps\/100p5716,Wystawa-Ojcowie-Niepodleglosci-Kielce-22-czerwca-2018.html","url":"https:\/\/mojaniepodlegla.pl\/mn\/aktualnosci\/5923,Prezentacja-wystawy-Ojcowie-Niepodleglosci-oraz-zajecia-edukacyjne-w-Przystanku-.html","address":"Kielce","zipcode":"","province":"","county":"","community":"","city":"","phone1":"","phone2":"","fax":"","email":""},"geometry":{"type":"Point","coordinates":[20.628567599999997,50.8660773]}},{"type":"Feature","properties":{"name":"Wystawa \u201eOjcowie Niepodleg\u0142o\u015bci\u201d \u2013 Konin, 3\u201316 wrze\u015bnia 2018","description":"","icon":{"link":"\/dokumenty\/mapy\/79.png","x":15,"y":35,"width":31,"height":35},"img":{"width":100,"height":133,"mini":"\/dokumenty\/mapy\/p_5917_m1.jpg","full":"\/dokumenty\/mapy\/p_5917.jpg"},"link":"\/mn\/maps\/100p5917,Wystawa-Ojcowie-Niepodleglosci-Konin-316-wrzesnia-2018.html","url":"https:\/\/mojaniepodlegla.pl\/mn\/aktualnosci\/6556,Bialo-czerwony-szlak-Moja-Niepodlegla-prezentacja-wystawy-Ojcowie-Niepodleglosci.html","address":"konin plac niepodleg\u0142o\u015bci","zipcode":"","province":"","county":"","community":"","city":"","phone1":"","phone2":"","fax":"","email":""},"geometry":{"type":"Point","coordinates":[18.250951699999973,52.2266978]}},{"type":"Feature","properties":{"name":"Wystawa \u201eOjcowie Niepodleg\u0142o\u015bci\u201d \u2013 Ko\u015bcian, 19 czerwca \u2013 1 lipca 2018","description":"","icon":{"link":"\/dokumenty\/mapy\/79.png","x":15,"y":35,"width":31,"height":35},"img":{"width":100,"height":133,"mini":"\/dokumenty\/mapy\/p_2614_m1.jpg","full":"\/dokumenty\/mapy\/p_2614.jpg"},"link":"\/mn\/maps\/100p2614,Wystawa-Ojcowie-Niepodleglosci-Koscian-19-czerwca-1-lipca-2018.html","url":"https:\/\/mojaniepodlegla.pl\/mn\/aktualnosci\/5767,Bialo-czerwony-szlak-Moja-Niepodlegla-prezentacja-wystawy-Ojcowie-Niepodleglosci.html","address":"Ko\u015bcian \u2013 Rynek","zipcode":"","province":"","county":"","community":"","city":"","phone1":"","phone2":"","fax":"","email":""},"geometry":{"type":"Point","coordinates":[16.645340799999985,52.0863937]}},{"type":"Feature","properties":{"name":"Wystawa \u201eOjcowie Niepodleg\u0142o\u015bci\u201d \u2013 Krak\u00f3w, 5 stycznia 2018","description":"","icon":{"link":"\/dokumenty\/mapy\/79.png","x":15,"y":35,"width":31,"height":35},"img":{"width":100,"height":133,"mini":"\/dokumenty\/mapy\/p_1930_m1.jpg","full":"\/dokumenty\/mapy\/p_1930.jpg"},"link":"\/mn\/maps\/100p1930,Wystawa-Ojcowie-Niepodleglosci-Krakow-5-stycznia-2018.html","url":"https:\/\/mojaniepodlegla.pl\/mn\/aktualnosci\/2464,Wystawa-Ojcowie-Niepodleglosci-na-placu-Szczepanskim-w-Krakowie.html","address":"Krak\u00f3w pl szczepa\u0144ski","zipcode":"","province":"","county":"","community":"","city":"","phone1":"","phone2":"","fax":"","email":""},"geometry":{"type":"Point","coordinates":[19.934639400000037,50.0636777]}},{"type":"Feature","properties":{"name":"Wystawa \u201eOjcowie Niepodleg\u0142o\u015bci\u201d \u2013 Lubichowo, 27 czerwca 2018","description":"","icon":{"link":"\/dokumenty\/mapy\/79.png","x":15,"y":35,"width":31,"height":35},"img":{"width":100,"height":133,"mini":"\/dokumenty\/mapy\/p_4663_m1.jpg","full":"\/dokumenty\/mapy\/p_4663.jpg"},"link":"\/mn\/maps\/100p4663,Wystawa-Ojcowie-Niepodleglosci-Lubichowo-27-czerwca-2018.html","url":"https:\/\/mojaniepodlegla.pl\/mn\/aktualnosci\/5854,Otwarcie-wystawy-Ojcowie-Niepodleglosci-Lubichowo-27-czerwca-2018.html?sid=86682d5a5105aa1720be0977d248279f","address":"ko\u015bciele pw. \u015bw. Jakuba Aposto\u0142a Starszego w Lubichowie","zipcode":"","province":"","county":"","community":"","city":"","phone1":"","phone2":"","fax":"","email":""},"geometry":{"type":"Point","coordinates":[18.402292699999975,53.85069129]}},{"type":"Feature","properties":{"name":"Wystawa \u201eOjcowie Niepodleg\u0142o\u015bci\u201d \u2013 \u0141om\u017ca, 20 wrze\u015bnia 2018","description":"","icon":{"link":"\/dokumenty\/mapy\/79.png","x":15,"y":35,"width":31,"height":35},"img":{"width":100,"height":133,"mini":"\/dokumenty\/mapy\/p_6004_m1.jpg","full":"\/dokumenty\/mapy\/p_6004.jpg"},"link":"\/mn\/maps\/100p6004,Wystawa-Ojcowie-Niepodleglosci-Lomza-20-wrzesnia-2018.html","url":"https:\/\/mojaniepodlegla.pl\/mn\/aktualnosci\/7039,Otwarcie-wystawy-Ojcowie-Niepodleglosci-Lomza-20-wrzesnia-2018.html?sid=28f9420c4e8164d143d1cefc75462d97","address":"Starym Rynku w \u0141om\u017cy","zipcode":"","province":"","county":"","community":"","city":"","phone1":"","phone2":"","fax":"","email":""},"geometry":{"type":"Point","coordinates":[22.08153429999993,53.1789835]}},{"type":"Feature","properties":{"name":"Wystawa \u201eOjcowie Niepodleg\u0142o\u015bci\u201d \u2013 \u0141om\u017ca, 30 pa\u017adziernika 2018","description":"","icon":{"link":"\/dokumenty\/mapy\/79.png","x":15,"y":35,"width":31,"height":35},"img":{"width":100,"height":133,"mini":"\/dokumenty\/mapy\/p_6055_m1.jpg","full":"\/dokumenty\/mapy\/p_6055.jpg"},"link":"\/mn\/maps\/100p6055,Wystawa-Ojcowie-Niepodleglosci-Lomza-30-pazdziernika-2018.html","url":"https:\/\/mojaniepodlegla.pl\/mn\/aktualnosci\/9958,Otwarcie-wystawy-Ojcowie-Niepodleglosci-w-ramach-Bialo-czerwonego-szlaku-Moja-Ni.html","address":"lomza senatorska 13","zipcode":"","province":"","county":"","community":"","city":"","phone1":"","phone2":"","fax":"","email":""},"geometry":{"type":"Point","coordinates":[22.08459879999998,53.1776389]}},{"type":"Feature","properties":{"name":"Wystawa \u201eOjcowie Niepodleg\u0142o\u015bci\u201d \u2013 Miech\u00f3w, 14 wrze\u015bnia 2018","description":"","icon":{"link":"\/dokumenty\/mapy\/79.png","x":15,"y":35,"width":31,"height":35},"img":{"width":100,"height":133,"mini":"\/dokumenty\/mapy\/p_5992_m1.jpg","full":"\/dokumenty\/mapy\/p_5992.jpg"},"link":"\/mn\/maps\/100p5992,Wystawa-Ojcowie-Niepodleglosci-Miechow-14-wrzesnia-2018.html","url":"https:\/\/mojaniepodlegla.pl\/mn\/aktualnosci\/6739,Ojcowie-Niepodleglosci-juz-sa-w-Miechowie.html","address":"miech\u00f3w","zipcode":"","province":"","county":"","community":"","city":"","phone1":"","phone2":"","fax":"","email":""},"geometry":{"type":"Point","coordinates":[20.027412700000014,50.3568703]}},{"type":"Feature","properties":{"name":"Wystawa \u201eOjcowie Niepodleg\u0142o\u015bci\u201d \u2013 Milicz, 15 czerwca 2018","description":"","icon":{"link":"\/dokumenty\/mapy\/79.png","x":15,"y":35,"width":31,"height":35},"img":{"width":100,"height":133,"mini":"\/dokumenty\/mapy\/p_5782_m1.jpg","full":"\/dokumenty\/mapy\/p_5782.jpg"},"link":"\/mn\/maps\/100p5782,Wystawa-Ojcowie-Niepodleglosci-Milicz-15-czerwca-2018.html","url":"https:\/\/mojaniepodlegla.pl\/mn\/aktualnosci\/6091,Otwarcie-wystawy-Ojcowie-Niepodleglosci-Milicz-15-czerwca-2018.html","address":"Milicz","zipcode":"","province":"","county":"","community":"","city":"","phone1":"","phone2":"","fax":"","email":""},"geometry":{"type":"Point","coordinates":[17.271212200000036,51.5275957]}},{"type":"Feature","properties":{"name":"Wystawa \u201eOjcowie Niepodleg\u0142o\u015bci\u201d \u2013 Mo\u0144ki, 7 sierpnia 2018","description":"","icon":{"link":"\/dokumenty\/mapy\/79.png","x":15,"y":35,"width":31,"height":35},"img":{"width":100,"height":133,"mini":"\/dokumenty\/mapy\/p_5791_m1.jpg","full":"\/dokumenty\/mapy\/p_5791.jpg"},"link":"\/mn\/maps\/100p5791,Wystawa-Ojcowie-Niepodleglosci-Monki-7-sierpnia-2018.html","url":"https:\/\/mojaniepodlegla.pl\/mn\/aktualnosci\/6154,Otwarcie-wystawy-Ojcowie-Niepodleglosci-Monki-7-sierpnia-2018.html","address":"Mo\u0144ki","zipcode":"","province":"","county":"","community":"","city":"","phone1":"","phone2":"","fax":"","email":""},"geometry":{"type":"Point","coordinates":[22.79711999999995,53.40491]}},{"type":"Feature","properties":{"name":"Wystawa \u201eOjcowie Niepodleg\u0142o\u015bci\u201d \u2013 Nowy Tomy\u015bl, 21 maja\u201318 czerwca 2018","description":"","icon":{"link":"\/dokumenty\/mapy\/79.png","x":15,"y":35,"width":31,"height":35},"img":{"width":100,"height":133,"mini":"\/dokumenty\/mapy\/p_2134_m1.jpg","full":"\/dokumenty\/mapy\/p_2134.jpg"},"link":"\/mn\/maps\/100p2134,Wystawa-Ojcowie-Niepodleglosci-Nowy-Tomysl-21-maja18-czerwca-2018.html","url":"https:\/\/mojaniepodlegla.pl\/mn\/aktualnosci\/3640,Prezentacja-wystawy-Ojcowie-Niepodleglosci-Nowy-Tomysl-21-maja18-czerwca-2018.html","address":"Plac Niepodleg\u0142o\u015bci Nowy Tomy\u015bl","zipcode":"","province":"","county":"","community":"","city":"","phone1":"","phone2":"","fax":"","email":""},"geometry":{"type":"Point","coordinates":[16.12927620000005,52.3184245]}},{"type":"Feature","properties":{"name":"Wystawa \u201eOjcowie Niepodleg\u0142o\u015bci\u201d \u2013 Olkusz, 15 wrze\u015bnia 2018","description":"","icon":{"link":"\/dokumenty\/mapy\/79.png","x":15,"y":35,"width":31,"height":35},"img":{"width":100,"height":133,"mini":"\/dokumenty\/mapy\/p_5986_m1.jpg","full":"\/dokumenty\/mapy\/p_5986.jpg"},"link":"\/mn\/maps\/100p5986,Wystawa-Ojcowie-Niepodleglosci-Olkusz-15-wrzesnia-2018.html","url":"https:\/\/mojaniepodlegla.pl\/mn\/aktualnosci\/6742,Otwarcie-wystawy-Ojcowie-Niepodleglosci-w-Olkuszu.html","address":"olkusz","zipcode":"","province":"","county":"","community":"","city":"","phone1":"","phone2":"","fax":"","email":""},"geometry":{"type":"Point","coordinates":[19.565686899999946,50.2813157]}},{"type":"Feature","properties":{"name":"Wystawa \u201eOjcowie Niepodleg\u0142o\u015bci\u201d \u2013 O\u0142awa, 21 maja 2018","description":"","icon":{"link":"\/dokumenty\/mapy\/79.png","x":15,"y":35,"width":31,"height":35},"img":{"width":100,"height":133,"mini":"\/dokumenty\/mapy\/p_2371_m1.jpg","full":"\/dokumenty\/mapy\/p_2371.jpg"},"link":"\/mn\/maps\/100p2371,Wystawa-Ojcowie-Niepodleglosci-Olawa-21-maja-2018.html","url":"https:\/\/mojaniepodlegla.pl\/mn\/aktualnosci\/3985,Otwarcie-wystawy-Ojcowie-Niepodleglosci-Olawa-21-maja-2018.html","address":"o\u0142awa rynek","zipcode":"","province":"","county":"","community":"","city":"","phone1":"","phone2":"","fax":"","email":""},"geometry":{"type":"Point","coordinates":[17.295500800000013,50.9425406]}},{"type":"Feature","properties":{"name":"Wystawa \u201eOjcowie Niepodleg\u0142o\u015bci\u201d \u2013 Ostro\u0142\u0119ka, 21 maja 2018","description":"","icon":{"link":"\/dokumenty\/mapy\/79.png","x":15,"y":35,"width":31,"height":35},"img":{"width":100,"height":133,"mini":"\/dokumenty\/mapy\/p_2368_m1.jpg","full":"\/dokumenty\/mapy\/p_2368.jpg"},"link":"\/mn\/maps\/100p2368,Wystawa-Ojcowie-Niepodleglosci-Ostroleka-21-maja-2018.html","url":"https:\/\/mojaniepodlegla.pl\/mn\/aktualnosci\/3982,Bialo-czerwony-szlak-Moja-Niepodlegla-nowy-projekt-Instytutu-Pamieci-Narodowej-2.html","address":"Ostro\u0142\u0119ka ul. Inwalid\u00f3w Wojennych 23","zipcode":"","province":"","county":"","community":"","city":"","phone1":"","phone2":"","fax":"","email":""},"geometry":{"type":"Point","coordinates":[21.57608099999993,53.079702]}},{"type":"Feature","properties":{"name":"Wystawa \u201eOjcowie Niepodleg\u0142o\u015bci\u201d \u2013 Ostrowiec \u015awi\u0119tokrzyski, 21 maja","description":"","icon":{"link":"\/dokumenty\/mapy\/79.png","x":15,"y":35,"width":31,"height":35},"img":{"width":100,"height":133,"mini":"\/dokumenty\/mapy\/p_2281_m1.jpg","full":"\/dokumenty\/mapy\/p_2281.jpg"},"link":"\/mn\/maps\/100p2281,Wystawa-Ojcowie-Niepodleglosci-Ostrowiec-Swietokrzyski-21-maja.html","url":"https:\/\/mojaniepodlegla.pl\/mn\/aktualnosci\/3820,Ojcowie-Niepodleglosci-ruszaja-w-podroz-przez-wojewodztwo-swietokrzyskie-21-maja.html","address":"Ostrowiec \u015awietokrzyski Aleja 3 Maja 6","zipcode":"","province":"","county":"","community":"","city":"","phone1":"","phone2":"","fax":"","email":""},"geometry":{"type":"Point","coordinates":[21.386801500000047,50.9365425]}},{"type":"Feature","properties":{"name":"Wystawa \u201eOjcowie Niepodleg\u0142o\u015bci\u201d \u2013 Piotrk\u00f3w Trybunalski, 21 maja 2018","description":"","icon":{"link":"\/dokumenty\/mapy\/79.png","x":15,"y":35,"width":31,"height":35},"img":{"width":100,"height":133,"mini":"\/dokumenty\/mapy\/p_2359_m1.jpg","full":"\/dokumenty\/mapy\/p_2359.jpg"},"link":"\/mn\/maps\/100p2359,Wystawa-Ojcowie-Niepodleglosci-Piotrkow-Trybunalski-21-maja-2018.html","url":"https:\/\/mojaniepodlegla.pl\/mn\/aktualnosci\/3973,Inauguracja-akcji-edukacyjnej-IPN-Bialo-czerwony-szlak-Moja-Niepodlegla-Piotrkow.html","address":"piotrk\u00f3w trybunalski ul. Krakowskie Przedmie\u015bcie 2.","zipcode":"","province":"","county":"","community":"","city":"","phone1":"","phone2":"","fax":"","email":""},"geometry":{"type":"Point","coordinates":[19.697480400000018,51.4076084]}},{"type":"Feature","properties":{"name":"Wystawa \u201eOjcowie Niepodleg\u0142o\u015bci\u201d \u2013 Pozna\u0144, 27 kwietnia \u2013 14 maja 2018","description":"","icon":{"link":"\/dokumenty\/mapy\/79.png","x":15,"y":35,"width":31,"height":35},"img":{"width":100,"height":133,"mini":"\/dokumenty\/mapy\/p_2131_m1.jpg","full":"\/dokumenty\/mapy\/p_2131.jpg"},"link":"\/mn\/maps\/100p2131,Wystawa-Ojcowie-Niepodleglosci-Poznan-27-kwietnia-14-maja-2018.html","url":"https:\/\/mojaniepodlegla.pl\/mn\/aktualnosci\/3643,Prezentacja-wystawy-Ojcowie-Niepodleglosci-Poznan-326-kwietnia-2018.html","address":"Poznan stary rynek","zipcode":"","province":"","county":"","community":"","city":"","phone1":"","phone2":"","fax":"","email":""},"geometry":{"type":"Point","coordinates":[16.93455169999993,52.4081281]}},{"type":"Feature","properties":{"name":"Wystawa \u201eOjcowie Niepodleg\u0142o\u015bci\u201d \u2013 Sanok, 21 maja 2018","description":"","icon":{"link":"\/dokumenty\/mapy\/79.png","x":15,"y":35,"width":31,"height":35},"img":{"width":100,"height":133,"mini":"\/dokumenty\/mapy\/p_2152_m1.jpg","full":"\/dokumenty\/mapy\/p_2152.jpg"},"link":"\/mn\/maps\/100p2152,Wystawa-Ojcowie-Niepodleglosci-Sanok-21-maja-2018.html","url":"https:\/\/mojaniepodlegla.pl\/mn\/aktualnosci\/3706,Otwarcie-wystawy-Ojcowie-Niepodleglosci-Sanok-21-maja-2018.html","address":"Sanik, rynek","zipcode":"","province":"","county":"","community":"","city":"","phone1":"","phone2":"","fax":"","email":""},"geometry":{"type":"Point","coordinates":[22.2073537,49.5609559]}},{"type":"Feature","properties":{"name":"Wystawa \u201eOjcowie Niepodleg\u0142o\u015bci\u201d \u2013 Siedlce, 3-17 wrze\u015bnia 2018","description":"","icon":{"link":"\/dokumenty\/mapy\/79.png","x":15,"y":35,"width":31,"height":35},"img":{"width":100,"height":133,"mini":"\/dokumenty\/mapy\/p_5932_m1.jpg","full":"\/dokumenty\/mapy\/p_5932.jpg"},"link":"\/mn\/maps\/100p5932,Wystawa-Ojcowie-Niepodleglosci-Siedlce-3-17-wrzesnia-2018.html","url":"https:\/\/mojaniepodlegla.pl\/mn\/aktualnosci\/6583,Bialo-czerwony-szlak-Moja-Niepodlegla-wystawa-Ojcowie-Niepodleglosci-w-Siedlcach.html","address":"siedlce skwer niepodleg\u0142o\u015bci","zipcode":"","province":"","county":"","community":"","city":"","phone1":"","phone2":"","fax":"","email":""},"geometry":{"type":"Point","coordinates":[22.27417909999997,52.1680192]}},{"type":"Feature","properties":{"name":"Wystawa \u201eOjcowie Niepodleg\u0142o\u015bci\u201d \u2013 Skar\u017cysko Kamienna, 21 maja 2018","description":"","icon":{"link":"\/dokumenty\/mapy\/79.png","x":15,"y":35,"width":31,"height":35},"img":{"width":100,"height":133,"mini":"\/dokumenty\/mapy\/p_2263_m1.jpg","full":"\/dokumenty\/mapy\/p_2263.jpg"},"link":"\/mn\/maps\/100p2263,Wystawa-Ojcowie-Niepodleglosci-Skarzysko-Kamienna-21-maja-2018.html","url":"https:\/\/mojaniepodlegla.pl\/mn\/aktualnosci\/3820,Ojcowie-Niepodleglosci-ruszaja-w-podroz-przez-wojewodztwo-swietokrzyskie-21-maja.html","address":"skar\u017cysko kamienna ul. S\u0142owackiego 25","zipcode":"","province":"","county":"","community":"","city":"","phone1":"","phone2":"","fax":"","email":""},"geometry":{"type":"Point","coordinates":[20.865722900000037,51.114439]}},{"type":"Feature","properties":{"name":"Wystawa \u201eOjcowie Niepodleg\u0142o\u015bci\u201d \u2013 Starachowice 21 maja 2018","description":"","icon":{"link":"\/dokumenty\/mapy\/79.png","x":15,"y":35,"width":31,"height":35},"img":{"width":100,"height":133,"mini":"\/dokumenty\/mapy\/p_2266_m1.jpg","full":"\/dokumenty\/mapy\/p_2266.jpg"},"link":"\/mn\/maps\/100p2266,Wystawa-Ojcowie-Niepodleglosci-Starachowice-21-maja-2018.html","url":"https:\/\/mojaniepodlegla.pl\/mn\/aktualnosci\/3820,Ojcowie-Niepodleglosci-ruszaja-w-podroz-przez-wojewodztwo-swietokrzyskie-21-maja.html","address":"starachowice ul. S\u0142oneczna 1A","zipcode":"","province":"","county":"","community":"","city":"","phone1":"","phone2":"","fax":"","email":""},"geometry":{"type":"Point","coordinates":[21.086512500000026,51.0480139]}},{"type":"Feature","properties":{"name":"Wystawa \u201eOjcowie Niepodleg\u0142o\u015bci\u201d \u2013 Str\u00f3\u017ca ko\u0142o Limanowej, 9 grudnia 2017","description":"","icon":{"link":"\/dokumenty\/mapy\/79.png","x":15,"y":35,"width":31,"height":35},"img":{"width":100,"height":133,"mini":"\/dokumenty\/mapy\/p_1927_m1.jpg","full":"\/dokumenty\/mapy\/p_1927.jpg"},"link":"\/mn\/maps\/100p1927,Wystawa-Ojcowie-Niepodleglosci-Stroza-kolo-Limanowej-9-grudnia-2017.html","url":"https:\/\/mojaniepodlegla.pl\/mn\/aktualnosci\/3415,IPN-zainaugurowal-obchody-Stulecia-Odzyskania-Niepodleglosci-Stroza-woj-malopols.html","address":"str\u00f3\u017ca, limanowa","zipcode":"","province":"","county":"","community":"","city":"","phone1":"","phone2":"","fax":"","email":""},"geometry":{"type":"Point","coordinates":[20.215480200000002,49.7493061]}},{"type":"Feature","properties":{"name":"Wystawa \u201eOjcowie Niepodleg\u0142o\u015bci\u201d \u2013 Szczecin, 21 maja 2018","description":"","icon":{"link":"\/dokumenty\/mapy\/79.png","x":15,"y":35,"width":31,"height":35},"img":{"width":100,"height":133,"mini":"\/dokumenty\/mapy\/p_2464_m1.jpg","full":"\/dokumenty\/mapy\/p_2464.jpg"},"link":"\/mn\/maps\/100p2464,Wystawa-Ojcowie-Niepodleglosci-Szczecin-21-maja-2018.html","url":"https:\/\/mojaniepodlegla.pl\/mn\/aktualnosci\/4078,Wystawa-plenerowa-Ojcowie-Niepodleglosci-Szczecin-prezentacja-od-21-maja-2018.html","address":"Szczecin jasne b\u0142onia","zipcode":"","province":"","county":"","community":"","city":"","phone1":"","phone2":"","fax":"","email":""},"geometry":{"type":"Point","coordinates":[14.539812500000039,53.4406346]}},{"type":"Feature","properties":{"name":"Wystawa \u201eOjcowie Niepodleg\u0142o\u015bci\u201d \u2013 \u015awidnik, 21 maja 2018","description":"","icon":{"link":"\/dokumenty\/mapy\/79.png","x":15,"y":35,"width":31,"height":35},"img":{"width":100,"height":133,"mini":"\/dokumenty\/mapy\/p_2455_m1.jpg","full":"\/dokumenty\/mapy\/p_2455.jpg"},"link":"\/mn\/maps\/100p2455,Wystawa-Ojcowie-Niepodleglosci-Swidnik-21-maja-2018.html","url":"https:\/\/mojaniepodlegla.pl\/mn\/aktualnosci\/4072,Bialo-czerwony-szlak-Moja-Niepodlegla-nowy-projekt-Instytutu-Pamieci-Narodowej-2.html","address":"\u015bwidnik al. Lotnik\u00f3w Polskich 24","zipcode":"","province":"","county":"","community":"","city":"","phone1":"","phone2":"","fax":"","email":""},"geometry":{"type":"Point","coordinates":[22.673596999999955,51.2201509]}},{"type":"Feature","properties":{"name":"Wystawa \u201eOjcowie Niepodleg\u0142o\u015bci\u201d \u2013 Warszawa, MEN","description":"","icon":{"link":"\/dokumenty\/mapy\/79.png","x":15,"y":35,"width":31,"height":35},"img":{"width":100,"height":133,"mini":"\/dokumenty\/mapy\/p_2122_m1.jpg","full":"\/dokumenty\/mapy\/p_2122.jpg"},"link":"\/mn\/maps\/100p2122,Wystawa-Ojcowie-Niepodleglosci-Warszawa-MEN.html","url":"https:\/\/mojaniepodlegla.pl\/mn\/aktualnosci\/3409,Wystawa-IPN-Ojcowie-Niepodleglosci-na-dziedzincu-MEN.html","address":"Warszawaal Szucha 25","zipcode":"","province":"","county":"","community":"","city":"","phone1":"","phone2":"","fax":"","email":""},"geometry":{"type":"Point","coordinates":[21.023381487457527,52.21772436]}},{"type":"Feature","properties":{"name":"Wystawa \u201eOjcowie Niepodleg\u0142o\u015bci\u201d \u2013 Wasilk\u00f3w, 21 maja 2018","description":"","icon":{"link":"\/dokumenty\/mapy\/79.png","x":15,"y":35,"width":31,"height":35},"img":{"width":100,"height":133,"mini":"\/dokumenty\/mapy\/p_2146_m1.jpg","full":"\/dokumenty\/mapy\/p_2146.jpg"},"link":"\/mn\/maps\/100p2146,Wystawa-Ojcowie-Niepodleglosci-Wasilkow-21-maja-2018.html","url":"https:\/\/mojaniepodlegla.pl\/mn\/aktualnosci\/3691,Otwarcie-wystawy-i-konferencja-edukacyjna-Ojcowie-Niepodleglosci-Wasilkow-21-maj.html","address":"Wasilk\u00f3w, ul. Ko\u015bciuszki 2","zipcode":"","province":"","county":"","community":"","city":"","phone1":"","phone2":"","fax":"","email":""},"geometry":{"type":"Point","coordinates":[23.2052099,53.1977819]}},{"type":"Feature","properties":{"name":"Wystawa \u201eOjcowie Niepodleg\u0142o\u015bci\u201d \u2013 Wejherowo, 6 kwietnia 2018","description":"","icon":{"link":"\/dokumenty\/mapy\/79.png","x":15,"y":35,"width":31,"height":35},"img":{"width":100,"height":133,"mini":"\/dokumenty\/mapy\/p_2137_m1.jpg","full":"\/dokumenty\/mapy\/p_2137.jpg"},"link":"\/mn\/maps\/100p2137,Wystawa-Ojcowie-Niepodleglosci-Wejherowo-6-kwietnia-2018.html","url":"https:\/\/mojaniepodlegla.pl\/mn\/aktualnosci\/3637,Wyklad-Orleta-lwowskie-i-otwarcie-wystawy-Ojcowie-Niepodleglosci-Wejherowo-6-kwi.html","address":"Dworcowa 6, 84-200 Wejherowo","zipcode":"","province":"","county":"","community":"","city":"","phone1":"","phone2":"","fax":"","email":""},"geometry":{"type":"Point","coordinates":[18.228792999999996,54.603942]}},{"type":"Feature","properties":{"name":"Wystawa \u201eOjcowie Niepodleg\u0142o\u015bci\u201d \u2013 W\u0119gr\u00f3w, 21 maja 2018","description":"","icon":{"link":"\/dokumenty\/mapy\/79.png","x":15,"y":35,"width":31,"height":35},"img":{"width":100,"height":133,"mini":"\/dokumenty\/mapy\/p_2404_m1.jpg","full":"\/dokumenty\/mapy\/p_2404.jpg"},"link":"\/mn\/maps\/100p2404,Wystawa-Ojcowie-Niepodleglosci-Wegrow-21-maja-2018.html","url":"http:\/\/mojaniepodlegla.pl\/mn\/aktualnosci\/4063,Konferencja-IPN-Bialo-czerwony-szlak-Moja-Niepodlegla-w-Warszawie-i-otwarcie-wys.html","address":"W\u0119gr\u00f3w rynek Mariacki","zipcode":"","province":"","county":"","community":"","city":"","phone1":"","phone2":"","fax":"","email":""},"geometry":{"type":"Point","coordinates":[22.0166021,52.3993115]}},{"type":"Feature","properties":{"name":"Wystawa \u201eOjcowie Niepodleg\u0142o\u015bci\u201d \u2013 Wolsztyn, 17\u2013 29 lipca 2018","description":"","icon":{"link":"\/dokumenty\/mapy\/79.png","x":15,"y":35,"width":31,"height":35},"img":{"width":100,"height":133,"mini":"\/dokumenty\/mapy\/p_5803_m1.jpg","full":"\/dokumenty\/mapy\/p_5803.jpg"},"link":"\/mn\/maps\/100p5803,Wystawa-Ojcowie-Niepodleglosci-Wolsztyn-17-29-lipca-2018.html","url":"https:\/\/mojaniepodlegla.pl\/mn\/aktualnosci\/6067,Bialo-czerwony-szlak-Moja-Niepodlegla-prezentacja-wystawy-Ojcowie-Niepodleglosci.html?sid=59051126ec24863de880c328fbd29dac","address":"Wolsztyn","zipcode":"","province":"","county":"","community":"","city":"","phone1":"","phone2":"","fax":"","email":""},"geometry":{"type":"Point","coordinates":[16.116985099999965,52.1150435]}},{"type":"Feature","properties":{"name":"Wystawa \u201eOjcowie Niepodleg\u0142o\u015bci\u201d \u2013 Wroc\u0142aw, 16 kwietnia 2018","description":"","icon":{"link":"\/dokumenty\/mapy\/79.png","x":15,"y":35,"width":31,"height":35},"img":{"width":100,"height":133,"mini":"\/dokumenty\/mapy\/p_2119_m1.jpg","full":"\/dokumenty\/mapy\/p_2119.jpg"},"link":"\/mn\/maps\/100p2119,Wystawa-Ojcowie-Niepodleglosci-Wroclaw-16-kwietnia-2018.html","url":"https:\/\/mojaniepodlegla.pl\/mn\/aktualnosci\/3406,Otwarcie-wystawy-Ojcowie-Niepodleglosci-przed-Akademickim-Centrum-Kultury-AWL-Wr.html","address":"Wroc\u0142aw Czajkowskiego 109","zipcode":"","province":"","county":"","community":"","city":"","phone1":"","phone2":"","fax":"","email":""},"geometry":{"type":"Point","coordinates":[17.05300109999996,51.1444464]}},{"type":"Feature","properties":{"name":"Wystawa \u201eOjcowie Niepodleg\u0142o\u015bci\u201d \u2013 \u017bary, 21 sierpnia 2018","description":"","icon":{"link":"\/dokumenty\/mapy\/79.png","x":15,"y":35,"width":31,"height":35},"img":{"width":100,"height":133,"mini":"\/dokumenty\/mapy\/p_5842_m1.jpg","full":"\/dokumenty\/mapy\/p_5842.jpg"},"link":"\/mn\/maps\/100p5842,Wystawa-Ojcowie-Niepodleglosci-Zary-21-sierpnia-2018.html","url":"https:\/\/mojaniepodlegla.pl\/mn\/aktualnosci\/6301,Bialo-czerwony-szlak-Moja-Niepodlegla-prezentacja-wystawy-Ojcowie-Niepodleglosci.html","address":"\u017cary","zipcode":"","province":"","county":"","community":"","city":"","phone1":"","phone2":"","fax":"","email":""},"geometry":{"type":"Point","coordinates":[15.136999199999991,51.6420121]}},{"type":"Feature","properties":{"name":"Wystawa \u201eOjcowie Niepodleg\u0142o\u015bci\u201d \u2013 \u017bmigr\u00f3d, 9 lipca 2018","description":"","icon":{"link":"\/dokumenty\/mapy\/79.png","x":15,"y":35,"width":31,"height":35},"img":{"width":100,"height":133,"mini":"\/dokumenty\/mapy\/p_5785_m1.jpg","full":"\/dokumenty\/mapy\/p_5785.jpg"},"link":"\/mn\/maps\/100p5785,Wystawa-Ojcowie-Niepodleglosci-Zmigrod-9-lipca-2018.html","url":"https:\/\/mojaniepodlegla.pl\/mn\/aktualnosci\/6094,Otwarcie-wystawy-Ojcowie-Niepodleglosci-Zmigrod-9-lipca-2018.html","address":"\u017cmigr\u00f3d","zipcode":"","province":"","county":"","community":"","city":"","phone1":"","phone2":"","fax":"","email":""},"geometry":{"type":"Point","coordinates":[16.905819899999983,51.46653999]}},{"type":"Feature","properties":{"name":"Wystawa \u201eOjcowie Niepodleg\u0142o\u015bci\u201d i konferencja edukacyjna - August\u00f3w, 14 czerwca 2018","description":"","icon":{"link":"\/dokumenty\/mapy\/79.png","x":15,"y":35,"width":31,"height":35},"img":{"width":100,"height":133,"mini":"\/dokumenty\/mapy\/p_4654_m1.jpg","full":"\/dokumenty\/mapy\/p_4654.jpg"},"link":"\/mn\/maps\/100p4654,Wystawa-Ojcowie-Niepodleglosci-i-konferencja-edukacyjna-Augustow-14-czerwca-2018.html","url":"https:\/\/mojaniepodlegla.pl\/mn\/aktualnosci\/4213,Otwarcie-wystawy-Ojcowie-Niepodleglosci-i-konferencja-edukacyjna-Augustow-14-cze.html?sid=e217e89dab6edf8f30056b237a1daf05","address":"Rynku Kr\u00f3la Zygmunta Augusta w Augustowie","zipcode":"","province":"","county":"","community":"","city":"","phone1":"","phone2":"","fax":"","email":""},"geometry":{"type":"Point","coordinates":[22.977401699999973,53.8446866]}},{"type":"Feature","properties":{"name":"Wystawa \u201eOjcowie Niepodleg\u0142o\u015bci\u201d w Bibliotece Wilanowskiej \u2013 Warszawa, 4\u201329 listopada 2019","description":"","icon":{"link":"\/dokumenty\/mapy\/79.png","x":15,"y":35,"width":31,"height":35},"img":{"width":100,"height":133,"mini":"\/dokumenty\/mapy\/p_12183_m1.jpg","full":"\/dokumenty\/mapy\/p_12183.jpg"},"link":"\/mn\/maps\/100p12183,Wystawa-Ojcowie-Niepodleglosci-w-Bibliotece-Wilanowskiej-Warszawa-429-listopada-.html","url":"https:\/\/mojaniepodlegla.pl\/mn\/aktualnosci\/13203,Prezentacja-wystawy-Ojcowie-Niepodleglosci-w-Bibliotece-Wilanowskiej-Warszawa-42.html","address":"ul. Kolegiackiej 3 w Warszawie","zipcode":"","province":"","county":"","community":"","city":"","phone1":"","phone2":"","fax":"","email":""},"geometry":{"type":"Point","coordinates":[21.086567100000025,52.16745359]}},{"type":"Feature","properties":{"name":"Wystawa \u201eOjcowie Niepodleg\u0142o\u015bci&amp;quot; \u2013 \u0141\u00f3d\u017a, 7 listopada 2019","description":"","icon":{"link":"\/dokumenty\/mapy\/79.png","x":15,"y":35,"width":31,"height":35},"img":{"width":100,"height":133,"mini":"\/dokumenty\/mapy\/p_12177_m1.jpg","full":"\/dokumenty\/mapy\/p_12177.jpg"},"link":"\/mn\/maps\/100p12177,Wystawa-Ojcowie-Niepodleglosciquot-Lodz-7-listopada-2019.html","url":"https:\/\/mojaniepodlegla.pl\/mn\/wystawy\/13368,Uroczyste-otwarcie-wystawy-Ojcowie-Niepodleglosci-Lodz-7-listopada-2019.html","address":"ul. Kili\u0144skiego, \u0141\u00f3d\u017a","zipcode":"","province":"","county":"","community":"","city":"","phone1":"","phone2":"","fax":"","email":""},"geometry":{"type":"Point","coordinates":[19.47390139999993,51.749871]}},{"type":"Feature","properties":{"name":"Wystawa \u201eOjcowie Niepodleg\u0142o\u015bci&amp;quot; \u2013 O\u015bwi\u0119cim, 27 czerwca 2018","description":"","icon":{"link":"\/dokumenty\/mapy\/79.png","x":15,"y":35,"width":31,"height":35},"img":{"width":100,"height":133,"mini":"\/dokumenty\/mapy\/p_4666_m1.jpg","full":"\/dokumenty\/mapy\/p_4666.jpg"},"link":"\/mn\/maps\/100p4666,Wystawa-Ojcowie-Niepodleglosciquot-Oswiecim-27-czerwca-2018.html","url":"https:\/\/mojaniepodlegla.pl\/mn\/aktualnosci\/5854,Otwarcie-wystawy-Ojcowie-Niepodleglosci-Lubichowo-27-czerwca-2018.html","address":"Zespo\u0142u Szk\u00f3\u0142 Zawodowych Towarzystwa Salezja\u0144skiego","zipcode":"","province":"","county":"","community":"","city":"","phone1":"","phone2":"","fax":"","email":""},"geometry":{"type":"Point","coordinates":[19.219978200000014,50.0368796]}},{"type":"Feature","properties":{"name":"Wystawa \u201ePolski gen wolno\u015bci. 150 lat walk o Niepodleg\u0142o\u015b\u0107 (1768-1918)\u201d  - Tarn\u00f3w, 15 luty 2019","description":"","icon":{"link":"\/dokumenty\/mapy\/79.png","x":15,"y":35,"width":31,"height":35},"img":[],"link":"\/mn\/maps\/100p7558,Wystawa-Polski-gen-wolnosci-150-lat-walk-o-Niepodleglosc-1768-1918-Tarnow-15-lut.html","url":"https:\/\/mojaniepodlegla.pl\/mn\/wystawy\/11854,Wystawa-Polski-gen-wolnosci-150-lat-walk-o-Niepodleglosc-1768-1918-w-Tarnowie.html","address":"rynek tarn\u00f3w","zipcode":"","province":"","county":"","community":"","city":"","phone1":"","phone2":"","fax":"","email":""},"geometry":{"type":"Point","coordinates":[20.98791940000001,50.0123336]}},{"type":"Feature","properties":{"name":"Wystawa \u201ePowsta\u0142a, by \u017cy\u0107\u201d \u2013 Ostr\u00f3w Mazowiecka, 8 listopada 2019","description":"","icon":{"link":"\/dokumenty\/mapy\/79.png","x":15,"y":35,"width":31,"height":35},"img":[],"link":"\/mn\/maps\/100p12198,Wystawa-Powstala-by-zyc-Ostrow-Mazowiecka-8-listopada-2019.html","url":"https:\/\/mojaniepodlegla.pl\/mn\/wydarzenia-plenerowe\/13374,Uroczyste-otwarcie-plenerowej-wystawy-Powstala-by-zyc-Ostrow-Mazowiecka-8-listop.html","address":"11 Listopada 7, Ostr\u00f3w Mazowiecka","zipcode":"","province":"","county":"","community":"","city":"","phone1":"","phone2":"","fax":"","email":""},"geometry":{"type":"Point","coordinates":[21.894186999999988,52.8045289]}},{"type":"Feature","properties":{"name":"Wystawa \u201eWojciech Korfanty - wsp\u00f3\u0142tw\u00f3rca II Rzeczypospolitej\u201c \u2013 Katowice 1\u201331 marca 2018","description":"","icon":{"link":"\/dokumenty\/mapy\/79.png","x":15,"y":35,"width":31,"height":35},"img":{"width":100,"height":207,"mini":"\/dokumenty\/mapy\/p_1933_m1.jpg","full":"\/dokumenty\/mapy\/p_1933.jpg"},"link":"\/mn\/maps\/100p1933,Wystawa-Wojciech-Korfanty-wspoltworca-II-Rzeczypospolitej-Katowice-131-marca-201.html","url":"https:\/\/mojaniepodlegla.pl\/mn\/aktualnosci\/2803,Prezentacja-wystawy-Wojciech-Korfanty-wspoltworca-II-Rzeczypospolitej-Katowice-1.html","address":"Katowice, ul. \u015bw. Jana 10","zipcode":"","province":"","county":"","community":"","city":"Katowice","phone1":"","phone2":"","fax":"","email":""},"geometry":{"type":"Point","coordinates":[19.021996100000024,50.2583679]}},{"type":"Feature","properties":{"name":"Wystawa IPN \u201eOjcowie Niepodleg\u0142o\u015bci&amp;quot; prezentowana na IV Festynie Rodzinnym - Ostr\u00f3w, 24 czerwca 2018","description":"","icon":{"link":"\/dokumenty\/mapy\/79.png","x":15,"y":35,"width":31,"height":35},"img":{"width":100,"height":133,"mini":"\/dokumenty\/mapy\/p_5698_m1.jpg","full":"\/dokumenty\/mapy\/p_5698.jpg"},"link":"\/mn\/maps\/100p5698,Wystawa-IPN-Ojcowie-Niepodleglosciquot-prezentowana-na-IV-Festynie-Rodzinnym-Ost.html","url":"https:\/\/rzeszow.ipn.gov.pl\/pl8\/aktualnosci\/54676,Wystawa-IPN-Ojcowie-Niepodleglosciquot-prezentowana-na-IV-Festynie-Rodzinnym-Ost.html","address":"Ostrowie (powiat ropczycko-s\u0119dziszowski)","zipcode":"","province":"","county":"","community":"","city":"","phone1":"","phone2":"","fax":"","email":""},"geometry":{"type":"Point","coordinates":[21.606980799999974,50.1419058]}},{"type":"Feature","properties":{"name":"Wystawa IPN pt. \u201eNale\u017cy stworzy\u0107 niepodleg\u0142e pa\u0144stwo polskie (\u2026) z wolnym dost\u0119pem do morza. Powr\u00f3t Pomorza i Kujaw do Polski 1918-1920\u201d \u2013 Bydgoszcz 9 listopada 2018","description":"","icon":{"link":"\/dokumenty\/mapy\/79.png","x":15,"y":35,"width":31,"height":35},"img":{"width":100,"height":142,"mini":"\/dokumenty\/mapy\/p_6079_m1.jpg","full":"\/dokumenty\/mapy\/p_6079.jpg"},"link":"\/mn\/maps\/100p6079,Wystawa-IPN-pt-Nalezy-stworzyc-niepodlegle-panstwo-polskie-z-wolnym-dostepem-do-.html","url":"https:\/\/mojaniepodlegla.pl\/mn\/aktualnosci\/10066,Na-Pomorzu-i-Kujawach-swietujemy-100-rocznice-odzyskania-przez-Polske-niepodlegl.html","address":"ul. Jagiello\u0144ska 3, bydgoszcz","zipcode":"","province":"","county":"","community":"","city":"","phone1":"","phone2":"","fax":"","email":""},"geometry":{"type":"Point","coordinates":[18.004846000000043,53.124277]}},{"type":"Feature","properties":{"name":"Wystawa IPN pt. \u201eNale\u017cy stworzy\u0107 niepodleg\u0142e pa\u0144stwo polskie (\u2026) z wolnym dost\u0119pem do morza. Powr\u00f3t Pomorza i Kujaw do Polski 1918-1920\u201d \u2013Gdynia, 8 listopada 2018","description":"","icon":{"link":"\/dokumenty\/mapy\/79.png","x":15,"y":35,"width":31,"height":35},"img":{"width":100,"height":14,"mini":"\/dokumenty\/mapy\/p_6076_m1.jpg","full":"\/dokumenty\/mapy\/p_6076.jpg"},"link":"\/mn\/maps\/100p6076,Wystawa-IPN-pt-Nalezy-stworzyc-niepodlegle-panstwo-polskie-z-wolnym-dostepem-do-.html","url":"https:\/\/mojaniepodlegla.pl\/mn\/aktualnosci\/10066,Na-Pomorzu-i-Kujawach-swietujemy-100-rocznice-odzyskania-przez-Polske-niepodlegl.html","address":"Placu Grunwaldzki, Gdynia","zipcode":"","province":"","county":"","community":"","city":"","phone1":"","phone2":"","fax":"","email":""},"geometry":{"type":"Point","coordinates":[18.54272650000007,54.5168733]}},{"type":"Feature","properties":{"name":"Wystawa IPN pt. \u201eNale\u017cy stworzy\u0107 niepodleg\u0142e pa\u0144stwo polskie (\u2026) z wolnym dost\u0119pem do morza. Powr\u00f3t Pomorza i Kujaw do Polski 1918-1920\u201d \u2013W\u0142oc\u0142awek, 7 listopada 2018","description":"","icon":{"link":"\/dokumenty\/mapy\/79.png","x":15,"y":35,"width":31,"height":35},"img":{"width":100,"height":14,"mini":"\/dokumenty\/mapy\/p_6073_m1.jpg","full":"\/dokumenty\/mapy\/p_6073.jpg"},"link":"\/mn\/maps\/100p6073,Wystawa-IPN-pt-Nalezy-stworzyc-niepodlegle-panstwo-polskie-z-wolnym-dostepem-do-.html","url":"https:\/\/mojaniepodlegla.pl\/mn\/aktualnosci\/10066,Na-Pomorzu-i-Kujawach-swietujemy-100-rocznice-odzyskania-przez-Polske-niepodlegl.html","address":"Plac Wolno\u015b\u0107 we W\u0142oc\u0142awku","zipcode":"","province":"","county":"","community":"","city":"","phone1":"","phone2":"","fax":"","email":""},"geometry":{"type":"Point","coordinates":[19.066147199999932,52.6542363]}}]}